{"id":3594,"date":"2021-04-29T09:18:48","date_gmt":"2021-04-29T09:18:48","guid":{"rendered":"https:\/\/calasenmenorca.com\/calo-roig"},"modified":"2026-04-23T12:11:15","modified_gmt":"2026-04-23T12:11:15","slug":"calo-roig","status":"publish","type":"page","link":"https:\/\/calasenmenorca.com\/fr\/calo-roig","title":{"rendered":"Cal\u00f3 Roig"},"content":{"rendered":"<p>[et_pb_section fb_built=\u00a0\u00bb1&Prime; admin_label=\u00a0\u00bbHeader\u00a0\u00bb _builder_version=\u00a0\u00bb4.16&Prime; use_background_color_gradient=\u00a0\u00bbon\u00a0\u00bb background_color_gradient_direction=\u00a0\u00bb90deg\u00a0\u00bb background_color_gradient_stops=\u00a0\u00bbrgba(36,46,66,0.5) 0%|rgba(36,46,66,0.8) 61%\u00a0\u00bb background_color_gradient_overlays_image=\u00a0\u00bbon\u00a0\u00bb background_color_gradient_start=\u00a0\u00bbrgba(36,46,66,0.5)\u00a0\u00bb background_color_gradient_end=\u00a0\u00bbrgba(36,46,66,0.8)\u00a0\u00bb background_color_gradient_end_position=\u00a0\u00bb61%\u00a0\u00bb background_image=\u00a0\u00bbhttps:\/\/calasenmenorca.com\/wp-content\/uploads\/2021\/08\/background-upp.jpg\u00a0\u00bb background_position=\u00a0\u00bbbottom_center\u00a0\u00bb custom_padding=\u00a0\u00bb||0px|||\u00a0\u00bb locked=\u00a0\u00bboff\u00a0\u00bb global_colors_info=\u00a0\u00bb{}\u00a0\u00bb][et_pb_row _builder_version=\u00a0\u00bb4.16&Prime; width=\u00a0\u00bb90%\u00a0\u00bb max_width=\u00a0\u00bb1215px\u00a0\u00bb global_colors_info=\u00a0\u00bb{}\u00a0\u00bb][et_pb_column type=\u00a0\u00bb4_4&Prime; _builder_version=\u00a0\u00bb4.16&Prime; custom_padding=\u00a0\u00bb|||\u00a0\u00bb global_colors_info=\u00a0\u00bb{}\u00a0\u00bb custom_padding__hover=\u00a0\u00bb|||\u00a0\u00bb][et_pb_text _builder_version=\u00a0\u00bb4.16&Prime; text_font=\u00a0\u00bbLato||||||||\u00a0\u00bb text_font_size=\u00a0\u00bb16px\u00a0\u00bb text_line_height=\u00a0\u00bb1.8em\u00a0\u00bb header_font=\u00a0\u00bbPT Serif|700|||||||\u00a0\u00bb header_font_size=\u00a0\u00bb80px\u00a0\u00bb header_line_height=\u00a0\u00bb1.2em\u00a0\u00bb text_orientation=\u00a0\u00bbjustified\u00a0\u00bb background_layout=\u00a0\u00bbdark\u00a0\u00bb min_height=\u00a0\u00bb550px\u00a0\u00bb min_height_tablet=\u00a0\u00bb\u00a0\u00bb min_height_phone=\u00a0\u00bb\u00a0\u00bb min_height_last_edited=\u00a0\u00bbon|desktop\u00a0\u00bb custom_margin=\u00a0\u00bb|||||false\u00a0\u00bb custom_padding=\u00a0\u00bb40px|40px|40px|40px|true|true\u00a0\u00bb text_font_size_tablet=\u00a0\u00bb\u00a0\u00bb text_font_size_phone=\u00a0\u00bb14px\u00a0\u00bb text_font_size_last_edited=\u00a0\u00bbon|phone\u00a0\u00bb header_font_size_tablet=\u00a0\u00bb60px\u00a0\u00bb header_font_size_phone=\u00a0\u00bb36px\u00a0\u00bb header_font_size_last_edited=\u00a0\u00bbon|phone\u00a0\u00bb border_width_all=\u00a0\u00bb40px\u00a0\u00bb border_color_all=\u00a0\u00bb#ffd400&Prime; border_width_all_tablet=\u00a0\u00bb\u00a0\u00bb border_width_all_phone=\u00a0\u00bb3px\u00a0\u00bb border_width_all_last_edited=\u00a0\u00bbon|desktop\u00a0\u00bb global_colors_info=\u00a0\u00bb{}\u00a0\u00bb]<\/p>\n<h1>Cal\u00f3 Roig<\/h1>\n<p>&nbsp;<\/p>\n<p>Cal\u00f3 Roig est une plage pr\u00e9serv\u00e9e situ\u00e9e au sud de Cala Alcaufar. Longue de seulement 10 m et large de 30 m, cette minuscule crique ne dispose pratiquement d&rsquo;aucun espace de sable.<\/p>\n<p>Form\u00e9e par un bras de mer de la c\u00f4te minorquine, cette crique offre un refuge paradisiaque gr\u00e2ce \u00e0 ses eaux turquoise profondes et cristallines et \u00e0 sa plage de sable blanc.<\/p>\n<p>[\/et_pb_text][\/et_pb_column][\/et_pb_row][et_pb_row _builder_version=\u00a0\u00bb4.16&Prime; width=\u00a0\u00bb100%\u00a0\u00bb max_width=\u00a0\u00bbnone\u00a0\u00bb custom_padding=\u00a0\u00bb0px||1px|||\u00a0\u00bb global_colors_info=\u00a0\u00bb{}\u00a0\u00bb][et_pb_column type=\u00a0\u00bb4_4&Prime; _builder_version=\u00a0\u00bb4.16&Prime; custom_padding=\u00a0\u00bb|||\u00a0\u00bb global_colors_info=\u00a0\u00bb{}\u00a0\u00bb custom_padding__hover=\u00a0\u00bb|||\u00a0\u00bb][et_pb_image src=\u00a0\u00bbhttps:\/\/calasenmenorca.com\/wp-content\/uploads\/2021\/04\/sight-seeing-52.png\u00a0\u00bb force_fullwidth=\u00a0\u00bbon\u00a0\u00bb _builder_version=\u00a0\u00bb4.16&Prime; custom_margin=\u00a0\u00bb-304vw||-1px||false|\u00a0\u00bb custom_margin_tablet=\u00a0\u00bb0vw|||\u00a0\u00bb custom_margin_phone=\u00a0\u00bb\u00a0\u00bb custom_margin_last_edited=\u00a0\u00bbon|desktop\u00a0\u00bb global_colors_info=\u00a0\u00bb{}\u00a0\u00bb][\/et_pb_image][\/et_pb_column][\/et_pb_row][\/et_pb_section][et_pb_section fb_built=\u00a0\u00bb1&Prime; admin_label=\u00a0\u00bbCTA\u00a0\u00bb _builder_version=\u00a0\u00bb4.16&Prime; z_index=\u00a0\u00bb10&Prime; custom_padding=\u00a0\u00bb130px||3px||false|false\u00a0\u00bb locked=\u00a0\u00bboff\u00a0\u00bb global_colors_info=\u00a0\u00bb{}\u00a0\u00bb][et_pb_row column_structure=\u00a0\u00bb3_5,2_5&Prime; _builder_version=\u00a0\u00bb4.16&Prime; _module_preset=\u00a0\u00bbdefault\u00a0\u00bb max_width=\u00a0\u00bb1600px\u00a0\u00bb custom_margin=\u00a0\u00bb-100px||||false|false\u00a0\u00bb global_colors_info=\u00a0\u00bb{}\u00a0\u00bb][et_pb_column type=\u00a0\u00bb3_5&Prime; _builder_version=\u00a0\u00bb4.16&Prime; _module_preset=\u00a0\u00bbdefault\u00a0\u00bb global_colors_info=\u00a0\u00bb{}\u00a0\u00bb][et_pb_code _builder_version=\u00a0\u00bb4.27.0&Prime; _module_preset=\u00a0\u00bbdefault\u00a0\u00bb global_colors_info=\u00a0\u00bb{}\u00a0\u00bb]<iframe src=\"https:\/\/www.google.com\/maps\/embed?pb=!1m17!1m12!1m3!1d3770.347245288921!2d4.2926417764854055!3d39.8259373913844!2m3!1f0!2f0!3f0!3m2!1i1024!2i768!4f13.1!3m2!1m1!2zMznCsDQ5JzMzLjQiTiA0wrAxNyc0Mi44IkU!5e1!3m2!1ses!2ses!4v1723975259932!5m2!1ses!2ses\" width=\"640\" height=\"430\" style=\"border:0;\" allowfullscreen=\"\" loading=\"lazy\" referrerpolicy=\"no-referrer-when-downgrade\"><\/iframe>[\/et_pb_code][et_pb_code _builder_version=\u00a0\u00bb4.27.0&Prime; _module_preset=\u00a0\u00bbdefault\u00a0\u00bb global_colors_info=\u00a0\u00bb{}\u00a0\u00bb]<iframe src=\"https:\/\/www.google.com\/maps\/embed?pb=!4v1730208398388!6m8!1m7!1sCAoSLEFGMVFpcFB3aDQ0dG9FNlVlN2hFdmozYWVQM2Vja25WekhJNTJ6TnE5QmIx!2m2!1d39.82542831433171!2d4.293723722204558!3f73.14618104058383!4f0!5f0.7820865974627469\" width=\"640\" height=\"450\" style=\"border:0;\" allowfullscreen=\"\" loading=\"lazy\" referrerpolicy=\"no-referrer-when-downgrade\"><\/iframe>[\/et_pb_code][\/et_pb_column][et_pb_column type=\u00a0\u00bb2_5&Prime; _builder_version=\u00a0\u00bb4.16&Prime; _module_preset=\u00a0\u00bbdefault\u00a0\u00bb global_colors_info=\u00a0\u00bb{}\u00a0\u00bb][et_pb_text _builder_version=\u00a0\u00bb4.27.0&Prime; _module_preset=\u00a0\u00bbdefault\u00a0\u00bb custom_margin=\u00a0\u00bb0px||||false|false\u00a0\u00bb global_colors_info=\u00a0\u00bb{}\u00a0\u00bb]<\/p>\n<p>Nom<strong>:<\/strong> <strong>Cala Roig<\/strong><\/p>\n<p>Localisation<span>: <strong>R\u00e9gion de<\/strong> <strong>Mah\u00f3n (39\u00ba49.556&rsquo;N 4\u00ba17.713&rsquo;E) <\/strong><\/span> <\/p>\n<p>Distance de Mah\u00f3n<span>: <strong>5 MN ; 9&rsquo;9km<\/strong><\/span><\/p>\n<p>Temps depuis Mah\u00f3n<span>: <strong>20 min. en bateau (vitesse moyenne : 15 n\u0153uds) ; 32 min. en voiture<\/strong><\/span><\/p>\n<p>Type de plage : <strong>Rochers<\/strong><\/p>\n<p>Mouillage de bateaux<span>: <strong>Roches et sable. Ouvert au NE<\/strong><\/span><\/p>\n<p>Danger : <strong>moyen. Il s&rsquo;agit d&rsquo;une crique tr\u00e8s \u00e9troite qui peut \u00eatre difficile \u00e0 man\u0153uvrer si vous vous enfoncez trop profond\u00e9ment.<\/strong><\/p>\n<p>Posidonia :<strong> Site prot\u00e9g\u00e9<\/strong><\/p>\n<p>Station-service la plus proche pour les bateaux : <strong>4 MN ; Mah\u00f3n<\/strong><\/p>\n<p>&nbsp;<\/p>\n<p>[\/et_pb_text][\/et_pb_column][\/et_pb_row][\/et_pb_section][et_pb_section fb_built=\u00a0\u00bb1&Prime; _builder_version=\u00a0\u00bb4.27.0&Prime; _module_preset=\u00a0\u00bbdefault\u00a0\u00bb hover_enabled=\u00a0\u00bb0&Prime; global_colors_info=\u00a0\u00bb{}\u00a0\u00bb module_class=\u00a0\u00bbservicios\u00a0\u00bb sticky_enabled=\u00a0\u00bb0&Prime;][et_pb_row _builder_version=\u00a0\u00bb4.16&Prime; _module_preset=\u00a0\u00bbdefault\u00a0\u00bb global_colors_info=\u00a0\u00bb{}\u00a0\u00bb][et_pb_column type=\u00a0\u00bb4_4&Prime; _builder_version=\u00a0\u00bb4.16&Prime; _module_preset=\u00a0\u00bbdefault\u00a0\u00bb global_colors_info=\u00a0\u00bb{}\u00a0\u00bb][et_pb_text _builder_version=\u00a0\u00bb4.16&Prime; _module_preset=\u00a0\u00bbdefault\u00a0\u00bb global_colors_info=\u00a0\u00bb{}\u00a0\u00bb]<\/p>\n<h2 style=\"text-align: center;\"><strong>SERVICES<\/strong><\/h2>\n<p>[\/et_pb_text][\/et_pb_column][\/et_pb_row][et_pb_row column_structure=\u00a0\u00bb1_2,1_2&Prime; _builder_version=\u00a0\u00bb4.27.0&Prime; _module_preset=\u00a0\u00bbdefault\u00a0\u00bb width=\u00a0\u00bb24%\u00a0\u00bb hover_enabled=\u00a0\u00bb0&Prime; global_colors_info=\u00a0\u00bb{}\u00a0\u00bb width_last_edited=\u00a0\u00bbon|phone\u00a0\u00bb sticky_enabled=\u00a0\u00bb0&Prime; width_phone=\u00a0\u00bb95%\u00a0\u00bb width_tablet=\u00a0\u00bb24%\u00a0\u00bb][et_pb_column type=\u00a0\u00bb1_2&Prime; _builder_version=\u00a0\u00bb4.16&Prime; _module_preset=\u00a0\u00bbdefault\u00a0\u00bb global_colors_info=\u00a0\u00bb{}\u00a0\u00bb][et_pb_image src=\u00a0\u00bbhttps:\/\/calasenmenorca.com\/wp-content\/uploads\/2021\/08\/sin-servicios.jpg\u00a0\u00bb title_text=\u00a0\u00bbsans services\u00a0\u00bb _builder_version=\u00a0\u00bb4.16&Prime; _module_preset=\u00a0\u00bbdefault\u00a0\u00bb global_colors_info=\u00a0\u00bb{}\u00a0\u00bb][\/et_pb_image][et_pb_text _builder_version=\u00a0\u00bb4.16&Prime; _module_preset=\u00a0\u00bbdefault\u00a0\u00bb global_colors_info=\u00a0\u00bb{}\u00a0\u00bb]<\/p>\n<p style=\"text-align: center;\">AUCUN SERVICE<\/p>\n<p>[\/et_pb_text][\/et_pb_column][et_pb_column type=\u00a0\u00bb1_2&Prime; _builder_version=\u00a0\u00bb4.16&Prime; _module_preset=\u00a0\u00bbdefault\u00a0\u00bb global_colors_info=\u00a0\u00bb{}\u00a0\u00bb][et_pb_image src=\u00a0\u00bbhttps:\/\/calasenmenorca.com\/wp-content\/uploads\/2021\/08\/peaton.jpg\u00a0\u00bb title_text=\u00a0\u00bbpi\u00e9tons\u00a0\u00bb _builder_version=\u00a0\u00bb4.16&Prime; _module_preset=\u00a0\u00bbdefault\u00a0\u00bb global_colors_info=\u00a0\u00bb{}\u00a0\u00bb][\/et_pb_image][et_pb_text _builder_version=\u00a0\u00bb4.16&Prime; _module_preset=\u00a0\u00bbdefault\u00a0\u00bb global_colors_info=\u00a0\u00bb{}\u00a0\u00bb]<\/p>\n<p style=\"text-align: center;\">MARCHE 650M<\/p>\n<p>[\/et_pb_text][\/et_pb_column][\/et_pb_row][\/et_pb_section][et_pb_section fb_built=\u00a0\u00bb1&Prime; _builder_version=\u00a0\u00bb4.16&Prime; _module_preset=\u00a0\u00bbdefault\u00a0\u00bb global_colors_info=\u00a0\u00bb{}\u00a0\u00bb][et_pb_row _builder_version=\u00a0\u00bb4.16&Prime; _module_preset=\u00a0\u00bbdefault\u00a0\u00bb global_colors_info=\u00a0\u00bb{}\u00a0\u00bb][et_pb_column type=\u00a0\u00bb4_4&Prime; _builder_version=\u00a0\u00bb4.16&Prime; _module_preset=\u00a0\u00bbdefault\u00a0\u00bb global_colors_info=\u00a0\u00bb{}\u00a0\u00bb][et_pb_text _builder_version=\u00a0\u00bb4.16&Prime; _module_preset=\u00a0\u00bbdefault\u00a0\u00bb global_colors_info=\u00a0\u00bb{}\u00a0\u00bb]<\/p>\n<h2 style=\"text-align: center;\"><strong>Services \u00e0 proximit\u00e9 de Cal\u00f3 Roig<\/strong><\/h2>\n<p>[\/et_pb_text][et_pb_text _builder_version=\u00a0\u00bb4.16&Prime; _module_preset=\u00a0\u00bbdefault\u00a0\u00bb global_colors_info=\u00a0\u00bb{}\u00a0\u00bb]<\/p>\n<p style=\"text-align: center;\"><strong>PAS DE SERVICES \u00c0 PROXIMIT\u00c9* PAS DE SERVICES \u00c0 PROXIMIT\u00c9* PAS DE SERVICES \u00c0 PROXIMIT\u00c9* PAS DE SERVICES \u00c0 PROXIMIT\u00c9* PAS DE SERVICES \u00c0 PROXIMIT\u00c9* PAS DE SERVICES \u00c0 PROXIMIT\u00c9<\/strong><\/p>\n<p style=\"text-align: center;\"><span style=\"font-size: x-small;\">*Dans un rayon de 250-300 m environ.<\/span><\/p>\n<p>[\/et_pb_text][\/et_pb_column][\/et_pb_row][\/et_pb_section][et_pb_section fb_built=\u00a0\u00bb1&Prime; admin_label=\u00a0\u00bbCTA\u00a0\u00bb _builder_version=\u00a0\u00bb4.16&Prime; z_index=\u00a0\u00bb10&Prime; custom_margin=\u00a0\u00bb0px||||false|false\u00a0\u00bb custom_padding=\u00a0\u00bb0px||||false|false\u00a0\u00bb locked=\u00a0\u00bboff\u00a0\u00bb global_colors_info=\u00a0\u00bb{}\u00a0\u00bb][et_pb_row _builder_version=\u00a0\u00bb4.16&Prime; background_color=\u00a0\u00bb#ffffff\u00a0\u00bb custom_margin=\u00a0\u00bb|auto||auto|false|false\u00a0\u00bb custom_padding=\u00a0\u00bb80px|32px|80px|32px|true|true\u00a0\u00bb box_shadow_style=\u00a0\u00bbpreset3&Prime; box_shadow_horizontal=\u00a0\u00bb5px\u00a0\u00bb box_shadow_vertical=\u00a0\u00bb25px\u00a0\u00bb box_shadow_blur=\u00a0\u00bb105px\u00a0\u00bb box_shadow_spread=\u00a0\u00bb-30px\u00a0\u00bb box_shadow_color=\u00a0\u00bbrgba(0,0,0,0.25)\u00a0\u00bb locked=\u00a0\u00bboff\u00a0\u00bb global_colors_info=\u00a0\u00bb{}\u00a0\u00bb][et_pb_column type=\u00a0\u00bb4_4&Prime; _builder_version=\u00a0\u00bb4.16&Prime; custom_padding=\u00a0\u00bb|||\u00a0\u00bb global_colors_info=\u00a0\u00bb{}\u00a0\u00bb custom_padding__hover=\u00a0\u00bb|||\u00a0\u00bb][et_pb_text _builder_version=\u00a0\u00bb4.16&Prime; text_font=\u00a0\u00bbLato||||||||\u00a0\u00bb text_font_size=\u00a0\u00bb15px\u00a0\u00bb text_line_height=\u00a0\u00bb1.8em\u00a0\u00bb header_font=\u00a0\u00bb||||||||\u00a0\u00bb header_2_font=\u00a0\u00bbPT Serif|700|||||||\u00a0\u00bb header_2_font_size=\u00a0\u00bb64px\u00a0\u00bb header_2_line_height=\u00a0\u00bb1.2em\u00a0\u00bb text_orientation=\u00a0\u00bbcenter\u00a0\u00bb width_tablet=\u00a0\u00bb600px\u00a0\u00bb width_phone=\u00a0\u00bb400px\u00a0\u00bb width_last_edited=\u00a0\u00bboff|phone\u00a0\u00bb max_width=\u00a0\u00bb850px\u00a0\u00bb max_width_tablet=\u00a0\u00bb\u00a0\u00bb max_width_phone=\u00a0\u00bb\u00a0\u00bb max_width_last_edited=\u00a0\u00bbon|desktop\u00a0\u00bb module_alignment=\u00a0\u00bbcenter\u00a0\u00bb custom_margin=\u00a0\u00bb||15px\u00a0\u00bb text_font_size_tablet=\u00a0\u00bb\u00a0\u00bb text_font_size_phone=\u00a0\u00bb15px\u00a0\u00bb text_font_size_last_edited=\u00a0\u00bbon|desktop\u00a0\u00bb header_2_font_size_tablet=\u00a0\u00bb44px\u00a0\u00bb header_2_font_size_phone=\u00a0\u00bb28px\u00a0\u00bb header_2_font_size_last_edited=\u00a0\u00bbon|phone\u00a0\u00bb locked=\u00a0\u00bboff\u00a0\u00bb global_colors_info=\u00a0\u00bb{}\u00a0\u00bb]<\/p>\n<h2 class=\"Cuerpo\"><span lang=\"ES-TRAD\">Cal\u00f3 Roig \u00e0 Minorque, comment s&rsquo;y rendre ?<o:p><\/o:p><\/span><\/h2>\n<p class=\"Cuerpo\" style=\"text-align: justify;\">Il est possible d&rsquo;y acc\u00e9der par le <strong>Cam\u00ed de Cavalls<\/strong>, mais si vous pr\u00e9f\u00e9rez d&rsquo;autres options, vous pouvez \u00e9galement vous y rendre par la <strong>route<\/strong>. Dans ce cas, suivez les m\u00eames indications que pour Cala Alcaufar : suivez les panneaux en direction de Sant Lluis.<\/p>\n<p class=\"Cuerpo\" style=\"text-align: justify;\">De l\u00e0, lorsque vous arrivez au rond-point de La Pau, prenez la deuxi\u00e8me sortie en direction du sud (Me-8) et continuez tout droit jusqu&rsquo;au lotissement Cala Alcaufar (si vous voulez vous garer, vous pouvez utiliser les aires situ\u00e9es pr\u00e8s du lotissement).<\/p>\n<p class=\"Cuerpo\" style=\"text-align: justify;\">Depuis l&rsquo;urbanisation, en suivant le Cam\u00ed de Cavalls sur environ 800 m\u00e8tres, vous arriverez \u00e0 Cal\u00f3 Roig.<br \/>Si vous souhaitez vous rendre \u00e0 Alcaufar par les <strong>transports publics*<\/strong>, la ligne d&rsquo;autobus 91 s&rsquo;y arr\u00eate, en passant par Mah\u00f3n, Sant Lluis et S&rsquo;Algar.<\/p>\n<p class=\"Cuerpo\" style=\"text-align: justify;\"><span style=\"font-size: x-small;\">*Les horaires, lignes et\/ou itin\u00e9raires indiqu\u00e9s ici peuvent varier tout au long de l&rsquo;ann\u00e9e. Consulter la validit\u00e9.  <\/span><\/p>\n<p class=\"Cuerpo\" style=\"text-align: justify;\">\n<p>[\/et_pb_text][\/et_pb_column][\/et_pb_row][\/et_pb_section][et_pb_section fb_built=\u00a0\u00bb1&Prime; admin_label=\u00a0\u00bbVideo\u00a0\u00bb _builder_version=\u00a0\u00bb4.16&Prime; background_color_gradient_direction=\u00a0\u00bb90deg\u00a0\u00bb custom_padding=\u00a0\u00bb100px|||||\u00a0\u00bb global_colors_info=\u00a0\u00bb{}\u00a0\u00bb][et_pb_row padding_top_bottom_link_1=\u00a0\u00bbfalse\u00a0\u00bb padding_left_right_link_1=\u00a0\u00bbfalse\u00a0\u00bb _builder_version=\u00a0\u00bb4.16&Prime; background_color=\u00a0\u00bb#fe533a\u00a0\u00bb width_tablet=\u00a0\u00bb\u00a0\u00bb width_phone=\u00a0\u00bb90%\u00a0\u00bb width_last_edited=\u00a0\u00bbon|desktop\u00a0\u00bb max_width=\u00a0\u00bbnone\u00a0\u00bb module_alignment=\u00a0\u00bbright\u00a0\u00bb custom_padding=\u00a0\u00bb||0px|||\u00a0\u00bb global_colors_info=\u00a0\u00bb{}\u00a0\u00bb][et_pb_column type=\u00a0\u00bb4_4&Prime; _builder_version=\u00a0\u00bb4.16&Prime; custom_padding=\u00a0\u00bb|10vw||\u00a0\u00bb global_colors_info=\u00a0\u00bb{}\u00a0\u00bb custom_padding__hover=\u00a0\u00bb|||\u00a0\u00bb][et_pb_image src=\u00a0\u00bbhttps:\/\/calasenmenorca.com\/wp-content\/uploads\/2021\/08\/gaviota-norte.jpg\u00a0\u00bb title_text=\u00a0\u00bbmouette-nord\u00a0\u00bb _builder_version=\u00a0\u00bb4.16&Prime; _module_preset=\u00a0\u00bbdefault\u00a0\u00bb width=\u00a0\u00bb123%\u00a0\u00bb width_tablet=\u00a0\u00bb\u00a0\u00bb width_phone=\u00a0\u00bb122%\u00a0\u00bb width_last_edited=\u00a0\u00bbon|phone\u00a0\u00bb custom_margin=\u00a0\u00bb-142px|||-8vw|false|false\u00a0\u00bb border_width_all=\u00a0\u00bb9px\u00a0\u00bb border_color_all=\u00a0\u00bb#FFFFFF\u00a0\u00bb box_shadow_style=\u00a0\u00bbpreset3&Prime; box_shadow_horizontal=\u00a0\u00bb20px\u00a0\u00bb box_shadow_vertical=\u00a0\u00bb60px\u00a0\u00bb box_shadow_blur=\u00a0\u00bb180px\u00a0\u00bb box_shadow_spread=\u00a0\u00bb-20px\u00a0\u00bb box_shadow_color=\u00a0\u00bbrgba(0,0,0,0.64)\u00a0\u00bb global_colors_info=\u00a0\u00bb{}\u00a0\u00bb][\/et_pb_image][\/et_pb_column][\/et_pb_row][et_pb_row padding_top_bottom_link_1=\u00a0\u00bbfalse\u00a0\u00bb padding_left_right_link_1=\u00a0\u00bbfalse\u00a0\u00bb _builder_version=\u00a0\u00bb4.16&Prime; background_color=\u00a0\u00bb#fe533a\u00a0\u00bb width_tablet=\u00a0\u00bb\u00a0\u00bb width_phone=\u00a0\u00bb100%\u00a0\u00bb width_last_edited=\u00a0\u00bbon|desktop\u00a0\u00bb max_width=\u00a0\u00bbnone\u00a0\u00bb module_alignment=\u00a0\u00bbright\u00a0\u00bb custom_padding=\u00a0\u00bb60px||||false|false\u00a0\u00bb global_colors_info=\u00a0\u00bb{}\u00a0\u00bb][et_pb_column type=\u00a0\u00bb4_4&Prime; _builder_version=\u00a0\u00bb4.16&Prime; custom_padding=\u00a0\u00bb|10vw|80px|100px\u00a0\u00bb custom_padding_tablet=\u00a0\u00bb||40px|40px\u00a0\u00bb custom_padding_phone=\u00a0\u00bb\u00a0\u00bb custom_padding_last_edited=\u00a0\u00bbon|phone\u00a0\u00bb global_colors_info=\u00a0\u00bb{}\u00a0\u00bb custom_padding__hover=\u00a0\u00bb|||\u00a0\u00bb][et_pb_text _builder_version=\u00a0\u00bb4.16&Prime; text_font=\u00a0\u00bb||||||||\u00a0\u00bb text_font_size=\u00a0\u00bb16px\u00a0\u00bb text_line_height=\u00a0\u00bb1.9em\u00a0\u00bb header_3_font=\u00a0\u00bbLato|700|||||||\u00a0\u00bb header_3_font_size=\u00a0\u00bb20px\u00a0\u00bb header_3_line_height=\u00a0\u00bb1.4em\u00a0\u00bb background_layout=\u00a0\u00bbdark\u00a0\u00bb width=\u00a0\u00bb100%\u00a0\u00bb max_width=\u00a0\u00bb800px\u00a0\u00bb max_width_tablet=\u00a0\u00bb100%\u00a0\u00bb max_width_phone=\u00a0\u00bb\u00a0\u00bb max_width_last_edited=\u00a0\u00bbon|tablet\u00a0\u00bb custom_margin_tablet=\u00a0\u00bb||30px\u00a0\u00bb custom_margin_last_edited=\u00a0\u00bboff|desktop\u00a0\u00bb text_font_size_tablet=\u00a0\u00bb\u00a0\u00bb text_font_size_phone=\u00a0\u00bb15px\u00a0\u00bb text_font_size_last_edited=\u00a0\u00bbon|phone\u00a0\u00bb locked=\u00a0\u00bboff\u00a0\u00bb global_colors_info=\u00a0\u00bb{}\u00a0\u00bb]<\/p>\n<h3>Que pouvons-nous faire \u00e0 Cal\u00f3 Roig ?<\/h3>\n<p>Bien que, comme il s&rsquo;agit d&rsquo;un petit endroit, il n&rsquo;y ait pas de services en tant que tels dans la r\u00e9gion, sa proximit\u00e9 avec Cala Alcaufar nous permet de profiter des commodit\u00e9s qu&rsquo;elle offre (restaurants, h\u00f4tels, supermarch\u00e9s, etc.). En effet, \u00e0 seulement 5 minutes en voiture, vous trouverez des restaurants tels que le Piccolo Mundo (cuisine traditionnelle) et des h\u00e9bergements tels que l&rsquo;h\u00f4tel 4 \u00e9toiles Alcaufar Vell, tous deux tr\u00e8s bien not\u00e9s.<\/p>\n<p>En outre, \u00e0 quelques m\u00e8tres du Cal\u00f3 Roig, nous trouvons \u00e9galement la Torre de Defensa de Alcaufar, une tour du XVIIIe si\u00e8cle qui peut \u00eatre visit\u00e9e.<\/p>\n<p>[\/et_pb_text][\/et_pb_column][\/et_pb_row][\/et_pb_section][et_pb_section fb_built=\u00a0\u00bb1&Prime; _builder_version=\u00a0\u00bb4.16.0&Prime; _module_preset=\u00a0\u00bbdefault\u00a0\u00bb global_colors_info=\u00a0\u00bb{}\u00a0\u00bb][\/et_pb_section][et_pb_section fb_built=\u00a0\u00bb1&Prime; disabled_on=\u00a0\u00bbon|on|on\u00a0\u00bb admin_label=\u00a0\u00bbDetails\u00a0\u00bb _builder_version=\u00a0\u00bb4.27.0&Prime; disabled=\u00a0\u00bbon\u00a0\u00bb locked=\u00a0\u00bboff\u00a0\u00bb global_colors_info=\u00a0\u00bb{}\u00a0\u00bb][et_pb_row column_structure=\u00a0\u00bb1_3,1_3,1_3&Prime; _builder_version=\u00a0\u00bb4.16.0&Prime; _module_preset=\u00a0\u00bbdefault\u00a0\u00bb min_height=\u00a0\u00bb461.8px\u00a0\u00bb global_colors_info=\u00a0\u00bb{}\u00a0\u00bb][et_pb_column type=\u00a0\u00bb1_3&Prime; _builder_version=\u00a0\u00bb4.16.0&Prime; _module_preset=\u00a0\u00bbdefault\u00a0\u00bb global_colors_info=\u00a0\u00bb{}\u00a0\u00bb][et_pb_blurb title=\u00a0\u00bbLOCATION DE PADDLE SURF\u00a0\u00bb image=\u00a0\u00bbhttps:\/\/calasenmenorca.com\/wp-content\/uploads\/2022\/08\/Paddle3.jpg\u00a0\u00bb image_icon_width=\u00a0\u00bb100%\u00a0\u00bb _builder_version=\u00a0\u00bb4.16.0&Prime; _module_preset=\u00a0\u00bbdefault\u00a0\u00bb min_height=\u00a0\u00bb253px\u00a0\u00bb locked=\u00a0\u00bboff\u00a0\u00bb global_colors_info=\u00a0\u00bb{}\u00a0\u00bb]<\/p>\n<p>Atteignez les criques les plus inhospitali\u00e8res ou plongez dans les grottes myst\u00e9rieuses que cette \u00eele a \u00e0 offrir. Venez nous rencontrer et louer une planche avec vos amis, votre famille ou votre partenaire.<\/p>\n<p>[\/et_pb_blurb][\/et_pb_column][et_pb_column type=\u00a0\u00bb1_3&Prime; _builder_version=\u00a0\u00bb4.16.0&Prime; _module_preset=\u00a0\u00bbdefault\u00a0\u00bb global_colors_info=\u00a0\u00bb{}\u00a0\u00bb][et_pb_image src=\u00a0\u00bbhttps:\/\/calasenmenorca.com\/wp-content\/uploads\/2022\/08\/Deportes-Nauticos-1.png\u00a0\u00bb title_text=\u00a0\u00bbSports nautiques\u00a0\u00bb _builder_version=\u00a0\u00bb4.16.0&Prime; _module_preset=\u00a0\u00bbdefault\u00a0\u00bb min_height=\u00a0\u00bb328.8px\u00a0\u00bb custom_margin=\u00a0\u00bb||68px|||\u00a0\u00bb custom_padding=\u00a0\u00bb||41px|||\u00a0\u00bb global_colors_info=\u00a0\u00bb{}\u00a0\u00bb][\/et_pb_image][\/et_pb_column][et_pb_column type=\u00a0\u00bb1_3&Prime; _builder_version=\u00a0\u00bb4.16.0&Prime; _module_preset=\u00a0\u00bbdefault\u00a0\u00bb global_colors_info=\u00a0\u00bb{}\u00a0\u00bb][et_pb_blurb title=\u00a0\u00bbLOUER UN JET DE PLONG\u00c9E\u00a0\u00bb image=\u00a0\u00bbhttps:\/\/calasenmenorca.com\/wp-content\/uploads\/2022\/08\/SCUBAJET-UNDERWATER-ACTION.jpeg\u00a0\u00bb image_icon_width=\u00a0\u00bb115%\u00a0\u00bb content_max_width=\u00a0\u00bb618px\u00a0\u00bb _builder_version=\u00a0\u00bb4.16.0&Prime; _module_preset=\u00a0\u00bbdefault\u00a0\u00bb min_height=\u00a0\u00bb403.6px\u00a0\u00bb global_colors_info=\u00a0\u00bb{}\u00a0\u00bb]<\/p>\n<p>Plongez plus profond\u00e9ment lors de vos plong\u00e9es en vous propulsant avec moins d&rsquo;effort ou incorporez-la \u00e0 votre paddle surf pour de plus longues distances.<\/p>\n<p>[\/et_pb_blurb][\/et_pb_column][\/et_pb_row][et_pb_row _builder_version=\u00a0\u00bb4.16.0&Prime; _module_preset=\u00a0\u00bbdefault\u00a0\u00bb global_colors_info=\u00a0\u00bb{}\u00a0\u00bb][et_pb_column type=\u00a0\u00bb4_4&Prime; _builder_version=\u00a0\u00bb4.16.0&Prime; _module_preset=\u00a0\u00bbdefault\u00a0\u00bb global_colors_info=\u00a0\u00bb{}\u00a0\u00bb][et_pb_button button_url=\u00a0\u00bbhttps:\/\/barcosenmenorca.com\/juguetes-precios-y-reservas\/\u00a0\u00bb button_text=\u00a0\u00bbNe manquez pas cette occasion, r\u00e9servez d\u00e8s maintenant !\u00a0\u00bb _builder_version=\u00a0\u00bb4.16.0&Prime; _module_preset=\u00a0\u00bbdefault\u00a0\u00bb global_colors_info=\u00a0\u00bb{}\u00a0\u00bb][\/et_pb_button][\/et_pb_column][\/et_pb_row][\/et_pb_section][et_pb_section fb_built=\u00a0\u00bb1&Prime; admin_label=\u00a0\u00bbDetails\u00a0\u00bb _builder_version=\u00a0\u00bb4.16&Prime; locked=\u00a0\u00bboff\u00a0\u00bb global_colors_info=\u00a0\u00bb{}\u00a0\u00bb][et_pb_row column_structure=\u00a0\u00bb1_2,1_2&Prime; _builder_version=\u00a0\u00bb4.16&Prime; global_colors_info=\u00a0\u00bb{}\u00a0\u00bb][et_pb_column type=\u00a0\u00bb1_2&Prime; _builder_version=\u00a0\u00bb4.16&Prime; custom_padding=\u00a0\u00bb|||\u00a0\u00bb global_colors_info=\u00a0\u00bb{}\u00a0\u00bb custom_padding__hover=\u00a0\u00bb|||\u00a0\u00bb][et_pb_text _builder_version=\u00a0\u00bb4.16&Prime; text_font=\u00a0\u00bb||||||||\u00a0\u00bb header_font=\u00a0\u00bb||||||||\u00a0\u00bb header_2_font=\u00a0\u00bbPT Serif|700|||||||\u00a0\u00bb header_2_font_size=\u00a0\u00bb60px\u00a0\u00bb header_2_line_height=\u00a0\u00bb1.2em\u00a0\u00bb text_orientation=\u00a0\u00bbjustified\u00a0\u00bb max_width=\u00a0\u00bb600px\u00a0\u00bb custom_margin=\u00a0\u00bb||15px\u00a0\u00bb header_2_font_size_tablet=\u00a0\u00bb42px\u00a0\u00bb header_2_font_size_phone=\u00a0\u00bb30px\u00a0\u00bb header_2_font_size_last_edited=\u00a0\u00bbon|tablet\u00a0\u00bb locked=\u00a0\u00bboff\u00a0\u00bb global_colors_info=\u00a0\u00bb{}\u00a0\u00bb]<\/p>\n<h2 style=\"text-align: left;\">Comment se rendre \u00e0 Cal\u00f3 Roig en bateau ?<\/h2>\n<p style=\"text-align: justify;\">\n<p>[\/et_pb_text][\/et_pb_column][et_pb_column type=\u00a0\u00bb1_2&Prime; _builder_version=\u00a0\u00bb4.16&Prime; custom_padding=\u00a0\u00bb|||\u00a0\u00bb global_colors_info=\u00a0\u00bb{}\u00a0\u00bb custom_padding__hover=\u00a0\u00bb|||\u00a0\u00bb][et_pb_text _builder_version=\u00a0\u00bb4.16&Prime; text_font=\u00a0\u00bbLato||||||||\u00a0\u00bb text_font_size=\u00a0\u00bb15px\u00a0\u00bb text_line_height=\u00a0\u00bb1.8em\u00a0\u00bb custom_margin=\u00a0\u00bb||||false|false\u00a0\u00bb text_font_size_tablet=\u00a0\u00bb\u00a0\u00bb text_font_size_phone=\u00a0\u00bb15px\u00a0\u00bb text_font_size_last_edited=\u00a0\u00bbon|desktop\u00a0\u00bb locked=\u00a0\u00bboff\u00a0\u00bb global_colors_info=\u00a0\u00bb{}\u00a0\u00bb]<\/p>\n<p style=\"text-align: justify;\">Pour rejoindre Cal\u00f3 Roig en bateau, on quitte le port de Mah\u00f3n en direction du SE. Nous naviguerons le long de la c\u00f4te, en laissant Illa del Rei au port.<\/p>\n<p style=\"text-align: justify;\">Nous continuerons vers le large, en laissant le phare de Punta de Sant Carles \u00e0 tribord.<\/p>\n<p style=\"text-align: justify;\">En suivant la c\u00f4te en direction du sud et apr\u00e8s avoir d\u00e9pass\u00e9 le petit promontoire de Na Girada et Punta Rafalet, nous trouverons Cal\u00f3 Roig \u00e0 tribord et nous pourrons l&rsquo;aborder par son c\u00f4t\u00e9 NE.<\/p>\n<p>[\/et_pb_text][\/et_pb_column][\/et_pb_row][\/et_pb_section][et_pb_section fb_built=\u00a0\u00bb1&Prime; admin_label=\u00a0\u00bbFooter\u00a0\u00bb _builder_version=\u00a0\u00bb4.16&Prime; use_background_color_gradient=\u00a0\u00bbon\u00a0\u00bb background_color_gradient_stops=\u00a0\u00bb#ffffff 0%|rgba(36,46,66,0) 75%\u00a0\u00bb background_color_gradient_overlays_image=\u00a0\u00bbon\u00a0\u00bb background_color_gradient_start=\u00a0\u00bb#ffffff\u00a0\u00bb background_color_gradient_end=\u00a0\u00bbrgba(36,46,66,0)\u00a0\u00bb background_color_gradient_end_position=\u00a0\u00bb75%\u00a0\u00bb background_image=\u00a0\u00bbhttps:\/\/calasenmenorca.com\/wp-content\/uploads\/2021\/08\/background-dawn.jpg\u00a0\u00bb custom_padding=\u00a0\u00bb||20vw\u00a0\u00bb top_divider_style=\u00a0\u00bbwaves2&Prime; top_divider_color=\u00a0\u00bb#f5f5f5&Prime; locked=\u00a0\u00bboff\u00a0\u00bb global_colors_info=\u00a0\u00bb{}\u00a0\u00bb][et_pb_row _builder_version=\u00a0\u00bb4.16&Prime; locked=\u00a0\u00bboff\u00a0\u00bb global_colors_info=\u00a0\u00bb{}\u00a0\u00bb][et_pb_column type=\u00a0\u00bb4_4&Prime; _builder_version=\u00a0\u00bb4.16&Prime; custom_padding=\u00a0\u00bb|||\u00a0\u00bb global_colors_info=\u00a0\u00bb{}\u00a0\u00bb custom_padding__hover=\u00a0\u00bb|||\u00a0\u00bb][et_pb_text _builder_version=\u00a0\u00bb4.16&Prime; text_font=\u00a0\u00bb||||||||\u00a0\u00bb header_font=\u00a0\u00bb||||||||\u00a0\u00bb header_2_font=\u00a0\u00bbPT Serif|700|||||||\u00a0\u00bb header_2_font_size=\u00a0\u00bb60px\u00a0\u00bb header_2_line_height=\u00a0\u00bb1.2em\u00a0\u00bb text_orientation=\u00a0\u00bbcenter\u00a0\u00bb max_width=\u00a0\u00bb600px\u00a0\u00bb module_alignment=\u00a0\u00bbcenter\u00a0\u00bb custom_margin=\u00a0\u00bb||15px\u00a0\u00bb header_2_font_size_tablet=\u00a0\u00bb42px\u00a0\u00bb header_2_font_size_phone=\u00a0\u00bb30px\u00a0\u00bb header_2_font_size_last_edited=\u00a0\u00bbon|tablet\u00a0\u00bb locked=\u00a0\u00bboff\u00a0\u00bb global_colors_info=\u00a0\u00bb{}\u00a0\u00bb]<\/p>\n<h2>Voulez-vous aller \u00e0 Cal\u00f3 Roig en bateau ?<\/h2>\n<p>[\/et_pb_text][et_pb_button button_url=\u00a0\u00bbhttps:\/\/barcosenmenorca.com\/es\/\u00a0\u00bb url_new_window=\u00a0\u00bbon\u00a0\u00bb button_text=\u00a0\u00bbPROPOSE DE PARTIR EN BATEAU\u00a0\u00bb button_alignment=\u00a0\u00bbcenter\u00a0\u00bb _builder_version=\u00a0\u00bb4.16&Prime; _module_preset=\u00a0\u00bbdefault\u00a0\u00bb custom_css_main_element=\u00a0\u00bbfont-size: 14px !important;||    border-width: 10px !important;||    border-color: rgba(0,0,0,0);||    border-radius: 0px;||    font-family: &lsquo;Lato&rsquo;,Helvetica, Arial, Lucida, sans-serif !important;||    font-weight: undefined;||color:white;||    font-weight: 700 !important;||    text-transform: uppercase !important;||    letter-spacing: 4px;||    background-image: initial;||    background-color: #ff3314;\u00a0\u00bb global_colors_info=\u00a0\u00bb{}\u00a0\u00bb][\/et_pb_button][\/et_pb_column][\/et_pb_row][et_pb_row _builder_version=\u00a0\u00bb4.16&Prime; width=\u00a0\u00bb100%\u00a0\u00bb max_width=\u00a0\u00bbnone\u00a0\u00bb locked=\u00a0\u00bboff\u00a0\u00bb global_colors_info=\u00a0\u00bb{}\u00a0\u00bb][et_pb_column type=\u00a0\u00bb4_4&Prime; _builder_version=\u00a0\u00bb4.16&Prime; custom_padding=\u00a0\u00bb|||\u00a0\u00bb global_colors_info=\u00a0\u00bb{}\u00a0\u00bb custom_padding__hover=\u00a0\u00bb|||\u00a0\u00bb][et_pb_image src=\u00a0\u00bbhttps:\/\/calasenmenorca.com\/wp-content\/uploads\/2021\/04\/sight-seeing-49.png\u00a0\u00bb show_bottom_space=\u00a0\u00bboff\u00a0\u00bb force_fullwidth=\u00a0\u00bbon\u00a0\u00bb _builder_version=\u00a0\u00bb4.16&Prime; custom_margin=\u00a0\u00bb||\u00a0\u00bb global_colors_info=\u00a0\u00bb{}\u00a0\u00bb][\/et_pb_image][\/et_pb_column][\/et_pb_row][\/et_pb_section]<\/p>\n","protected":false},"excerpt":{"rendered":"<p>Cal\u00f3 Roig &nbsp; Cal\u00f3 Roig est une plage pr\u00e9serv\u00e9e situ\u00e9e au sud de Cala Alcaufar. Longue de seulement 10 m et large de 30 m, cette minuscule crique ne dispose [&hellip;]<\/p>\n","protected":false},"author":1,"featured_media":0,"parent":0,"menu_order":0,"comment_status":"closed","ping_status":"closed","template":"","meta":{"_et_pb_use_builder":"on","_et_pb_old_content":"","_et_gb_content_width":"","_price":"","_stock":"","_tribe_ticket_header":"","_tribe_default_ticket_provider":"","_tribe_ticket_capacity":"0","_ticket_start_date":"","_ticket_end_date":"","_tribe_ticket_show_description":"","_tribe_ticket_show_not_going":false,"_tribe_ticket_use_global_stock":"","_tribe_ticket_global_stock_level":"","_global_stock_mode":"","_global_stock_cap":"","_tribe_rsvp_for_event":"","_tribe_ticket_going_count":"","_tribe_ticket_not_going_count":"","_tribe_tickets_list":"[]","_tribe_ticket_has_attendee_info_fields":false,"footnotes":"","_tec_slr_enabled":"","_tec_slr_layout":""},"class_list":["post-3594","page","type-page","status-publish","hentry"],"yoast_head":"<!-- This site is optimized with the Yoast SEO plugin v25.6 - https:\/\/yoast.com\/wordpress\/plugins\/seo\/ -->\n<title>Cal\u00f3 Roig - Calas en Menorca<\/title>\n<meta name=\"robots\" content=\"index, follow, max-snippet:-1, max-image-preview:large, max-video-preview:-1\" \/>\n<link rel=\"canonical\" href=\"https:\/\/calasenmenorca.com\/fr\/calo-roig\" \/>\n<meta property=\"og:locale\" content=\"fr_FR\" \/>\n<meta property=\"og:type\" content=\"article\" \/>\n<meta property=\"og:title\" content=\"Cal\u00f3 Roig - Calas en Menorca\" \/>\n<meta property=\"og:description\" content=\"Cal\u00f3 Roig &nbsp; Cal\u00f3 Roig est une plage pr\u00e9serv\u00e9e situ\u00e9e au sud de Cala Alcaufar. Longue de seulement 10 m et large de 30 m, cette minuscule crique ne dispose [&hellip;]\" \/>\n<meta property=\"og:url\" content=\"https:\/\/calasenmenorca.com\/fr\/calo-roig\" \/>\n<meta property=\"og:site_name\" content=\"Calas en Menorca\" \/>\n<meta property=\"article:modified_time\" content=\"2026-04-23T12:11:15+00:00\" \/>\n<meta name=\"twitter:card\" content=\"summary_large_image\" \/>\n<meta name=\"twitter:label1\" content=\"Dur\u00e9e de lecture estim\u00e9e\" \/>\n\t<meta name=\"twitter:data1\" content=\"13 minutes\" \/>\n<script type=\"application\/ld+json\" class=\"yoast-schema-graph\">{\"@context\":\"https:\/\/schema.org\",\"@graph\":[{\"@type\":\"WebPage\",\"@id\":\"https:\/\/calasenmenorca.com\/fr\/calo-roig\",\"url\":\"https:\/\/calasenmenorca.com\/fr\/calo-roig\",\"name\":\"Cal\u00f3 Roig - Calas en Menorca\",\"isPartOf\":{\"@id\":\"https:\/\/calasenmenorca.com\/#website\"},\"datePublished\":\"2021-04-29T09:18:48+00:00\",\"dateModified\":\"2026-04-23T12:11:15+00:00\",\"breadcrumb\":{\"@id\":\"https:\/\/calasenmenorca.com\/fr\/calo-roig#breadcrumb\"},\"inLanguage\":\"fr-FR\",\"potentialAction\":[{\"@type\":\"ReadAction\",\"target\":[\"https:\/\/calasenmenorca.com\/fr\/calo-roig\"]}]},{\"@type\":\"BreadcrumbList\",\"@id\":\"https:\/\/calasenmenorca.com\/fr\/calo-roig#breadcrumb\",\"itemListElement\":[{\"@type\":\"ListItem\",\"position\":1,\"name\":\"Portada\",\"item\":\"https:\/\/calasenmenorca.com\/fr\/bienvenue-sur-https-calasenmenorca-com\"},{\"@type\":\"ListItem\",\"position\":2,\"name\":\"Cal\u00f3 Roig\"}]},{\"@type\":\"WebSite\",\"@id\":\"https:\/\/calasenmenorca.com\/#website\",\"url\":\"https:\/\/calasenmenorca.com\/\",\"name\":\"Calas en Menorca\",\"description\":\"Las mejores calas de menorca\",\"potentialAction\":[{\"@type\":\"SearchAction\",\"target\":{\"@type\":\"EntryPoint\",\"urlTemplate\":\"https:\/\/calasenmenorca.com\/?s={search_term_string}\"},\"query-input\":{\"@type\":\"PropertyValueSpecification\",\"valueRequired\":true,\"valueName\":\"search_term_string\"}}],\"inLanguage\":\"fr-FR\"}]}<\/script>\n<!-- \/ Yoast SEO plugin. -->","yoast_head_json":{"title":"Cal\u00f3 Roig - Calas en Menorca","robots":{"index":"index","follow":"follow","max-snippet":"max-snippet:-1","max-image-preview":"max-image-preview:large","max-video-preview":"max-video-preview:-1"},"canonical":"https:\/\/calasenmenorca.com\/fr\/calo-roig","og_locale":"fr_FR","og_type":"article","og_title":"Cal\u00f3 Roig - Calas en Menorca","og_description":"Cal\u00f3 Roig &nbsp; Cal\u00f3 Roig est une plage pr\u00e9serv\u00e9e situ\u00e9e au sud de Cala Alcaufar. Longue de seulement 10 m et large de 30 m, cette minuscule crique ne dispose [&hellip;]","og_url":"https:\/\/calasenmenorca.com\/fr\/calo-roig","og_site_name":"Calas en Menorca","article_modified_time":"2026-04-23T12:11:15+00:00","twitter_card":"summary_large_image","twitter_misc":{"Dur\u00e9e de lecture estim\u00e9e":"13 minutes"},"schema":{"@context":"https:\/\/schema.org","@graph":[{"@type":"WebPage","@id":"https:\/\/calasenmenorca.com\/fr\/calo-roig","url":"https:\/\/calasenmenorca.com\/fr\/calo-roig","name":"Cal\u00f3 Roig - Calas en Menorca","isPartOf":{"@id":"https:\/\/calasenmenorca.com\/#website"},"datePublished":"2021-04-29T09:18:48+00:00","dateModified":"2026-04-23T12:11:15+00:00","breadcrumb":{"@id":"https:\/\/calasenmenorca.com\/fr\/calo-roig#breadcrumb"},"inLanguage":"fr-FR","potentialAction":[{"@type":"ReadAction","target":["https:\/\/calasenmenorca.com\/fr\/calo-roig"]}]},{"@type":"BreadcrumbList","@id":"https:\/\/calasenmenorca.com\/fr\/calo-roig#breadcrumb","itemListElement":[{"@type":"ListItem","position":1,"name":"Portada","item":"https:\/\/calasenmenorca.com\/fr\/bienvenue-sur-https-calasenmenorca-com"},{"@type":"ListItem","position":2,"name":"Cal\u00f3 Roig"}]},{"@type":"WebSite","@id":"https:\/\/calasenmenorca.com\/#website","url":"https:\/\/calasenmenorca.com\/","name":"Calas en Menorca","description":"Las mejores calas de menorca","potentialAction":[{"@type":"SearchAction","target":{"@type":"EntryPoint","urlTemplate":"https:\/\/calasenmenorca.com\/?s={search_term_string}"},"query-input":{"@type":"PropertyValueSpecification","valueRequired":true,"valueName":"search_term_string"}}],"inLanguage":"fr-FR"}]}},"ticketed":false,"_links":{"self":[{"href":"https:\/\/calasenmenorca.com\/fr\/wp-json\/wp\/v2\/pages\/3594"}],"collection":[{"href":"https:\/\/calasenmenorca.com\/fr\/wp-json\/wp\/v2\/pages"}],"about":[{"href":"https:\/\/calasenmenorca.com\/fr\/wp-json\/wp\/v2\/types\/page"}],"author":[{"embeddable":true,"href":"https:\/\/calasenmenorca.com\/fr\/wp-json\/wp\/v2\/users\/1"}],"replies":[{"embeddable":true,"href":"https:\/\/calasenmenorca.com\/fr\/wp-json\/wp\/v2\/comments?post=3594"}],"version-history":[{"count":15,"href":"https:\/\/calasenmenorca.com\/fr\/wp-json\/wp\/v2\/pages\/3594\/revisions"}],"predecessor-version":[{"id":10697,"href":"https:\/\/calasenmenorca.com\/fr\/wp-json\/wp\/v2\/pages\/3594\/revisions\/10697"}],"wp:attachment":[{"href":"https:\/\/calasenmenorca.com\/fr\/wp-json\/wp\/v2\/media?parent=3594"}],"curies":[{"name":"wp","href":"https:\/\/api.w.org\/{rel}","templated":true}]}}