{"id":4260,"date":"2021-04-29T10:17:19","date_gmt":"2021-04-29T10:17:19","guid":{"rendered":"https:\/\/calasenmenorca.com\/anse-carbo"},"modified":"2025-09-30T16:45:14","modified_gmt":"2025-09-30T16:45:14","slug":"anse-carbo","status":"publish","type":"page","link":"https:\/\/calasenmenorca.com\/fr\/anse-carbo","title":{"rendered":"Anse Carb\u00f3"},"content":{"rendered":"<p>[et_pb_section fb_built=\u00a0\u00bb1&Prime; admin_label=\u00a0\u00bbHeader\u00a0\u00bb _builder_version=\u00a0\u00bb4.16&Prime; use_background_color_gradient=\u00a0\u00bbon\u00a0\u00bb background_color_gradient_direction=\u00a0\u00bb90deg\u00a0\u00bb background_color_gradient_stops=\u00a0\u00bbrgba(36,46,66,0.5) 0%|rgba(36,46,66,0.8) 61%\u00a0\u00bb background_color_gradient_overlays_image=\u00a0\u00bbon\u00a0\u00bb background_color_gradient_start=\u00a0\u00bbrgba(36,46,66,0.5)\u00a0\u00bb background_color_gradient_end=\u00a0\u00bbrgba(36,46,66,0.8)\u00a0\u00bb background_color_gradient_end_position=\u00a0\u00bb61%\u00a0\u00bb background_image=\u00a0\u00bbhttps:\/\/calasenmenorca.com\/wp-content\/uploads\/2021\/08\/background-upp.jpg\u00a0\u00bb background_position=\u00a0\u00bbbottom_center\u00a0\u00bb custom_padding=\u00a0\u00bb||0px|||\u00a0\u00bb locked=\u00a0\u00bboff\u00a0\u00bb global_colors_info=\u00a0\u00bb{}\u00a0\u00bb][et_pb_row _builder_version=\u00a0\u00bb4.16&Prime; width=\u00a0\u00bb90%\u00a0\u00bb max_width=\u00a0\u00bb1215px\u00a0\u00bb global_colors_info=\u00a0\u00bb{}\u00a0\u00bb][et_pb_column type=\u00a0\u00bb4_4&Prime; _builder_version=\u00a0\u00bb4.16&Prime; custom_padding=\u00a0\u00bb|||\u00a0\u00bb global_colors_info=\u00a0\u00bb{}\u00a0\u00bb custom_padding__hover=\u00a0\u00bb|||\u00a0\u00bb][et_pb_text _builder_version=\u00a0\u00bb4.16&Prime; text_font=\u00a0\u00bbLato||||||||\u00a0\u00bb text_font_size=\u00a0\u00bb16px\u00a0\u00bb text_line_height=\u00a0\u00bb1.8em\u00a0\u00bb header_font=\u00a0\u00bbPT Serif|700|||||||\u00a0\u00bb header_font_size=\u00a0\u00bb80px\u00a0\u00bb header_line_height=\u00a0\u00bb1.2em\u00a0\u00bb text_orientation=\u00a0\u00bbjustified\u00a0\u00bb background_layout=\u00a0\u00bbdark\u00a0\u00bb min_height=\u00a0\u00bb464px\u00a0\u00bb min_height_tablet=\u00a0\u00bb\u00a0\u00bb min_height_phone=\u00a0\u00bb\u00a0\u00bb min_height_last_edited=\u00a0\u00bbon|desktop\u00a0\u00bb custom_margin=\u00a0\u00bb|||||false\u00a0\u00bb custom_padding=\u00a0\u00bb40px|40px|40px|40px|true|true\u00a0\u00bb text_font_size_tablet=\u00a0\u00bb\u00a0\u00bb text_font_size_phone=\u00a0\u00bb14px\u00a0\u00bb text_font_size_last_edited=\u00a0\u00bbon|phone\u00a0\u00bb header_font_size_tablet=\u00a0\u00bb60px\u00a0\u00bb header_font_size_phone=\u00a0\u00bb36px\u00a0\u00bb header_font_size_last_edited=\u00a0\u00bbon|phone\u00a0\u00bb border_width_all=\u00a0\u00bb40px\u00a0\u00bb border_color_all=\u00a0\u00bb#ffd400&Prime; border_width_all_tablet=\u00a0\u00bb\u00a0\u00bb border_width_all_phone=\u00a0\u00bb3px\u00a0\u00bb border_width_all_last_edited=\u00a0\u00bbon|desktop\u00a0\u00bb global_colors_info=\u00a0\u00bb{}\u00a0\u00bb]<\/p>\n<h1>Anse Carb\u00f3<\/h1>\n<h2><span data-contrast=\"none\" xml:lang=\"ES-ES\" lang=\"ES-ES\" class=\"TextRun MacChromeBold SCXW255620465 BCX0\"><span class=\"NormalTextRun SCXW255620465 BCX0\">Cette crique est un endroit o\u00f9 vous devez y mettre tout votre c\u0153ur et votre \u00e2me.<\/span><\/span><span class=\"EOP SCXW255620465 BCX0\" data-ccp-props=\"{\"201341983\":0,\"335559739\":160,\"335559740\":259}\"> <\/span><\/h2>\n<p><span data-contrast=\"auto\">Cala Carb\u00f3 est situ\u00e9 sur la c\u00f4te nord de Minorque. Isol\u00e9e et pr\u00e9serv\u00e9e, cette plage prot\u00e9g\u00e9e a \u00e9t\u00e9 cr\u00e9\u00e9e \u00e0 partir d&rsquo;un bras de mer en forme de \u00ab\u00a0U\u00a0\u00bb. Elle se distingue par la couleur fonc\u00e9e de son sable et par une foule plut\u00f4t clairsem\u00e9e.<\/span><span data-ccp-props=\"{\"201341983\":0,\"335559739\":160,\"335559740\":259}\"> <\/span><\/p>\n<p><span data-contrast=\"auto\">Les difficult\u00e9s d&rsquo;acc\u00e8s font que le nombre de visiteurs qui osent s&rsquo;y rendre est consid\u00e9rablement r\u00e9duit. Il est possible de l&rsquo;atteindre par voie terrestre, mais la route est rocailleuse, le terrain accident\u00e9 et son emplacement difficile \u00e0 localiser.<\/span><span data-ccp-props=\"{\"201341983\":0,\"335559739\":160,\"335559740\":259}\"> <\/span><\/p>\n<p>[\/et_pb_text][\/et_pb_column][\/et_pb_row][et_pb_row _builder_version=\u00a0\u00bb4.16&Prime; width=\u00a0\u00bb100%\u00a0\u00bb max_width=\u00a0\u00bbnone\u00a0\u00bb custom_padding=\u00a0\u00bb0px||1px|||\u00a0\u00bb global_colors_info=\u00a0\u00bb{}\u00a0\u00bb][et_pb_column type=\u00a0\u00bb4_4&Prime; _builder_version=\u00a0\u00bb4.16&Prime; custom_padding=\u00a0\u00bb|||\u00a0\u00bb global_colors_info=\u00a0\u00bb{}\u00a0\u00bb custom_padding__hover=\u00a0\u00bb|||\u00a0\u00bb][et_pb_image src=\u00a0\u00bbhttps:\/\/calasenmenorca.com\/wp-content\/uploads\/2021\/04\/sight-seeing-52.png\u00a0\u00bb force_fullwidth=\u00a0\u00bbon\u00a0\u00bb _builder_version=\u00a0\u00bb4.16&Prime; custom_margin=\u00a0\u00bb-9vw||-1px||false|\u00a0\u00bb custom_margin_tablet=\u00a0\u00bb0vw|||\u00a0\u00bb custom_margin_phone=\u00a0\u00bb\u00a0\u00bb custom_margin_last_edited=\u00a0\u00bbon|desktop\u00a0\u00bb global_colors_info=\u00a0\u00bb{}\u00a0\u00bb][\/et_pb_image][\/et_pb_column][\/et_pb_row][\/et_pb_section][et_pb_section fb_built=\u00a0\u00bb1&Prime; admin_label=\u00a0\u00bbCTA\u00a0\u00bb _builder_version=\u00a0\u00bb4.16&Prime; z_index=\u00a0\u00bb10&Prime; custom_padding=\u00a0\u00bb130px||3px||false|false\u00a0\u00bb locked=\u00a0\u00bboff\u00a0\u00bb global_colors_info=\u00a0\u00bb{}\u00a0\u00bb][et_pb_row column_structure=\u00a0\u00bb3_5,2_5&Prime; _builder_version=\u00a0\u00bb4.16&Prime; _module_preset=\u00a0\u00bbdefault\u00a0\u00bb max_width=\u00a0\u00bb1600px\u00a0\u00bb custom_margin=\u00a0\u00bb-100px||||false|false\u00a0\u00bb global_colors_info=\u00a0\u00bb{}\u00a0\u00bb][et_pb_column type=\u00a0\u00bb3_5&Prime; _builder_version=\u00a0\u00bb4.16&Prime; _module_preset=\u00a0\u00bbdefault\u00a0\u00bb global_colors_info=\u00a0\u00bb{}\u00a0\u00bb][et_pb_code _builder_version=\u00a0\u00bb4.27.0&Prime; _module_preset=\u00a0\u00bbdefault\u00a0\u00bb global_colors_info=\u00a0\u00bb{}\u00a0\u00bb]<iframe src=\"https:\/\/www.google.com\/maps\/embed?pb=!1m18!1m12!1m3!1d15283.87179783112!2d1.2032249710917!3d38.89437824827583!2m3!1f0!2f0!3f0!3m2!1i1024!2i768!4f13.1!3m3!1m2!1s0x12994cab16926475%3A0xa57cc14166390a2e!2sCala%20Carb%C3%B3!5e1!3m2!1ses!2ses!4v1724168943559!5m2!1ses!2ses\" width=\"640\" height=\"450\" style=\"border:0;\" allowfullscreen=\"\" loading=\"lazy\" referrerpolicy=\"no-referrer-when-downgrade\"><\/iframe>[\/et_pb_code][et_pb_code _builder_version=\u00a0\u00bb4.27.0&Prime; _module_preset=\u00a0\u00bbdefault\u00a0\u00bb global_colors_info=\u00a0\u00bb{}\u00a0\u00bb]<iframe src=\"https:\/\/www.google.com\/maps\/embed?pb=!4v1730906642012!6m8!1m7!1sCAoSLEFGMVFpcE9GbllnVk5qWVp3VURKX0g0MzJQZ2JGQlI0UGF5TjJ2M3BpZnlD!2m2!1d38.89472057192572!2d1.218086975235713!3f256.50575910201957!4f-14.789524104185517!5f0.7820865974627469\" width=\"640\" height=\"450\" style=\"border:0;\" allowfullscreen=\"\" loading=\"lazy\" referrerpolicy=\"no-referrer-when-downgrade\"><\/iframe>[\/et_pb_code][\/et_pb_column][et_pb_column type=\u00a0\u00bb2_5&Prime; _builder_version=\u00a0\u00bb4.16&Prime; _module_preset=\u00a0\u00bbdefault\u00a0\u00bb global_colors_info=\u00a0\u00bb{}\u00a0\u00bb][et_pb_text _builder_version=\u00a0\u00bb4.16&Prime; _module_preset=\u00a0\u00bbdefault\u00a0\u00bb global_colors_info=\u00a0\u00bb{}\u00a0\u00bb]<\/p>\n<p><strong>Nom<\/strong>: <strong><span data-contrast=\"auto\" lang=\"ES-ES\" class=\"TextRun BCX0 SCXW107486131\"><span class=\"NormalTextRun BCX0 SCXW107486131\">Cala Carb\u00f3<\/span><\/span><\/strong><\/p>\n<p>Localisation<span>: <strong><span data-contrast=\"auto\" lang=\"ES-ES\" class=\"TextRun SCXW189370567 BCX0\"><span class=\"NormalTextRun SCXW189370567 BCX0\">Zone Nord III (<\/span><span class=\"NormalTextRun SCXW189370567 BCX0\">40\u00b03.529&rsquo;N 3\u00b055.719&rsquo;E<\/span><span class=\"NormalTextRun SCXW189370567 BCX0\">)<\/span><\/span><\/strong><span class=\"EOP SCXW189370567 BCX0\" data-ccp-props=\"{\"201341983\":0,\"335559739\":160,\"335559740\":259}\"> <\/span><\/span> <\/p>\n<p>Distance de Mah\u00f3n<span>: <strong><span class=\"NormalTextRun BCX0 SCXW98509361\">30 MN <\/span><span class=\"NormalTextRun BCX0 SCXW98509361\">\/ <\/span><span class=\"NormalTextRun BCX0 SCXW98509361\">52<\/span><span class=\"NormalTextRun BCX0 SCXW98509361\"> km<\/span><\/strong><\/span><\/p>\n<p>Dur\u00e9e du trajet depuis Mah\u00f3n<span>: <strong><span data-contrast=\"auto\" lang=\"ES-ES\" class=\"TextRun SCXW174261587 BCX0\"><span class=\"NormalTextRun SCXW174261587 BCX0\">2h en bateau <\/span><span class=\"NormalTextRun SCXW174261587 BCX0\">(vitesse moyenne de 15 n\u0153uds)<\/span><span class=\"NormalTextRun SCXW174261587 BCX0\"> \/ 57 min. en voiture<\/span><\/span><span class=\"EOP SCXW174261587 BCX0\" data-ccp-props=\"{\"201341983\":0,\"335559739\":160,\"335559740\":259}\"> <\/span><\/strong><\/span> <\/p>\n<p>Type de plage : <strong>Sable et pierres<\/strong><\/p>\n<p>Ancrage avec le bateau<span>:  <strong><span data-contrast=\"auto\" xml:lang=\"ES-ES\" lang=\"ES-ES\" class=\"TextRun SCXW28348368 BCX0\"><span class=\"NormalTextRun SCXW28348368 BCX0\">Pierre<\/span><span class=\"NormalTextRun SCXW28348368 BCX0\">. Il n&rsquo;est pas conseill\u00e9 de jeter l&rsquo;ancre. Entour\u00e9 de r\u00e9cifs. Expos\u00e9 aux vents de N, SW et NW<\/span><\/span><\/strong><\/span><\/p>\n<p>Acc\u00e8s dangereux par bateau :  <strong>Haut.<span class=\"NormalTextRun SCXW218609492 BCX0\"><span> <\/span><\/span><span class=\"NormalTextRun SCXW218609492 BCX0\">Une crique pleine de r\u00e9cifs. Ouvert \u00e0 la Tramontane<\/span><\/strong><\/p>\n<p>Posidonia<span>: <strong>Oui<\/strong><\/span><\/p>\n<p>Station-service pour bateaux la plus proche : <strong><span data-contrast=\"auto\" lang=\"ES-ES\" class=\"TextRun SCXW117888426 BCX0\"><span class=\"NormalTextRun SCXW117888426 BCX0\">10 MN (Puerto de <\/span><span class=\"NormalTextRun SpellingErrorV2 SCXW117888426 BCX0\">Fornells<\/span><span class=\"NormalTextRun SCXW117888426 BCX0\">) et 11&rsquo;5 MN (Port de Ciutadella)<\/span><\/span><span class=\"EOP SCXW117888426 BCX0\" data-ccp-props=\"{\"201341983\":0,\"335559739\":160,\"335559740\":259}\"> <\/span><\/strong> <\/p>\n<p>&nbsp;<\/p>\n<p>[\/et_pb_text][\/et_pb_column][\/et_pb_row][\/et_pb_section][et_pb_section fb_built=\u00a0\u00bb1&Prime; _builder_version=\u00a0\u00bb4.27.0&Prime; _module_preset=\u00a0\u00bbdefault\u00a0\u00bb hover_enabled=\u00a0\u00bb0&Prime; global_colors_info=\u00a0\u00bb{}\u00a0\u00bb module_class=\u00a0\u00bbservicios\u00a0\u00bb sticky_enabled=\u00a0\u00bb0&Prime;][et_pb_row _builder_version=\u00a0\u00bb4.16&Prime; _module_preset=\u00a0\u00bbdefault\u00a0\u00bb global_colors_info=\u00a0\u00bb{}\u00a0\u00bb][et_pb_column type=\u00a0\u00bb4_4&Prime; _builder_version=\u00a0\u00bb4.16&Prime; _module_preset=\u00a0\u00bbdefault\u00a0\u00bb global_colors_info=\u00a0\u00bb{}\u00a0\u00bb][et_pb_text _builder_version=\u00a0\u00bb4.16&Prime; _module_preset=\u00a0\u00bbdefault\u00a0\u00bb global_colors_info=\u00a0\u00bb{}\u00a0\u00bb]<\/p>\n<h2 style=\"text-align: center;\"><strong>SERVICES<\/strong><\/h2>\n<p>[\/et_pb_text][\/et_pb_column][\/et_pb_row][et_pb_row column_structure=\u00a0\u00bb1_2,1_2&Prime; _builder_version=\u00a0\u00bb4.27.0&Prime; _module_preset=\u00a0\u00bbdefault\u00a0\u00bb width=\u00a0\u00bb24%\u00a0\u00bb hover_enabled=\u00a0\u00bb0&Prime; locked=\u00a0\u00bboff\u00a0\u00bb global_colors_info=\u00a0\u00bb{}\u00a0\u00bb width_last_edited=\u00a0\u00bbon|phone\u00a0\u00bb sticky_enabled=\u00a0\u00bb0&Prime; width_phone=\u00a0\u00bb95%\u00a0\u00bb width_tablet=\u00a0\u00bb24%\u00a0\u00bb][et_pb_column type=\u00a0\u00bb1_2&Prime; _builder_version=\u00a0\u00bb4.16&Prime; _module_preset=\u00a0\u00bbdefault\u00a0\u00bb global_colors_info=\u00a0\u00bb{}\u00a0\u00bb][et_pb_image src=\u00a0\u00bbhttps:\/\/calasenmenorca.com\/wp-content\/uploads\/2021\/08\/sin-servicios.jpg\u00a0\u00bb title_text=\u00a0\u00bbsans services\u00a0\u00bb _builder_version=\u00a0\u00bb4.16&Prime; _module_preset=\u00a0\u00bbdefault\u00a0\u00bb global_colors_info=\u00a0\u00bb{}\u00a0\u00bb][\/et_pb_image][et_pb_text _builder_version=\u00a0\u00bb4.16&Prime; _module_preset=\u00a0\u00bbdefault\u00a0\u00bb global_colors_info=\u00a0\u00bb{}\u00a0\u00bb]<\/p>\n<p style=\"text-align: center;\">AUCUN SERVICE<\/p>\n<p>[\/et_pb_text][\/et_pb_column][et_pb_column type=\u00a0\u00bb1_2&Prime; _builder_version=\u00a0\u00bb4.16&Prime; _module_preset=\u00a0\u00bbdefault\u00a0\u00bb global_colors_info=\u00a0\u00bb{}\u00a0\u00bb][et_pb_image src=\u00a0\u00bbhttps:\/\/calasenmenorca.com\/wp-content\/uploads\/2021\/08\/peaton.jpg\u00a0\u00bb title_text=\u00a0\u00bbpi\u00e9tons\u00a0\u00bb _builder_version=\u00a0\u00bb4.16&Prime; _module_preset=\u00a0\u00bbdefault\u00a0\u00bb global_colors_info=\u00a0\u00bb{}\u00a0\u00bb][\/et_pb_image][et_pb_text _builder_version=\u00a0\u00bb4.16&Prime; _module_preset=\u00a0\u00bbdefault\u00a0\u00bb global_colors_info=\u00a0\u00bb{}\u00a0\u00bb]<\/p>\n<p style=\"text-align: center;\">MARCHE 3 Km<\/p>\n<p>[\/et_pb_text][\/et_pb_column][\/et_pb_row][\/et_pb_section][et_pb_section fb_built=\u00a0\u00bb1&Prime; _builder_version=\u00a0\u00bb4.16&Prime; _module_preset=\u00a0\u00bbdefault\u00a0\u00bb global_colors_info=\u00a0\u00bb{}\u00a0\u00bb][et_pb_row _builder_version=\u00a0\u00bb4.16&Prime; _module_preset=\u00a0\u00bbdefault\u00a0\u00bb global_colors_info=\u00a0\u00bb{}\u00a0\u00bb][et_pb_column type=\u00a0\u00bb4_4&Prime; _builder_version=\u00a0\u00bb4.16&Prime; _module_preset=\u00a0\u00bbdefault\u00a0\u00bb global_colors_info=\u00a0\u00bb{}\u00a0\u00bb][et_pb_text _builder_version=\u00a0\u00bb4.16&Prime; _module_preset=\u00a0\u00bbdefault\u00a0\u00bb global_colors_info=\u00a0\u00bb{}\u00a0\u00bb]<\/p>\n<h2 style=\"text-align: center;\"><strong>Services \u00e0 proximit\u00e9 de Cala Carb\u00f3<\/strong><\/h2>\n<p>[\/et_pb_text][et_pb_text _builder_version=\u00a0\u00bb4.16&Prime; _module_preset=\u00a0\u00bbdefault\u00a0\u00bb global_colors_info=\u00a0\u00bb{}\u00a0\u00bb]<\/p>\n<p style=\"text-align: center;\"><strong>PAS DE SERVICES \u00c0 PROXIMIT\u00c9* PAS DE SERVICES \u00c0 PROXIMIT\u00c9* PAS DE SERVICES \u00c0 PROXIMIT\u00c9* PAS DE SERVICES \u00c0 PROXIMIT\u00c9* PAS DE SERVICES \u00c0 PROXIMIT\u00c9* PAS DE SERVICES \u00c0 PROXIMIT\u00c9<\/strong><\/p>\n<p style=\"text-align: center;\"><span style=\"font-size: x-small;\">*Ils sont consid\u00e9r\u00e9s comme \u00ab\u00a0proches\u00a0\u00bb s&rsquo;ils se trouvent dans un rayon d&rsquo;environ 250-300 m.<\/span><\/p>\n<p>[\/et_pb_text][\/et_pb_column][\/et_pb_row][\/et_pb_section][et_pb_section fb_built=\u00a0\u00bb1&Prime; admin_label=\u00a0\u00bbCTA\u00a0\u00bb _builder_version=\u00a0\u00bb4.16&Prime; z_index=\u00a0\u00bb10&Prime; custom_margin=\u00a0\u00bb0px||||false|false\u00a0\u00bb custom_padding=\u00a0\u00bb0px||||false|false\u00a0\u00bb locked=\u00a0\u00bboff\u00a0\u00bb global_colors_info=\u00a0\u00bb{}\u00a0\u00bb][et_pb_row _builder_version=\u00a0\u00bb4.16&Prime; background_color=\u00a0\u00bb#ffffff\u00a0\u00bb custom_margin=\u00a0\u00bb|auto||auto|false|false\u00a0\u00bb custom_padding=\u00a0\u00bb80px|20px|80px|20px|true|true\u00a0\u00bb box_shadow_style=\u00a0\u00bbpreset3&Prime; box_shadow_horizontal=\u00a0\u00bb5px\u00a0\u00bb box_shadow_vertical=\u00a0\u00bb25px\u00a0\u00bb box_shadow_blur=\u00a0\u00bb105px\u00a0\u00bb box_shadow_spread=\u00a0\u00bb-30px\u00a0\u00bb box_shadow_color=\u00a0\u00bbrgba(0,0,0,0.25)\u00a0\u00bb locked=\u00a0\u00bboff\u00a0\u00bb global_colors_info=\u00a0\u00bb{}\u00a0\u00bb][et_pb_column type=\u00a0\u00bb4_4&Prime; _builder_version=\u00a0\u00bb4.16&Prime; custom_padding=\u00a0\u00bb|||\u00a0\u00bb global_colors_info=\u00a0\u00bb{}\u00a0\u00bb custom_padding__hover=\u00a0\u00bb|||\u00a0\u00bb][et_pb_text _builder_version=\u00a0\u00bb4.16&Prime; text_font=\u00a0\u00bbLato||||||||\u00a0\u00bb text_font_size=\u00a0\u00bb15px\u00a0\u00bb text_line_height=\u00a0\u00bb1.8em\u00a0\u00bb header_font=\u00a0\u00bb||||||||\u00a0\u00bb header_2_font=\u00a0\u00bbPT Serif|700|||||||\u00a0\u00bb header_2_font_size=\u00a0\u00bb64px\u00a0\u00bb header_2_line_height=\u00a0\u00bb1.2em\u00a0\u00bb text_orientation=\u00a0\u00bbcenter\u00a0\u00bb width_tablet=\u00a0\u00bb600px\u00a0\u00bb width_phone=\u00a0\u00bb400px\u00a0\u00bb width_last_edited=\u00a0\u00bboff|phone\u00a0\u00bb max_width=\u00a0\u00bb851px\u00a0\u00bb max_width_tablet=\u00a0\u00bb\u00a0\u00bb max_width_phone=\u00a0\u00bb\u00a0\u00bb max_width_last_edited=\u00a0\u00bbon|desktop\u00a0\u00bb module_alignment=\u00a0\u00bbcenter\u00a0\u00bb custom_margin=\u00a0\u00bb||15px\u00a0\u00bb text_font_size_tablet=\u00a0\u00bb\u00a0\u00bb text_font_size_phone=\u00a0\u00bb15px\u00a0\u00bb text_font_size_last_edited=\u00a0\u00bbon|desktop\u00a0\u00bb header_2_font_size_tablet=\u00a0\u00bb44px\u00a0\u00bb header_2_font_size_phone=\u00a0\u00bb28px\u00a0\u00bb header_2_font_size_last_edited=\u00a0\u00bbon|phone\u00a0\u00bb locked=\u00a0\u00bboff\u00a0\u00bb global_colors_info=\u00a0\u00bb{}\u00a0\u00bb]<\/p>\n<h2 class=\"Cuerpo\"><span lang=\"ES-TRAD\">Cala Carb\u00f3 \u00e0 Minorque, comment s&rsquo;y rendre ?<o:p><\/o:p><\/span><\/h2>\n<p style=\"text-align: justify;\"><span data-contrast=\"auto\">Si vous vous demandez comment vous rendre \u00e0 Cala Carb\u00f3, la r\u00e9ponse ne peut \u00eatre que : \u00e0 peine.<\/span><span data-ccp-props=\"{\"201341983\":0,\"335559739\":160,\"335559740\":259}\"> <\/span><\/p>\n<p style=\"text-align: justify;\"><span data-contrast=\"auto\">L&rsquo;approche par la mer est dangereuse en raison des nombreux obstacles dans ses eaux et essayer de l&rsquo;atteindre par la terre n&rsquo;est pas impossible, mais c&rsquo;est compliqu\u00e9. Le terrain accident\u00e9 ne vous facilitera pas la t\u00e2che, mais si vous voulez quand m\u00eame conna\u00eetre cette crique, approchez-la par la route.<\/span><span data-ccp-props=\"{\"201341983\":0,\"335559739\":160,\"335559740\":259}\"> <\/span><\/p>\n<p style=\"text-align: justify;\"><span data-contrast=\"auto\">En partant de Mah\u00f3n, en direction de Ciutadella, nous devons prendre la Me-1 et la longer jusqu&rsquo;\u00e0 la sortie de la Ctra. Cam\u00ed de Cala Morell et ensuite tourner \u00e0 droite vers Cam\u00ed d&rsquo;Algaiarens \/ Son Seu. \u00c0 partir d&rsquo;ici, les routes qui nous rapprochent de notre destination peuvent \u00eatre limit\u00e9es, il est donc probable qu&rsquo;\u00e0 partir de ce point, nous devrons continuer \u00e0 pied pendant environ 3 km sur des sentiers non balis\u00e9s.<\/span><span data-ccp-props=\"{\"201341983\":0,\"335559739\":160,\"335559740\":259}\"> <\/span><\/p>\n<p style=\"text-align: justify;\"><span data-contrast=\"auto\">La v\u00e9rit\u00e9 est qu&rsquo;il faut y r\u00e9fl\u00e9chir.<\/span><span data-ccp-props=\"{\"201341983\":0,\"335559739\":160,\"335559740\":259}\"> <\/span><\/p>\n<p>[\/et_pb_text][\/et_pb_column][\/et_pb_row][\/et_pb_section][et_pb_section fb_built=\u00a0\u00bb1&Prime; admin_label=\u00a0\u00bbVideo\u00a0\u00bb _builder_version=\u00a0\u00bb4.16&Prime; background_color_gradient_direction=\u00a0\u00bb90deg\u00a0\u00bb custom_padding=\u00a0\u00bb100px|||||\u00a0\u00bb global_colors_info=\u00a0\u00bb{}\u00a0\u00bb][et_pb_row padding_top_bottom_link_1=\u00a0\u00bbfalse\u00a0\u00bb padding_left_right_link_1=\u00a0\u00bbfalse\u00a0\u00bb _builder_version=\u00a0\u00bb4.16&Prime; background_color=\u00a0\u00bb#fe533a\u00a0\u00bb width_tablet=\u00a0\u00bb\u00a0\u00bb width_phone=\u00a0\u00bb90%\u00a0\u00bb width_last_edited=\u00a0\u00bbon|desktop\u00a0\u00bb max_width=\u00a0\u00bbnone\u00a0\u00bb module_alignment=\u00a0\u00bbright\u00a0\u00bb custom_padding=\u00a0\u00bb||0px|||\u00a0\u00bb global_colors_info=\u00a0\u00bb{}\u00a0\u00bb][et_pb_column type=\u00a0\u00bb4_4&Prime; _builder_version=\u00a0\u00bb4.16&Prime; custom_padding=\u00a0\u00bb|10vw||\u00a0\u00bb global_colors_info=\u00a0\u00bb{}\u00a0\u00bb custom_padding__hover=\u00a0\u00bb|||\u00a0\u00bb][et_pb_image src=\u00a0\u00bbhttps:\/\/calasenmenorca.com\/wp-content\/uploads\/2021\/08\/gaviota-norte.jpg\u00a0\u00bb title_text=\u00a0\u00bbmouette-nord\u00a0\u00bb _builder_version=\u00a0\u00bb4.16&Prime; _module_preset=\u00a0\u00bbdefault\u00a0\u00bb width=\u00a0\u00bb123%\u00a0\u00bb width_tablet=\u00a0\u00bb\u00a0\u00bb width_phone=\u00a0\u00bb122%\u00a0\u00bb width_last_edited=\u00a0\u00bbon|phone\u00a0\u00bb custom_margin=\u00a0\u00bb-142px|||-8vw|false|false\u00a0\u00bb border_width_all=\u00a0\u00bb9px\u00a0\u00bb border_color_all=\u00a0\u00bb#FFFFFF\u00a0\u00bb box_shadow_style=\u00a0\u00bbpreset3&Prime; box_shadow_horizontal=\u00a0\u00bb20px\u00a0\u00bb box_shadow_vertical=\u00a0\u00bb60px\u00a0\u00bb box_shadow_blur=\u00a0\u00bb180px\u00a0\u00bb box_shadow_spread=\u00a0\u00bb-20px\u00a0\u00bb box_shadow_color=\u00a0\u00bbrgba(0,0,0,0.64)\u00a0\u00bb global_colors_info=\u00a0\u00bb{}\u00a0\u00bb][\/et_pb_image][\/et_pb_column][\/et_pb_row][et_pb_row padding_top_bottom_link_1=\u00a0\u00bbfalse\u00a0\u00bb padding_left_right_link_1=\u00a0\u00bbfalse\u00a0\u00bb _builder_version=\u00a0\u00bb4.16&Prime; background_color=\u00a0\u00bb#fe533a\u00a0\u00bb width_tablet=\u00a0\u00bb\u00a0\u00bb width_phone=\u00a0\u00bb100%\u00a0\u00bb width_last_edited=\u00a0\u00bbon|desktop\u00a0\u00bb max_width=\u00a0\u00bbnone\u00a0\u00bb module_alignment=\u00a0\u00bbright\u00a0\u00bb custom_padding=\u00a0\u00bb60px||||false|false\u00a0\u00bb global_colors_info=\u00a0\u00bb{}\u00a0\u00bb][et_pb_column type=\u00a0\u00bb4_4&Prime; _builder_version=\u00a0\u00bb4.16&Prime; custom_padding=\u00a0\u00bb|10vw|80px|100px\u00a0\u00bb custom_padding_tablet=\u00a0\u00bb||40px|40px\u00a0\u00bb custom_padding_phone=\u00a0\u00bb\u00a0\u00bb custom_padding_last_edited=\u00a0\u00bbon|phone\u00a0\u00bb global_colors_info=\u00a0\u00bb{}\u00a0\u00bb custom_padding__hover=\u00a0\u00bb|||\u00a0\u00bb][et_pb_text _builder_version=\u00a0\u00bb4.16&Prime; text_font=\u00a0\u00bb||||||||\u00a0\u00bb text_font_size=\u00a0\u00bb16px\u00a0\u00bb text_line_height=\u00a0\u00bb1.9em\u00a0\u00bb header_3_font=\u00a0\u00bbLato|700|||||||\u00a0\u00bb header_3_font_size=\u00a0\u00bb20px\u00a0\u00bb header_3_line_height=\u00a0\u00bb1.4em\u00a0\u00bb background_layout=\u00a0\u00bbdark\u00a0\u00bb width=\u00a0\u00bb100%\u00a0\u00bb max_width=\u00a0\u00bb800px\u00a0\u00bb max_width_tablet=\u00a0\u00bb100%\u00a0\u00bb max_width_phone=\u00a0\u00bb\u00a0\u00bb max_width_last_edited=\u00a0\u00bbon|tablet\u00a0\u00bb custom_margin_tablet=\u00a0\u00bb||30px\u00a0\u00bb custom_margin_last_edited=\u00a0\u00bboff|desktop\u00a0\u00bb text_font_size_tablet=\u00a0\u00bb\u00a0\u00bb text_font_size_phone=\u00a0\u00bb15px\u00a0\u00bb text_font_size_last_edited=\u00a0\u00bbon|phone\u00a0\u00bb locked=\u00a0\u00bboff\u00a0\u00bb global_colors_info=\u00a0\u00bb{}\u00a0\u00bb]<\/p>\n<h3>Que faire dans les environs de Cala Carb\u00f3 ?<\/h3>\n<p><span data-contrast=\"auto\">La v\u00e9rit\u00e9 est que, dans cette crique, il n&rsquo;y a pas de services et d&rsquo;activit\u00e9s&#8230; plut\u00f4t peu. Mais bon, si vous \u00eates arriv\u00e9s jusqu&rsquo;ici, vous m\u00e9ritez une pause.<\/span><span data-ccp-props=\"{\"201341983\":0,\"335559739\":160,\"335559740\":259}\"> <\/span><\/p>\n<p><span data-contrast=\"auto\">Alors, d\u00e9tendez-vous simplement, respirez profond\u00e9ment, savourez le silence qui vous entoure, impr\u00e9gnez-vous de la nature qui vous entoure, laissez-vous bercer par le bruit des vagues&#8230; et profitez-en. La vue, au moins, sera magnifique (et cette exp\u00e9rience est un spectacle en soi).<\/span><span data-ccp-props=\"{\"201341983\":0,\"335559739\":160,\"335559740\":259}\"> <\/span><\/p>\n<p>[\/et_pb_text][\/et_pb_column][\/et_pb_row][\/et_pb_section][et_pb_section fb_built=\u00a0\u00bb1&Prime; admin_label=\u00a0\u00bbDetails\u00a0\u00bb _builder_version=\u00a0\u00bb4.16&Prime; locked=\u00a0\u00bboff\u00a0\u00bb global_colors_info=\u00a0\u00bb{}\u00a0\u00bb][et_pb_row column_structure=\u00a0\u00bb1_2,1_2&Prime; _builder_version=\u00a0\u00bb4.16&Prime; global_colors_info=\u00a0\u00bb{}\u00a0\u00bb][et_pb_column type=\u00a0\u00bb1_2&Prime; _builder_version=\u00a0\u00bb4.16&Prime; custom_padding=\u00a0\u00bb|||\u00a0\u00bb global_colors_info=\u00a0\u00bb{}\u00a0\u00bb custom_padding__hover=\u00a0\u00bb|||\u00a0\u00bb][et_pb_text _builder_version=\u00a0\u00bb4.16&Prime; text_font=\u00a0\u00bb||||||||\u00a0\u00bb header_font=\u00a0\u00bb||||||||\u00a0\u00bb header_2_font=\u00a0\u00bbPT Serif|700|||||||\u00a0\u00bb header_2_font_size=\u00a0\u00bb60px\u00a0\u00bb header_2_line_height=\u00a0\u00bb1.2em\u00a0\u00bb text_orientation=\u00a0\u00bbjustified\u00a0\u00bb max_width=\u00a0\u00bb600px\u00a0\u00bb custom_margin=\u00a0\u00bb||15px\u00a0\u00bb header_2_font_size_tablet=\u00a0\u00bb42px\u00a0\u00bb header_2_font_size_phone=\u00a0\u00bb30px\u00a0\u00bb header_2_font_size_last_edited=\u00a0\u00bbon|tablet\u00a0\u00bb locked=\u00a0\u00bboff\u00a0\u00bb global_colors_info=\u00a0\u00bb{}\u00a0\u00bb]<\/p>\n<h2 style=\"text-align: justify;\">Comment se rendre \u00e0 Cala Carb\u00f3 en bateau ?<\/h2>\n<p><span data-contrast=\"auto\">Pour se rendre \u00e0 Cala Carb\u00f3, il faut quitter le port de Mah\u00f3n en direction du SE, en laissant le quai \u00e0 tribord. Nous continuerons le long du port jusqu&rsquo;\u00e0 ce que nous atteignions la mer ouverte (jusqu&rsquo;\u00e0 la Punta de Sant Carles).  <\/span><span data-ccp-props=\"{\"201341983\":0,\"335559739\":160,\"335559740\":259}\"> <\/span><\/p>\n<p><span data-contrast=\"auto\">A ce stade, nous laissons le phare de San Carlos \u00e0 tribord, et continuons \u00e0 b\u00e2bord le long de la c\u00f4te (direction NE), en passant La Mola et Punta de S&rsquo;Espero, pour continuer en direction NW (toujours en naviguant avec la c\u00f4te \u00e0 b\u00e2bord).  <\/span><span data-ccp-props=\"{\"201341983\":0,\"335559739\":160,\"335559740\":259}\"> <\/span><\/p>\n<p><span data-contrast=\"auto\">Nous passerons le Cap Negre, la Punta de Sa Galera et, enfin, la Punta de Sa Cudia. Sur le c\u00f4t\u00e9 b\u00e2bord, nous verrons une crique menant \u00e0 Es Grau, et en face, nous aurons l&rsquo;Illa d&rsquo;en Colom. Nous devrons le traverser en le laissant \u00e0 b\u00e2bord et continuer en direction du NW jusqu&rsquo;\u00e0 passer le Cap de Mossen Vives et Escull den Tortuga. De la proue, nous verrons le Cap de Fav\u00e0ritx et son incomparable phare.<\/span><span data-ccp-props=\"{\"201341983\":0,\"335559739\":160,\"335559740\":259}\"> <\/span><\/p>\n<p>[\/et_pb_text][\/et_pb_column][et_pb_column type=\u00a0\u00bb1_2&Prime; _builder_version=\u00a0\u00bb4.16&Prime; custom_padding=\u00a0\u00bb|||\u00a0\u00bb global_colors_info=\u00a0\u00bb{}\u00a0\u00bb custom_padding__hover=\u00a0\u00bb|||\u00a0\u00bb][et_pb_text _builder_version=\u00a0\u00bb4.16&Prime; text_font=\u00a0\u00bbLato||||||||\u00a0\u00bb text_font_size=\u00a0\u00bb15px\u00a0\u00bb text_line_height=\u00a0\u00bb1.8em\u00a0\u00bb custom_margin=\u00a0\u00bb||||false|false\u00a0\u00bb custom_padding=\u00a0\u00bb|||0px||\u00a0\u00bb text_font_size_tablet=\u00a0\u00bb\u00a0\u00bb text_font_size_phone=\u00a0\u00bb15px\u00a0\u00bb text_font_size_last_edited=\u00a0\u00bbon|desktop\u00a0\u00bb locked=\u00a0\u00bboff\u00a0\u00bb global_colors_info=\u00a0\u00bb{}\u00a0\u00bb]<\/p>\n<p><span data-contrast=\"auto\">En longeant la pointe de Fav\u00e0ritx, nous avancerons en direction du NW jusqu&rsquo;\u00e0 ce que nous apercevions les \u00eeles d&rsquo;Addaia. Nous les d\u00e9passerons sur le c\u00f4t\u00e9 b\u00e2bord et continuerons jusqu&rsquo;\u00e0 ce que nous atteignions Punta Pantinat.<\/span><span data-ccp-props=\"{\"201341983\":0,\"335559739\":160,\"335559740\":259}\"> <\/span><\/p>\n<p><span data-contrast=\"auto\">Nous le contournerons et naviguerons en direction du NW (en passant par la Punta de na Guillemassa et la Punta des Morter) jusqu&rsquo;\u00e0 atteindre le Cap de Cavaller\u00eda. Nous la borderons en passant entre l&rsquo;Illa d&rsquo;els Porros (qui sera \u00e0 tribord) et l&rsquo;Illot des Pas (qui sera \u00e0 b\u00e2bord).<\/span><span data-ccp-props=\"{\"201341983\":0,\"335559739\":160,\"335559740\":259}\"> <\/span><\/p>\n<p><span data-contrast=\"auto\">Apr\u00e8s avoir pass\u00e9 le canal qui les s\u00e9pare, nous descendrons doucement vers l&rsquo;ouest, laissant derri\u00e8re nous l&rsquo;Illa Bledes, l&rsquo;Illa des Coloms, la Punta Cala Calde et la Punta de s&rsquo;Anticrist. Une fois ce dernier pass\u00e9, nous arrivons au Cap Gros et au Cap de Ferro, derri\u00e8re lesquels nous trouvons Cala Carb\u00f3 en direction du SE.<\/span><span data-ccp-props=\"{\"201341983\":0,\"335559739\":160,\"335559740\":259}\"> <\/span><\/p>\n<p>[\/et_pb_text][\/et_pb_column][\/et_pb_row][\/et_pb_section][et_pb_section fb_built=\u00a0\u00bb1&Prime; admin_label=\u00a0\u00bbFooter\u00a0\u00bb _builder_version=\u00a0\u00bb4.16&Prime; use_background_color_gradient=\u00a0\u00bbon\u00a0\u00bb background_color_gradient_stops=\u00a0\u00bb#ffffff 0%|rgba(36,46,66,0) 75%\u00a0\u00bb background_color_gradient_overlays_image=\u00a0\u00bbon\u00a0\u00bb background_color_gradient_start=\u00a0\u00bb#ffffff\u00a0\u00bb background_color_gradient_end=\u00a0\u00bbrgba(36,46,66,0)\u00a0\u00bb background_color_gradient_end_position=\u00a0\u00bb75%\u00a0\u00bb background_image=\u00a0\u00bbhttps:\/\/calasenmenorca.com\/wp-content\/uploads\/2021\/08\/background-dawn.jpg\u00a0\u00bb custom_padding=\u00a0\u00bb||20vw\u00a0\u00bb top_divider_style=\u00a0\u00bbwaves2&Prime; top_divider_color=\u00a0\u00bb#f5f5f5&Prime; locked=\u00a0\u00bboff\u00a0\u00bb global_colors_info=\u00a0\u00bb{}\u00a0\u00bb][et_pb_row _builder_version=\u00a0\u00bb4.16&Prime; locked=\u00a0\u00bboff\u00a0\u00bb global_colors_info=\u00a0\u00bb{}\u00a0\u00bb][et_pb_column type=\u00a0\u00bb4_4&Prime; _builder_version=\u00a0\u00bb4.16&Prime; custom_padding=\u00a0\u00bb|||\u00a0\u00bb global_colors_info=\u00a0\u00bb{}\u00a0\u00bb custom_padding__hover=\u00a0\u00bb|||\u00a0\u00bb][et_pb_text _builder_version=\u00a0\u00bb4.16&Prime; text_font=\u00a0\u00bb||||||||\u00a0\u00bb header_font=\u00a0\u00bb||||||||\u00a0\u00bb header_2_font=\u00a0\u00bbPT Serif|700|||||||\u00a0\u00bb header_2_font_size=\u00a0\u00bb60px\u00a0\u00bb header_2_line_height=\u00a0\u00bb1.2em\u00a0\u00bb text_orientation=\u00a0\u00bbcenter\u00a0\u00bb max_width=\u00a0\u00bb600px\u00a0\u00bb module_alignment=\u00a0\u00bbcenter\u00a0\u00bb custom_margin=\u00a0\u00bb||15px\u00a0\u00bb header_2_font_size_tablet=\u00a0\u00bb42px\u00a0\u00bb header_2_font_size_phone=\u00a0\u00bb30px\u00a0\u00bb header_2_font_size_last_edited=\u00a0\u00bbon|tablet\u00a0\u00bb locked=\u00a0\u00bboff\u00a0\u00bb global_colors_info=\u00a0\u00bb{}\u00a0\u00bb]<\/p>\n<h2>Voulez-vous aller \u00e0 Cala Carb\u00f3 en bateau ?<\/h2>\n<p>[\/et_pb_text][et_pb_button button_url=\u00a0\u00bbhttps:\/\/barcosenmenorca.com\/es\/\u00a0\u00bb url_new_window=\u00a0\u00bbon\u00a0\u00bb button_text=\u00a0\u00bbPROPOSE DE PARTIR EN BATEAU\u00a0\u00bb button_alignment=\u00a0\u00bbcenter\u00a0\u00bb _builder_version=\u00a0\u00bb4.16&Prime; _module_preset=\u00a0\u00bbdefault\u00a0\u00bb custom_css_main_element=\u00a0\u00bbfont-size: 14px !important;||    border-width: 10px !important;||    border-color: rgba(0,0,0,0);||    border-radius: 0px;||    font-family: &lsquo;Lato&rsquo;,Helvetica, Arial, Lucida, sans-serif !important;||    font-weight: undefined;||color:white;||    font-weight: 700 !important;||    text-transform: uppercase !important;||    letter-spacing: 4px;||    background-image: initial;||    background-color: #ff3314;\u00a0\u00bb global_colors_info=\u00a0\u00bb{}\u00a0\u00bb][\/et_pb_button][\/et_pb_column][\/et_pb_row][et_pb_row _builder_version=\u00a0\u00bb4.16&Prime; width=\u00a0\u00bb100%\u00a0\u00bb max_width=\u00a0\u00bbnone\u00a0\u00bb locked=\u00a0\u00bboff\u00a0\u00bb global_colors_info=\u00a0\u00bb{}\u00a0\u00bb][et_pb_column type=\u00a0\u00bb4_4&Prime; _builder_version=\u00a0\u00bb4.16&Prime; custom_padding=\u00a0\u00bb|||\u00a0\u00bb global_colors_info=\u00a0\u00bb{}\u00a0\u00bb custom_padding__hover=\u00a0\u00bb|||\u00a0\u00bb][et_pb_image src=\u00a0\u00bbhttps:\/\/calasenmenorca.com\/wp-content\/uploads\/2021\/04\/sight-seeing-49.png\u00a0\u00bb show_bottom_space=\u00a0\u00bboff\u00a0\u00bb force_fullwidth=\u00a0\u00bbon\u00a0\u00bb _builder_version=\u00a0\u00bb4.16&Prime; custom_margin=\u00a0\u00bb||\u00a0\u00bb global_colors_info=\u00a0\u00bb{}\u00a0\u00bb][\/et_pb_image][\/et_pb_column][\/et_pb_row][\/et_pb_section]<\/p>\n","protected":false},"excerpt":{"rendered":"<p>Anse Carb\u00f3 Cette crique est un endroit o\u00f9 vous devez y mettre tout votre c\u0153ur et votre \u00e2me. Cala Carb\u00f3 est situ\u00e9 sur la c\u00f4te nord de Minorque. Isol\u00e9e et [&hellip;]<\/p>\n","protected":false},"author":1,"featured_media":0,"parent":0,"menu_order":0,"comment_status":"closed","ping_status":"closed","template":"","meta":{"_et_pb_use_builder":"on","_et_pb_old_content":"","_et_gb_content_width":"","_price":"","_stock":"","_tribe_ticket_header":"","_tribe_default_ticket_provider":"","_tribe_ticket_capacity":"0","_ticket_start_date":"","_ticket_end_date":"","_tribe_ticket_show_description":"","_tribe_ticket_show_not_going":false,"_tribe_ticket_use_global_stock":"","_tribe_ticket_global_stock_level":"","_global_stock_mode":"","_global_stock_cap":"","_tribe_rsvp_for_event":"","_tribe_ticket_going_count":"","_tribe_ticket_not_going_count":"","_tribe_tickets_list":"[]","_tribe_ticket_has_attendee_info_fields":false,"footnotes":"","_tec_slr_enabled":"","_tec_slr_layout":""},"class_list":["post-4260","page","type-page","status-publish","hentry"],"yoast_head":"<!-- This site is optimized with the Yoast SEO plugin v25.6 - https:\/\/yoast.com\/wordpress\/plugins\/seo\/ -->\n<title>Anse Carb\u00f3 - Calas en Menorca<\/title>\n<meta name=\"robots\" content=\"index, follow, max-snippet:-1, max-image-preview:large, max-video-preview:-1\" \/>\n<link rel=\"canonical\" href=\"https:\/\/calasenmenorca.com\/cala-carbo\" \/>\n<meta property=\"og:locale\" content=\"fr_FR\" \/>\n<meta property=\"og:type\" content=\"article\" \/>\n<meta property=\"og:title\" content=\"Anse Carb\u00f3 - Calas en Menorca\" \/>\n<meta property=\"og:description\" content=\"Anse Carb\u00f3 Cette crique est un endroit o\u00f9 vous devez y mettre tout votre c\u0153ur et votre \u00e2me. Cala Carb\u00f3 est situ\u00e9 sur la c\u00f4te nord de Minorque. Isol\u00e9e et [&hellip;]\" \/>\n<meta property=\"og:url\" content=\"https:\/\/calasenmenorca.com\/cala-carbo\" \/>\n<meta property=\"og:site_name\" content=\"Calas en Menorca\" \/>\n<meta property=\"article:modified_time\" content=\"2025-09-30T16:45:14+00:00\" \/>\n<meta name=\"twitter:card\" content=\"summary_large_image\" \/>\n<meta name=\"twitter:label1\" content=\"Dur\u00e9e de lecture estim\u00e9e\" \/>\n\t<meta name=\"twitter:data1\" content=\"13 minutes\" \/>\n<script type=\"application\/ld+json\" class=\"yoast-schema-graph\">{\"@context\":\"https:\/\/schema.org\",\"@graph\":[{\"@type\":\"WebPage\",\"@id\":\"https:\/\/calasenmenorca.com\/cala-carbo\",\"url\":\"https:\/\/calasenmenorca.com\/cala-carbo\",\"name\":\"Anse Carb\u00f3 - Calas en Menorca\",\"isPartOf\":{\"@id\":\"https:\/\/calasenmenorca.com\/#website\"},\"datePublished\":\"2021-04-29T10:17:19+00:00\",\"dateModified\":\"2025-09-30T16:45:14+00:00\",\"breadcrumb\":{\"@id\":\"https:\/\/calasenmenorca.com\/cala-carbo#breadcrumb\"},\"inLanguage\":\"fr-FR\",\"potentialAction\":[{\"@type\":\"ReadAction\",\"target\":[\"https:\/\/calasenmenorca.com\/cala-carbo\"]}]},{\"@type\":\"BreadcrumbList\",\"@id\":\"https:\/\/calasenmenorca.com\/cala-carbo#breadcrumb\",\"itemListElement\":[{\"@type\":\"ListItem\",\"position\":1,\"name\":\"Portada\",\"item\":\"https:\/\/calasenmenorca.com\/fr\/bienvenue-sur-https-calasenmenorca-com\"},{\"@type\":\"ListItem\",\"position\":2,\"name\":\"Anse Carb\u00f3\"}]},{\"@type\":\"WebSite\",\"@id\":\"https:\/\/calasenmenorca.com\/#website\",\"url\":\"https:\/\/calasenmenorca.com\/\",\"name\":\"Calas en Menorca\",\"description\":\"Las mejores calas de menorca\",\"potentialAction\":[{\"@type\":\"SearchAction\",\"target\":{\"@type\":\"EntryPoint\",\"urlTemplate\":\"https:\/\/calasenmenorca.com\/?s={search_term_string}\"},\"query-input\":{\"@type\":\"PropertyValueSpecification\",\"valueRequired\":true,\"valueName\":\"search_term_string\"}}],\"inLanguage\":\"fr-FR\"}]}<\/script>\n<!-- \/ Yoast SEO plugin. -->","yoast_head_json":{"title":"Anse Carb\u00f3 - Calas en Menorca","robots":{"index":"index","follow":"follow","max-snippet":"max-snippet:-1","max-image-preview":"max-image-preview:large","max-video-preview":"max-video-preview:-1"},"canonical":"https:\/\/calasenmenorca.com\/cala-carbo","og_locale":"fr_FR","og_type":"article","og_title":"Anse Carb\u00f3 - Calas en Menorca","og_description":"Anse Carb\u00f3 Cette crique est un endroit o\u00f9 vous devez y mettre tout votre c\u0153ur et votre \u00e2me. Cala Carb\u00f3 est situ\u00e9 sur la c\u00f4te nord de Minorque. Isol\u00e9e et [&hellip;]","og_url":"https:\/\/calasenmenorca.com\/cala-carbo","og_site_name":"Calas en Menorca","article_modified_time":"2025-09-30T16:45:14+00:00","twitter_card":"summary_large_image","twitter_misc":{"Dur\u00e9e de lecture estim\u00e9e":"13 minutes"},"schema":{"@context":"https:\/\/schema.org","@graph":[{"@type":"WebPage","@id":"https:\/\/calasenmenorca.com\/cala-carbo","url":"https:\/\/calasenmenorca.com\/cala-carbo","name":"Anse Carb\u00f3 - Calas en Menorca","isPartOf":{"@id":"https:\/\/calasenmenorca.com\/#website"},"datePublished":"2021-04-29T10:17:19+00:00","dateModified":"2025-09-30T16:45:14+00:00","breadcrumb":{"@id":"https:\/\/calasenmenorca.com\/cala-carbo#breadcrumb"},"inLanguage":"fr-FR","potentialAction":[{"@type":"ReadAction","target":["https:\/\/calasenmenorca.com\/cala-carbo"]}]},{"@type":"BreadcrumbList","@id":"https:\/\/calasenmenorca.com\/cala-carbo#breadcrumb","itemListElement":[{"@type":"ListItem","position":1,"name":"Portada","item":"https:\/\/calasenmenorca.com\/fr\/bienvenue-sur-https-calasenmenorca-com"},{"@type":"ListItem","position":2,"name":"Anse Carb\u00f3"}]},{"@type":"WebSite","@id":"https:\/\/calasenmenorca.com\/#website","url":"https:\/\/calasenmenorca.com\/","name":"Calas en Menorca","description":"Las mejores calas de menorca","potentialAction":[{"@type":"SearchAction","target":{"@type":"EntryPoint","urlTemplate":"https:\/\/calasenmenorca.com\/?s={search_term_string}"},"query-input":{"@type":"PropertyValueSpecification","valueRequired":true,"valueName":"search_term_string"}}],"inLanguage":"fr-FR"}]}},"ticketed":false,"_links":{"self":[{"href":"https:\/\/calasenmenorca.com\/fr\/wp-json\/wp\/v2\/pages\/4260"}],"collection":[{"href":"https:\/\/calasenmenorca.com\/fr\/wp-json\/wp\/v2\/pages"}],"about":[{"href":"https:\/\/calasenmenorca.com\/fr\/wp-json\/wp\/v2\/types\/page"}],"author":[{"embeddable":true,"href":"https:\/\/calasenmenorca.com\/fr\/wp-json\/wp\/v2\/users\/1"}],"replies":[{"embeddable":true,"href":"https:\/\/calasenmenorca.com\/fr\/wp-json\/wp\/v2\/comments?post=4260"}],"version-history":[{"count":14,"href":"https:\/\/calasenmenorca.com\/fr\/wp-json\/wp\/v2\/pages\/4260\/revisions"}],"predecessor-version":[{"id":10182,"href":"https:\/\/calasenmenorca.com\/fr\/wp-json\/wp\/v2\/pages\/4260\/revisions\/10182"}],"wp:attachment":[{"href":"https:\/\/calasenmenorca.com\/fr\/wp-json\/wp\/v2\/media?parent=4260"}],"curies":[{"name":"wp","href":"https:\/\/api.w.org\/{rel}","templated":true}]}}