{"id":4878,"date":"2021-04-29T10:38:36","date_gmt":"2021-04-29T10:38:36","guid":{"rendered":"https:\/\/calasenmenorca.com\/turqueta-cove"},"modified":"2025-10-01T08:42:41","modified_gmt":"2025-10-01T08:42:41","slug":"turqueta-cove","status":"publish","type":"page","link":"https:\/\/calasenmenorca.com\/fr\/turqueta-cove","title":{"rendered":"Turqueta Cove"},"content":{"rendered":"<p>[et_pb_section fb_built=\u00a0\u00bb1&Prime; admin_label=\u00a0\u00bbHeader\u00a0\u00bb _builder_version=\u00a0\u00bb4.16&Prime; use_background_color_gradient=\u00a0\u00bbon\u00a0\u00bb background_color_gradient_direction=\u00a0\u00bb90deg\u00a0\u00bb background_color_gradient_stops=\u00a0\u00bbrgba(36,46,66,0.5) 0%|rgba(36,46,66,0.8) 61%\u00a0\u00bb background_color_gradient_overlays_image=\u00a0\u00bbon\u00a0\u00bb background_color_gradient_start=\u00a0\u00bbrgba(36,46,66,0.5)\u00a0\u00bb background_color_gradient_end=\u00a0\u00bbrgba(36,46,66,0.8)\u00a0\u00bb background_color_gradient_end_position=\u00a0\u00bb61%\u00a0\u00bb background_image=\u00a0\u00bbhttps:\/\/calasenmenorca.com\/wp-content\/uploads\/2021\/08\/background-upp.jpg\u00a0\u00bb background_position=\u00a0\u00bbbottom_center\u00a0\u00bb custom_padding=\u00a0\u00bb||0px|||\u00a0\u00bb locked=\u00a0\u00bboff\u00a0\u00bb global_colors_info=\u00a0\u00bb{}\u00a0\u00bb][et_pb_row _builder_version=\u00a0\u00bb4.16&Prime; width=\u00a0\u00bb90%\u00a0\u00bb max_width=\u00a0\u00bb1215px\u00a0\u00bb global_colors_info=\u00a0\u00bb{}\u00a0\u00bb][et_pb_column type=\u00a0\u00bb4_4&Prime; _builder_version=\u00a0\u00bb4.16&Prime; custom_padding=\u00a0\u00bb|||\u00a0\u00bb global_colors_info=\u00a0\u00bb{}\u00a0\u00bb custom_padding__hover=\u00a0\u00bb|||\u00a0\u00bb][et_pb_text _builder_version=\u00a0\u00bb4.16&Prime; text_font=\u00a0\u00bbLato||||||||\u00a0\u00bb text_font_size=\u00a0\u00bb16px\u00a0\u00bb text_line_height=\u00a0\u00bb1.8em\u00a0\u00bb header_font=\u00a0\u00bbPT Serif|700|||||||\u00a0\u00bb header_font_size=\u00a0\u00bb80px\u00a0\u00bb header_line_height=\u00a0\u00bb1.2em\u00a0\u00bb text_orientation=\u00a0\u00bbjustified\u00a0\u00bb background_layout=\u00a0\u00bbdark\u00a0\u00bb min_height=\u00a0\u00bb550px\u00a0\u00bb min_height_tablet=\u00a0\u00bb\u00a0\u00bb min_height_phone=\u00a0\u00bb\u00a0\u00bb min_height_last_edited=\u00a0\u00bbon|desktop\u00a0\u00bb custom_margin=\u00a0\u00bb|||||false\u00a0\u00bb custom_padding=\u00a0\u00bb40px|40px|40px|40px|true|true\u00a0\u00bb text_font_size_tablet=\u00a0\u00bb\u00a0\u00bb text_font_size_phone=\u00a0\u00bb14px\u00a0\u00bb text_font_size_last_edited=\u00a0\u00bbon|phone\u00a0\u00bb header_font_size_tablet=\u00a0\u00bb60px\u00a0\u00bb header_font_size_phone=\u00a0\u00bb36px\u00a0\u00bb header_font_size_last_edited=\u00a0\u00bbon|phone\u00a0\u00bb border_width_all=\u00a0\u00bb40px\u00a0\u00bb border_color_all=\u00a0\u00bb#ffd400&Prime; border_width_all_tablet=\u00a0\u00bb\u00a0\u00bb border_width_all_phone=\u00a0\u00bb3px\u00a0\u00bb border_width_all_last_edited=\u00a0\u00bbon|desktop\u00a0\u00bb global_colors_info=\u00a0\u00bb{}\u00a0\u00bb]<\/p>\n<h1>Turqueta Cove<\/h1>\n<h2>Dans le \u00ab\u00a0Top 3<\/h2>\n<p>Si nous devons faire un classement, Cala Turqueta devrait \u00eatre dans le top 3 car, sans aucun doute, c&rsquo;est l&rsquo;une des plus belles criques du sud de l&rsquo;\u00eele. Ce n&rsquo;est pas en vain qu&rsquo;il s&rsquo;agit de l&rsquo;un des plus c\u00e9l\u00e8bres de Minorque, celui que tous les visiteurs inscrivent sur leur liste de lieux incontournables \u00e0 visiter lorsqu&rsquo;ils se rendent sur l&rsquo;\u00eele, car, si vous vous y rendez, le bleu de ses eaux vous fera tomber amoureux d&rsquo;elle et vous captivera \u00e0 jamais.<\/p>\n<p>Entour\u00e9e de falaises calcaires pas tr\u00e8s hautes et de pins qui descendent jusqu&rsquo;\u00e0 la plage, elle donne l&rsquo;impression que la plage est divis\u00e9e en deux par la s\u00e9paration d&rsquo;un groupe de rochers qui s&rsquo;enfoncent dans le bord de mer. La particularit\u00e9 de cette plage est que vous pouvez vous tenir sur le sable, sur la roche ou sur une table, car il existe des aires de pique-nique dans la pin\u00e8de o\u00f9 vous pouvez profiter de l&rsquo;ombre toute la journ\u00e9e et manger sur les tables en bois.<\/p>\n<p>Avec Cala Mitjana et Cala Macarella, ce sont les 3 criques les plus visit\u00e9es de Minorque. Ceci, ajout\u00e9 au fait qu&rsquo;elles sont aussi parmi les plus petites, fait qu&rsquo;il est conseill\u00e9 de se lever t\u00f4t et d&rsquo;arriver t\u00f4t \u00e0 la plage, si l&rsquo;on ne veut pas risquer de manquer d&rsquo;espace.<\/p>\n<p>[\/et_pb_text][\/et_pb_column][\/et_pb_row][et_pb_row _builder_version=\u00a0\u00bb4.16&Prime; width=\u00a0\u00bb100%\u00a0\u00bb max_width=\u00a0\u00bbnone\u00a0\u00bb custom_padding=\u00a0\u00bb0px||1px|||\u00a0\u00bb global_colors_info=\u00a0\u00bb{}\u00a0\u00bb][et_pb_column type=\u00a0\u00bb4_4&Prime; _builder_version=\u00a0\u00bb4.16&Prime; custom_padding=\u00a0\u00bb|||\u00a0\u00bb global_colors_info=\u00a0\u00bb{}\u00a0\u00bb custom_padding__hover=\u00a0\u00bb|||\u00a0\u00bb][et_pb_image src=\u00a0\u00bbhttps:\/\/calasenmenorca.com\/wp-content\/uploads\/2021\/04\/sight-seeing-52.png\u00a0\u00bb force_fullwidth=\u00a0\u00bbon\u00a0\u00bb _builder_version=\u00a0\u00bb4.16&Prime; custom_margin=\u00a0\u00bb-9vw||-1px||false|\u00a0\u00bb custom_margin_tablet=\u00a0\u00bb0vw|||\u00a0\u00bb custom_margin_phone=\u00a0\u00bb\u00a0\u00bb custom_margin_last_edited=\u00a0\u00bbon|desktop\u00a0\u00bb global_colors_info=\u00a0\u00bb{}\u00a0\u00bb][\/et_pb_image][\/et_pb_column][\/et_pb_row][\/et_pb_section][et_pb_section fb_built=\u00a0\u00bb1&Prime; admin_label=\u00a0\u00bbCTA\u00a0\u00bb _builder_version=\u00a0\u00bb4.16&Prime; z_index=\u00a0\u00bb10&Prime; custom_padding=\u00a0\u00bb130px||3px||false|false\u00a0\u00bb locked=\u00a0\u00bboff\u00a0\u00bb global_colors_info=\u00a0\u00bb{}\u00a0\u00bb][et_pb_row column_structure=\u00a0\u00bb3_5,2_5&Prime; _builder_version=\u00a0\u00bb4.16&Prime; _module_preset=\u00a0\u00bbdefault\u00a0\u00bb max_width=\u00a0\u00bb1600px\u00a0\u00bb custom_margin=\u00a0\u00bb-100px||||false|false\u00a0\u00bb global_colors_info=\u00a0\u00bb{}\u00a0\u00bb][et_pb_column type=\u00a0\u00bb3_5&Prime; _builder_version=\u00a0\u00bb4.16&Prime; _module_preset=\u00a0\u00bbdefault\u00a0\u00bb global_colors_info=\u00a0\u00bb{}\u00a0\u00bb][et_pb_code _builder_version=\u00a0\u00bb4.27.0&Prime; _module_preset=\u00a0\u00bbdefault\u00a0\u00bb global_colors_info=\u00a0\u00bb{}\u00a0\u00bb]<iframe src=\"https:\/\/www.google.com\/maps\/embed?pb=!1m18!1m12!1m3!1d3764.55614126943!2d3.912250026489239!3d39.931349735037536!2m3!1f0!2f0!3f0!3m2!1i1024!2i768!4f13.1!3m3!1m2!1s0x12be1d48dc713891%3A0x6ab59a423ab2504d!2sCala%20en%20Turqueta!5e1!3m2!1ses!2ses!4v1724243209281!5m2!1ses!2ses\" width=\"640\" height=\"400\" style=\"border:0;\" allowfullscreen=\"\" loading=\"lazy\" referrerpolicy=\"no-referrer-when-downgrade\"><\/iframe>[\/et_pb_code][et_pb_code _builder_version=\u00a0\u00bb4.27.0&Prime; _module_preset=\u00a0\u00bbdefault\u00a0\u00bb global_colors_info=\u00a0\u00bb{}\u00a0\u00bb]<iframe src=\"https:\/\/www.google.com\/maps\/embed?pb=!4v1730909488419!6m8!1m7!1sCAoSLEFGMVFpcFBRdDhOcXplUEJobXFnTEhvaWlaSHB6dHpLRFlhWnpXYnVBZFBv!2m2!1d39.93188759024939!2d3.914384680870906!3f321.49484531751676!4f0.5626499510439658!5f0.7820865974627469\" width=\"640\" height=\"450\" style=\"border:0;\" allowfullscreen=\"\" loading=\"lazy\" referrerpolicy=\"no-referrer-when-downgrade\"><\/iframe>[\/et_pb_code][\/et_pb_column][et_pb_column type=\u00a0\u00bb2_5&Prime; _builder_version=\u00a0\u00bb4.16&Prime; _module_preset=\u00a0\u00bbdefault\u00a0\u00bb global_colors_info=\u00a0\u00bb{}\u00a0\u00bb][et_pb_text _builder_version=\u00a0\u00bb4.16&Prime; _module_preset=\u00a0\u00bbdefault\u00a0\u00bb global_colors_info=\u00a0\u00bb{}\u00a0\u00bb]<\/p>\n<p>Nom<strong>:<\/strong> <strong>Cala en Turqueta<\/strong><\/p>\n<p>Localisation<span>: <strong>zone<\/strong> <strong>sud III (39\u00b055&rsquo;52.7 \u00ab\u00a0N 3\u00b054&rsquo;53.0 \u00ab\u00a0E)<\/strong><\/span><\/p>\n<p>Distance de Mah\u00f3n :<span> <strong>25&rsquo;2 MN ; 49 km<\/strong><\/span><\/p>\n<p>Temps depuis Mah\u00f3n<span>: <strong>1h 55 min. en bateau (vitesse moyenne : 15 n\u0153uds) ; 58 min. en voiture<\/strong><\/span><\/p>\n<p>Type de plage : <strong>Sable<\/strong><\/p>\n<p>Ancrage du bateau<span>: <strong>sable et algues<\/strong><\/span><\/p>\n<p>Danger d&rsquo;acc\u00e8s par bateau : <strong>Faible<\/strong><\/p>\n<p>Posidonia<span>: <strong>Oui<\/strong><\/span><\/p>\n<p>Station-service la plus proche pour les bateaux : <strong>4 MN ; Cala&rsquo;n Bosch<\/strong><\/p>\n<p>&nbsp;<\/p>\n<p>[\/et_pb_text][\/et_pb_column][\/et_pb_row][\/et_pb_section][et_pb_section fb_built=\u00a0\u00bb1&Prime; _builder_version=\u00a0\u00bb4.27.0&Prime; _module_preset=\u00a0\u00bbdefault\u00a0\u00bb hover_enabled=\u00a0\u00bb0&Prime; global_colors_info=\u00a0\u00bb{}\u00a0\u00bb module_class=\u00a0\u00bbservicios\u00a0\u00bb sticky_enabled=\u00a0\u00bb0&Prime;][et_pb_row _builder_version=\u00a0\u00bb4.16&Prime; _module_preset=\u00a0\u00bbdefault\u00a0\u00bb global_colors_info=\u00a0\u00bb{}\u00a0\u00bb][et_pb_column type=\u00a0\u00bb4_4&Prime; _builder_version=\u00a0\u00bb4.16&Prime; _module_preset=\u00a0\u00bbdefault\u00a0\u00bb global_colors_info=\u00a0\u00bb{}\u00a0\u00bb][et_pb_text _builder_version=\u00a0\u00bb4.16&Prime; _module_preset=\u00a0\u00bbdefault\u00a0\u00bb global_colors_info=\u00a0\u00bb{}\u00a0\u00bb]<\/p>\n<h2 style=\"text-align: center;\"><strong>SERVICES<\/strong><\/h2>\n<p>[\/et_pb_text][\/et_pb_column][\/et_pb_row][et_pb_row column_structure=\u00a0\u00bb1_6,1_6,1_6,1_6,1_6,1_6&Prime; _builder_version=\u00a0\u00bb4.27.0&Prime; _module_preset=\u00a0\u00bbdefault\u00a0\u00bb hover_enabled=\u00a0\u00bb0&Prime; global_colors_info=\u00a0\u00bb{}\u00a0\u00bb width_last_edited=\u00a0\u00bbon|phone\u00a0\u00bb sticky_enabled=\u00a0\u00bb0&Prime; width_phone=\u00a0\u00bb95%\u00a0\u00bb][et_pb_column type=\u00a0\u00bb1_6&Prime; _builder_version=\u00a0\u00bb4.16&Prime; _module_preset=\u00a0\u00bbdefault\u00a0\u00bb global_colors_info=\u00a0\u00bb{}\u00a0\u00bb][et_pb_image src=\u00a0\u00bbhttps:\/\/calasenmenorca.com\/wp-content\/uploads\/2021\/08\/parking.jpg\u00a0\u00bb title_text=\u00a0\u00bbparking\u00a0\u00bb _builder_version=\u00a0\u00bb4.16&Prime; _module_preset=\u00a0\u00bbdefault\u00a0\u00bb global_colors_info=\u00a0\u00bb{}\u00a0\u00bb][\/et_pb_image][et_pb_text _builder_version=\u00a0\u00bb4.16&Prime; _module_preset=\u00a0\u00bbdefault\u00a0\u00bb global_colors_info=\u00a0\u00bb{}\u00a0\u00bb]<\/p>\n<p style=\"text-align: center;\">PARKING<\/p>\n<p>[\/et_pb_text][\/et_pb_column][et_pb_column type=\u00a0\u00bb1_6&Prime; _builder_version=\u00a0\u00bb4.16&Prime; _module_preset=\u00a0\u00bbdefault\u00a0\u00bb global_colors_info=\u00a0\u00bb{}\u00a0\u00bb][et_pb_image src=\u00a0\u00bbhttps:\/\/calasenmenorca.com\/wp-content\/uploads\/2021\/08\/bus.jpg\u00a0\u00bb title_text=\u00a0\u00bbbus\u00a0\u00bb _builder_version=\u00a0\u00bb4.16&Prime; _module_preset=\u00a0\u00bbdefault\u00a0\u00bb global_colors_info=\u00a0\u00bb{}\u00a0\u00bb][\/et_pb_image][et_pb_text _builder_version=\u00a0\u00bb4.16&Prime; _module_preset=\u00a0\u00bbdefault\u00a0\u00bb global_colors_info=\u00a0\u00bb{}\u00a0\u00bb]<\/p>\n<p style=\"text-align: center;\">ARR\u00caT DE BUS<\/p>\n<p>[\/et_pb_text][\/et_pb_column][et_pb_column type=\u00a0\u00bb1_6&Prime; _builder_version=\u00a0\u00bb4.16&Prime; _module_preset=\u00a0\u00bbdefault\u00a0\u00bb global_colors_info=\u00a0\u00bb{}\u00a0\u00bb][et_pb_image src=\u00a0\u00bbhttps:\/\/calasenmenorca.com\/wp-content\/uploads\/2021\/08\/peaton.jpg\u00a0\u00bb title_text=\u00a0\u00bbpi\u00e9tons\u00a0\u00bb _builder_version=\u00a0\u00bb4.16&Prime; _module_preset=\u00a0\u00bbdefault\u00a0\u00bb global_colors_info=\u00a0\u00bb{}\u00a0\u00bb][\/et_pb_image][et_pb_text _builder_version=\u00a0\u00bb4.16&Prime; _module_preset=\u00a0\u00bbdefault\u00a0\u00bb global_colors_info=\u00a0\u00bb{}\u00a0\u00bb]<\/p>\n<p style=\"text-align: center;\">MARCHE 900 m<\/p>\n<p>[\/et_pb_text][\/et_pb_column][et_pb_column type=\u00a0\u00bb1_6&Prime; _builder_version=\u00a0\u00bb4.16&Prime; _module_preset=\u00a0\u00bbdefault\u00a0\u00bb global_colors_info=\u00a0\u00bb{}\u00a0\u00bb][et_pb_image src=\u00a0\u00bbhttps:\/\/calasenmenorca.com\/wp-content\/uploads\/2021\/08\/ancla.jpg\u00a0\u00bb title_text=\u00a0\u00bbancre\u00a0\u00bb _builder_version=\u00a0\u00bb4.16&Prime; _module_preset=\u00a0\u00bbdefault\u00a0\u00bb global_colors_info=\u00a0\u00bb{}\u00a0\u00bb][\/et_pb_image][et_pb_text _builder_version=\u00a0\u00bb4.16&Prime; _module_preset=\u00a0\u00bbdefault\u00a0\u00bb global_colors_info=\u00a0\u00bb{}\u00a0\u00bb]<\/p>\n<p style=\"text-align: center;\">FONDEADERO<\/p>\n<p>[\/et_pb_text][\/et_pb_column][et_pb_column type=\u00a0\u00bb1_6&Prime; _builder_version=\u00a0\u00bb4.16&Prime; _module_preset=\u00a0\u00bbdefault\u00a0\u00bb global_colors_info=\u00a0\u00bb{}\u00a0\u00bb][et_pb_image src=\u00a0\u00bbhttps:\/\/calasenmenorca.com\/wp-content\/uploads\/2021\/08\/ban\u0303os.jpg\u00a0\u00bb title_text=\u00a0\u00bbtoilettes\u00a0\u00bb _builder_version=\u00a0\u00bb4.16&Prime; _module_preset=\u00a0\u00bbdefault\u00a0\u00bb global_colors_info=\u00a0\u00bb{}\u00a0\u00bb][\/et_pb_image][et_pb_text _builder_version=\u00a0\u00bb4.16&Prime; _module_preset=\u00a0\u00bbdefault\u00a0\u00bb global_colors_info=\u00a0\u00bb{}\u00a0\u00bb]<\/p>\n<p style=\"text-align: center;\">TOILETTES DANS LE PARKING<\/p>\n<p>[\/et_pb_text][\/et_pb_column][et_pb_column type=\u00a0\u00bb1_6&Prime; _builder_version=\u00a0\u00bb4.16&Prime; _module_preset=\u00a0\u00bbdefault\u00a0\u00bb global_colors_info=\u00a0\u00bb{}\u00a0\u00bb][et_pb_image src=\u00a0\u00bbhttps:\/\/calasenmenorca.com\/wp-content\/uploads\/2021\/08\/chiringuito.jpg\u00a0\u00bb title_text=\u00a0\u00bbbar de la plage\u00a0\u00bb _builder_version=\u00a0\u00bb4.16&Prime; _module_preset=\u00a0\u00bbdefault\u00a0\u00bb global_colors_info=\u00a0\u00bb{}\u00a0\u00bb][\/et_pb_image][et_pb_text _builder_version=\u00a0\u00bb4.16&Prime; _module_preset=\u00a0\u00bbdefault\u00a0\u00bb global_colors_info=\u00a0\u00bb{}\u00a0\u00bb]<\/p>\n<p style=\"text-align: center;\">CHIRINGUITO DANS LE PARKING<\/p>\n<p>[\/et_pb_text][\/et_pb_column][\/et_pb_row][\/et_pb_section][et_pb_section fb_built=\u00a0\u00bb1&Prime; _builder_version=\u00a0\u00bb4.16&Prime; _module_preset=\u00a0\u00bbdefault\u00a0\u00bb global_colors_info=\u00a0\u00bb{}\u00a0\u00bb][et_pb_row _builder_version=\u00a0\u00bb4.16&Prime; _module_preset=\u00a0\u00bbdefault\u00a0\u00bb global_colors_info=\u00a0\u00bb{}\u00a0\u00bb][et_pb_column type=\u00a0\u00bb4_4&Prime; _builder_version=\u00a0\u00bb4.16&Prime; _module_preset=\u00a0\u00bbdefault\u00a0\u00bb global_colors_info=\u00a0\u00bb{}\u00a0\u00bb][et_pb_text _builder_version=\u00a0\u00bb4.16&Prime; _module_preset=\u00a0\u00bbdefault\u00a0\u00bb global_colors_info=\u00a0\u00bb{}\u00a0\u00bb]<\/p>\n<h2 style=\"text-align: center;\"><strong>Services \u00e0 proximit\u00e9 de Cala en Turqueta<\/strong><\/h2>\n<p>[\/et_pb_text][et_pb_text _builder_version=\u00a0\u00bb4.16&Prime; _module_preset=\u00a0\u00bbdefault\u00a0\u00bb global_colors_info=\u00a0\u00bb{}\u00a0\u00bb]<\/p>\n<p style=\"text-align: center;\"><strong>Il n&rsquo;y a PAS DE SERVICES A PROXIMITE* <\/strong>sauf ceux du parking le plus proche de la plage.<\/p>\n<p style=\"text-align: center;\"><span style=\"font-size: x-small;\">*Ils sont consid\u00e9r\u00e9s comme \u00ab\u00a0proches\u00a0\u00bb s&rsquo;ils se trouvent dans un rayon d&rsquo;environ 250-300 m.<\/span><\/p>\n<p>[\/et_pb_text][\/et_pb_column][\/et_pb_row][\/et_pb_section][et_pb_section fb_built=\u00a0\u00bb1&Prime; admin_label=\u00a0\u00bbCTA\u00a0\u00bb _builder_version=\u00a0\u00bb4.16&Prime; z_index=\u00a0\u00bb10&Prime; custom_margin=\u00a0\u00bb0px||||false|false\u00a0\u00bb custom_padding=\u00a0\u00bb0px||||false|false\u00a0\u00bb locked=\u00a0\u00bboff\u00a0\u00bb global_colors_info=\u00a0\u00bb{}\u00a0\u00bb][et_pb_row _builder_version=\u00a0\u00bb4.16&Prime; background_color=\u00a0\u00bb#ffffff\u00a0\u00bb custom_margin=\u00a0\u00bb|auto||auto|false|false\u00a0\u00bb custom_padding=\u00a0\u00bb80px|20px|80px|20px|false|true\u00a0\u00bb box_shadow_style=\u00a0\u00bbpreset3&Prime; box_shadow_horizontal=\u00a0\u00bb5px\u00a0\u00bb box_shadow_vertical=\u00a0\u00bb25px\u00a0\u00bb box_shadow_blur=\u00a0\u00bb105px\u00a0\u00bb box_shadow_spread=\u00a0\u00bb-30px\u00a0\u00bb box_shadow_color=\u00a0\u00bbrgba(0,0,0,0.25)\u00a0\u00bb locked=\u00a0\u00bboff\u00a0\u00bb global_colors_info=\u00a0\u00bb{}\u00a0\u00bb][et_pb_column type=\u00a0\u00bb4_4&Prime; _builder_version=\u00a0\u00bb4.16&Prime; custom_padding=\u00a0\u00bb|||\u00a0\u00bb global_colors_info=\u00a0\u00bb{}\u00a0\u00bb custom_padding__hover=\u00a0\u00bb|||\u00a0\u00bb][et_pb_text _builder_version=\u00a0\u00bb4.16&Prime; text_font=\u00a0\u00bbLato||||||||\u00a0\u00bb text_font_size=\u00a0\u00bb15px\u00a0\u00bb text_line_height=\u00a0\u00bb1.8em\u00a0\u00bb header_font=\u00a0\u00bb||||||||\u00a0\u00bb header_2_font=\u00a0\u00bbPT Serif|700|||||||\u00a0\u00bb header_2_font_size=\u00a0\u00bb64px\u00a0\u00bb header_2_line_height=\u00a0\u00bb1.2em\u00a0\u00bb text_orientation=\u00a0\u00bbcenter\u00a0\u00bb width_tablet=\u00a0\u00bb600px\u00a0\u00bb width_phone=\u00a0\u00bb400px\u00a0\u00bb width_last_edited=\u00a0\u00bboff|phone\u00a0\u00bb max_width=\u00a0\u00bb850px\u00a0\u00bb max_width_tablet=\u00a0\u00bb\u00a0\u00bb max_width_phone=\u00a0\u00bb\u00a0\u00bb max_width_last_edited=\u00a0\u00bbon|desktop\u00a0\u00bb module_alignment=\u00a0\u00bbcenter\u00a0\u00bb custom_margin=\u00a0\u00bb||15px\u00a0\u00bb text_font_size_tablet=\u00a0\u00bb\u00a0\u00bb text_font_size_phone=\u00a0\u00bb15px\u00a0\u00bb text_font_size_last_edited=\u00a0\u00bbon|desktop\u00a0\u00bb header_2_font_size_tablet=\u00a0\u00bb44px\u00a0\u00bb header_2_font_size_phone=\u00a0\u00bb28px\u00a0\u00bb header_2_font_size_last_edited=\u00a0\u00bbon|phone\u00a0\u00bb locked=\u00a0\u00bboff\u00a0\u00bb global_colors_info=\u00a0\u00bb{}\u00a0\u00bb]<\/p>\n<h2 class=\"Cuerpo\"><span lang=\"ES-TRAD\">Cala en Turqueta \u00e0 Minorque, comment s&rsquo;y rendre ?<o:p><\/o:p><\/span><\/h2>\n<p class=\"Cuerpo\" style=\"text-align: justify;\">Pour arriver \u00e0 Cala Turqueta, suivez les panneaux que vous trouverez sur le Cam\u00ed de Sant Joan de Missa. Si vous venez de Ciutadella, vous prendrez la route du p\u00e9riph\u00e9rique sud, en direction des plages du sud. Une fois que vous avez atteint l&rsquo;ermitage de Sant Joan de Missa, tournez \u00e0 droite, continuez tout droit pendant 4 km et tournez \u00e0 nouveau \u00e0 droite sur un chemin qui vous m\u00e8nera au parking de Playa Turqueta. Vous y trouverez un petit bar et des toilettes pour acheter vos snacks et vos boissons.<\/p>\n<p class=\"Cuerpo\" style=\"text-align: justify;\">Si vous y allez en <strong>voiture<\/strong>, comme nous l&rsquo;avons mentionn\u00e9 plus haut, sachez qu&rsquo;en milieu de journ\u00e9e, pendant la saison estivale, il est pratiquement impossible de se garer, car le parking est petit et limit\u00e9, et a tendance \u00e0 se remplir rapidement. Il vaut la peine de se lever t\u00f4t pour \u00e9viter ce genre de probl\u00e8mes. Gardez \u00e9galement \u00e0 l&rsquo;esprit que le soleil se couche assez t\u00f4t en raison de l&rsquo;orientation de cette plage, donc plus vous partez t\u00f4t, plus vous profiterez d&rsquo;heures de soleil.<\/p>\n<p class=\"Cuerpo\" style=\"text-align: justify;\">Vous trouverez g\u00e9n\u00e9ralement sur les panneaux d&rsquo;acc\u00e8s \u00e0 la plage ou aux parkings des indications sur l&rsquo;occupation de la plage, afin de pouvoir modifier votre parcours \u00e0 temps. Regardez attentivement lorsque vous \u00eates sur la route.<\/p>\n<p class=\"Cuerpo\" style=\"text-align: justify;\">Vous pouvez \u00e9galement acc\u00e9der \u00e0 la plage en prenant le <strong>bus*<\/strong> (ligne 68) depuis Ciutadella. Cette ligne n&rsquo;est disponible qu&rsquo;en haute saison en raison de l&rsquo;afflux de personnes se dirigeant vers les criques du sud.<\/p>\n<p class=\"Cuerpo\" style=\"text-align: justify;\">Que ce soit en voiture ou en bus, l&rsquo;acc\u00e8s le plus proche est le parking. Ainsi, une fois arriv\u00e9, vous n&rsquo;avez que 10 minutes de marche \u00e0 travers une petite for\u00eat de ch\u00eanes verts pour atteindre le paradis minorquin par excellence.<\/p>\n<p class=\"Cuerpo\" style=\"text-align: justify;\">Si vous osez partir en <strong>bateau<\/strong>, vous constaterez que le sud de Minorque est parfait pour une navigation agr\u00e9able et pour trouver des mouillages de r\u00eave.<\/p>\n<p class=\"Cuerpo\" style=\"text-align: justify;\"><span style=\"font-size: x-small; font-family: inherit; font-weight: normal;\">*Les horaires, lignes et\/ou itin\u00e9raires indiqu\u00e9s ici peuvent varier tout au long de l&rsquo;ann\u00e9e. Consulter la validit\u00e9.<\/span><\/p>\n<div class=\"et-module-5912dcff-0653-40de-a3b8-cdfbd3de56c0 et_pb_column ui-sortable et-animated--vb et_pb_column_4_4 et_pb_column_11 et-first-child et-last-child et_pb_with_border et_pb_hovered_child\" data-address=\"3.0.0\" style=\"z-index: 10 !important;\">\n<div class=\"et_pb_hovered et_fb_element_controls_visible et-module-0bdae277-863e-47e7-8f93-364fee99527d et_pb_text et_pb_module ui-sortable et_pb_text_9 et-animated--vb et_pb_text_align_center et_pb_bg_layout_light et-first-child et-last-child\" data-address=\"3.0.0.0\" dynamic=\"[object Object]\" matching=\"[object Object]\" parent_slug=\"et_pb_column\" theme_builder_suffix=\"\" wrapper_settings=\"[object Object]\" _key=\"0bdae277-863e-47e7-8f93-364fee99527d\">\n<div class=\"et-pb-draggable-spacing et-pb-draggable-spacing__spacing et-pb-draggable-spacing__right et-pb-draggable-spacing__padding et-pb-draggable-spacing--animated et-pb-draggable-spacing--no-size\" style=\"width: 0px;\">\n<div class=\"et-pb-draggable-spacing__hint\"><\/div>\n<\/div>\n<div class=\"et-pb-draggable-spacing et-pb-draggable-spacing__spacing et-pb-draggable-spacing__left et-pb-draggable-spacing__padding et-pb-draggable-spacing--animated et-pb-draggable-spacing--no-size\" style=\"width: 0px;\">\n<div class=\"et-pb-draggable-spacing__hint\"><\/div>\n<\/div>\n<div class=\"et-pb-draggable-spacing et-pb-draggable-spacing__spacing et-pb-draggable-spacing__top et-pb-draggable-spacing__margin et-pb-draggable-spacing__inner et-pb-draggable-spacing--animated et-pb-draggable-spacing--no-size\" style=\"height: 0px;\">\n<div class=\"et-pb-draggable-spacing__hint\"><\/div>\n<\/div>\n<\/div>\n<\/div>\n<p class=\"Cuerpo\" style=\"text-align: justify;\">\n<p>[\/et_pb_text][\/et_pb_column][\/et_pb_row][\/et_pb_section][et_pb_section fb_built=\u00a0\u00bb1&Prime; admin_label=\u00a0\u00bbVideo\u00a0\u00bb _builder_version=\u00a0\u00bb4.16&Prime; background_color_gradient_direction=\u00a0\u00bb90deg\u00a0\u00bb custom_padding=\u00a0\u00bb100px|||||\u00a0\u00bb global_colors_info=\u00a0\u00bb{}\u00a0\u00bb][et_pb_row padding_top_bottom_link_1=\u00a0\u00bbfalse\u00a0\u00bb padding_left_right_link_1=\u00a0\u00bbfalse\u00a0\u00bb _builder_version=\u00a0\u00bb4.16&Prime; background_color=\u00a0\u00bb#fe533a\u00a0\u00bb width_tablet=\u00a0\u00bb\u00a0\u00bb width_phone=\u00a0\u00bb90%\u00a0\u00bb width_last_edited=\u00a0\u00bbon|desktop\u00a0\u00bb max_width=\u00a0\u00bbnone\u00a0\u00bb module_alignment=\u00a0\u00bbright\u00a0\u00bb custom_padding=\u00a0\u00bb||0px|||\u00a0\u00bb global_colors_info=\u00a0\u00bb{}\u00a0\u00bb][et_pb_column type=\u00a0\u00bb4_4&Prime; _builder_version=\u00a0\u00bb4.16&Prime; custom_padding=\u00a0\u00bb|10vw||\u00a0\u00bb global_colors_info=\u00a0\u00bb{}\u00a0\u00bb custom_padding__hover=\u00a0\u00bb|||\u00a0\u00bb][et_pb_image src=\u00a0\u00bbhttps:\/\/calasenmenorca.com\/wp-content\/uploads\/2021\/08\/camino-sur.jpg\u00a0\u00bb title_text=\u00a0\u00bbcamino-sur\u00a0\u00bb _builder_version=\u00a0\u00bb4.16&Prime; _module_preset=\u00a0\u00bbdefault\u00a0\u00bb width=\u00a0\u00bb123%\u00a0\u00bb width_tablet=\u00a0\u00bb\u00a0\u00bb width_phone=\u00a0\u00bb122%\u00a0\u00bb width_last_edited=\u00a0\u00bbon|phone\u00a0\u00bb custom_margin=\u00a0\u00bb-142px|||-8vw|false|false\u00a0\u00bb border_width_all=\u00a0\u00bb9px\u00a0\u00bb border_color_all=\u00a0\u00bb#FFFFFF\u00a0\u00bb box_shadow_style=\u00a0\u00bbpreset3&Prime; box_shadow_horizontal=\u00a0\u00bb20px\u00a0\u00bb box_shadow_vertical=\u00a0\u00bb60px\u00a0\u00bb box_shadow_blur=\u00a0\u00bb180px\u00a0\u00bb box_shadow_spread=\u00a0\u00bb-20px\u00a0\u00bb box_shadow_color=\u00a0\u00bbrgba(0,0,0,0.64)\u00a0\u00bb global_colors_info=\u00a0\u00bb{}\u00a0\u00bb][\/et_pb_image][\/et_pb_column][\/et_pb_row][et_pb_row padding_top_bottom_link_1=\u00a0\u00bbfalse\u00a0\u00bb padding_left_right_link_1=\u00a0\u00bbfalse\u00a0\u00bb _builder_version=\u00a0\u00bb4.16&Prime; background_color=\u00a0\u00bb#fe533a\u00a0\u00bb width_tablet=\u00a0\u00bb\u00a0\u00bb width_phone=\u00a0\u00bb100%\u00a0\u00bb width_last_edited=\u00a0\u00bbon|desktop\u00a0\u00bb max_width=\u00a0\u00bbnone\u00a0\u00bb module_alignment=\u00a0\u00bbright\u00a0\u00bb custom_padding=\u00a0\u00bb60px||||false|false\u00a0\u00bb global_colors_info=\u00a0\u00bb{}\u00a0\u00bb][et_pb_column type=\u00a0\u00bb4_4&Prime; _builder_version=\u00a0\u00bb4.16&Prime; custom_padding=\u00a0\u00bb|10vw|80px|100px\u00a0\u00bb custom_padding_tablet=\u00a0\u00bb||40px|40px\u00a0\u00bb custom_padding_phone=\u00a0\u00bb\u00a0\u00bb custom_padding_last_edited=\u00a0\u00bbon|phone\u00a0\u00bb global_colors_info=\u00a0\u00bb{}\u00a0\u00bb custom_padding__hover=\u00a0\u00bb|||\u00a0\u00bb][et_pb_text _builder_version=\u00a0\u00bb4.16&Prime; text_font=\u00a0\u00bb||||||||\u00a0\u00bb text_font_size=\u00a0\u00bb16px\u00a0\u00bb text_line_height=\u00a0\u00bb1.9em\u00a0\u00bb header_3_font=\u00a0\u00bbLato|700|||||||\u00a0\u00bb header_3_font_size=\u00a0\u00bb20px\u00a0\u00bb header_3_line_height=\u00a0\u00bb1.4em\u00a0\u00bb background_layout=\u00a0\u00bbdark\u00a0\u00bb width=\u00a0\u00bb100%\u00a0\u00bb max_width=\u00a0\u00bb800px\u00a0\u00bb max_width_tablet=\u00a0\u00bb100%\u00a0\u00bb max_width_phone=\u00a0\u00bb\u00a0\u00bb max_width_last_edited=\u00a0\u00bbon|tablet\u00a0\u00bb custom_margin_tablet=\u00a0\u00bb||30px\u00a0\u00bb custom_margin_last_edited=\u00a0\u00bboff|desktop\u00a0\u00bb text_font_size_tablet=\u00a0\u00bb\u00a0\u00bb text_font_size_phone=\u00a0\u00bb15px\u00a0\u00bb text_font_size_last_edited=\u00a0\u00bbon|phone\u00a0\u00bb locked=\u00a0\u00bboff\u00a0\u00bb global_colors_info=\u00a0\u00bb{}\u00a0\u00bb]<\/p>\n<h3>A voir et \u00e0 faire pr\u00e8s de Cala en Turqueta<\/h3>\n<p>\u00c0 proximit\u00e9 de Cala Turqueta, il existe plusieurs points d&rsquo;int\u00e9r\u00eat que nous vous recommandons de ne pas manquer, car il s&rsquo;agit de zones offrant des paysages spectaculaires, surtout en \u00e9t\u00e9.<\/p>\n<p>Si vous aimez la randonn\u00e9e, la route <strong>Cam\u00ed de Cavalls<\/strong> comporte plusieurs \u00e9tapes. Cette anse est le d\u00e9but et la fin de l&rsquo;un d&rsquo;entre eux. Si vous vous dirigez vers l&rsquo;est, vous atteindrez Cala Galdana, une plage urbanis\u00e9e spectaculaire o\u00f9 vous b\u00e9n\u00e9ficierez de tous les services et activit\u00e9s possibles pour une journ\u00e9e spectaculaire \u00e0 la plage. Au cours de la visite, vous passerez par Cala Macarella et Cala Macarelleta, \u00e0 seulement 3 quarts d&rsquo;heure de marche de Cala Turqueta. Si vous vous dirigez vers l&rsquo;ouest, la fin de l&rsquo;\u00e9tape est le cap d&rsquo;Artrutx, en passant par Cala Es Talaier et Son Saura del Sur, un parcours de 5 km avec des paysages typiques du climat m\u00e9diterran\u00e9en, et des paysages d&rsquo;eaux turquoise et de sable blanc fin.<\/p>\n<p>Un autre point d&rsquo;int\u00e9r\u00eat est l&rsquo;Atalaya de Artrutx, une ancienne tour de d\u00e9fense d&rsquo;o\u00f9 l&rsquo;on peut profiter de vues incroyables sur le sud de Minorque. Vous trouverez l&rsquo;acc\u00e8s depuis le Cam\u00ed de Cavalls, un chemin en mont\u00e9e vers un lieu magique.<\/p>\n<p>Si vous regardez la carte de Cala Turqueta, vous verrez qu&rsquo;autour de la zone se trouvent plusieurs lieux touristiques, en dehors de ceux mentionn\u00e9s ci-dessus, qui entourent la zone et qui vous permettront d&rsquo;organiser de bonnes vacances. Par exemple, si vous souhaitez visiter toutes les criques et plages de la r\u00e9gion, ou suivre la route du Cam\u00ed de Cavalls, l&rsquo;utilisation d&rsquo;une carte vous sera tr\u00e8s utile.<\/p>\n<p>Vous verrez \u00e9galement que c&rsquo;est une r\u00e9gion pleine de for\u00eats de pins, parfaite pour des repas en famille ou entre amis \u00e0 l&rsquo;ombre, dans des espaces ouverts et sans trop de monde. Un fait curieux est qu&rsquo;il y a des ch\u00e8vres dans cette zone, et bien qu&rsquo;on ne les voit pas toujours car elles fuient les gens, on les a parfois vues s&rsquo;approcher \u00e0 la recherche de nourriture.<\/p>\n<p>D&rsquo;autre part, si vous \u00eates int\u00e9ress\u00e9 par les <strong>activit\u00e9s nautiques<\/strong> \u00e0 Cala Turqueta, sachez qu&rsquo;il n&rsquo;y a pas de possibilit\u00e9 de louer des bateaux ou des kayaks sur la plage m\u00eame, vous devez consulter la carte pour trouver la zone la plus proche ou celle qui vous int\u00e9resse le plus jusqu&rsquo;\u00e0 ce que vous arriviez \u00e0 destination.<\/p>\n<p>Une partie du charme des plages vierges est qu&rsquo;il n&rsquo;y a aucune construction autour d&rsquo;elles, donc si vous pensez prendre un verre \u00e0 Cala Turqueta, il est pr\u00e9f\u00e9rable d&rsquo;apporter votre propre nourriture, ou d&rsquo;acheter des sandwichs avant d&rsquo;arriver \u00e0 la plage au bar de la plage dans le parking le plus proche de la plage.<\/p>\n<p>Vous pouvez pr\u00e9parer un beau <strong>pique-nique<\/strong> et passer une soir\u00e9e romantique avec votre partenaire, prendre un bon repas avec votre famille ou un ap\u00e9ritif amusant avec des amis dans la pin\u00e8de.<\/p>\n<p>Si vous pr\u00e9f\u00e9rez un repas dans un bon restaurant, la meilleure alternative est de vous rendre dans d&rsquo;autres endroits tels que Cala Galdana ou Cala Mesquida, o\u00f9 vous pourrez profiter de belles vues et d&rsquo;un d\u00e9licieux repas dans le meilleur environnement naturel.<\/p>\n<p>[\/et_pb_text][\/et_pb_column][\/et_pb_row][\/et_pb_section][et_pb_section fb_built=\u00a0\u00bb1&Prime; admin_label=\u00a0\u00bbDetails\u00a0\u00bb _builder_version=\u00a0\u00bb4.16&Prime; locked=\u00a0\u00bboff\u00a0\u00bb global_colors_info=\u00a0\u00bb{}\u00a0\u00bb][et_pb_row column_structure=\u00a0\u00bb1_2,1_2&Prime; _builder_version=\u00a0\u00bb4.16&Prime; global_colors_info=\u00a0\u00bb{}\u00a0\u00bb][et_pb_column type=\u00a0\u00bb1_2&Prime; _builder_version=\u00a0\u00bb4.16&Prime; custom_padding=\u00a0\u00bb|||\u00a0\u00bb global_colors_info=\u00a0\u00bb{}\u00a0\u00bb custom_padding__hover=\u00a0\u00bb|||\u00a0\u00bb][et_pb_text _builder_version=\u00a0\u00bb4.16&Prime; text_font=\u00a0\u00bb||||||||\u00a0\u00bb header_font=\u00a0\u00bb||||||||\u00a0\u00bb header_2_font=\u00a0\u00bbPT Serif|700|||||||\u00a0\u00bb header_2_font_size=\u00a0\u00bb60px\u00a0\u00bb header_2_line_height=\u00a0\u00bb1.2em\u00a0\u00bb text_orientation=\u00a0\u00bbjustified\u00a0\u00bb max_width=\u00a0\u00bb600px\u00a0\u00bb custom_margin=\u00a0\u00bb||15px\u00a0\u00bb header_2_font_size_tablet=\u00a0\u00bb42px\u00a0\u00bb header_2_font_size_phone=\u00a0\u00bb30px\u00a0\u00bb header_2_font_size_last_edited=\u00a0\u00bbon|tablet\u00a0\u00bb locked=\u00a0\u00bboff\u00a0\u00bb global_colors_info=\u00a0\u00bb{}\u00a0\u00bb]<\/p>\n<h2 style=\"text-align: justify;\">Comment se rendre \u00e0 Cala en Turqueta en bateau ?<\/h2>\n<p>Pour atteindre Cala Turqueta en bateau, il faut quitter le port de Mah\u00f3n en direction du SE. Nous naviguerons le long de la c\u00f4te, en laissant Illa del Rei au port.<\/p>\n<p>Nous continuerons vers le large, en laissant le phare de Punta de Sant Carles \u00e0 tribord.<\/p>\n<p>En suivant la c\u00f4te en direction du sud, nous passerons les corniches Na Girada et Punta Rafalet. Nous continuerons \u00e0 longer le bord de l&rsquo;\u00eele, ce qui nous am\u00e8nera \u00e0 prendre la direction du sud-ouest et \u00e0 laisser Punta Prima et Punta dels Marbres \u00e0 tribord. \u00c0 ce stade, nous aurons l&rsquo;Illa de l&rsquo;Aire \u00e0 b\u00e2bord.<\/p>\n<p>En suivant la c\u00f4te, nous nous dirigerons vers le nord-ouest et passerons le Cap Binibeca, l&rsquo;Illot d&rsquo;en Mar\u00e7al, le Cap d&rsquo;en Font, le Cap de ses Penyes, l&rsquo;Illot de Binicodrell et la Punta de Macarella.<\/p>\n<p>Une fois que vous aurez pass\u00e9 cette derni\u00e8re, la prochaine chose que vous verrez sera la Punta des Tambors et, juste avant, vous trouverez la crique qui abrite la plage de Cala Turqueta.<\/p>\n<p>[\/et_pb_text][\/et_pb_column][et_pb_column type=\u00a0\u00bb1_2&Prime; _builder_version=\u00a0\u00bb4.16&Prime; custom_padding=\u00a0\u00bb|||\u00a0\u00bb global_colors_info=\u00a0\u00bb{}\u00a0\u00bb custom_padding__hover=\u00a0\u00bb|||\u00a0\u00bb][\/et_pb_column][\/et_pb_row][\/et_pb_section][et_pb_section fb_built=\u00a0\u00bb1&Prime; admin_label=\u00a0\u00bbFooter\u00a0\u00bb _builder_version=\u00a0\u00bb4.16&Prime; use_background_color_gradient=\u00a0\u00bbon\u00a0\u00bb background_color_gradient_stops=\u00a0\u00bb#ffffff 0%|rgba(36,46,66,0) 75%\u00a0\u00bb background_color_gradient_overlays_image=\u00a0\u00bbon\u00a0\u00bb background_color_gradient_start=\u00a0\u00bb#ffffff\u00a0\u00bb background_color_gradient_end=\u00a0\u00bbrgba(36,46,66,0)\u00a0\u00bb background_color_gradient_end_position=\u00a0\u00bb75%\u00a0\u00bb background_image=\u00a0\u00bbhttps:\/\/calasenmenorca.com\/wp-content\/uploads\/2021\/08\/background-dawn.jpg\u00a0\u00bb custom_padding=\u00a0\u00bb||20vw\u00a0\u00bb top_divider_style=\u00a0\u00bbwaves2&Prime; top_divider_color=\u00a0\u00bb#f5f5f5&Prime; locked=\u00a0\u00bboff\u00a0\u00bb global_colors_info=\u00a0\u00bb{}\u00a0\u00bb][et_pb_row _builder_version=\u00a0\u00bb4.16&Prime; locked=\u00a0\u00bboff\u00a0\u00bb global_colors_info=\u00a0\u00bb{}\u00a0\u00bb][et_pb_column type=\u00a0\u00bb4_4&Prime; _builder_version=\u00a0\u00bb4.16&Prime; custom_padding=\u00a0\u00bb|||\u00a0\u00bb global_colors_info=\u00a0\u00bb{}\u00a0\u00bb custom_padding__hover=\u00a0\u00bb|||\u00a0\u00bb][et_pb_text _builder_version=\u00a0\u00bb4.16&Prime; text_font=\u00a0\u00bb||||||||\u00a0\u00bb header_font=\u00a0\u00bb||||||||\u00a0\u00bb header_2_font=\u00a0\u00bbPT Serif|700|||||||\u00a0\u00bb header_2_font_size=\u00a0\u00bb60px\u00a0\u00bb header_2_line_height=\u00a0\u00bb1.2em\u00a0\u00bb text_orientation=\u00a0\u00bbcenter\u00a0\u00bb max_width=\u00a0\u00bb600px\u00a0\u00bb module_alignment=\u00a0\u00bbcenter\u00a0\u00bb custom_margin=\u00a0\u00bb||15px\u00a0\u00bb header_2_font_size_tablet=\u00a0\u00bb42px\u00a0\u00bb header_2_font_size_phone=\u00a0\u00bb30px\u00a0\u00bb header_2_font_size_last_edited=\u00a0\u00bbon|tablet\u00a0\u00bb locked=\u00a0\u00bboff\u00a0\u00bb global_colors_info=\u00a0\u00bb{}\u00a0\u00bb]<\/p>\n<h2>Voulez-vous aller \u00e0 Cala en Turqueta en bateau ?<\/h2>\n<p>[\/et_pb_text][et_pb_button button_url=\u00a0\u00bbhttps:\/\/barcosenmenorca.com\/es\/\u00a0\u00bb url_new_window=\u00a0\u00bbon\u00a0\u00bb button_text=\u00a0\u00bbPROPOSE DE PARTIR EN BATEAU\u00a0\u00bb button_alignment=\u00a0\u00bbcenter\u00a0\u00bb _builder_version=\u00a0\u00bb4.16&Prime; _module_preset=\u00a0\u00bbdefault\u00a0\u00bb custom_css_main_element=\u00a0\u00bbfont-size: 14px !important;||    border-width: 10px !important;||    border-color: rgba(0,0,0,0);||    border-radius: 0px;||    font-family: &lsquo;Lato&rsquo;,Helvetica, Arial, Lucida, sans-serif !important;||    font-weight: undefined;||color:white;||    font-weight: 700 !important;||    text-transform: uppercase !important;||    letter-spacing: 4px;||    background-image: initial;||    background-color: #ff3314;\u00a0\u00bb global_colors_info=\u00a0\u00bb{}\u00a0\u00bb][\/et_pb_button][\/et_pb_column][\/et_pb_row][et_pb_row _builder_version=\u00a0\u00bb4.16&Prime; width=\u00a0\u00bb100%\u00a0\u00bb max_width=\u00a0\u00bbnone\u00a0\u00bb locked=\u00a0\u00bboff\u00a0\u00bb global_colors_info=\u00a0\u00bb{}\u00a0\u00bb][et_pb_column type=\u00a0\u00bb4_4&Prime; _builder_version=\u00a0\u00bb4.16&Prime; custom_padding=\u00a0\u00bb|||\u00a0\u00bb global_colors_info=\u00a0\u00bb{}\u00a0\u00bb custom_padding__hover=\u00a0\u00bb|||\u00a0\u00bb][et_pb_image src=\u00a0\u00bbhttps:\/\/calasenmenorca.com\/wp-content\/uploads\/2021\/04\/sight-seeing-49.png\u00a0\u00bb show_bottom_space=\u00a0\u00bboff\u00a0\u00bb force_fullwidth=\u00a0\u00bbon\u00a0\u00bb _builder_version=\u00a0\u00bb4.16&Prime; custom_margin=\u00a0\u00bb||\u00a0\u00bb global_colors_info=\u00a0\u00bb{}\u00a0\u00bb][\/et_pb_image][\/et_pb_column][\/et_pb_row][\/et_pb_section]<\/p>\n","protected":false},"excerpt":{"rendered":"<p>Turqueta Cove Dans le \u00ab\u00a0Top 3 Si nous devons faire un classement, Cala Turqueta devrait \u00eatre dans le top 3 car, sans aucun doute, c&rsquo;est l&rsquo;une des plus belles criques [&hellip;]<\/p>\n","protected":false},"author":1,"featured_media":0,"parent":0,"menu_order":0,"comment_status":"closed","ping_status":"closed","template":"","meta":{"_et_pb_use_builder":"on","_et_pb_old_content":"","_et_gb_content_width":"","_price":"","_stock":"","_tribe_ticket_header":"","_tribe_default_ticket_provider":"","_tribe_ticket_capacity":"0","_ticket_start_date":"","_ticket_end_date":"","_tribe_ticket_show_description":"","_tribe_ticket_show_not_going":false,"_tribe_ticket_use_global_stock":"","_tribe_ticket_global_stock_level":"","_global_stock_mode":"","_global_stock_cap":"","_tribe_rsvp_for_event":"","_tribe_ticket_going_count":"","_tribe_ticket_not_going_count":"","_tribe_tickets_list":"[]","_tribe_ticket_has_attendee_info_fields":false,"footnotes":"","_tec_slr_enabled":"","_tec_slr_layout":""},"class_list":["post-4878","page","type-page","status-publish","hentry"],"yoast_head":"<!-- This site is optimized with the Yoast SEO plugin v25.6 - https:\/\/yoast.com\/wordpress\/plugins\/seo\/ -->\n<title>Turqueta Cove - Calas en Menorca<\/title>\n<meta name=\"robots\" content=\"index, follow, max-snippet:-1, max-image-preview:large, max-video-preview:-1\" \/>\n<link rel=\"canonical\" href=\"https:\/\/calasenmenorca.com\/fr\/turqueta-cove\" \/>\n<meta property=\"og:locale\" content=\"fr_FR\" \/>\n<meta property=\"og:type\" content=\"article\" \/>\n<meta property=\"og:title\" content=\"Turqueta Cove - Calas en Menorca\" \/>\n<meta property=\"og:description\" content=\"Turqueta Cove Dans le &quot;Top 3 Si nous devons faire un classement, Cala Turqueta devrait \u00eatre dans le top 3 car, sans aucun doute, c&#039;est l&#039;une des plus belles criques [&hellip;]\" \/>\n<meta property=\"og:url\" content=\"https:\/\/calasenmenorca.com\/fr\/turqueta-cove\" \/>\n<meta property=\"og:site_name\" content=\"Calas en Menorca\" \/>\n<meta property=\"article:modified_time\" content=\"2025-10-01T08:42:41+00:00\" \/>\n<meta name=\"twitter:card\" content=\"summary_large_image\" \/>\n<meta name=\"twitter:label1\" content=\"Dur\u00e9e de lecture estim\u00e9e\" \/>\n\t<meta name=\"twitter:data1\" content=\"16 minutes\" \/>\n<script type=\"application\/ld+json\" class=\"yoast-schema-graph\">{\"@context\":\"https:\/\/schema.org\",\"@graph\":[{\"@type\":\"WebPage\",\"@id\":\"https:\/\/calasenmenorca.com\/fr\/turqueta-cove\",\"url\":\"https:\/\/calasenmenorca.com\/fr\/turqueta-cove\",\"name\":\"Turqueta Cove - Calas en Menorca\",\"isPartOf\":{\"@id\":\"https:\/\/calasenmenorca.com\/#website\"},\"datePublished\":\"2021-04-29T10:38:36+00:00\",\"dateModified\":\"2025-10-01T08:42:41+00:00\",\"breadcrumb\":{\"@id\":\"https:\/\/calasenmenorca.com\/fr\/turqueta-cove#breadcrumb\"},\"inLanguage\":\"fr-FR\",\"potentialAction\":[{\"@type\":\"ReadAction\",\"target\":[\"https:\/\/calasenmenorca.com\/fr\/turqueta-cove\"]}]},{\"@type\":\"BreadcrumbList\",\"@id\":\"https:\/\/calasenmenorca.com\/fr\/turqueta-cove#breadcrumb\",\"itemListElement\":[{\"@type\":\"ListItem\",\"position\":1,\"name\":\"Portada\",\"item\":\"https:\/\/calasenmenorca.com\/fr\/bienvenue-sur-https-calasenmenorca-com\"},{\"@type\":\"ListItem\",\"position\":2,\"name\":\"Turqueta Cove\"}]},{\"@type\":\"WebSite\",\"@id\":\"https:\/\/calasenmenorca.com\/#website\",\"url\":\"https:\/\/calasenmenorca.com\/\",\"name\":\"Calas en Menorca\",\"description\":\"Las mejores calas de menorca\",\"potentialAction\":[{\"@type\":\"SearchAction\",\"target\":{\"@type\":\"EntryPoint\",\"urlTemplate\":\"https:\/\/calasenmenorca.com\/?s={search_term_string}\"},\"query-input\":{\"@type\":\"PropertyValueSpecification\",\"valueRequired\":true,\"valueName\":\"search_term_string\"}}],\"inLanguage\":\"fr-FR\"}]}<\/script>\n<!-- \/ Yoast SEO plugin. -->","yoast_head_json":{"title":"Turqueta Cove - Calas en Menorca","robots":{"index":"index","follow":"follow","max-snippet":"max-snippet:-1","max-image-preview":"max-image-preview:large","max-video-preview":"max-video-preview:-1"},"canonical":"https:\/\/calasenmenorca.com\/fr\/turqueta-cove","og_locale":"fr_FR","og_type":"article","og_title":"Turqueta Cove - Calas en Menorca","og_description":"Turqueta Cove Dans le \"Top 3 Si nous devons faire un classement, Cala Turqueta devrait \u00eatre dans le top 3 car, sans aucun doute, c'est l'une des plus belles criques [&hellip;]","og_url":"https:\/\/calasenmenorca.com\/fr\/turqueta-cove","og_site_name":"Calas en Menorca","article_modified_time":"2025-10-01T08:42:41+00:00","twitter_card":"summary_large_image","twitter_misc":{"Dur\u00e9e de lecture estim\u00e9e":"16 minutes"},"schema":{"@context":"https:\/\/schema.org","@graph":[{"@type":"WebPage","@id":"https:\/\/calasenmenorca.com\/fr\/turqueta-cove","url":"https:\/\/calasenmenorca.com\/fr\/turqueta-cove","name":"Turqueta Cove - Calas en Menorca","isPartOf":{"@id":"https:\/\/calasenmenorca.com\/#website"},"datePublished":"2021-04-29T10:38:36+00:00","dateModified":"2025-10-01T08:42:41+00:00","breadcrumb":{"@id":"https:\/\/calasenmenorca.com\/fr\/turqueta-cove#breadcrumb"},"inLanguage":"fr-FR","potentialAction":[{"@type":"ReadAction","target":["https:\/\/calasenmenorca.com\/fr\/turqueta-cove"]}]},{"@type":"BreadcrumbList","@id":"https:\/\/calasenmenorca.com\/fr\/turqueta-cove#breadcrumb","itemListElement":[{"@type":"ListItem","position":1,"name":"Portada","item":"https:\/\/calasenmenorca.com\/fr\/bienvenue-sur-https-calasenmenorca-com"},{"@type":"ListItem","position":2,"name":"Turqueta Cove"}]},{"@type":"WebSite","@id":"https:\/\/calasenmenorca.com\/#website","url":"https:\/\/calasenmenorca.com\/","name":"Calas en Menorca","description":"Las mejores calas de menorca","potentialAction":[{"@type":"SearchAction","target":{"@type":"EntryPoint","urlTemplate":"https:\/\/calasenmenorca.com\/?s={search_term_string}"},"query-input":{"@type":"PropertyValueSpecification","valueRequired":true,"valueName":"search_term_string"}}],"inLanguage":"fr-FR"}]}},"ticketed":false,"_links":{"self":[{"href":"https:\/\/calasenmenorca.com\/fr\/wp-json\/wp\/v2\/pages\/4878"}],"collection":[{"href":"https:\/\/calasenmenorca.com\/fr\/wp-json\/wp\/v2\/pages"}],"about":[{"href":"https:\/\/calasenmenorca.com\/fr\/wp-json\/wp\/v2\/types\/page"}],"author":[{"embeddable":true,"href":"https:\/\/calasenmenorca.com\/fr\/wp-json\/wp\/v2\/users\/1"}],"replies":[{"embeddable":true,"href":"https:\/\/calasenmenorca.com\/fr\/wp-json\/wp\/v2\/comments?post=4878"}],"version-history":[{"count":14,"href":"https:\/\/calasenmenorca.com\/fr\/wp-json\/wp\/v2\/pages\/4878\/revisions"}],"predecessor-version":[{"id":10236,"href":"https:\/\/calasenmenorca.com\/fr\/wp-json\/wp\/v2\/pages\/4878\/revisions\/10236"}],"wp:attachment":[{"href":"https:\/\/calasenmenorca.com\/fr\/wp-json\/wp\/v2\/media?parent=4878"}],"curies":[{"name":"wp","href":"https:\/\/api.w.org\/{rel}","templated":true}]}}