{"id":3596,"date":"2021-04-29T09:18:48","date_gmt":"2021-04-29T09:18:48","guid":{"rendered":"https:\/\/calasenmenorca.com\/calo-roig"},"modified":"2026-04-23T12:04:43","modified_gmt":"2026-04-23T12:04:43","slug":"calo-roig","status":"publish","type":"page","link":"https:\/\/calasenmenorca.com\/it\/calo-roig","title":{"rendered":"Cal\u00f3 Roig"},"content":{"rendered":"<p>[et_pb_section fb_built=&#8221;1&#8243; admin_label=&#8221;Header&#8221; _builder_version=&#8221;4.16&#8243; use_background_color_gradient=&#8221;on&#8221; background_color_gradient_direction=&#8221;90deg&#8221; background_color_gradient_stops=&#8221;rgba(36,46,66,0.5) 0%|rgba(36,46,66,0.8) 61%&#8221; background_color_gradient_overlays_image=&#8221;on&#8221; background_color_gradient_start=&#8221;rgba(36,46,66,0.5)&#8221; background_color_gradient_end=&#8221;rgba(36,46,66,0.8)&#8221; background_color_gradient_end_position=&#8221;61%&#8221; background_image=&#8221;https:\/\/calasenmenorca.com\/wp-content\/uploads\/2021\/08\/background-upp.jpg&#8221; background_position=&#8221;bottom_center&#8221; custom_padding=&#8221;||0px|||&#8221; locked=&#8221;off&#8221; global_colors_info=&#8221;{}&#8221;][et_pb_row _builder_version=&#8221;4.16&#8243; width=&#8221;90%&#8221; max_width=&#8221;1215px&#8221; global_colors_info=&#8221;{}&#8221;][et_pb_column type=&#8221;4_4&#8243; _builder_version=&#8221;4.16&#8243; custom_padding=&#8221;|||&#8221; global_colors_info=&#8221;{}&#8221; custom_padding__hover=&#8221;|||&#8221;][et_pb_text _builder_version=&#8221;4.16&#8243; text_font=&#8221;Lato||||||||&#8221; text_font_size=&#8221;16px&#8221; text_line_height=&#8221;1.8em&#8221; header_font=&#8221;PT Serif|700|||||||&#8221; header_font_size=&#8221;80px&#8221; header_line_height=&#8221;1.2em&#8221; text_orientation=&#8221;justified&#8221; background_layout=&#8221;dark&#8221; min_height=&#8221;550px&#8221; min_height_tablet=&#8221;&#8221; min_height_phone=&#8221;&#8221; min_height_last_edited=&#8221;on|desktop&#8221; custom_margin=&#8221;|||||false&#8221; custom_padding=&#8221;40px|40px|40px|40px|true|true&#8221; text_font_size_tablet=&#8221;&#8221; text_font_size_phone=&#8221;14px&#8221; text_font_size_last_edited=&#8221;on|phone&#8221; header_font_size_tablet=&#8221;60px&#8221; header_font_size_phone=&#8221;36px&#8221; header_font_size_last_edited=&#8221;on|phone&#8221; border_width_all=&#8221;40px&#8221; border_color_all=&#8221;#ffd400&#8243; border_width_all_tablet=&#8221;&#8221; border_width_all_phone=&#8221;3px&#8221; border_width_all_last_edited=&#8221;on|desktop&#8221; global_colors_info=&#8221;{}&#8221;]<\/p>\n<h1>Cal\u00f3 Roig<\/h1>\n<p>&nbsp;<\/p>\n<p>Cal\u00f3 Roig \u00e8 una spiaggia incontaminata situata a sud di Cala Alcaufar. Lunga solo 10 metri e larga 30, questa minuscola caletta non ha quasi spazio per la sabbia.<\/p>\n<p>Formata da un&#8217;insenatura della costa minorchina, questa cala offre un rifugio paradisiaco grazie alle sue acque cristalline di colore turchese intenso e alla sua spiaggia di sabbia bianca.<\/p>\n<p>[\/et_pb_text][\/et_pb_column][\/et_pb_row][et_pb_row _builder_version=&#8221;4.16&#8243; width=&#8221;100%&#8221; max_width=&#8221;none&#8221; custom_padding=&#8221;0px||1px|||&#8221; global_colors_info=&#8221;{}&#8221;][et_pb_column type=&#8221;4_4&#8243; _builder_version=&#8221;4.16&#8243; custom_padding=&#8221;|||&#8221; global_colors_info=&#8221;{}&#8221; custom_padding__hover=&#8221;|||&#8221;][et_pb_image src=&#8221;https:\/\/calasenmenorca.com\/wp-content\/uploads\/2021\/04\/sight-seeing-52.png&#8221; force_fullwidth=&#8221;on&#8221; _builder_version=&#8221;4.16&#8243; custom_margin=&#8221;-304vw||-1px||false|&#8221; custom_margin_tablet=&#8221;0vw|||&#8221; custom_margin_phone=&#8221;&#8221; custom_margin_last_edited=&#8221;on|desktop&#8221; global_colors_info=&#8221;{}&#8221;][\/et_pb_image][\/et_pb_column][\/et_pb_row][\/et_pb_section][et_pb_section fb_built=&#8221;1&#8243; admin_label=&#8221;CTA&#8221; _builder_version=&#8221;4.16&#8243; z_index=&#8221;10&#8243; custom_padding=&#8221;130px||3px||false|false&#8221; locked=&#8221;off&#8221; global_colors_info=&#8221;{}&#8221;][et_pb_row column_structure=&#8221;3_5,2_5&#8243; _builder_version=&#8221;4.16&#8243; _module_preset=&#8221;default&#8221; max_width=&#8221;1600px&#8221; custom_margin=&#8221;-100px||||false|false&#8221; global_colors_info=&#8221;{}&#8221;][et_pb_column type=&#8221;3_5&#8243; _builder_version=&#8221;4.16&#8243; _module_preset=&#8221;default&#8221; global_colors_info=&#8221;{}&#8221;][et_pb_code _builder_version=&#8221;4.27.0&#8243; _module_preset=&#8221;default&#8221; global_colors_info=&#8221;{}&#8221;]<iframe src=\"https:\/\/www.google.com\/maps\/embed?pb=!1m17!1m12!1m3!1d3770.347245288921!2d4.2926417764854055!3d39.8259373913844!2m3!1f0!2f0!3f0!3m2!1i1024!2i768!4f13.1!3m2!1m1!2zMznCsDQ5JzMzLjQiTiA0wrAxNyc0Mi44IkU!5e1!3m2!1ses!2ses!4v1723975259932!5m2!1ses!2ses\" width=\"640\" height=\"430\" style=\"border:0;\" allowfullscreen=\"\" loading=\"lazy\" referrerpolicy=\"no-referrer-when-downgrade\"><\/iframe>[\/et_pb_code][et_pb_code _builder_version=&#8221;4.27.0&#8243; _module_preset=&#8221;default&#8221; global_colors_info=&#8221;{}&#8221;]<iframe src=\"https:\/\/www.google.com\/maps\/embed?pb=!4v1730208398388!6m8!1m7!1sCAoSLEFGMVFpcFB3aDQ0dG9FNlVlN2hFdmozYWVQM2Vja25WekhJNTJ6TnE5QmIx!2m2!1d39.82542831433171!2d4.293723722204558!3f73.14618104058383!4f0!5f0.7820865974627469\" width=\"640\" height=\"450\" style=\"border:0;\" allowfullscreen=\"\" loading=\"lazy\" referrerpolicy=\"no-referrer-when-downgrade\"><\/iframe>[\/et_pb_code][\/et_pb_column][et_pb_column type=&#8221;2_5&#8243; _builder_version=&#8221;4.16&#8243; _module_preset=&#8221;default&#8221; global_colors_info=&#8221;{}&#8221;][et_pb_text _builder_version=&#8221;4.27.0&#8243; _module_preset=&#8221;default&#8221; custom_margin=&#8221;0px||||false|false&#8221; global_colors_info=&#8221;{}&#8221;]<\/p>\n<p>Nome<strong>:<\/strong> <strong>Cala Roig<\/strong><\/p>\n<p>Localit\u00e0<span>: <strong>Zona di<\/strong> <strong>Mah\u00f3n (39\u00ba49.556&#8217;N 4\u00ba17.713&#8217;E) <\/strong><\/span> <\/p>\n<p>Distanza da Mah\u00f3n<span>: <strong>5 MN ; 9&#8217;9km<\/strong><\/span><\/p>\n<p>Tempo di percorrenza da Mah\u00f3n<span>: <strong>20 min. in barca (velocit\u00e0 media: 15 nodi); 32 min. in auto<\/strong><\/span><\/p>\n<p>Tipo di spiaggia: <strong>Rocce<\/strong><\/p>\n<p>Ancoraggio per le barche<span>: <strong>Roccia e sabbia. Aperto a NE<\/strong><\/span><\/p>\n<p>Pericolo: <strong>medio. \u00c8 un&#8217;insenatura molto stretta e pu\u00f2 essere difficile da manovrare se vai troppo in profondit\u00e0.<\/strong><\/p>\n<p>Posidonia:<strong> Sito protetto<\/strong><\/p>\n<p>Stazione di servizio pi\u00f9 vicina per le barche: <strong>4 MN; Mah\u00f3n<\/strong><\/p>\n<p>&nbsp;<\/p>\n<p>[\/et_pb_text][\/et_pb_column][\/et_pb_row][\/et_pb_section][et_pb_section fb_built=&#8221;1&#8243; _builder_version=&#8221;4.27.0&#8243; _module_preset=&#8221;default&#8221; hover_enabled=&#8221;0&#8243; global_colors_info=&#8221;{}&#8221; module_class=&#8221;servicios&#8221; sticky_enabled=&#8221;0&#8243;][et_pb_row _builder_version=&#8221;4.16&#8243; _module_preset=&#8221;default&#8221; global_colors_info=&#8221;{}&#8221;][et_pb_column type=&#8221;4_4&#8243; _builder_version=&#8221;4.16&#8243; _module_preset=&#8221;default&#8221; global_colors_info=&#8221;{}&#8221;][et_pb_text _builder_version=&#8221;4.16&#8243; _module_preset=&#8221;default&#8221; global_colors_info=&#8221;{}&#8221;]<\/p>\n<h2 style=\"text-align: center;\"><strong>SERVIZI<\/strong><\/h2>\n<p>[\/et_pb_text][\/et_pb_column][\/et_pb_row][et_pb_row column_structure=&#8221;1_2,1_2&#8243; _builder_version=&#8221;4.27.0&#8243; _module_preset=&#8221;default&#8221; width=&#8221;24%&#8221; hover_enabled=&#8221;0&#8243; global_colors_info=&#8221;{}&#8221; width_last_edited=&#8221;on|phone&#8221; sticky_enabled=&#8221;0&#8243; width_phone=&#8221;95%&#8221; width_tablet=&#8221;24%&#8221;][et_pb_column type=&#8221;1_2&#8243; _builder_version=&#8221;4.16&#8243; _module_preset=&#8221;default&#8221; global_colors_info=&#8221;{}&#8221;][et_pb_image src=&#8221;https:\/\/calasenmenorca.com\/wp-content\/uploads\/2021\/08\/sin-servicios.jpg&#8221; title_text=&#8221;no-servizi&#8221; _builder_version=&#8221;4.16&#8243; _module_preset=&#8221;default&#8221; global_colors_info=&#8221;{}&#8221;][\/et_pb_image][et_pb_text _builder_version=&#8221;4.16&#8243; _module_preset=&#8221;default&#8221; global_colors_info=&#8221;{}&#8221;]<\/p>\n<p style=\"text-align: center;\">NESSUN SERVIZIO<\/p>\n<p>[\/et_pb_text][\/et_pb_column][et_pb_column type=&#8221;1_2&#8243; _builder_version=&#8221;4.16&#8243; _module_preset=&#8221;default&#8221; global_colors_info=&#8221;{}&#8221;][et_pb_image src=&#8221;https:\/\/calasenmenorca.com\/wp-content\/uploads\/2021\/08\/peaton.jpg&#8221; title_text=&#8221;pedonale&#8221; _builder_version=&#8221;4.16&#8243; _module_preset=&#8221;default&#8221; global_colors_info=&#8221;{}&#8221;][\/et_pb_image][et_pb_text _builder_version=&#8221;4.16&#8243; _module_preset=&#8221;default&#8221; global_colors_info=&#8221;{}&#8221;]<\/p>\n<p style=\"text-align: center;\">CAMMINARE 650M<\/p>\n<p>[\/et_pb_text][\/et_pb_column][\/et_pb_row][\/et_pb_section][et_pb_section fb_built=&#8221;1&#8243; _builder_version=&#8221;4.16&#8243; _module_preset=&#8221;default&#8221; global_colors_info=&#8221;{}&#8221;][et_pb_row _builder_version=&#8221;4.16&#8243; _module_preset=&#8221;default&#8221; global_colors_info=&#8221;{}&#8221;][et_pb_column type=&#8221;4_4&#8243; _builder_version=&#8221;4.16&#8243; _module_preset=&#8221;default&#8221; global_colors_info=&#8221;{}&#8221;][et_pb_text _builder_version=&#8221;4.16&#8243; _module_preset=&#8221;default&#8221; global_colors_info=&#8221;{}&#8221;]<\/p>\n<h2 style=\"text-align: center;\"><strong>Servizi vicino a Cal\u00f3 Roig<\/strong><\/h2>\n<p>[\/et_pb_text][et_pb_text _builder_version=&#8221;4.16&#8243; _module_preset=&#8221;default&#8221; global_colors_info=&#8221;{}&#8221;]<\/p>\n<p style=\"text-align: center;\"><strong>NESSUN SERVIZIO NELLE VICINANZE* NESSUN SERVIZIO NELLE VICINANZE* NESSUN SERVIZIO NELLE VICINANZE* NESSUN SERVIZIO NELLE VICINANZE* NESSUN SERVIZIO NELLE VICINANZE<\/strong><\/p>\n<p style=\"text-align: center;\"><span style=\"font-size: x-small;\">*Nel raggio di 250-300 m circa.<\/span><\/p>\n<p>[\/et_pb_text][\/et_pb_column][\/et_pb_row][\/et_pb_section][et_pb_section fb_built=&#8221;1&#8243; admin_label=&#8221;CTA&#8221; _builder_version=&#8221;4.16&#8243; z_index=&#8221;10&#8243; custom_margin=&#8221;0px||||false|false&#8221; custom_padding=&#8221;0px||||false|false&#8221; locked=&#8221;off&#8221; global_colors_info=&#8221;{}&#8221;][et_pb_row _builder_version=&#8221;4.16&#8243; background_color=&#8221;#ffffff&#8221; custom_margin=&#8221;|auto||auto|false|false&#8221; custom_padding=&#8221;80px|32px|80px|32px|true|true&#8221; box_shadow_style=&#8221;preset3&#8243; box_shadow_horizontal=&#8221;5px&#8221; box_shadow_vertical=&#8221;25px&#8221; box_shadow_blur=&#8221;105px&#8221; box_shadow_spread=&#8221;-30px&#8221; box_shadow_color=&#8221;rgba(0,0,0,0.25)&#8221; locked=&#8221;off&#8221; global_colors_info=&#8221;{}&#8221;][et_pb_column type=&#8221;4_4&#8243; _builder_version=&#8221;4.16&#8243; custom_padding=&#8221;|||&#8221; global_colors_info=&#8221;{}&#8221; custom_padding__hover=&#8221;|||&#8221;][et_pb_text _builder_version=&#8221;4.16&#8243; text_font=&#8221;Lato||||||||&#8221; text_font_size=&#8221;15px&#8221; text_line_height=&#8221;1.8em&#8221; header_font=&#8221;||||||||&#8221; header_2_font=&#8221;PT Serif|700|||||||&#8221; header_2_font_size=&#8221;64px&#8221; header_2_line_height=&#8221;1.2em&#8221; text_orientation=&#8221;center&#8221; width_tablet=&#8221;600px&#8221; width_phone=&#8221;400px&#8221; width_last_edited=&#8221;off|phone&#8221; max_width=&#8221;850px&#8221; max_width_tablet=&#8221;&#8221; max_width_phone=&#8221;&#8221; max_width_last_edited=&#8221;on|desktop&#8221; module_alignment=&#8221;center&#8221; custom_margin=&#8221;||15px&#8221; text_font_size_tablet=&#8221;&#8221; text_font_size_phone=&#8221;15px&#8221; text_font_size_last_edited=&#8221;on|desktop&#8221; header_2_font_size_tablet=&#8221;44px&#8221; header_2_font_size_phone=&#8221;28px&#8221; header_2_font_size_last_edited=&#8221;on|phone&#8221; locked=&#8221;off&#8221; global_colors_info=&#8221;{}&#8221;]<\/p>\n<h2 class=\"Cuerpo\"><span lang=\"ES-TRAD\">Cal\u00f3 Roig a Minorca, come arrivare?<o:p><\/o:p><\/span><\/h2>\n<p class=\"Cuerpo\" style=\"text-align: justify;\">\u00c8 possibile raggiungerlo attraverso il <strong>Cam\u00ed de Cavalls<\/strong>, ma se si preferisce un&#8217;altra soluzione, si pu\u00f2 arrivare anche su <strong>strada<\/strong>. In questo caso, seguire le stesse indicazioni di Cala Alcaufar: seguire le indicazioni per Sant Lluis.<\/p>\n<p class=\"Cuerpo\" style=\"text-align: justify;\">Da l\u00ec, quando si raggiunge la rotonda di La Pau, prendere la seconda uscita in direzione sud (Me-8) e proseguire dritto fino al complesso residenziale di Cala Alcaufar (se si vuole parcheggiare, ci sono aree vicino al complesso residenziale che si possono utilizzare).<\/p>\n<p class=\"Cuerpo\" style=\"text-align: justify;\">Dall&#8217;urbanizzazione, seguendo il Cam\u00ed de Cavalls per circa 800 metri, possiamo raggiungere Cal\u00f3 Roig.<br \/>Se vogliamo raggiungere Alcaufar con i <strong>mezzi pubblici*<\/strong>, la linea di autobus 91 si ferma qui, passando per Mah\u00f3n, Sant Lluis e S&#8217;Algar.<\/p>\n<p class=\"Cuerpo\" style=\"text-align: justify;\"><span style=\"font-size: x-small;\">*Gli orari, le linee e\/o i percorsi qui indicati possono variare nel corso dell&#8217;anno. Validit\u00e0 della consultazione.  <\/span><\/p>\n<p class=\"Cuerpo\" style=\"text-align: justify;\">\n<p>[\/et_pb_text][\/et_pb_column][\/et_pb_row][\/et_pb_section][et_pb_section fb_built=&#8221;1&#8243; admin_label=&#8221;Video&#8221; _builder_version=&#8221;4.16&#8243; background_color_gradient_direction=&#8221;90deg&#8221; custom_padding=&#8221;100px|||||&#8221; global_colors_info=&#8221;{}&#8221;][et_pb_row padding_top_bottom_link_1=&#8221;false&#8221; padding_left_right_link_1=&#8221;false&#8221; _builder_version=&#8221;4.16&#8243; background_color=&#8221;#fe533a&#8221; width_tablet=&#8221;&#8221; width_phone=&#8221;90%&#8221; width_last_edited=&#8221;on|desktop&#8221; max_width=&#8221;none&#8221; module_alignment=&#8221;right&#8221; custom_padding=&#8221;||0px|||&#8221; global_colors_info=&#8221;{}&#8221;][et_pb_column type=&#8221;4_4&#8243; _builder_version=&#8221;4.16&#8243; custom_padding=&#8221;|10vw||&#8221; global_colors_info=&#8221;{}&#8221; custom_padding__hover=&#8221;|||&#8221;][et_pb_image src=&#8221;https:\/\/calasenmenorca.com\/wp-content\/uploads\/2021\/08\/gaviota-norte.jpg&#8221; title_text=&#8221;gabbiano-nord&#8221; _builder_version=&#8221;4.16&#8243; _module_preset=&#8221;default&#8221; width=&#8221;123%&#8221; width_tablet=&#8221;&#8221; width_phone=&#8221;122%&#8221; width_last_edited=&#8221;on|phone&#8221; custom_margin=&#8221;-142px|||-8vw|false|false&#8221; border_width_all=&#8221;9px&#8221; border_color_all=&#8221;#FFFFFF&#8221; box_shadow_style=&#8221;preset3&#8243; box_shadow_horizontal=&#8221;20px&#8221; box_shadow_vertical=&#8221;60px&#8221; box_shadow_blur=&#8221;180px&#8221; box_shadow_spread=&#8221;-20px&#8221; box_shadow_color=&#8221;rgba(0,0,0,0.64)&#8221; global_colors_info=&#8221;{}&#8221;][\/et_pb_image][\/et_pb_column][\/et_pb_row][et_pb_row padding_top_bottom_link_1=&#8221;false&#8221; padding_left_right_link_1=&#8221;false&#8221; _builder_version=&#8221;4.16&#8243; background_color=&#8221;#fe533a&#8221; width_tablet=&#8221;&#8221; width_phone=&#8221;100%&#8221; width_last_edited=&#8221;on|desktop&#8221; max_width=&#8221;none&#8221; module_alignment=&#8221;right&#8221; custom_padding=&#8221;60px||||false|false&#8221; global_colors_info=&#8221;{}&#8221;][et_pb_column type=&#8221;4_4&#8243; _builder_version=&#8221;4.16&#8243; custom_padding=&#8221;|10vw|80px|100px&#8221; custom_padding_tablet=&#8221;||40px|40px&#8221; custom_padding_phone=&#8221;&#8221; custom_padding_last_edited=&#8221;on|phone&#8221; global_colors_info=&#8221;{}&#8221; custom_padding__hover=&#8221;|||&#8221;][et_pb_text _builder_version=&#8221;4.16&#8243; text_font=&#8221;||||||||&#8221; text_font_size=&#8221;16px&#8221; text_line_height=&#8221;1.9em&#8221; header_3_font=&#8221;Lato|700|||||||&#8221; header_3_font_size=&#8221;20px&#8221; header_3_line_height=&#8221;1.4em&#8221; background_layout=&#8221;dark&#8221; width=&#8221;100%&#8221; max_width=&#8221;800px&#8221; max_width_tablet=&#8221;100%&#8221; max_width_phone=&#8221;&#8221; max_width_last_edited=&#8221;on|tablet&#8221; custom_margin_tablet=&#8221;||30px&#8221; custom_margin_last_edited=&#8221;off|desktop&#8221; text_font_size_tablet=&#8221;&#8221; text_font_size_phone=&#8221;15px&#8221; text_font_size_last_edited=&#8221;on|phone&#8221; locked=&#8221;off&#8221; global_colors_info=&#8221;{}&#8221;]<\/p>\n<h3>Cosa possiamo fare a Cal\u00f3 Roig?<\/h3>\n<p>Sebbene si tratti di una localit\u00e0 cos\u00ec piccola, non ci sono servizi nella zona, la sua vicinanza a Cala Alcaufar ci permette di godere delle comodit\u00e0 che questa offre (ristoranti, hotel, supermercati, ecc.). Infatti, a soli 5 minuti di auto si trovano ristoranti come il Piccolo Mundo (cucina tradizionale) e strutture ricettive come l&#8217;hotel 4 stelle Alcaufar Vell, entrambi molto apprezzati.<\/p>\n<p>Inoltre, a pochi metri da Cal\u00f3 Roig, si trova anche la Torre de Defensa de Alcaufar, una torre del XVIII secolo che pu\u00f2 essere visitata.<\/p>\n<p>[\/et_pb_text][\/et_pb_column][\/et_pb_row][\/et_pb_section][et_pb_section fb_built=&#8221;1&#8243; _builder_version=&#8221;4.16.0&#8243; _module_preset=&#8221;default&#8221; global_colors_info=&#8221;{}&#8221;][\/et_pb_section][et_pb_section fb_built=&#8221;1&#8243; disabled_on=&#8221;on|on|on&#8221; admin_label=&#8221;Details&#8221; _builder_version=&#8221;4.27.0&#8243; disabled=&#8221;on&#8221; locked=&#8221;off&#8221; global_colors_info=&#8221;{}&#8221;][et_pb_row column_structure=&#8221;1_3,1_3,1_3&#8243; _builder_version=&#8221;4.16.0&#8243; _module_preset=&#8221;default&#8221; min_height=&#8221;461.8px&#8221; global_colors_info=&#8221;{}&#8221;][et_pb_column type=&#8221;1_3&#8243; _builder_version=&#8221;4.16.0&#8243; _module_preset=&#8221;default&#8221; global_colors_info=&#8221;{}&#8221;][et_pb_blurb title=&#8221;NOLEGGIARE PADDLE SURF&#8221; image=&#8221;https:\/\/calasenmenorca.com\/wp-content\/uploads\/2022\/08\/Paddle3.jpg&#8221; image_icon_width=&#8221;100%&#8221; _builder_version=&#8221;4.16.0&#8243; _module_preset=&#8221;default&#8221; min_height=&#8221;253px&#8221; locked=&#8221;off&#8221; global_colors_info=&#8221;{}&#8221;]<\/p>\n<p>Raggiungete le calette pi\u00f9 inospitali o addentratevi nelle misteriose grotte che quest&#8217;isola ha da offrire. Venite a conoscerci e noleggiate una tavola con i vostri amici, la vostra famiglia o il vostro partner.<\/p>\n<p>[\/et_pb_blurb][\/et_pb_column][et_pb_column type=&#8221;1_3&#8243; _builder_version=&#8221;4.16.0&#8243; _module_preset=&#8221;default&#8221; global_colors_info=&#8221;{}&#8221;][et_pb_image src=&#8221;https:\/\/calasenmenorca.com\/wp-content\/uploads\/2022\/08\/Deportes-Nauticos-1.png&#8221; title_text=&#8221;Sport acquatici&#8221; _builder_version=&#8221;4.16.0&#8243; _module_preset=&#8221;default&#8221; min_height=&#8221;328.8px&#8221; custom_margin=&#8221;||68px|||&#8221; custom_padding=&#8221;||41px|||&#8221; global_colors_info=&#8221;{}&#8221;][\/et_pb_image][\/et_pb_column][et_pb_column type=&#8221;1_3&#8243; _builder_version=&#8221;4.16.0&#8243; _module_preset=&#8221;default&#8221; global_colors_info=&#8221;{}&#8221;][et_pb_blurb title=&#8221;NOLEGGIO SCUBAJET&#8221; image=&#8221;https:\/\/calasenmenorca.com\/wp-content\/uploads\/2022\/08\/SCUBAJET-UNDERWATER-ACTION.jpeg&#8221; image_icon_width=&#8221;115%&#8221; content_max_width=&#8221;618px&#8221; _builder_version=&#8221;4.16.0&#8243; _module_preset=&#8221;default&#8221; min_height=&#8221;403.6px&#8221; global_colors_info=&#8221;{}&#8221;]<\/p>\n<p>Immergetevi pi\u00f9 in profondit\u00e0 durante le vostre immersioni spingendovi con meno sforzo o incorporatela nel vostro paddle surf per le distanze pi\u00f9 lunghe.<\/p>\n<p>[\/et_pb_blurb][\/et_pb_column][\/et_pb_row][et_pb_row _builder_version=&#8221;4.16.0&#8243; _module_preset=&#8221;default&#8221; global_colors_info=&#8221;{}&#8221;][et_pb_column type=&#8221;4_4&#8243; _builder_version=&#8221;4.16.0&#8243; _module_preset=&#8221;default&#8221; global_colors_info=&#8221;{}&#8221;][et_pb_button button_url=&#8221;https:\/\/barcosenmenorca.com\/juguetes-precios-y-reservas\/&#8221; button_text=&#8221;Non perdete questa opportunit\u00e0, prenotate subito!&#8221; _builder_version=&#8221;4.16.0&#8243; _module_preset=&#8221;default&#8221; global_colors_info=&#8221;{}&#8221;][\/et_pb_button][\/et_pb_column][\/et_pb_row][\/et_pb_section][et_pb_section fb_built=&#8221;1&#8243; admin_label=&#8221;Details&#8221; _builder_version=&#8221;4.16&#8243; locked=&#8221;off&#8221; global_colors_info=&#8221;{}&#8221;][et_pb_row column_structure=&#8221;1_2,1_2&#8243; _builder_version=&#8221;4.16&#8243; global_colors_info=&#8221;{}&#8221;][et_pb_column type=&#8221;1_2&#8243; _builder_version=&#8221;4.16&#8243; custom_padding=&#8221;|||&#8221; global_colors_info=&#8221;{}&#8221; custom_padding__hover=&#8221;|||&#8221;][et_pb_text _builder_version=&#8221;4.16&#8243; text_font=&#8221;||||||||&#8221; header_font=&#8221;||||||||&#8221; header_2_font=&#8221;PT Serif|700|||||||&#8221; header_2_font_size=&#8221;60px&#8221; header_2_line_height=&#8221;1.2em&#8221; text_orientation=&#8221;justified&#8221; max_width=&#8221;600px&#8221; custom_margin=&#8221;||15px&#8221; header_2_font_size_tablet=&#8221;42px&#8221; header_2_font_size_phone=&#8221;30px&#8221; header_2_font_size_last_edited=&#8221;on|tablet&#8221; locked=&#8221;off&#8221; global_colors_info=&#8221;{}&#8221;]<\/p>\n<h2 style=\"text-align: left;\">Come raggiungere Cal\u00f3 Roig in barca?<\/h2>\n<p style=\"text-align: justify;\">\n<p>[\/et_pb_text][\/et_pb_column][et_pb_column type=&#8221;1_2&#8243; _builder_version=&#8221;4.16&#8243; custom_padding=&#8221;|||&#8221; global_colors_info=&#8221;{}&#8221; custom_padding__hover=&#8221;|||&#8221;][et_pb_text _builder_version=&#8221;4.16&#8243; text_font=&#8221;Lato||||||||&#8221; text_font_size=&#8221;15px&#8221; text_line_height=&#8221;1.8em&#8221; custom_margin=&#8221;||||false|false&#8221; text_font_size_tablet=&#8221;&#8221; text_font_size_phone=&#8221;15px&#8221; text_font_size_last_edited=&#8221;on|desktop&#8221; locked=&#8221;off&#8221; global_colors_info=&#8221;{}&#8221;]<\/p>\n<p style=\"text-align: justify;\">Per raggiungere Cal\u00f3 Roig in barca, si parte dal porto di Mah\u00f3n in direzione SE. Navigheremo lungo la costa, lasciando Illa del Rei in porto.<\/p>\n<p style=\"text-align: justify;\">Proseguiamo verso il mare aperto, lasciando a dritta il faro di Punta de Sant Carles.<\/p>\n<p style=\"text-align: justify;\">Seguendo la costa in direzione sud e una volta superato il piccolo promontorio di Na Girada e Punta Rafalet, troveremo Cal\u00f3 Roig a dritta e potremo avvicinarci dal suo lato NE.<\/p>\n<p>[\/et_pb_text][\/et_pb_column][\/et_pb_row][\/et_pb_section][et_pb_section fb_built=&#8221;1&#8243; admin_label=&#8221;Footer&#8221; _builder_version=&#8221;4.16&#8243; use_background_color_gradient=&#8221;on&#8221; background_color_gradient_stops=&#8221;#ffffff 0%|rgba(36,46,66,0) 75%&#8221; background_color_gradient_overlays_image=&#8221;on&#8221; background_color_gradient_start=&#8221;#ffffff&#8221; background_color_gradient_end=&#8221;rgba(36,46,66,0)&#8221; background_color_gradient_end_position=&#8221;75%&#8221; background_image=&#8221;https:\/\/calasenmenorca.com\/wp-content\/uploads\/2021\/08\/background-dawn.jpg&#8221; custom_padding=&#8221;||20vw&#8221; top_divider_style=&#8221;waves2&#8243; top_divider_color=&#8221;#f5f5f5&#8243; locked=&#8221;off&#8221; global_colors_info=&#8221;{}&#8221;][et_pb_row _builder_version=&#8221;4.16&#8243; locked=&#8221;off&#8221; global_colors_info=&#8221;{}&#8221;][et_pb_column type=&#8221;4_4&#8243; _builder_version=&#8221;4.16&#8243; custom_padding=&#8221;|||&#8221; global_colors_info=&#8221;{}&#8221; custom_padding__hover=&#8221;|||&#8221;][et_pb_text _builder_version=&#8221;4.16&#8243; text_font=&#8221;||||||||&#8221; header_font=&#8221;||||||||&#8221; header_2_font=&#8221;PT Serif|700|||||||&#8221; header_2_font_size=&#8221;60px&#8221; header_2_line_height=&#8221;1.2em&#8221; text_orientation=&#8221;center&#8221; max_width=&#8221;600px&#8221; module_alignment=&#8221;center&#8221; custom_margin=&#8221;||15px&#8221; header_2_font_size_tablet=&#8221;42px&#8221; header_2_font_size_phone=&#8221;30px&#8221; header_2_font_size_last_edited=&#8221;on|tablet&#8221; locked=&#8221;off&#8221; global_colors_info=&#8221;{}&#8221;]<\/p>\n<h2>Volete andare a Cal\u00f3 Roig in barca?<\/h2>\n<p>[\/et_pb_text][et_pb_button button_url=&#8221;https:\/\/barcosenmenorca.com\/es\/&#8221; url_new_window=&#8221;on&#8221; button_text=&#8221;OFFERTE PER ANDARE IN BARCA&#8221; button_alignment=&#8221;center&#8221; _builder_version=&#8221;4.16&#8243; _module_preset=&#8221;default&#8221; custom_css_main_element=&#8221;font-size: 14px !important;||    border-width: 10px !important;||    border-color: rgba(0,0,0,0);||    border-radius: 0px;||    font-family: &#8216;Lato&#8217;,Helvetica, Arial, Lucida, sans-serif !important;||    font-weight: undefined;||color:white;||    font-weight: 700 !important;||    text-transform: uppercase !important;||    letter-spacing: 4px;||    background-image: initial;||    background-color: #ff3314;&#8221; global_colors_info=&#8221;{}&#8221;][\/et_pb_button][\/et_pb_column][\/et_pb_row][et_pb_row _builder_version=&#8221;4.16&#8243; width=&#8221;100%&#8221; max_width=&#8221;none&#8221; locked=&#8221;off&#8221; global_colors_info=&#8221;{}&#8221;][et_pb_column type=&#8221;4_4&#8243; _builder_version=&#8221;4.16&#8243; custom_padding=&#8221;|||&#8221; global_colors_info=&#8221;{}&#8221; custom_padding__hover=&#8221;|||&#8221;][et_pb_image src=&#8221;https:\/\/calasenmenorca.com\/wp-content\/uploads\/2021\/04\/sight-seeing-49.png&#8221; show_bottom_space=&#8221;off&#8221; force_fullwidth=&#8221;on&#8221; _builder_version=&#8221;4.16&#8243; custom_margin=&#8221;||&#8221; global_colors_info=&#8221;{}&#8221;][\/et_pb_image][\/et_pb_column][\/et_pb_row][\/et_pb_section]<\/p>\n","protected":false},"excerpt":{"rendered":"<p>Cal\u00f3 Roig &nbsp; Cal\u00f3 Roig \u00e8 una spiaggia incontaminata situata a sud di Cala Alcaufar. Lunga solo 10 metri e larga 30, questa minuscola caletta non ha quasi spazio per [&hellip;]<\/p>\n","protected":false},"author":1,"featured_media":0,"parent":0,"menu_order":0,"comment_status":"closed","ping_status":"closed","template":"","meta":{"_et_pb_use_builder":"on","_et_pb_old_content":"","_et_gb_content_width":"","_price":"","_stock":"","_tribe_ticket_header":"","_tribe_default_ticket_provider":"","_tribe_ticket_capacity":"0","_ticket_start_date":"","_ticket_end_date":"","_tribe_ticket_show_description":"","_tribe_ticket_show_not_going":false,"_tribe_ticket_use_global_stock":"","_tribe_ticket_global_stock_level":"","_global_stock_mode":"","_global_stock_cap":"","_tribe_rsvp_for_event":"","_tribe_ticket_going_count":"","_tribe_ticket_not_going_count":"","_tribe_tickets_list":"[]","_tribe_ticket_has_attendee_info_fields":false,"footnotes":"","_tec_slr_enabled":"","_tec_slr_layout":""},"class_list":["post-3596","page","type-page","status-publish","hentry"],"yoast_head":"<!-- This site is optimized with the Yoast SEO plugin v25.6 - https:\/\/yoast.com\/wordpress\/plugins\/seo\/ -->\n<title>Cal\u00f3 Roig - Calas en Menorca<\/title>\n<meta name=\"robots\" content=\"index, follow, max-snippet:-1, max-image-preview:large, max-video-preview:-1\" \/>\n<link rel=\"canonical\" href=\"https:\/\/calasenmenorca.com\/it\/calo-roig\" \/>\n<meta property=\"og:locale\" content=\"it_IT\" \/>\n<meta property=\"og:type\" content=\"article\" \/>\n<meta property=\"og:title\" content=\"Cal\u00f3 Roig - Calas en Menorca\" \/>\n<meta property=\"og:description\" content=\"Cal\u00f3 Roig &nbsp; Cal\u00f3 Roig \u00e8 una spiaggia incontaminata situata a sud di Cala Alcaufar. Lunga solo 10 metri e larga 30, questa minuscola caletta non ha quasi spazio per [&hellip;]\" \/>\n<meta property=\"og:url\" content=\"https:\/\/calasenmenorca.com\/it\/calo-roig\" \/>\n<meta property=\"og:site_name\" content=\"Calas en Menorca\" \/>\n<meta property=\"article:modified_time\" content=\"2026-04-23T12:04:43+00:00\" \/>\n<meta name=\"twitter:card\" content=\"summary_large_image\" \/>\n<meta name=\"twitter:label1\" content=\"Tempo di lettura stimato\" \/>\n\t<meta name=\"twitter:data1\" content=\"12 minuti\" \/>\n<script type=\"application\/ld+json\" class=\"yoast-schema-graph\">{\"@context\":\"https:\/\/schema.org\",\"@graph\":[{\"@type\":\"WebPage\",\"@id\":\"https:\/\/calasenmenorca.com\/it\/calo-roig\",\"url\":\"https:\/\/calasenmenorca.com\/it\/calo-roig\",\"name\":\"Cal\u00f3 Roig - Calas en Menorca\",\"isPartOf\":{\"@id\":\"https:\/\/calasenmenorca.com\/#website\"},\"datePublished\":\"2021-04-29T09:18:48+00:00\",\"dateModified\":\"2026-04-23T12:04:43+00:00\",\"breadcrumb\":{\"@id\":\"https:\/\/calasenmenorca.com\/it\/calo-roig#breadcrumb\"},\"inLanguage\":\"it-IT\",\"potentialAction\":[{\"@type\":\"ReadAction\",\"target\":[\"https:\/\/calasenmenorca.com\/it\/calo-roig\"]}]},{\"@type\":\"BreadcrumbList\",\"@id\":\"https:\/\/calasenmenorca.com\/it\/calo-roig#breadcrumb\",\"itemListElement\":[{\"@type\":\"ListItem\",\"position\":1,\"name\":\"Portada\",\"item\":\"https:\/\/calasenmenorca.com\/it\/benvenuti-su-https-calasenmenorca-com\"},{\"@type\":\"ListItem\",\"position\":2,\"name\":\"Cal\u00f3 Roig\"}]},{\"@type\":\"WebSite\",\"@id\":\"https:\/\/calasenmenorca.com\/#website\",\"url\":\"https:\/\/calasenmenorca.com\/\",\"name\":\"Calas en Menorca\",\"description\":\"Las mejores calas de menorca\",\"potentialAction\":[{\"@type\":\"SearchAction\",\"target\":{\"@type\":\"EntryPoint\",\"urlTemplate\":\"https:\/\/calasenmenorca.com\/?s={search_term_string}\"},\"query-input\":{\"@type\":\"PropertyValueSpecification\",\"valueRequired\":true,\"valueName\":\"search_term_string\"}}],\"inLanguage\":\"it-IT\"}]}<\/script>\n<!-- \/ Yoast SEO plugin. -->","yoast_head_json":{"title":"Cal\u00f3 Roig - Calas en Menorca","robots":{"index":"index","follow":"follow","max-snippet":"max-snippet:-1","max-image-preview":"max-image-preview:large","max-video-preview":"max-video-preview:-1"},"canonical":"https:\/\/calasenmenorca.com\/it\/calo-roig","og_locale":"it_IT","og_type":"article","og_title":"Cal\u00f3 Roig - Calas en Menorca","og_description":"Cal\u00f3 Roig &nbsp; Cal\u00f3 Roig \u00e8 una spiaggia incontaminata situata a sud di Cala Alcaufar. Lunga solo 10 metri e larga 30, questa minuscola caletta non ha quasi spazio per [&hellip;]","og_url":"https:\/\/calasenmenorca.com\/it\/calo-roig","og_site_name":"Calas en Menorca","article_modified_time":"2026-04-23T12:04:43+00:00","twitter_card":"summary_large_image","twitter_misc":{"Tempo di lettura stimato":"12 minuti"},"schema":{"@context":"https:\/\/schema.org","@graph":[{"@type":"WebPage","@id":"https:\/\/calasenmenorca.com\/it\/calo-roig","url":"https:\/\/calasenmenorca.com\/it\/calo-roig","name":"Cal\u00f3 Roig - Calas en Menorca","isPartOf":{"@id":"https:\/\/calasenmenorca.com\/#website"},"datePublished":"2021-04-29T09:18:48+00:00","dateModified":"2026-04-23T12:04:43+00:00","breadcrumb":{"@id":"https:\/\/calasenmenorca.com\/it\/calo-roig#breadcrumb"},"inLanguage":"it-IT","potentialAction":[{"@type":"ReadAction","target":["https:\/\/calasenmenorca.com\/it\/calo-roig"]}]},{"@type":"BreadcrumbList","@id":"https:\/\/calasenmenorca.com\/it\/calo-roig#breadcrumb","itemListElement":[{"@type":"ListItem","position":1,"name":"Portada","item":"https:\/\/calasenmenorca.com\/it\/benvenuti-su-https-calasenmenorca-com"},{"@type":"ListItem","position":2,"name":"Cal\u00f3 Roig"}]},{"@type":"WebSite","@id":"https:\/\/calasenmenorca.com\/#website","url":"https:\/\/calasenmenorca.com\/","name":"Calas en Menorca","description":"Las mejores calas de menorca","potentialAction":[{"@type":"SearchAction","target":{"@type":"EntryPoint","urlTemplate":"https:\/\/calasenmenorca.com\/?s={search_term_string}"},"query-input":{"@type":"PropertyValueSpecification","valueRequired":true,"valueName":"search_term_string"}}],"inLanguage":"it-IT"}]}},"ticketed":false,"_links":{"self":[{"href":"https:\/\/calasenmenorca.com\/it\/wp-json\/wp\/v2\/pages\/3596"}],"collection":[{"href":"https:\/\/calasenmenorca.com\/it\/wp-json\/wp\/v2\/pages"}],"about":[{"href":"https:\/\/calasenmenorca.com\/it\/wp-json\/wp\/v2\/types\/page"}],"author":[{"embeddable":true,"href":"https:\/\/calasenmenorca.com\/it\/wp-json\/wp\/v2\/users\/1"}],"replies":[{"embeddable":true,"href":"https:\/\/calasenmenorca.com\/it\/wp-json\/wp\/v2\/comments?post=3596"}],"version-history":[{"count":17,"href":"https:\/\/calasenmenorca.com\/it\/wp-json\/wp\/v2\/pages\/3596\/revisions"}],"predecessor-version":[{"id":10314,"href":"https:\/\/calasenmenorca.com\/it\/wp-json\/wp\/v2\/pages\/3596\/revisions\/10314"}],"wp:attachment":[{"href":"https:\/\/calasenmenorca.com\/it\/wp-json\/wp\/v2\/media?parent=3596"}],"curies":[{"name":"wp","href":"https:\/\/api.w.org\/{rel}","templated":true}]}}