{"id":3885,"date":"2021-04-29T09:40:00","date_gmt":"2021-04-29T09:40:00","guid":{"rendered":"https:\/\/calasenmenorca.com\/cala-tamarells-des-nord"},"modified":"2025-09-16T09:20:16","modified_gmt":"2025-09-16T09:20:16","slug":"cala-tamarells-des-nord","status":"publish","type":"page","link":"https:\/\/calasenmenorca.com\/it\/cala-tamarells-des-nord","title":{"rendered":"Cala Tamarells des Nord"},"content":{"rendered":"<p>[et_pb_section fb_built=&#8221;1&#8243; admin_label=&#8221;Header&#8221; _builder_version=&#8221;4.16&#8243; use_background_color_gradient=&#8221;on&#8221; background_color_gradient_direction=&#8221;90deg&#8221; background_color_gradient_stops=&#8221;rgba(36,46,66,0.5) 0%|rgba(36,46,66,0.8) 61%&#8221; background_color_gradient_overlays_image=&#8221;on&#8221; background_color_gradient_start=&#8221;rgba(36,46,66,0.5)&#8221; background_color_gradient_end=&#8221;rgba(36,46,66,0.8)&#8221; background_color_gradient_end_position=&#8221;61%&#8221; background_image=&#8221;https:\/\/calasenmenorca.com\/wp-content\/uploads\/2021\/08\/tamarells-upp-and-down.jpg&#8221; background_position=&#8221;bottom_center&#8221; custom_padding=&#8221;||0px|||&#8221; locked=&#8221;off&#8221; global_colors_info=&#8221;{}&#8221;][et_pb_row _builder_version=&#8221;4.16&#8243; width=&#8221;90%&#8221; max_width=&#8221;1215px&#8221; global_colors_info=&#8221;{}&#8221;][et_pb_column type=&#8221;4_4&#8243; _builder_version=&#8221;4.16&#8243; custom_padding=&#8221;|||&#8221; global_colors_info=&#8221;{}&#8221; custom_padding__hover=&#8221;|||&#8221;][et_pb_text _builder_version=&#8221;4.16&#8243; text_font=&#8221;Lato||||||||&#8221; text_font_size=&#8221;16px&#8221; text_line_height=&#8221;1.8em&#8221; header_font=&#8221;PT Serif|700|||||||&#8221; header_font_size=&#8221;80px&#8221; header_line_height=&#8221;1.2em&#8221; text_orientation=&#8221;justified&#8221; background_layout=&#8221;dark&#8221; min_height=&#8221;550px&#8221; min_height_tablet=&#8221;&#8221; min_height_phone=&#8221;&#8221; min_height_last_edited=&#8221;on|desktop&#8221; custom_margin=&#8221;|||||false&#8221; custom_padding=&#8221;40px|40px|40px|40px|true|true&#8221; text_font_size_tablet=&#8221;&#8221; text_font_size_phone=&#8221;14px&#8221; text_font_size_last_edited=&#8221;on|phone&#8221; header_font_size_tablet=&#8221;60px&#8221; header_font_size_phone=&#8221;36px&#8221; header_font_size_last_edited=&#8221;on|phone&#8221; border_width_all=&#8221;40px&#8221; border_color_all=&#8221;#ffd400&#8243; border_width_all_tablet=&#8221;&#8221; border_width_all_phone=&#8221;3px&#8221; border_width_all_last_edited=&#8221;on|desktop&#8221; global_colors_info=&#8221;{}&#8221;]<\/p>\n<h1>Baia di Tamarells<\/h1>\n<h2>Un paradiso da scoprire<\/h2>\n<p><span>Cala Tamarells \u00e8 una piccola cala sulla costa settentrionale di Minorca, situata a nord di Fondejador des Llanes.  <\/span><\/p>\n<p><span>Questa cala si trova a met\u00e0 strada tra Es Grau e il faro di Fav\u00e0ritx.  <\/span><span>Il suo difficile accesso da terra lo rende un luogo poco frequentato e per raggiungerlo \u00e8 necessaria una breve escursione.  <\/span><\/p>\n<p><span>Si tratta di una spiaggia completamente incontaminata e isolata, situata in un ambiente naturale privilegiato.<\/span><span>spiaggia completamente incontaminata e isolata, situata in un ambiente naturale privilegiato e divisa in due calette: Tamarells des Nord (situata, come suggerisce il nome, a nord della cala e molto bassa) e Tamarells des Sud.<\/span><\/p>\n<p><span>Dalla cala si vede all&#8217;orizzonte la Illa d&#8217;en Colom, situata proprio di fronte alla cala, che costituisce una barriera protettiva naturale contro i venti che sferzano l&#8217;isola. Da Tamarells des Sud si pu\u00f2 vedere anche una delle antiche torri di difesa di Minorca, nota come Torre de Tamarells o Torre de Rambla (costruita all&#8217;inizio del XIX secolo dagli inglesi).<\/span><\/p>\n<p><span><\/span><\/p>\n<h2><span>I nomi vengono ripetuti pi\u00f9 volte<\/span><\/h2>\n<p><span>Quando si cercano informazioni su calette e altri luoghi di interesse dell&#8217;isola, \u00e8 importante sapere cosa si sta cercando e, soprattutto, dove lo si sta cercando.<\/span><\/p>\n<p><span>La presenza di nomi che si ripetono \u00e8 una costante tra le isole (ad esempio, possiamo notare che la cala Mitjana di Minorca ha un omonimo sull&#8217;isola di Maiorca) ma, in questo caso, possiamo scoprire che ci\u00f2 accade anche con luoghi della stessa isola di Minorca.<\/span><\/p>\n<p><span>Cos\u00ec, se cerchiamo Tamarells, troveremo due luoghi diversi: da un lato, c&#8217;\u00e8 la Cala Tamarells qui descritta (che comprende Tamarells des Nord e Tamarells des Sud) sulla costa settentrionale di Minorca e, dall&#8217;altro, c&#8217;\u00e8 Els Tamarells, una piccola spiaggia situata sul lato occidentale dell&#8217;isola di Colom (un isolotto situato proprio di fronte a Cala Tamarells).<\/span><\/p>\n<p><span>La confusione dilaga.<br \/><\/span><\/p>\n<p>[\/et_pb_text][\/et_pb_column][\/et_pb_row][et_pb_row _builder_version=&#8221;4.16&#8243; width=&#8221;100%&#8221; max_width=&#8221;none&#8221; custom_padding=&#8221;0px||1px|||&#8221; global_colors_info=&#8221;{}&#8221;][et_pb_column type=&#8221;4_4&#8243; _builder_version=&#8221;4.16&#8243; custom_padding=&#8221;|||&#8221; global_colors_info=&#8221;{}&#8221; custom_padding__hover=&#8221;|||&#8221;][et_pb_image src=&#8221;https:\/\/calasenmenorca.com\/wp-content\/uploads\/2021\/04\/sight-seeing-52.png&#8221; force_fullwidth=&#8221;on&#8221; _builder_version=&#8221;4.16&#8243; custom_margin=&#8221;-9vw||-1px||false|&#8221; custom_margin_tablet=&#8221;0vw|||&#8221; custom_margin_phone=&#8221;&#8221; custom_margin_last_edited=&#8221;on|desktop&#8221; global_colors_info=&#8221;{}&#8221;][\/et_pb_image][\/et_pb_column][\/et_pb_row][\/et_pb_section][et_pb_section fb_built=&#8221;1&#8243; admin_label=&#8221;CTA&#8221; _builder_version=&#8221;4.16&#8243; z_index=&#8221;10&#8243; custom_padding=&#8221;130px||3px||false|false&#8221; locked=&#8221;off&#8221; global_colors_info=&#8221;{}&#8221;][et_pb_row column_structure=&#8221;3_5,2_5&#8243; _builder_version=&#8221;4.16&#8243; _module_preset=&#8221;default&#8221; max_width=&#8221;1600px&#8221; custom_margin=&#8221;-100px||||false|false&#8221; global_colors_info=&#8221;{}&#8221;][et_pb_column type=&#8221;3_5&#8243; _builder_version=&#8221;4.16&#8243; _module_preset=&#8221;default&#8221; global_colors_info=&#8221;{}&#8221;][et_pb_code _builder_version=&#8221;4.27.0&#8243; _module_preset=&#8221;default&#8221; global_colors_info=&#8221;{}&#8221;]<iframe src=\"https:\/\/www.google.com\/maps\/embed?pb=!1m18!1m12!1m3!1d15051.643442230461!2d4.252499871705994!3d39.96125564118739!2m3!1f0!2f0!3f0!3m2!1i1024!2i768!4f13.1!3m3!1m2!1s0x12be28e8ecce0199%3A0xb1944c202044c06b!2sTamarells%20del%20Nord!5e1!3m2!1ses!2ses!4v1724160659403!5m2!1ses!2ses\" width=\"640\" height=\"520\" style=\"border:0;\" allowfullscreen=\"\" loading=\"lazy\" referrerpolicy=\"no-referrer-when-downgrade\"><\/iframe>[\/et_pb_code][et_pb_code _builder_version=&#8221;4.27.0&#8243; _module_preset=&#8221;default&#8221; global_colors_info=&#8221;{}&#8221;]<iframe src=\"https:\/\/www.google.com\/maps\/embed?pb=!4v1730815836218!6m8!1m7!1sCAoSLEFGMVFpcE9ob2w1dmU1enJvN2tZX2dkc016LWM3OGdsUVc2RGY0VDZMWndE!2m2!1d39.96192172897851!2d4.263285208009539!3f91.33309825128018!4f-7.5500452263055!5f0.7820865974627469\" width=\"640\" height=\"450\" style=\"border:0;\" allowfullscreen=\"\" loading=\"lazy\" referrerpolicy=\"no-referrer-when-downgrade\"><\/iframe>[\/et_pb_code][\/et_pb_column][et_pb_column type=&#8221;2_5&#8243; _builder_version=&#8221;4.16&#8243; _module_preset=&#8221;default&#8221; global_colors_info=&#8221;{}&#8221;][et_pb_text _builder_version=&#8221;4.16&#8243; _module_preset=&#8221;default&#8221; global_colors_info=&#8221;{}&#8221;]<\/p>\n<p>Nome<strong>:<\/strong> <strong>Tamarells des Nord<\/strong><\/p>\n<p>Posizione<span>: <strong>Zona Nord I (39\u00b057&#8217;40.7 &#8220;N 4\u00b015&#8217;54.3 &#8220;E)<\/strong><\/span><\/p>\n<p>Distanza da Mah\u00f3n <span>: <strong>10&#8217;9 MN \/ 19&#8217;9 km<\/strong><\/span><\/p>\n<p>Tempo da Mah\u00f3n<span>: <strong>55 min in barca (velocit\u00e0 media: 15 nodi) \/ 40 min in auto<\/strong><\/span><\/p>\n<p>Tipo di spiaggia: <strong>Sabbia<\/strong><\/p>\n<p>Ancoraggio con barca<span>:  <strong>Sabbia e pietre. L&#8217;ancoraggio deve essere effettuato in un&#8217;ampia zona di sabbia situata all&#8217;esterno della cala, di fronte al Fondejador des Llanes e al di fuori dell&#8217;area limitata dalla posidonia.<\/strong><\/span><\/p>\n<p>Accesso pericoloso in barca:  <strong>Media. Molto poco profondo all&#8217;interno della baia. All&#8217;esterno, a nord, c&#8217;\u00e8 una batteria di scogli abbastanza visibili.<\/strong><\/p>\n<p>Posidonia<span>: <strong>S\u00ec<\/strong><\/span><\/p>\n<p>Accesso alla terraferma in barca:  <span><strong>  La scarsa profondit\u00e0 di questa baia non consente l&#8217;ingresso di imbarcazioni. Occorre prestare attenzione alle alghe e ai fondali rocciosi.<\/strong><\/span><strong><\/strong><\/p>\n<p>Stazione di servizio pi\u00f9 vicina per le barche: <strong>9&#8217;8 MN, Mah\u00f3n<\/strong><\/p>\n<p>&nbsp;<\/p>\n<p>[\/et_pb_text][\/et_pb_column][\/et_pb_row][\/et_pb_section][et_pb_section fb_built=&#8221;1&#8243; _builder_version=&#8221;4.27.0&#8243; _module_preset=&#8221;default&#8221; hover_enabled=&#8221;0&#8243; global_colors_info=&#8221;{}&#8221; module_class=&#8221;servicios&#8221; sticky_enabled=&#8221;0&#8243;][et_pb_row _builder_version=&#8221;4.16&#8243; _module_preset=&#8221;default&#8221; global_colors_info=&#8221;{}&#8221;][et_pb_column type=&#8221;4_4&#8243; _builder_version=&#8221;4.16&#8243; _module_preset=&#8221;default&#8221; global_colors_info=&#8221;{}&#8221;][et_pb_text _builder_version=&#8221;4.16&#8243; _module_preset=&#8221;default&#8221; global_colors_info=&#8221;{}&#8221;]<\/p>\n<h2 style=\"text-align: center;\"><strong>SERVIZI<\/strong><\/h2>\n<p>[\/et_pb_text][\/et_pb_column][\/et_pb_row][et_pb_row column_structure=&#8221;1_3,1_3,1_3&#8243; _builder_version=&#8221;4.27.0&#8243; _module_preset=&#8221;default&#8221; width=&#8221;30%&#8221; hover_enabled=&#8221;0&#8243; locked=&#8221;off&#8221; global_colors_info=&#8221;{}&#8221; width_last_edited=&#8221;on|phone&#8221; sticky_enabled=&#8221;0&#8243; width_phone=&#8221;95%&#8221; width_tablet=&#8221;30%&#8221;][et_pb_column type=&#8221;1_3&#8243; _builder_version=&#8221;4.16&#8243; _module_preset=&#8221;default&#8221; global_colors_info=&#8221;{}&#8221;][et_pb_image src=&#8221;https:\/\/calasenmenorca.com\/wp-content\/uploads\/2021\/08\/sin-servicios.jpg&#8221; title_text=&#8221;no-servizi&#8221; _builder_version=&#8221;4.16&#8243; _module_preset=&#8221;default&#8221; global_colors_info=&#8221;{}&#8221;][\/et_pb_image][et_pb_text _builder_version=&#8221;4.16&#8243; _module_preset=&#8221;default&#8221; global_colors_info=&#8221;{}&#8221;]<\/p>\n<p style=\"text-align: center;\">NESSUN SERVIZIO<\/p>\n<p>[\/et_pb_text][\/et_pb_column][et_pb_column type=&#8221;1_3&#8243; _builder_version=&#8221;4.16&#8243; _module_preset=&#8221;default&#8221; global_colors_info=&#8221;{}&#8221;][et_pb_image src=&#8221;https:\/\/calasenmenorca.com\/wp-content\/uploads\/2021\/08\/peaton.jpg&#8221; title_text=&#8221;pedonale&#8221; _builder_version=&#8221;4.16&#8243; _module_preset=&#8221;default&#8221; global_colors_info=&#8221;{}&#8221;][\/et_pb_image][et_pb_text _builder_version=&#8221;4.16&#8243; _module_preset=&#8221;default&#8221; global_colors_info=&#8221;{}&#8221;]<\/p>\n<p style=\"text-align: center;\">CAMMINARE 1600 m<\/p>\n<p>[\/et_pb_text][\/et_pb_column][et_pb_column type=&#8221;1_3&#8243; _builder_version=&#8221;4.16&#8243; _module_preset=&#8221;default&#8221; global_colors_info=&#8221;{}&#8221;][et_pb_image src=&#8221;https:\/\/calasenmenorca.com\/wp-content\/uploads\/2021\/08\/nudista.jpg&#8221; title_text=&#8221;nudista&#8221; _builder_version=&#8221;4.16&#8243; _module_preset=&#8221;default&#8221; global_colors_info=&#8221;{}&#8221;][\/et_pb_image][et_pb_text _builder_version=&#8221;4.16&#8243; _module_preset=&#8221;default&#8221; global_colors_info=&#8221;{}&#8221;]<\/p>\n<p style=\"text-align: center;\">NUDISTA<\/p>\n<p>[\/et_pb_text][\/et_pb_column][\/et_pb_row][\/et_pb_section][et_pb_section fb_built=&#8221;1&#8243; _builder_version=&#8221;4.16&#8243; _module_preset=&#8221;default&#8221; global_colors_info=&#8221;{}&#8221;][et_pb_row _builder_version=&#8221;4.16&#8243; _module_preset=&#8221;default&#8221; global_colors_info=&#8221;{}&#8221;][et_pb_column type=&#8221;4_4&#8243; _builder_version=&#8221;4.16&#8243; _module_preset=&#8221;default&#8221; global_colors_info=&#8221;{}&#8221;][et_pb_text _builder_version=&#8221;4.16&#8243; _module_preset=&#8221;default&#8221; global_colors_info=&#8221;{}&#8221;]<\/p>\n<h2 style=\"text-align: center;\"><strong>Servizi vicino a Cala Tamarells<\/strong><\/h2>\n<p>[\/et_pb_text][et_pb_text _builder_version=&#8221;4.16&#8243; _module_preset=&#8221;default&#8221; global_colors_info=&#8221;{}&#8221;]<\/p>\n<p style=\"text-align: center;\"><strong>NESSUN SERVIZIO NELLE VICINANZE* NESSUN SERVIZIO NELLE VICINANZE* NESSUN SERVIZIO NELLE VICINANZE* NESSUN SERVIZIO NELLE VICINANZE* NESSUN SERVIZIO NELLE VICINANZE<\/strong><\/p>\n<p style=\"text-align: center;\"><span style=\"font-size: x-small;\">*Sono considerati &#8220;vicini&#8221; se si trovano in un raggio di circa 250-300 metri.<\/span><\/p>\n<p>[\/et_pb_text][\/et_pb_column][\/et_pb_row][\/et_pb_section][et_pb_section fb_built=&#8221;1&#8243; admin_label=&#8221;CTA&#8221; _builder_version=&#8221;4.16&#8243; z_index=&#8221;10&#8243; custom_margin=&#8221;0px||||false|false&#8221; custom_padding=&#8221;0px||||false|false&#8221; locked=&#8221;off&#8221; global_colors_info=&#8221;{}&#8221;][et_pb_row _builder_version=&#8221;4.16&#8243; background_color=&#8221;#ffffff&#8221; custom_margin=&#8221;|auto||auto|false|false&#8221; custom_padding=&#8221;80px|20px|80px|20px|true|true&#8221; box_shadow_style=&#8221;preset3&#8243; box_shadow_horizontal=&#8221;5px&#8221; box_shadow_vertical=&#8221;25px&#8221; box_shadow_blur=&#8221;105px&#8221; box_shadow_spread=&#8221;-30px&#8221; box_shadow_color=&#8221;rgba(0,0,0,0.25)&#8221; locked=&#8221;off&#8221; global_colors_info=&#8221;{}&#8221;][et_pb_column type=&#8221;4_4&#8243; _builder_version=&#8221;4.16&#8243; custom_padding=&#8221;|||&#8221; global_colors_info=&#8221;{}&#8221; custom_padding__hover=&#8221;|||&#8221;][et_pb_text _builder_version=&#8221;4.16&#8243; text_font=&#8221;Lato||||||||&#8221; text_font_size=&#8221;15px&#8221; text_line_height=&#8221;1.8em&#8221; header_font=&#8221;||||||||&#8221; header_2_font=&#8221;PT Serif|700|||||||&#8221; header_2_font_size=&#8221;64px&#8221; header_2_line_height=&#8221;1.2em&#8221; text_orientation=&#8221;center&#8221; width_tablet=&#8221;600px&#8221; width_phone=&#8221;400px&#8221; width_last_edited=&#8221;off|phone&#8221; max_width=&#8221;850px&#8221; max_width_tablet=&#8221;&#8221; max_width_phone=&#8221;&#8221; max_width_last_edited=&#8221;on|desktop&#8221; module_alignment=&#8221;center&#8221; custom_margin=&#8221;||15px&#8221; text_font_size_tablet=&#8221;&#8221; text_font_size_phone=&#8221;15px&#8221; text_font_size_last_edited=&#8221;on|desktop&#8221; header_2_font_size_tablet=&#8221;44px&#8221; header_2_font_size_phone=&#8221;28px&#8221; header_2_font_size_last_edited=&#8221;on|phone&#8221; locked=&#8221;off&#8221; global_colors_info=&#8221;{}&#8221;]<\/p>\n<h2 class=\"Cuerpo\"><span lang=\"ES-TRAD\">Cala Tamarells a Minorca, come arrivare?<o:p><\/o:p><\/span><\/h2>\n<p class=\"Cuerpo\" style=\"text-align: justify;\">Per arrivare in <strong>strada<\/strong>, partendo da Mah\u00f3n, seguire le indicazioni per Ronda de Ma\u00f3. Alla rotonda prendere la seconda uscita in direzione Carrer de ses Quatre Bosques.<\/p>\n<p class=\"Cuerpo\" style=\"text-align: justify;\">Alla rotonda successiva, prendere la seconda uscita per proseguire lungo la Ronda de Ma\u00f3. Proseguite lungo questa strada fino a quando non vedrete le indicazioni per l&#8217;uscita della Me-7.<\/p>\n<p class=\"Cuerpo\" style=\"text-align: justify;\">Una volta arrivati, girate due volte a destra e proseguite sulla Carretera de Fav\u00e0ritx \/ CF-1. <br \/>Gira di nuovo a destra per raggiungere il Cam\u00ed de Tordonell e poi a sinistra per proseguire lungo il Cam\u00ed de sa Torre Blanca. Da qui, devi girare a destra 3 volte per avvicinarti alla tua destinazione. Tuttavia, per raggiungere effettivamente la spiaggia \u00e8 necessario percorrere un tratto a piedi.<\/p>\n<p class=\"Cuerpo\" style=\"text-align: justify;\">La cala di Tamarells fa parte del <strong>Cam\u00ed de Cavalls<\/strong>. Se vogliamo seguire questo percorso, possiamo farlo da Es Grau (dove possiamo arrivare in auto e parcheggiare in uno dei parcheggi della zona) o possiamo anche iniziare il viaggio dal porto di Mah\u00f3n, da dove dobbiamo partire in direzione Fornells e poi prendere la svolta a destra che indica la strada per Es Grau.<\/p>\n<p class=\"Cuerpo\" style=\"text-align: justify;\">Da l\u00ec, il percorso sar\u00e0 lungo circa 5 km e ci permetter\u00e0 di scoprire uno degli itinerari pi\u00f9 belli del Cam\u00ed de Cavalls. Questo percorso inizia passando per il Canal de Sa Goda, che dovremo attraversare attraverso la passerella di legno allestita a questo scopo. Si prosegue poi lungo la spiaggia di Es Grau, passando davanti alla Roca des Mabres (che divide in due l&#8217;ampia zona sabbiosa di Es Grau).<\/p>\n<p class=\"Cuerpo\" style=\"text-align: justify;\">Si prosegue poi lungo l&#8217;itinerario di Sa Gola (che attraversa parte del Parco Naturale di S&#8217;Albufera).  <br \/>Senza abbandonare il sentiero principale, ci dirigiamo verso nord fino a scorgere all&#8217;orizzonte l&#8217;inconfondibile faro di Fav\u00e0ritx, di fronte al quale si erge la Torre Rambla, che segnala il luogo che vogliamo raggiungere, Cala des Tamarells, la cui bellezza selvaggia non lascer\u00e0 nessuno indifferente.<\/p>\n<p class=\"Cuerpo\" style=\"text-align: justify;\">Naturalmente, un&#8217;altra grande opzione per raggiungere la cala \u00e8 direttamente via mare, sia partendo da Es Grau e facendo quel tratto di percorso in kayak, sia partendo da qualsiasi porto dell&#8217;isola con una barca per fare l&#8217;intero viaggio.<\/p>\n<p>[\/et_pb_text][\/et_pb_column][\/et_pb_row][\/et_pb_section][et_pb_section fb_built=&#8221;1&#8243; admin_label=&#8221;Video&#8221; _builder_version=&#8221;4.16&#8243; background_color_gradient_direction=&#8221;90deg&#8221; custom_padding=&#8221;100px|||||&#8221; global_colors_info=&#8221;{}&#8221;][et_pb_row padding_top_bottom_link_1=&#8221;false&#8221; padding_left_right_link_1=&#8221;false&#8221; _builder_version=&#8221;4.16&#8243; background_color=&#8221;#fe533a&#8221; width_tablet=&#8221;&#8221; width_phone=&#8221;90%&#8221; width_last_edited=&#8221;on|desktop&#8221; max_width=&#8221;none&#8221; module_alignment=&#8221;right&#8221; custom_padding=&#8221;||0px|||&#8221; global_colors_info=&#8221;{}&#8221;][et_pb_column type=&#8221;4_4&#8243; _builder_version=&#8221;4.16&#8243; custom_padding=&#8221;|10vw||&#8221; global_colors_info=&#8221;{}&#8221; custom_padding__hover=&#8221;|||&#8221;][et_pb_video src=&#8221;https:\/\/www.youtube.com\/watch?v=ET6MhKrWsuk&#8221; thumbnail_overlay_color=&#8221;rgba(0,0,0,0.6)&#8221; _builder_version=&#8221;4.16&#8243; _module_preset=&#8221;default&#8221; max_width=&#8221;1000px&#8221; custom_margin=&#8221;-142px|||-8vw|false|false&#8221; custom_margin_tablet=&#8221;|||||false&#8221; custom_margin_phone=&#8221;|||0vw&#8221; custom_margin_last_edited=&#8221;on|phone&#8221; border_width_all=&#8221;9px&#8221; border_color_all=&#8221;#ffffff&#8221; box_shadow_style=&#8221;preset3&#8243; box_shadow_horizontal=&#8221;20px&#8221; box_shadow_vertical=&#8221;60px&#8221; box_shadow_blur=&#8221;180px&#8221; box_shadow_spread=&#8221;-20px&#8221; box_shadow_color=&#8221;rgba(0,0,0,0.64)&#8221; global_colors_info=&#8221;{}&#8221;][\/et_pb_video][\/et_pb_column][\/et_pb_row][et_pb_row padding_top_bottom_link_1=&#8221;false&#8221; padding_left_right_link_1=&#8221;false&#8221; _builder_version=&#8221;4.16&#8243; background_color=&#8221;#fe533a&#8221; width_tablet=&#8221;&#8221; width_phone=&#8221;100%&#8221; width_last_edited=&#8221;on|desktop&#8221; max_width=&#8221;none&#8221; module_alignment=&#8221;right&#8221; custom_padding=&#8221;60px||||false|false&#8221; global_colors_info=&#8221;{}&#8221;][et_pb_column type=&#8221;4_4&#8243; _builder_version=&#8221;4.16&#8243; custom_padding=&#8221;|10vw|80px|100px&#8221; custom_padding_tablet=&#8221;||40px|40px&#8221; custom_padding_phone=&#8221;&#8221; custom_padding_last_edited=&#8221;on|phone&#8221; global_colors_info=&#8221;{}&#8221; custom_padding__hover=&#8221;|||&#8221;][et_pb_text _builder_version=&#8221;4.16&#8243; text_font=&#8221;||||||||&#8221; text_font_size=&#8221;16px&#8221; text_line_height=&#8221;1.9em&#8221; header_3_font=&#8221;Lato|700|||||||&#8221; header_3_font_size=&#8221;20px&#8221; header_3_line_height=&#8221;1.4em&#8221; background_layout=&#8221;dark&#8221; width=&#8221;100%&#8221; max_width=&#8221;800px&#8221; max_width_tablet=&#8221;100%&#8221; max_width_phone=&#8221;&#8221; max_width_last_edited=&#8221;on|tablet&#8221; custom_margin_tablet=&#8221;||30px&#8221; custom_margin_last_edited=&#8221;off|desktop&#8221; text_font_size_tablet=&#8221;&#8221; text_font_size_phone=&#8221;15px&#8221; text_font_size_last_edited=&#8221;on|phone&#8221; locked=&#8221;off&#8221; global_colors_info=&#8221;{}&#8221;]<\/p>\n<h3><\/h3>\n<h3>Cosa offre Cala Tamarells?<\/h3>\n<p>La natura isolata e poco frequentata di questa cala la rende priva di servizi. Tuttavia, questo non significa che non possa offrire un sacco di divertimento a tutti coloro che hanno il coraggio di visitarla.<\/p>\n<p>\u00c8 una zona meravigliosa per lo <strong>snorkeling<\/strong> grazie alla presenza di posidonia nelle sue acque e alla vicinanza del parco naturale di s&#8217;Albufera des Grau, che permette la proliferazione e la conservazione della vita sottomarina. Sotto la Torre della Rambla, troviamo un ottimo posto per fermarci e apprezzarlo grazie alla presenza di rocce a bassa profondit\u00e0 e all&#8217;abbondante fauna che abita le sue acque.<\/p>\n<p>Se siamo arrivati qui in<strong> kayak<\/strong>, possiamo continuare il nostro percorso per non perdere zone vicine come Cala Vidrier o la spiaggia Arenal d&#8217;en Moro (sulla Illa d&#8217;en Colom).<\/p>\n<p>Fuori dall&#8217;acqua, possiamo anche fare numerose <strong>escursioni<\/strong>. Se avete raggiunto Cala Tamarells lungo il Cam\u00ed de Cavalls, potete proseguire fino a Cala Sa Torreta (una bellissima spiaggia incontaminata tra i pini) o seguire l&#8217;itinerario di Sa Gola, per entrare nel Parco Naturale di S&#8217;Albufera dove potrete ammirare la natura minorchina al suo meglio: rettili autoctoni, rapaci e uccelli migratori, tartarughe mediterranee&#8230; oltre all&#8217;impressionante vegetazione che domina il parco naturale. Questo paradiso naturale vi lascer\u00e0 senza parole.<\/p>\n<p>A 1 km da Tamarells si trova anche la <strong>Punta de Sa Pastera<\/strong>, una piccola scogliera con viste incredibili.<\/p>\n<p>Una visita alla <strong>Torre della Rambla<\/strong> \u00e8 d&#8217;obbligo anche per chi ama immergersi nella storia dei luoghi che visita. Questa torre di difesa britannica fu costruita all&#8217;inizio del XIX secolo dagli inglesi per impedire le incursioni delle truppe che volevano conquistare il castello di Sant Felip (l&#8217;ultima roccaforte delle difese di Minorca). Si tratta di 15 torri di questo stile distribuite su tutta l&#8217;isola, costruite contemporaneamente, sia dagli spagnoli che dagli inglesi, con lo stesso obiettivo: la difesa di territori destinati a essere assediati da truppe nemiche.<\/p>\n<p>Oggi la Torre della Rambla \u00e8 piuttosto deteriorata (soprattutto a causa dell&#8217;erosione causata dal vento e dalla salsedine) e, poich\u00e9 non \u00e8 stata restaurata dalla sua costruzione, ci sono aree che minacciano di crollare e la scala interna un tempo utilizzata dai soldati \u00e8 scomparsa (poich\u00e9 il legno di cui era fatta non ha resistito al passare del tempo). Se decidiamo di visitarla, \u00e8 meglio farlo dall&#8217;esterno e con cautela.<\/p>\n<p>[\/et_pb_text][\/et_pb_column][\/et_pb_row][\/et_pb_section][et_pb_section fb_built=&#8221;1&#8243; admin_label=&#8221;Details&#8221; _builder_version=&#8221;4.16&#8243; locked=&#8221;off&#8221; global_colors_info=&#8221;{}&#8221;][et_pb_row column_structure=&#8221;1_2,1_2&#8243; _builder_version=&#8221;4.16&#8243; global_colors_info=&#8221;{}&#8221;][et_pb_column type=&#8221;1_2&#8243; _builder_version=&#8221;4.16&#8243; custom_padding=&#8221;|||&#8221; global_colors_info=&#8221;{}&#8221; custom_padding__hover=&#8221;|||&#8221;][et_pb_text _builder_version=&#8221;4.16&#8243; text_font=&#8221;||||||||&#8221; header_font=&#8221;||||||||&#8221; header_2_font=&#8221;PT Serif|700|||||||&#8221; header_2_font_size=&#8221;60px&#8221; header_2_line_height=&#8221;1.2em&#8221; text_orientation=&#8221;justified&#8221; max_width=&#8221;600px&#8221; custom_margin=&#8221;||15px&#8221; header_2_font_size_tablet=&#8221;42px&#8221; header_2_font_size_phone=&#8221;30px&#8221; header_2_font_size_last_edited=&#8221;on|tablet&#8221; locked=&#8221;off&#8221; global_colors_info=&#8221;{}&#8221;]<\/p>\n<h2 style=\"text-align: justify;\">Come raggiungere Cala Tamarells in barca?<\/h2>\n<p style=\"text-align: justify;\">Per arrivarci in barca, dobbiamo uscire dal porto di Mah\u00f3n in direzione SE, lasciando la banchina a dritta. Proseguiremo lungo il porto fino a raggiungere il mare aperto (fino a Punta de Sant Carles).<\/p>\n<p style=\"text-align: justify;\">A questo punto, lasciamo il faro di San Carlos a dritta e proseguiamo a sinistra lungo la costa (direzione NE), superando La Mola e Punta de S&#8217;Espero, per proseguire in direzione NW (sempre navigando con la costa a sinistra).<\/p>\n<p style=\"text-align: justify;\">Passeremo per Cap Negre, Punta de Sa Galera e, infine, Punta de sa Cudia. Sul lato sinistro vedremo un&#8217;insenatura che conduce a Es Grau, e di fronte avremo Illa d&#8217;en Colom. Dovremo costeggiarla a N, aggirando la sua costa settentrionale fino a dirigerci verso SW.<\/p>\n<p style=\"text-align: justify;\">Superata la punta settentrionale dell&#8217;isolotto e posizionati in questa direzione, lasceremo il Fondejador des Llanes a babordo e vedremo Cala Tamarells a prua.<\/p>\n<p>[\/et_pb_text][\/et_pb_column][et_pb_column type=&#8221;1_2&#8243; _builder_version=&#8221;4.16&#8243; custom_padding=&#8221;|||&#8221; global_colors_info=&#8221;{}&#8221; custom_padding__hover=&#8221;|||&#8221;][\/et_pb_column][\/et_pb_row][\/et_pb_section][et_pb_section fb_built=&#8221;1&#8243; admin_label=&#8221;Footer&#8221; _builder_version=&#8221;4.16&#8243; use_background_color_gradient=&#8221;on&#8221; background_color_gradient_stops=&#8221;#ffffff 0%|rgba(36,46,66,0) 75%&#8221; background_color_gradient_overlays_image=&#8221;on&#8221; background_color_gradient_start=&#8221;#ffffff&#8221; background_color_gradient_end=&#8221;rgba(36,46,66,0)&#8221; background_color_gradient_end_position=&#8221;75%&#8221; background_image=&#8221;https:\/\/calasenmenorca.com\/wp-content\/uploads\/2021\/08\/tamarells-upp-and-down.jpg&#8221; custom_padding=&#8221;||20vw&#8221; locked=&#8221;off&#8221; global_colors_info=&#8221;{}&#8221;][et_pb_row _builder_version=&#8221;4.16&#8243; locked=&#8221;off&#8221; global_colors_info=&#8221;{}&#8221;][et_pb_column type=&#8221;4_4&#8243; _builder_version=&#8221;4.16&#8243; custom_padding=&#8221;|||&#8221; global_colors_info=&#8221;{}&#8221; custom_padding__hover=&#8221;|||&#8221;][et_pb_text _builder_version=&#8221;4.16&#8243; text_font=&#8221;||||||||&#8221; header_font=&#8221;||||||||&#8221; header_2_font=&#8221;PT Serif|700|||||||&#8221; header_2_font_size=&#8221;60px&#8221; header_2_line_height=&#8221;1.2em&#8221; text_orientation=&#8221;center&#8221; max_width=&#8221;600px&#8221; module_alignment=&#8221;center&#8221; custom_margin=&#8221;||15px&#8221; header_2_font_size_tablet=&#8221;42px&#8221; header_2_font_size_phone=&#8221;30px&#8221; header_2_font_size_last_edited=&#8221;on|tablet&#8221; locked=&#8221;off&#8221; global_colors_info=&#8221;{}&#8221;]<\/p>\n<h2>Volete andare a Cala Tamarells in barca?<\/h2>\n<p>[\/et_pb_text][et_pb_button button_url=&#8221;https:\/\/barcosenmenorca.com\/es\/&#8221; url_new_window=&#8221;on&#8221; button_text=&#8221;OFFERTE PER ANDARE IN BARCA&#8221; button_alignment=&#8221;center&#8221; _builder_version=&#8221;4.16&#8243; _module_preset=&#8221;default&#8221; custom_css_main_element=&#8221;font-size: 14px !important;||    border-width: 10px !important;||    border-color: rgba(0,0,0,0);||    border-radius: 0px;||    font-family: &#8216;Lato&#8217;,Helvetica, Arial, Lucida, sans-serif !important;||    font-weight: undefined;||color:white;||    font-weight: 700 !important;||    text-transform: uppercase !important;||    letter-spacing: 4px;||    background-image: initial;||    background-color: #ff3314;&#8221; global_colors_info=&#8221;{}&#8221;][\/et_pb_button][\/et_pb_column][\/et_pb_row][et_pb_row _builder_version=&#8221;4.16&#8243; width=&#8221;100%&#8221; max_width=&#8221;none&#8221; locked=&#8221;off&#8221; global_colors_info=&#8221;{}&#8221;][et_pb_column type=&#8221;4_4&#8243; _builder_version=&#8221;4.16&#8243; custom_padding=&#8221;|||&#8221; global_colors_info=&#8221;{}&#8221; custom_padding__hover=&#8221;|||&#8221;][et_pb_image src=&#8221;https:\/\/calasenmenorca.com\/wp-content\/uploads\/2021\/04\/sight-seeing-49.png&#8221; show_bottom_space=&#8221;off&#8221; force_fullwidth=&#8221;on&#8221; _builder_version=&#8221;4.16&#8243; custom_margin=&#8221;||&#8221; global_colors_info=&#8221;{}&#8221;][\/et_pb_image][\/et_pb_column][\/et_pb_row][\/et_pb_section]<\/p>\n","protected":false},"excerpt":{"rendered":"<p>Baia di Tamarells Un paradiso da scoprire Cala Tamarells \u00e8 una piccola cala sulla costa settentrionale di Minorca, situata a nord di Fondejador des Llanes. Questa cala si trova a [&hellip;]<\/p>\n","protected":false},"author":1,"featured_media":0,"parent":0,"menu_order":0,"comment_status":"closed","ping_status":"closed","template":"","meta":{"_et_pb_use_builder":"on","_et_pb_old_content":"","_et_gb_content_width":"","_price":"","_stock":"","_tribe_ticket_header":"","_tribe_default_ticket_provider":"","_tribe_ticket_capacity":"0","_ticket_start_date":"","_ticket_end_date":"","_tribe_ticket_show_description":"","_tribe_ticket_show_not_going":false,"_tribe_ticket_use_global_stock":"","_tribe_ticket_global_stock_level":"","_global_stock_mode":"","_global_stock_cap":"","_tribe_rsvp_for_event":"","_tribe_ticket_going_count":"","_tribe_ticket_not_going_count":"","_tribe_tickets_list":"[]","_tribe_ticket_has_attendee_info_fields":false,"footnotes":"","_tec_slr_enabled":"","_tec_slr_layout":""},"class_list":["post-3885","page","type-page","status-publish","hentry"],"yoast_head":"<!-- This site is optimized with the Yoast SEO plugin v25.6 - https:\/\/yoast.com\/wordpress\/plugins\/seo\/ -->\n<title>Cala Tamarells des Nord - Calas en Menorca<\/title>\n<meta name=\"robots\" content=\"index, follow, max-snippet:-1, max-image-preview:large, max-video-preview:-1\" \/>\n<link rel=\"canonical\" href=\"https:\/\/calasenmenorca.com\/cala-tamarells-des-nord\" \/>\n<meta property=\"og:locale\" content=\"it_IT\" \/>\n<meta property=\"og:type\" content=\"article\" \/>\n<meta property=\"og:title\" content=\"Cala Tamarells des Nord - Calas en Menorca\" \/>\n<meta property=\"og:description\" content=\"Baia di Tamarells Un paradiso da scoprire Cala Tamarells \u00e8 una piccola cala sulla costa settentrionale di Minorca, situata a nord di Fondejador des Llanes. Questa cala si trova a [&hellip;]\" \/>\n<meta property=\"og:url\" content=\"https:\/\/calasenmenorca.com\/cala-tamarells-des-nord\" \/>\n<meta property=\"og:site_name\" content=\"Calas en Menorca\" \/>\n<meta property=\"article:modified_time\" content=\"2025-09-16T09:20:16+00:00\" \/>\n<meta name=\"twitter:card\" content=\"summary_large_image\" \/>\n<meta name=\"twitter:label1\" content=\"Tempo di lettura stimato\" \/>\n\t<meta name=\"twitter:data1\" content=\"15 minuti\" \/>\n<script type=\"application\/ld+json\" class=\"yoast-schema-graph\">{\"@context\":\"https:\/\/schema.org\",\"@graph\":[{\"@type\":\"WebPage\",\"@id\":\"https:\/\/calasenmenorca.com\/cala-tamarells-des-nord\",\"url\":\"https:\/\/calasenmenorca.com\/cala-tamarells-des-nord\",\"name\":\"Cala Tamarells des Nord - Calas en Menorca\",\"isPartOf\":{\"@id\":\"https:\/\/calasenmenorca.com\/#website\"},\"datePublished\":\"2021-04-29T09:40:00+00:00\",\"dateModified\":\"2025-09-16T09:20:16+00:00\",\"breadcrumb\":{\"@id\":\"https:\/\/calasenmenorca.com\/cala-tamarells-des-nord#breadcrumb\"},\"inLanguage\":\"it-IT\",\"potentialAction\":[{\"@type\":\"ReadAction\",\"target\":[\"https:\/\/calasenmenorca.com\/cala-tamarells-des-nord\"]}]},{\"@type\":\"BreadcrumbList\",\"@id\":\"https:\/\/calasenmenorca.com\/cala-tamarells-des-nord#breadcrumb\",\"itemListElement\":[{\"@type\":\"ListItem\",\"position\":1,\"name\":\"Portada\",\"item\":\"https:\/\/calasenmenorca.com\/it\/benvenuti-su-https-calasenmenorca-com\"},{\"@type\":\"ListItem\",\"position\":2,\"name\":\"Cala Tamarells des Nord\"}]},{\"@type\":\"WebSite\",\"@id\":\"https:\/\/calasenmenorca.com\/#website\",\"url\":\"https:\/\/calasenmenorca.com\/\",\"name\":\"Calas en Menorca\",\"description\":\"Las mejores calas de menorca\",\"potentialAction\":[{\"@type\":\"SearchAction\",\"target\":{\"@type\":\"EntryPoint\",\"urlTemplate\":\"https:\/\/calasenmenorca.com\/?s={search_term_string}\"},\"query-input\":{\"@type\":\"PropertyValueSpecification\",\"valueRequired\":true,\"valueName\":\"search_term_string\"}}],\"inLanguage\":\"it-IT\"}]}<\/script>\n<!-- \/ Yoast SEO plugin. -->","yoast_head_json":{"title":"Cala Tamarells des Nord - Calas en Menorca","robots":{"index":"index","follow":"follow","max-snippet":"max-snippet:-1","max-image-preview":"max-image-preview:large","max-video-preview":"max-video-preview:-1"},"canonical":"https:\/\/calasenmenorca.com\/cala-tamarells-des-nord","og_locale":"it_IT","og_type":"article","og_title":"Cala Tamarells des Nord - Calas en Menorca","og_description":"Baia di Tamarells Un paradiso da scoprire Cala Tamarells \u00e8 una piccola cala sulla costa settentrionale di Minorca, situata a nord di Fondejador des Llanes. Questa cala si trova a [&hellip;]","og_url":"https:\/\/calasenmenorca.com\/cala-tamarells-des-nord","og_site_name":"Calas en Menorca","article_modified_time":"2025-09-16T09:20:16+00:00","twitter_card":"summary_large_image","twitter_misc":{"Tempo di lettura stimato":"15 minuti"},"schema":{"@context":"https:\/\/schema.org","@graph":[{"@type":"WebPage","@id":"https:\/\/calasenmenorca.com\/cala-tamarells-des-nord","url":"https:\/\/calasenmenorca.com\/cala-tamarells-des-nord","name":"Cala Tamarells des Nord - Calas en Menorca","isPartOf":{"@id":"https:\/\/calasenmenorca.com\/#website"},"datePublished":"2021-04-29T09:40:00+00:00","dateModified":"2025-09-16T09:20:16+00:00","breadcrumb":{"@id":"https:\/\/calasenmenorca.com\/cala-tamarells-des-nord#breadcrumb"},"inLanguage":"it-IT","potentialAction":[{"@type":"ReadAction","target":["https:\/\/calasenmenorca.com\/cala-tamarells-des-nord"]}]},{"@type":"BreadcrumbList","@id":"https:\/\/calasenmenorca.com\/cala-tamarells-des-nord#breadcrumb","itemListElement":[{"@type":"ListItem","position":1,"name":"Portada","item":"https:\/\/calasenmenorca.com\/it\/benvenuti-su-https-calasenmenorca-com"},{"@type":"ListItem","position":2,"name":"Cala Tamarells des Nord"}]},{"@type":"WebSite","@id":"https:\/\/calasenmenorca.com\/#website","url":"https:\/\/calasenmenorca.com\/","name":"Calas en Menorca","description":"Las mejores calas de menorca","potentialAction":[{"@type":"SearchAction","target":{"@type":"EntryPoint","urlTemplate":"https:\/\/calasenmenorca.com\/?s={search_term_string}"},"query-input":{"@type":"PropertyValueSpecification","valueRequired":true,"valueName":"search_term_string"}}],"inLanguage":"it-IT"}]}},"ticketed":false,"_links":{"self":[{"href":"https:\/\/calasenmenorca.com\/it\/wp-json\/wp\/v2\/pages\/3885"}],"collection":[{"href":"https:\/\/calasenmenorca.com\/it\/wp-json\/wp\/v2\/pages"}],"about":[{"href":"https:\/\/calasenmenorca.com\/it\/wp-json\/wp\/v2\/types\/page"}],"author":[{"embeddable":true,"href":"https:\/\/calasenmenorca.com\/it\/wp-json\/wp\/v2\/users\/1"}],"replies":[{"embeddable":true,"href":"https:\/\/calasenmenorca.com\/it\/wp-json\/wp\/v2\/comments?post=3885"}],"version-history":[{"count":28,"href":"https:\/\/calasenmenorca.com\/it\/wp-json\/wp\/v2\/pages\/3885\/revisions"}],"predecessor-version":[{"id":9993,"href":"https:\/\/calasenmenorca.com\/it\/wp-json\/wp\/v2\/pages\/3885\/revisions\/9993"}],"wp:attachment":[{"href":"https:\/\/calasenmenorca.com\/it\/wp-json\/wp\/v2\/media?parent=3885"}],"curies":[{"name":"wp","href":"https:\/\/api.w.org\/{rel}","templated":true}]}}