{"id":4259,"date":"2021-04-29T10:08:54","date_gmt":"2021-04-29T10:08:54","guid":{"rendered":"https:\/\/calasenmenorca.com\/baia-di-mica"},"modified":"2025-09-16T09:48:53","modified_gmt":"2025-09-16T09:48:53","slug":"baia-di-mica","status":"publish","type":"page","link":"https:\/\/calasenmenorca.com\/it\/baia-di-mica","title":{"rendered":"Baia di Mica"},"content":{"rendered":"<p>[et_pb_section fb_built=&#8221;1&#8243; admin_label=&#8221;Header&#8221; _builder_version=&#8221;4.16&#8243; use_background_color_gradient=&#8221;on&#8221; background_color_gradient_direction=&#8221;90deg&#8221; background_color_gradient_stops=&#8221;rgba(36,46,66,0.5) 0%|rgba(36,46,66,0.8) 61%&#8221; background_color_gradient_overlays_image=&#8221;on&#8221; background_color_gradient_start=&#8221;rgba(36,46,66,0.5)&#8221; background_color_gradient_end=&#8221;rgba(36,46,66,0.8)&#8221; background_color_gradient_end_position=&#8221;61%&#8221; background_image=&#8221;https:\/\/calasenmenorca.com\/wp-content\/uploads\/2021\/08\/background-upp.jpg&#8221; background_position=&#8221;bottom_center&#8221; custom_padding=&#8221;||0px|||&#8221; locked=&#8221;off&#8221; global_colors_info=&#8221;{}&#8221;][et_pb_row _builder_version=&#8221;4.16&#8243; width=&#8221;90%&#8221; max_width=&#8221;1215px&#8221; global_colors_info=&#8221;{}&#8221;][et_pb_column type=&#8221;4_4&#8243; _builder_version=&#8221;4.16&#8243; custom_padding=&#8221;|||&#8221; global_colors_info=&#8221;{}&#8221; custom_padding__hover=&#8221;|||&#8221;][et_pb_text _builder_version=&#8221;4.16&#8243; text_font=&#8221;Lato||||||||&#8221; text_font_size=&#8221;16px&#8221; text_line_height=&#8221;1.8em&#8221; header_font=&#8221;PT Serif|700|||||||&#8221; header_font_size=&#8221;80px&#8221; header_line_height=&#8221;1.2em&#8221; text_orientation=&#8221;justified&#8221; background_layout=&#8221;dark&#8221; min_height=&#8221;550px&#8221; min_height_tablet=&#8221;&#8221; min_height_phone=&#8221;&#8221; min_height_last_edited=&#8221;on|desktop&#8221; custom_margin=&#8221;|||||false&#8221; custom_padding=&#8221;40px|40px|40px|40px|true|true&#8221; text_font_size_tablet=&#8221;&#8221; text_font_size_phone=&#8221;14px&#8221; text_font_size_last_edited=&#8221;on|phone&#8221; header_font_size_tablet=&#8221;60px&#8221; header_font_size_phone=&#8221;36px&#8221; header_font_size_last_edited=&#8221;on|phone&#8221; border_width_all=&#8221;40px&#8221; border_color_all=&#8221;#ffd400&#8243; border_width_all_tablet=&#8221;&#8221; border_width_all_phone=&#8221;3px&#8221; border_width_all_last_edited=&#8221;on|desktop&#8221; global_colors_info=&#8221;{}&#8221;]<\/p>\n<h1>Baia di Mica<\/h1>\n<h2>Una spiaggia che passa inosservata<\/h2>\n<p>Nonostante la sua bellezza, Cala Mica \u00e8 una spiaggia che passa inosservata. <br \/>Essendo una zona sabbiosa selvaggia e di difficile accesso, e la sua vicinanza a Binimel-l\u00e0 e Cavaller\u00eda, \u00e8 relegata al secondo posto. Questa cala non \u00e8 solitamente presente nell&#8217;itinerario pianificato dai viaggiatori e, in effetti, non molti turisti la conoscono (o addirittura sanno della sua esistenza). La maggior parte di coloro che hanno la fortuna di visitarlo sono escursionisti del Cam\u00ed de Cavalls che, durante il loro percorso, lo incontrano inaspettatamente.  <br \/>Cala Mica ha due spiagge sabbiose, da cui si pu\u00f2 vedere il sentiero del Cam\u00ed de Cavalls e una piccola casa situata ai piedi della spiaggia (tipiche case per il fine settimana costruite dalla gente del posto molto prima che ci fossero leggi costiere che controllassero le costruzioni sull&#8217;isola).  <br \/>Le colline che circondano Cala Mica possono sembrare inospitali a prima vista, ma in primavera i pendii sono in fiore e la coltre verde che si stende ai suoi piedi la avvolge in un&#8217;esplosione di bellezza colorata.  <\/p>\n<p>[\/et_pb_text][\/et_pb_column][\/et_pb_row][et_pb_row _builder_version=&#8221;4.16&#8243; width=&#8221;100%&#8221; max_width=&#8221;none&#8221; custom_padding=&#8221;0px||1px|||&#8221; global_colors_info=&#8221;{}&#8221;][et_pb_column type=&#8221;4_4&#8243; _builder_version=&#8221;4.16&#8243; custom_padding=&#8221;|||&#8221; global_colors_info=&#8221;{}&#8221; custom_padding__hover=&#8221;|||&#8221;][et_pb_image src=&#8221;https:\/\/calasenmenorca.com\/wp-content\/uploads\/2021\/04\/sight-seeing-52.png&#8221; force_fullwidth=&#8221;on&#8221; _builder_version=&#8221;4.16&#8243; custom_margin=&#8221;-9vw||-1px||false|&#8221; custom_margin_tablet=&#8221;0vw|||&#8221; custom_margin_phone=&#8221;&#8221; custom_margin_last_edited=&#8221;on|desktop&#8221; global_colors_info=&#8221;{}&#8221;][\/et_pb_image][\/et_pb_column][\/et_pb_row][\/et_pb_section][et_pb_section fb_built=&#8221;1&#8243; admin_label=&#8221;CTA&#8221; _builder_version=&#8221;4.16&#8243; z_index=&#8221;10&#8243; custom_padding=&#8221;130px||3px||false|false&#8221; locked=&#8221;off&#8221; global_colors_info=&#8221;{}&#8221;][et_pb_row column_structure=&#8221;3_5,2_5&#8243; _builder_version=&#8221;4.16&#8243; _module_preset=&#8221;default&#8221; max_width=&#8221;1600px&#8221; custom_margin=&#8221;-100px||||false|false&#8221; global_colors_info=&#8221;{}&#8221;][et_pb_column type=&#8221;3_5&#8243; _builder_version=&#8221;4.16&#8243; _module_preset=&#8221;default&#8221; global_colors_info=&#8221;{}&#8221;][et_pb_code _builder_version=&#8221;4.27.0&#8243; _module_preset=&#8221;default&#8221; global_colors_info=&#8221;{}&#8221;]<iframe src=\"https:\/\/www.google.com\/maps\/embed?pb=!1m18!1m12!1m3!1d15030.136335941752!2d4.063995671724419!3d40.05885852209964!2m3!1f0!2f0!3f0!3m2!1i1024!2i768!4f13.1!3m3!1m2!1s0x12be180badc266c7%3A0x5d665288f230e215!2sCala%20Mica!5e1!3m2!1ses!2ses!4v1724167943836!5m2!1ses!2ses\" width=\"640\" height=\"400\" style=\"border:0;\" allowfullscreen=\"\" loading=\"lazy\" referrerpolicy=\"no-referrer-when-downgrade\"><\/iframe>[\/et_pb_code][et_pb_code _builder_version=&#8221;4.27.0&#8243; _module_preset=&#8221;default&#8221; global_colors_info=&#8221;{}&#8221;]<iframe src=\"https:\/\/www.google.com\/maps\/embed?pb=!4v1730905983470!6m8!1m7!1sCAoSLEFGMVFpcE4wSWJzem9QVnhjVTFDNEF2MVBKQVQ0dExwNUF5aDByVzVyUGJD!2m2!1d40.0566806251948!2d4.067506620603181!3f314.2454120429937!4f-4.742717375673024!5f0.7820865974627469\" width=\"640\" height=\"450\" style=\"border:0;\" allowfullscreen=\"\" loading=\"lazy\" referrerpolicy=\"no-referrer-when-downgrade\"><\/iframe>[\/et_pb_code][\/et_pb_column][et_pb_column type=&#8221;2_5&#8243; _builder_version=&#8221;4.16&#8243; _module_preset=&#8221;default&#8221; global_colors_info=&#8221;{}&#8221;][et_pb_text _builder_version=&#8221;4.16&#8243; _module_preset=&#8221;default&#8221; global_colors_info=&#8221;{}&#8221;]<\/p>\n<p>Nome<strong>:<\/strong> <strong>Cala Mica<\/strong><\/p>\n<p>Posizione<span>: <strong>Zona Nord III (40\u00b03.461&#8217;N 4\u00b03.986&#8217;E)<\/strong><\/span><\/p>\n<p>Distanza da Mah\u00f3n <span>: <strong>24&#8217;5 MN ; 33 km<\/strong><\/span><\/p>\n<p>Tempo da Mah\u00f3n<span>: <strong>1h 40 min in barca (velocit\u00e0 media: 15 nodi); 40 min in auto<\/strong><\/span><\/p>\n<p>Tipo di spiaggia: <strong>Sabbia<\/strong><\/p>\n<p>Ancoraggio con barca<span>:  <strong>Sabbia e pietra. Aperto alla N.<\/strong><\/span><\/p>\n<p>Accesso pericoloso in barca:  <strong>Media. Aperto a N. Basso su entrambi i lati dell&#8217;ingresso.<\/strong><\/p>\n<p>Posidonia<span>: <strong>S\u00ec<\/strong><\/span><\/p>\n<p>Stazione di servizio pi\u00f9 vicina per le imbarcazioni: <strong>7&#8217;5 MN; Porto di Fornells<\/strong><\/p>\n<p>&nbsp;<\/p>\n<p>[\/et_pb_text][\/et_pb_column][\/et_pb_row][\/et_pb_section][et_pb_section fb_built=&#8221;1&#8243; _builder_version=&#8221;4.27.0&#8243; _module_preset=&#8221;default&#8221; hover_enabled=&#8221;0&#8243; global_colors_info=&#8221;{}&#8221; module_class=&#8221;servicios&#8221; sticky_enabled=&#8221;0&#8243;][et_pb_row _builder_version=&#8221;4.16&#8243; _module_preset=&#8221;default&#8221; global_colors_info=&#8221;{}&#8221;][et_pb_column type=&#8221;4_4&#8243; _builder_version=&#8221;4.16&#8243; _module_preset=&#8221;default&#8221; global_colors_info=&#8221;{}&#8221;][et_pb_text _builder_version=&#8221;4.16&#8243; _module_preset=&#8221;default&#8221; global_colors_info=&#8221;{}&#8221;]<\/p>\n<h2 style=\"text-align: center;\"><strong>SERVIZI<\/strong><\/h2>\n<p>[\/et_pb_text][\/et_pb_column][\/et_pb_row][et_pb_row column_structure=&#8221;1_3,1_3,1_3&#8243; _builder_version=&#8221;4.27.0&#8243; _module_preset=&#8221;default&#8221; width=&#8221;30%&#8221; hover_enabled=&#8221;0&#8243; locked=&#8221;off&#8221; global_colors_info=&#8221;{}&#8221; width_last_edited=&#8221;on|phone&#8221; sticky_enabled=&#8221;0&#8243; width_phone=&#8221;95%&#8221; width_tablet=&#8221;30%&#8221;][et_pb_column type=&#8221;1_3&#8243; _builder_version=&#8221;4.16&#8243; _module_preset=&#8221;default&#8221; global_colors_info=&#8221;{}&#8221;][et_pb_image src=&#8221;https:\/\/calasenmenorca.com\/wp-content\/uploads\/2021\/08\/sin-servicios.jpg&#8221; title_text=&#8221;no-servizi&#8221; _builder_version=&#8221;4.16&#8243; _module_preset=&#8221;default&#8221; global_colors_info=&#8221;{}&#8221;][\/et_pb_image][et_pb_text _builder_version=&#8221;4.16&#8243; _module_preset=&#8221;default&#8221; global_colors_info=&#8221;{}&#8221;]<\/p>\n<p style=\"text-align: center;\">NESSUN SERVIZIO<\/p>\n<p>[\/et_pb_text][\/et_pb_column][et_pb_column type=&#8221;1_3&#8243; _builder_version=&#8221;4.16&#8243; _module_preset=&#8221;default&#8221; global_colors_info=&#8221;{}&#8221;][et_pb_image src=&#8221;https:\/\/calasenmenorca.com\/wp-content\/uploads\/2021\/08\/peaton.jpg&#8221; title_text=&#8221;pedonale&#8221; _builder_version=&#8221;4.16&#8243; _module_preset=&#8221;default&#8221; global_colors_info=&#8221;{}&#8221;][\/et_pb_image][et_pb_text _builder_version=&#8221;4.16&#8243; _module_preset=&#8221;default&#8221; global_colors_info=&#8221;{}&#8221;]<\/p>\n<p style=\"text-align: center;\">CAMMINARE 1,9 km<\/p>\n<p>[\/et_pb_text][\/et_pb_column][et_pb_column type=&#8221;1_3&#8243; _builder_version=&#8221;4.16&#8243; _module_preset=&#8221;default&#8221; global_colors_info=&#8221;{}&#8221;][et_pb_image src=&#8221;https:\/\/calasenmenorca.com\/wp-content\/uploads\/2021\/08\/ancla.jpg&#8221; title_text=&#8221;ancora&#8221; _builder_version=&#8221;4.16&#8243; _module_preset=&#8221;default&#8221; global_colors_info=&#8221;{}&#8221;][\/et_pb_image][et_pb_text _builder_version=&#8221;4.16&#8243; _module_preset=&#8221;default&#8221; global_colors_info=&#8221;{}&#8221;]<\/p>\n<p style=\"text-align: center;\">FONDEADERO<\/p>\n<p>[\/et_pb_text][\/et_pb_column][\/et_pb_row][\/et_pb_section][et_pb_section fb_built=&#8221;1&#8243; _builder_version=&#8221;4.16&#8243; _module_preset=&#8221;default&#8221; global_colors_info=&#8221;{}&#8221;][et_pb_row _builder_version=&#8221;4.16&#8243; _module_preset=&#8221;default&#8221; global_colors_info=&#8221;{}&#8221;][et_pb_column type=&#8221;4_4&#8243; _builder_version=&#8221;4.16&#8243; _module_preset=&#8221;default&#8221; global_colors_info=&#8221;{}&#8221;][et_pb_text _builder_version=&#8221;4.16&#8243; _module_preset=&#8221;default&#8221; global_colors_info=&#8221;{}&#8221;]<\/p>\n<h2 style=\"text-align: center;\"><strong>Servizi vicino a Cala Mica<\/strong><\/h2>\n<p>[\/et_pb_text][et_pb_text _builder_version=&#8221;4.16&#8243; _module_preset=&#8221;default&#8221; global_colors_info=&#8221;{}&#8221;]<\/p>\n<p style=\"text-align: center;\"><strong>NESSUN SERVIZIO NELLE VICINANZE* NESSUN SERVIZIO NELLE VICINANZE* NESSUN SERVIZIO NELLE VICINANZE* NESSUN SERVIZIO NELLE VICINANZE* NESSUN SERVIZIO NELLE VICINANZE<\/strong><\/p>\n<p style=\"text-align: center;\"><span style=\"font-size: x-small;\">*Sono considerati &#8220;vicini&#8221; se si trovano in un raggio di circa 250-300 metri.<\/span><\/p>\n<p>[\/et_pb_text][\/et_pb_column][\/et_pb_row][\/et_pb_section][et_pb_section fb_built=&#8221;1&#8243; admin_label=&#8221;CTA&#8221; _builder_version=&#8221;4.16&#8243; z_index=&#8221;10&#8243; custom_margin=&#8221;0px||||false|false&#8221; custom_padding=&#8221;0px||||false|false&#8221; locked=&#8221;off&#8221; global_colors_info=&#8221;{}&#8221;][et_pb_row _builder_version=&#8221;4.16&#8243; background_color=&#8221;#ffffff&#8221; custom_margin=&#8221;|auto||auto|false|false&#8221; custom_padding=&#8221;80px|20px|80px|20px|true|true&#8221; box_shadow_style=&#8221;preset3&#8243; box_shadow_horizontal=&#8221;5px&#8221; box_shadow_vertical=&#8221;25px&#8221; box_shadow_blur=&#8221;105px&#8221; box_shadow_spread=&#8221;-30px&#8221; box_shadow_color=&#8221;rgba(0,0,0,0.25)&#8221; locked=&#8221;off&#8221; global_colors_info=&#8221;{}&#8221;][et_pb_column type=&#8221;4_4&#8243; _builder_version=&#8221;4.16&#8243; custom_padding=&#8221;|||&#8221; global_colors_info=&#8221;{}&#8221; custom_padding__hover=&#8221;|||&#8221;][et_pb_text _builder_version=&#8221;4.16&#8243; text_font=&#8221;Lato||||||||&#8221; text_font_size=&#8221;15px&#8221; text_line_height=&#8221;1.8em&#8221; header_font=&#8221;||||||||&#8221; header_2_font=&#8221;PT Serif|700|||||||&#8221; header_2_font_size=&#8221;64px&#8221; header_2_line_height=&#8221;1.2em&#8221; text_orientation=&#8221;center&#8221; width_tablet=&#8221;600px&#8221; width_phone=&#8221;400px&#8221; width_last_edited=&#8221;off|phone&#8221; max_width=&#8221;850px&#8221; max_width_tablet=&#8221;&#8221; max_width_phone=&#8221;&#8221; max_width_last_edited=&#8221;on|desktop&#8221; module_alignment=&#8221;center&#8221; custom_margin=&#8221;||15px&#8221; text_font_size_tablet=&#8221;&#8221; text_font_size_phone=&#8221;15px&#8221; text_font_size_last_edited=&#8221;on|desktop&#8221; header_2_font_size_tablet=&#8221;44px&#8221; header_2_font_size_phone=&#8221;28px&#8221; header_2_font_size_last_edited=&#8221;on|phone&#8221; locked=&#8221;off&#8221; global_colors_info=&#8221;{}&#8221;]<\/p>\n<h2 class=\"Cuerpo\"><span lang=\"ES-TRAD\">Minorca, come arrivare a Cala Mica?<o:p><\/o:p><\/span><\/h2>\n<p class=\"Cuerpo\" style=\"text-align: justify;\">Per accedere a questo piccolo gioiello nascosto, dovremo percorrere un tratto a piedi. Alcuni dei percorsi del <strong>Cam\u00ed de Cavalls<\/strong> passano lungo la costa. Dalla spiaggia di Cavaller\u00eda, ad esempio, saremo a 1,9 km e, a circa 2 km da Cala Mica, troveremo Binimel-l\u00e0.<\/p>\n<p class=\"Cuerpo\" style=\"text-align: justify;\">Per avvicinarsi il pi\u00f9 possibile alla <strong>strada<\/strong>, lasciare Mah\u00f3n passando per Ronda de Ma\u00f3 e prendere la Me-7 fino a Cam\u00ed de Tramuntana. Giriamo in direzione del &#8220;Cam\u00ed de Binimel-l\u00e0 \/ Cam\u00ed son Nadal&#8221;, lungo il quale proseguiamo fino a raggiungere la nostra destinazione.<span style=\"font-size: 16px;\"><\/span><\/p>\n<p>[\/et_pb_text][\/et_pb_column][\/et_pb_row][\/et_pb_section][et_pb_section fb_built=&#8221;1&#8243; admin_label=&#8221;Video&#8221; _builder_version=&#8221;4.16&#8243; background_color_gradient_direction=&#8221;90deg&#8221; custom_padding=&#8221;100px|||||&#8221; global_colors_info=&#8221;{}&#8221;][et_pb_row padding_top_bottom_link_1=&#8221;false&#8221; padding_left_right_link_1=&#8221;false&#8221; _builder_version=&#8221;4.16&#8243; background_color=&#8221;#fe533a&#8221; width_tablet=&#8221;&#8221; width_phone=&#8221;90%&#8221; width_last_edited=&#8221;on|desktop&#8221; max_width=&#8221;none&#8221; module_alignment=&#8221;right&#8221; custom_padding=&#8221;||0px|||&#8221; global_colors_info=&#8221;{}&#8221;][et_pb_column type=&#8221;4_4&#8243; _builder_version=&#8221;4.16&#8243; custom_padding=&#8221;|10vw||&#8221; global_colors_info=&#8221;{}&#8221; custom_padding__hover=&#8221;|||&#8221;][et_pb_image src=&#8221;https:\/\/calasenmenorca.com\/wp-content\/uploads\/2021\/08\/gaviota-norte.jpg&#8221; title_text=&#8221;gabbiano-nord&#8221; _builder_version=&#8221;4.16&#8243; _module_preset=&#8221;default&#8221; width=&#8221;123%&#8221; width_tablet=&#8221;&#8221; width_phone=&#8221;122%&#8221; width_last_edited=&#8221;on|phone&#8221; custom_margin=&#8221;-142px|||-8vw|false|false&#8221; border_width_all=&#8221;9px&#8221; border_color_all=&#8221;#FFFFFF&#8221; box_shadow_style=&#8221;preset3&#8243; box_shadow_horizontal=&#8221;20px&#8221; box_shadow_vertical=&#8221;60px&#8221; box_shadow_blur=&#8221;180px&#8221; box_shadow_spread=&#8221;-20px&#8221; box_shadow_color=&#8221;rgba(0,0,0,0.64)&#8221; global_colors_info=&#8221;{}&#8221;][\/et_pb_image][\/et_pb_column][\/et_pb_row][et_pb_row padding_top_bottom_link_1=&#8221;false&#8221; padding_left_right_link_1=&#8221;false&#8221; _builder_version=&#8221;4.16&#8243; background_color=&#8221;#fe533a&#8221; width_tablet=&#8221;&#8221; width_phone=&#8221;100%&#8221; width_last_edited=&#8221;on|desktop&#8221; max_width=&#8221;none&#8221; module_alignment=&#8221;right&#8221; custom_padding=&#8221;60px||||false|false&#8221; global_colors_info=&#8221;{}&#8221;][et_pb_column type=&#8221;4_4&#8243; _builder_version=&#8221;4.16&#8243; custom_padding=&#8221;|10vw|80px|100px&#8221; custom_padding_tablet=&#8221;||40px|40px&#8221; custom_padding_phone=&#8221;&#8221; custom_padding_last_edited=&#8221;on|phone&#8221; global_colors_info=&#8221;{}&#8221; custom_padding__hover=&#8221;|||&#8221;][et_pb_text _builder_version=&#8221;4.16&#8243; text_font=&#8221;||||||||&#8221; text_font_size=&#8221;16px&#8221; text_line_height=&#8221;1.9em&#8221; header_3_font=&#8221;Lato|700|||||||&#8221; header_3_font_size=&#8221;20px&#8221; header_3_line_height=&#8221;1.4em&#8221; background_layout=&#8221;dark&#8221; width=&#8221;100%&#8221; max_width=&#8221;800px&#8221; max_width_tablet=&#8221;100%&#8221; max_width_phone=&#8221;&#8221; max_width_last_edited=&#8221;on|tablet&#8221; custom_margin_tablet=&#8221;||30px&#8221; custom_margin_last_edited=&#8221;off|desktop&#8221; text_font_size_tablet=&#8221;&#8221; text_font_size_phone=&#8221;15px&#8221; text_font_size_last_edited=&#8221;on|phone&#8221; locked=&#8221;off&#8221; global_colors_info=&#8221;{}&#8221;]<\/p>\n<h3>Cosa vedere vicino a Cala Mica?<\/h3>\n<p>Come abbiamo gi\u00e0 detto, la maggior parte delle persone che scoprono Cala Mica, lo fanno attraverso il Cam\u00ed de Cavalls, quindi, senza dubbio, questa \u00e8 una delle grandi attivit\u00e0 che si possono fare nei dintorni di Cala Mica: l&#8217;<strong>escursionismo<\/strong>.<\/p>\n<p>L&#8217;itinerario che passa per questa spiaggia vi porter\u00e0 anche a Cavaller\u00eda e Binimel-l\u00e0, due localit\u00e0 che meritano una visita.<\/p>\n<p>Inoltre, un&#8217;altra delle grandi attrattive di Cala Mica, pi\u00f9 difficile da trovare altrove sull&#8217;isola, \u00e8 la sua vegetazione. Per gli amanti <strong>della botanica<\/strong>, questa baia \u00e8 un luogo molto speciale, poich\u00e9 ospita specie molto particolari e strane che faranno la gioia degli esperti del settore.<\/p>\n<p>[\/et_pb_text][\/et_pb_column][\/et_pb_row][\/et_pb_section][et_pb_section fb_built=&#8221;1&#8243; admin_label=&#8221;Details&#8221; _builder_version=&#8221;4.16&#8243; locked=&#8221;off&#8221; global_colors_info=&#8221;{}&#8221;][et_pb_row column_structure=&#8221;1_2,1_2&#8243; _builder_version=&#8221;4.16&#8243; global_colors_info=&#8221;{}&#8221;][et_pb_column type=&#8221;1_2&#8243; _builder_version=&#8221;4.16&#8243; custom_padding=&#8221;|||&#8221; global_colors_info=&#8221;{}&#8221; custom_padding__hover=&#8221;|||&#8221;][et_pb_text _builder_version=&#8221;4.16&#8243; text_font=&#8221;||||||||&#8221; header_font=&#8221;||||||||&#8221; header_2_font=&#8221;PT Serif|700|||||||&#8221; header_2_font_size=&#8221;60px&#8221; header_2_line_height=&#8221;1.2em&#8221; text_orientation=&#8221;justified&#8221; max_width=&#8221;600px&#8221; custom_margin=&#8221;||15px&#8221; header_2_font_size_tablet=&#8221;42px&#8221; header_2_font_size_phone=&#8221;30px&#8221; header_2_font_size_last_edited=&#8221;on|tablet&#8221; locked=&#8221;off&#8221; global_colors_info=&#8221;{}&#8221;]<\/p>\n<h2 style=\"text-align: justify;\">Come raggiungere Cala Mica in barca?<\/h2>\n<p style=\"text-align: justify;\">Per raggiungere Cala Mica in barca, dobbiamo uscire dal porto di Mah\u00f3n in direzione SE, lasciando la banchina a dritta. Proseguiremo lungo il porto fino a raggiungere il mare aperto (fino a Punta de Sant Carles).<\/p>\n<p style=\"text-align: justify;\">A questo punto, lasciamo il faro di San Carlos a dritta e proseguiamo a sinistra lungo la costa (direzione NE), superando La Mola e Punta de S&#8217;Espero, per proseguire in direzione NW (sempre navigando con la costa a sinistra).<\/p>\n<p style=\"text-align: justify;\">Passeremo per Cap Negre, Punta de Sa Galera e, infine, Punta de sa Cudia. Sul lato sinistro vedremo un&#8217;insenatura che conduce a Es Grau, e di fronte avremo Illa d&#8217;en Colom. Dovremo attraversarlo, lasciandolo sul lato sinistro e proseguendo in direzione NW fino a superare Cap de Mossen Vives e Escull den Tortuga. Dalla prua vedremo il Cap de Fav\u00e0ritx e il suo inconfondibile faro.<\/p>\n<p style=\"text-align: justify;\">Costeggiando la punta Fav\u00e0ritx, navigheremo in direzione NW fino a scorgere le isole Addaia. Lasciandoli in porto, proseguiremo fino a raggiungere Punta Pantinat.<\/p>\n<p style=\"text-align: justify;\">Lo aggiriamo e avanziamo in direzione NW (passando per Punta de na Guillemassa e Punta des Morter) fino a raggiungere Cap de Cavaller\u00eda. La costeggeremo passando tra Illa d&#8217;els Porros (che si trova a dritta) e Illot des Pas (che si trova a sinistra).<\/p>\n<p style=\"text-align: justify;\">Superato il canale tra i due, scendiamo in direzione SW, lasciando a babordo Punta de Sa Torre e Cap d&#8217;es Vern\u00eds. Dalla prua della barca vedremo una piccola insenatura tra Punta d&#8217;en Valent (a dritta) e Platja des Ferragut (a sinistra), dove si trova Cala Mica.<\/p>\n<p>[\/et_pb_text][\/et_pb_column][et_pb_column type=&#8221;1_2&#8243; _builder_version=&#8221;4.16&#8243; custom_padding=&#8221;|||&#8221; global_colors_info=&#8221;{}&#8221; custom_padding__hover=&#8221;|||&#8221;][\/et_pb_column][\/et_pb_row][\/et_pb_section][et_pb_section fb_built=&#8221;1&#8243; admin_label=&#8221;Footer&#8221; _builder_version=&#8221;4.16&#8243; use_background_color_gradient=&#8221;on&#8221; background_color_gradient_stops=&#8221;#ffffff 0%|rgba(36,46,66,0) 75%&#8221; background_color_gradient_overlays_image=&#8221;on&#8221; background_color_gradient_start=&#8221;#ffffff&#8221; background_color_gradient_end=&#8221;rgba(36,46,66,0)&#8221; background_color_gradient_end_position=&#8221;75%&#8221; background_image=&#8221;https:\/\/calasenmenorca.com\/wp-content\/uploads\/2021\/08\/background-dawn.jpg&#8221; custom_padding=&#8221;||20vw&#8221; top_divider_style=&#8221;waves2&#8243; top_divider_color=&#8221;#f5f5f5&#8243; locked=&#8221;off&#8221; global_colors_info=&#8221;{}&#8221;][et_pb_row _builder_version=&#8221;4.16&#8243; locked=&#8221;off&#8221; global_colors_info=&#8221;{}&#8221;][et_pb_column type=&#8221;4_4&#8243; _builder_version=&#8221;4.16&#8243; custom_padding=&#8221;|||&#8221; global_colors_info=&#8221;{}&#8221; custom_padding__hover=&#8221;|||&#8221;][et_pb_text _builder_version=&#8221;4.16&#8243; text_font=&#8221;||||||||&#8221; header_font=&#8221;||||||||&#8221; header_2_font=&#8221;PT Serif|700|||||||&#8221; header_2_font_size=&#8221;60px&#8221; header_2_line_height=&#8221;1.2em&#8221; text_orientation=&#8221;center&#8221; max_width=&#8221;600px&#8221; module_alignment=&#8221;center&#8221; custom_margin=&#8221;||15px&#8221; header_2_font_size_tablet=&#8221;42px&#8221; header_2_font_size_phone=&#8221;30px&#8221; header_2_font_size_last_edited=&#8221;on|tablet&#8221; locked=&#8221;off&#8221; global_colors_info=&#8221;{}&#8221;]<\/p>\n<h2>Volete andare a Cala Mica in barca?<\/h2>\n<p>[\/et_pb_text][et_pb_button button_url=&#8221;https:\/\/barcosenmenorca.com\/es\/&#8221; url_new_window=&#8221;on&#8221; button_text=&#8221;OFFERTE PER ANDARE IN BARCA&#8221; button_alignment=&#8221;center&#8221; _builder_version=&#8221;4.16&#8243; _module_preset=&#8221;default&#8221; custom_css_main_element=&#8221;font-size: 14px !important;||    border-width: 10px !important;||    border-color: rgba(0,0,0,0);||    border-radius: 0px;||    font-family: &#8216;Lato&#8217;,Helvetica, Arial, Lucida, sans-serif !important;||    font-weight: undefined;||color:white;||    font-weight: 700 !important;||    text-transform: uppercase !important;||    letter-spacing: 4px;||    background-image: initial;||    background-color: #ff3314;&#8221; global_colors_info=&#8221;{}&#8221;][\/et_pb_button][\/et_pb_column][\/et_pb_row][et_pb_row _builder_version=&#8221;4.16&#8243; width=&#8221;100%&#8221; max_width=&#8221;none&#8221; locked=&#8221;off&#8221; global_colors_info=&#8221;{}&#8221;][et_pb_column type=&#8221;4_4&#8243; _builder_version=&#8221;4.16&#8243; custom_padding=&#8221;|||&#8221; global_colors_info=&#8221;{}&#8221; custom_padding__hover=&#8221;|||&#8221;][et_pb_image src=&#8221;https:\/\/calasenmenorca.com\/wp-content\/uploads\/2021\/04\/sight-seeing-49.png&#8221; show_bottom_space=&#8221;off&#8221; force_fullwidth=&#8221;on&#8221; _builder_version=&#8221;4.16&#8243; custom_margin=&#8221;||&#8221; global_colors_info=&#8221;{}&#8221;][\/et_pb_image][\/et_pb_column][\/et_pb_row][\/et_pb_section]<\/p>\n","protected":false},"excerpt":{"rendered":"<p>Baia di Mica Una spiaggia che passa inosservata Nonostante la sua bellezza, Cala Mica \u00e8 una spiaggia che passa inosservata. Essendo una zona sabbiosa selvaggia e di difficile accesso, e [&hellip;]<\/p>\n","protected":false},"author":1,"featured_media":0,"parent":0,"menu_order":0,"comment_status":"closed","ping_status":"closed","template":"","meta":{"_et_pb_use_builder":"on","_et_pb_old_content":"","_et_gb_content_width":"","_price":"","_stock":"","_tribe_ticket_header":"","_tribe_default_ticket_provider":"","_tribe_ticket_capacity":"0","_ticket_start_date":"","_ticket_end_date":"","_tribe_ticket_show_description":"","_tribe_ticket_show_not_going":false,"_tribe_ticket_use_global_stock":"","_tribe_ticket_global_stock_level":"","_global_stock_mode":"","_global_stock_cap":"","_tribe_rsvp_for_event":"","_tribe_ticket_going_count":"","_tribe_ticket_not_going_count":"","_tribe_tickets_list":"[]","_tribe_ticket_has_attendee_info_fields":false,"footnotes":"","_tec_slr_enabled":"","_tec_slr_layout":""},"class_list":["post-4259","page","type-page","status-publish","hentry"],"yoast_head":"<!-- This site is optimized with the Yoast SEO plugin v25.6 - https:\/\/yoast.com\/wordpress\/plugins\/seo\/ -->\n<title>Baia di Mica - Calas en Menorca<\/title>\n<meta name=\"robots\" content=\"index, follow, max-snippet:-1, max-image-preview:large, max-video-preview:-1\" \/>\n<link rel=\"canonical\" href=\"https:\/\/calasenmenorca.com\/cala-mica\" \/>\n<meta property=\"og:locale\" content=\"it_IT\" \/>\n<meta property=\"og:type\" content=\"article\" \/>\n<meta property=\"og:title\" content=\"Baia di Mica - Calas en Menorca\" \/>\n<meta property=\"og:description\" content=\"Baia di Mica Una spiaggia che passa inosservata Nonostante la sua bellezza, Cala Mica \u00e8 una spiaggia che passa inosservata. Essendo una zona sabbiosa selvaggia e di difficile accesso, e [&hellip;]\" \/>\n<meta property=\"og:url\" content=\"https:\/\/calasenmenorca.com\/cala-mica\" \/>\n<meta property=\"og:site_name\" content=\"Calas en Menorca\" \/>\n<meta property=\"article:modified_time\" content=\"2025-09-16T09:48:53+00:00\" \/>\n<meta name=\"twitter:card\" content=\"summary_large_image\" \/>\n<meta name=\"twitter:label1\" content=\"Tempo di lettura stimato\" \/>\n\t<meta name=\"twitter:data1\" content=\"12 minuti\" \/>\n<script type=\"application\/ld+json\" class=\"yoast-schema-graph\">{\"@context\":\"https:\/\/schema.org\",\"@graph\":[{\"@type\":\"WebPage\",\"@id\":\"https:\/\/calasenmenorca.com\/cala-mica\",\"url\":\"https:\/\/calasenmenorca.com\/cala-mica\",\"name\":\"Baia di Mica - Calas en Menorca\",\"isPartOf\":{\"@id\":\"https:\/\/calasenmenorca.com\/#website\"},\"datePublished\":\"2021-04-29T10:08:54+00:00\",\"dateModified\":\"2025-09-16T09:48:53+00:00\",\"breadcrumb\":{\"@id\":\"https:\/\/calasenmenorca.com\/cala-mica#breadcrumb\"},\"inLanguage\":\"it-IT\",\"potentialAction\":[{\"@type\":\"ReadAction\",\"target\":[\"https:\/\/calasenmenorca.com\/cala-mica\"]}]},{\"@type\":\"BreadcrumbList\",\"@id\":\"https:\/\/calasenmenorca.com\/cala-mica#breadcrumb\",\"itemListElement\":[{\"@type\":\"ListItem\",\"position\":1,\"name\":\"Portada\",\"item\":\"https:\/\/calasenmenorca.com\/it\/benvenuti-su-https-calasenmenorca-com\"},{\"@type\":\"ListItem\",\"position\":2,\"name\":\"Baia di Mica\"}]},{\"@type\":\"WebSite\",\"@id\":\"https:\/\/calasenmenorca.com\/#website\",\"url\":\"https:\/\/calasenmenorca.com\/\",\"name\":\"Calas en Menorca\",\"description\":\"Las mejores calas de menorca\",\"potentialAction\":[{\"@type\":\"SearchAction\",\"target\":{\"@type\":\"EntryPoint\",\"urlTemplate\":\"https:\/\/calasenmenorca.com\/?s={search_term_string}\"},\"query-input\":{\"@type\":\"PropertyValueSpecification\",\"valueRequired\":true,\"valueName\":\"search_term_string\"}}],\"inLanguage\":\"it-IT\"}]}<\/script>\n<!-- \/ Yoast SEO plugin. -->","yoast_head_json":{"title":"Baia di Mica - Calas en Menorca","robots":{"index":"index","follow":"follow","max-snippet":"max-snippet:-1","max-image-preview":"max-image-preview:large","max-video-preview":"max-video-preview:-1"},"canonical":"https:\/\/calasenmenorca.com\/cala-mica","og_locale":"it_IT","og_type":"article","og_title":"Baia di Mica - Calas en Menorca","og_description":"Baia di Mica Una spiaggia che passa inosservata Nonostante la sua bellezza, Cala Mica \u00e8 una spiaggia che passa inosservata. Essendo una zona sabbiosa selvaggia e di difficile accesso, e [&hellip;]","og_url":"https:\/\/calasenmenorca.com\/cala-mica","og_site_name":"Calas en Menorca","article_modified_time":"2025-09-16T09:48:53+00:00","twitter_card":"summary_large_image","twitter_misc":{"Tempo di lettura stimato":"12 minuti"},"schema":{"@context":"https:\/\/schema.org","@graph":[{"@type":"WebPage","@id":"https:\/\/calasenmenorca.com\/cala-mica","url":"https:\/\/calasenmenorca.com\/cala-mica","name":"Baia di Mica - Calas en Menorca","isPartOf":{"@id":"https:\/\/calasenmenorca.com\/#website"},"datePublished":"2021-04-29T10:08:54+00:00","dateModified":"2025-09-16T09:48:53+00:00","breadcrumb":{"@id":"https:\/\/calasenmenorca.com\/cala-mica#breadcrumb"},"inLanguage":"it-IT","potentialAction":[{"@type":"ReadAction","target":["https:\/\/calasenmenorca.com\/cala-mica"]}]},{"@type":"BreadcrumbList","@id":"https:\/\/calasenmenorca.com\/cala-mica#breadcrumb","itemListElement":[{"@type":"ListItem","position":1,"name":"Portada","item":"https:\/\/calasenmenorca.com\/it\/benvenuti-su-https-calasenmenorca-com"},{"@type":"ListItem","position":2,"name":"Baia di Mica"}]},{"@type":"WebSite","@id":"https:\/\/calasenmenorca.com\/#website","url":"https:\/\/calasenmenorca.com\/","name":"Calas en Menorca","description":"Las mejores calas de menorca","potentialAction":[{"@type":"SearchAction","target":{"@type":"EntryPoint","urlTemplate":"https:\/\/calasenmenorca.com\/?s={search_term_string}"},"query-input":{"@type":"PropertyValueSpecification","valueRequired":true,"valueName":"search_term_string"}}],"inLanguage":"it-IT"}]}},"ticketed":false,"_links":{"self":[{"href":"https:\/\/calasenmenorca.com\/it\/wp-json\/wp\/v2\/pages\/4259"}],"collection":[{"href":"https:\/\/calasenmenorca.com\/it\/wp-json\/wp\/v2\/pages"}],"about":[{"href":"https:\/\/calasenmenorca.com\/it\/wp-json\/wp\/v2\/types\/page"}],"author":[{"embeddable":true,"href":"https:\/\/calasenmenorca.com\/it\/wp-json\/wp\/v2\/users\/1"}],"replies":[{"embeddable":true,"href":"https:\/\/calasenmenorca.com\/it\/wp-json\/wp\/v2\/comments?post=4259"}],"version-history":[{"count":19,"href":"https:\/\/calasenmenorca.com\/it\/wp-json\/wp\/v2\/pages\/4259\/revisions"}],"predecessor-version":[{"id":10096,"href":"https:\/\/calasenmenorca.com\/it\/wp-json\/wp\/v2\/pages\/4259\/revisions\/10096"}],"wp:attachment":[{"href":"https:\/\/calasenmenorca.com\/it\/wp-json\/wp\/v2\/media?parent=4259"}],"curies":[{"name":"wp","href":"https:\/\/api.w.org\/{rel}","templated":true}]}}