{"id":4663,"date":"2021-04-29T09:42:05","date_gmt":"2021-04-29T09:42:05","guid":{"rendered":"https:\/\/calasenmenorca.com\/cala-cavaller"},"modified":"2026-04-23T12:05:24","modified_gmt":"2026-04-23T12:05:24","slug":"cala-cavaller","status":"publish","type":"page","link":"https:\/\/calasenmenorca.com\/it\/cala-cavaller","title":{"rendered":"Cala Cavaller"},"content":{"rendered":"<p>[et_pb_section fb_built=&#8221;1&#8243; admin_label=&#8221;Header&#8221; _builder_version=&#8221;4.16&#8243; use_background_color_gradient=&#8221;on&#8221; background_color_gradient_direction=&#8221;90deg&#8221; background_color_gradient_stops=&#8221;rgba(36,46,66,0.5) 0%|rgba(36,46,66,0.8) 61%&#8221; background_color_gradient_overlays_image=&#8221;on&#8221; background_color_gradient_start=&#8221;rgba(36,46,66,0.5)&#8221; background_color_gradient_end=&#8221;rgba(36,46,66,0.8)&#8221; background_color_gradient_end_position=&#8221;61%&#8221; background_image=&#8221;https:\/\/calasenmenorca.com\/wp-content\/uploads\/2021\/08\/background-upp.jpg&#8221; background_position=&#8221;bottom_center&#8221; custom_padding=&#8221;||0px|||&#8221; locked=&#8221;off&#8221; global_colors_info=&#8221;{}&#8221;][et_pb_row _builder_version=&#8221;4.16&#8243; width=&#8221;90%&#8221; max_width=&#8221;1215px&#8221; global_colors_info=&#8221;{}&#8221;][et_pb_column type=&#8221;4_4&#8243; _builder_version=&#8221;4.16&#8243; custom_padding=&#8221;|||&#8221; global_colors_info=&#8221;{}&#8221; custom_padding__hover=&#8221;|||&#8221;][et_pb_text _builder_version=&#8221;4.16&#8243; text_font=&#8221;Lato||||||||&#8221; text_font_size=&#8221;16px&#8221; text_line_height=&#8221;1.8em&#8221; header_font=&#8221;PT Serif|700|||||||&#8221; header_font_size=&#8221;80px&#8221; header_line_height=&#8221;1.2em&#8221; text_orientation=&#8221;justified&#8221; background_layout=&#8221;dark&#8221; min_height=&#8221;550px&#8221; min_height_tablet=&#8221;&#8221; min_height_phone=&#8221;&#8221; min_height_last_edited=&#8221;on|desktop&#8221; custom_margin=&#8221;|||||false&#8221; custom_padding=&#8221;40px|40px|40px|40px|true|true&#8221; text_font_size_tablet=&#8221;&#8221; text_font_size_phone=&#8221;14px&#8221; text_font_size_last_edited=&#8221;on|phone&#8221; header_font_size_tablet=&#8221;60px&#8221; header_font_size_phone=&#8221;36px&#8221; header_font_size_last_edited=&#8221;on|phone&#8221; border_width_all=&#8221;40px&#8221; border_color_all=&#8221;#ffd400&#8243; border_width_all_tablet=&#8221;&#8221; border_width_all_phone=&#8221;3px&#8221; border_width_all_last_edited=&#8221;on|desktop&#8221; global_colors_info=&#8221;{}&#8221;]<\/p>\n<h1>Cala Cavaller<\/h1>\n<h2>Un luogo difficile da raggiungere<\/h2>\n<p>Cala en Cavaller \u00e8 una piccola spiaggia di roccia nera, larga circa 50 metri, molto solitaria e totalmente incontaminata. Si trova sulla costa nord di Minorca, tra Es Grau e Fav\u00e0ritx e a sud di Cala en Tortuga.<\/p>\n<p>Si tratta di una localit\u00e0 poco conosciuta, inclusa nel Parco Naturale di S&#8217;Albufera des Grau, i cui fondali rocciosi e le alghe la rendono un&#8217;area in cui vale la pena fare snorkeling.<\/p>\n<p>Cala en Cavaller \u00e8 circondata da scogliere di una certa altezza, ricoperte da cespugli e da una vegetazione varia che arriva fino al lungomare e, di conseguenza, la cala \u00e8 avvolta da un manto verde.<\/p>\n<p>Le peculiarit\u00e0 del luogo, con i suoi fondali sassosi, la moltitudine di scogli e la scarsa profondit\u00e0 di alcune zone, insieme agli ostacoli naturali presenti sulla strada di accesso, fanno s\u00ec che l&#8217;ancoraggio delle imbarcazioni non sia consigliato.<\/p>\n<p>Tutto ci\u00f2, insieme al fatto che anche l&#8217;accesso via terra non \u00e8 facile, dato che la strada per raggiungere la cala \u00e8 lunga, non c&#8217;\u00e8 acqua potabile e non c&#8217;\u00e8 ombra per ripararsi nelle giornate pi\u00f9 calde, spiega il basso numero di turisti nelle sue acque.<\/p>\n<p>[\/et_pb_text][\/et_pb_column][\/et_pb_row][et_pb_row _builder_version=&#8221;4.16&#8243; width=&#8221;100%&#8221; max_width=&#8221;none&#8221; custom_padding=&#8221;0px||1px|||&#8221; global_colors_info=&#8221;{}&#8221;][et_pb_column type=&#8221;4_4&#8243; _builder_version=&#8221;4.16&#8243; custom_padding=&#8221;|||&#8221; global_colors_info=&#8221;{}&#8221; custom_padding__hover=&#8221;|||&#8221;][et_pb_image src=&#8221;https:\/\/calasenmenorca.com\/wp-content\/uploads\/2021\/04\/sight-seeing-52.png&#8221; force_fullwidth=&#8221;on&#8221; _builder_version=&#8221;4.16&#8243; custom_margin=&#8221;-9vw||-1px||false|&#8221; custom_margin_tablet=&#8221;0vw|||&#8221; custom_margin_phone=&#8221;&#8221; custom_margin_last_edited=&#8221;on|desktop&#8221; global_colors_info=&#8221;{}&#8221;][\/et_pb_image][\/et_pb_column][\/et_pb_row][\/et_pb_section][et_pb_section fb_built=&#8221;1&#8243; admin_label=&#8221;CTA&#8221; _builder_version=&#8221;4.16&#8243; z_index=&#8221;10&#8243; custom_padding=&#8221;130px||3px||false|false&#8221; locked=&#8221;off&#8221; global_colors_info=&#8221;{}&#8221;][et_pb_row column_structure=&#8221;3_5,2_5&#8243; _builder_version=&#8221;4.16&#8243; _module_preset=&#8221;default&#8221; max_width=&#8221;1600px&#8221; custom_margin=&#8221;-100px||||false|false&#8221; global_colors_info=&#8221;{}&#8221;][et_pb_column type=&#8221;3_5&#8243; _builder_version=&#8221;4.16&#8243; _module_preset=&#8221;default&#8221; global_colors_info=&#8221;{}&#8221;][et_pb_code _builder_version=&#8221;4.27.0&#8243; _module_preset=&#8221;default&#8221; global_colors_info=&#8221;{}&#8221;]<iframe src=\"https:\/\/www.google.com\/maps\/embed?pb=!1m18!1m12!1m3!1d15047.8502058561!2d4.24904567171603!3d39.978484386993884!2m3!1f0!2f0!3f0!3m2!1i1024!2i768!4f13.1!3m3!1m2!1s0x12be28cecebd9f15%3A0xf3139cb2891259c1!2sCala%20en%20Cavaller!5e1!3m2!1ses!2ses!4v1724161016496!5m2!1ses!2ses\" width=\"640\" height=\"430\" style=\"border:0;\" allowfullscreen=\"\" loading=\"lazy\" referrerpolicy=\"no-referrer-when-downgrade\"><\/iframe>[\/et_pb_code][et_pb_code _builder_version=&#8221;4.27.0&#8243; _module_preset=&#8221;default&#8221; global_colors_info=&#8221;{}&#8221;]<iframe src=\"https:\/\/www.google.com\/maps\/embed?pb=!4v1730816201637!6m8!1m7!1sCAoSLEFGMVFpcE5pamN0TTcxNEVwc21Pa2RMeDE3MFA3NnktLVdpalRLVU54RXJ5!2m2!1d39.97936503324897!2d4.259919970912504!3f147.15460590296635!4f-0.06624131435455638!5f0.7820865974627469\" width=\"640\" height=\"450\" style=\"border:0;\" allowfullscreen=\"\" loading=\"lazy\" referrerpolicy=\"no-referrer-when-downgrade\"><\/iframe>[\/et_pb_code][\/et_pb_column][et_pb_column type=&#8221;2_5&#8243; _builder_version=&#8221;4.16&#8243; _module_preset=&#8221;default&#8221; global_colors_info=&#8221;{}&#8221;][et_pb_text _builder_version=&#8221;4.16&#8243; _module_preset=&#8221;default&#8221; global_colors_info=&#8221;{}&#8221;]<\/p>\n<p>Nome<strong>:<\/strong> <strong>Cala en Cavaller<\/strong><\/p>\n<p>Posizione<span>: <strong>Zona Nord II (39\u00b058&#8217;66.6 &#8220;N 4\u00b015&#8217;82.9 &#8220;E<\/strong><\/span><strong>)<\/strong><\/p>\n<p>Distanza da Mah\u00f3n<span>: <strong>11 MN ; 20 km<\/strong><\/span><\/p>\n<p>Tempo di percorrenza da Mah\u00f3n<span>: <strong>44 min. in barca (velocit\u00e0 media: 15 nodi); 30 min. in auto<\/strong><\/span><\/p>\n<p>Tipo di spiaggia: <strong>ghiaia<\/strong><\/p>\n<p>Ancoraggio con barca<span>:  <strong>Alghe e rocce. Non \u00e8 raccomandato.<\/strong><\/span><\/p>\n<p>Accesso pericoloso in barca:  <strong>Alto. Numerosi scogli affiorano sul lato S, sul lato N e al centro della baia. Si sconsiglia di ancorare e di avvicinarsi troppo alla riva.<\/strong><\/p>\n<p>Posidonia<span>: <strong>S\u00ec<\/strong><\/span><\/p>\n<p>Stazione di servizio pi\u00f9 vicina per le barche: <strong>9&#8217;5 MN; Mah\u00f3n<\/strong><\/p>\n<p>&nbsp;<\/p>\n<p>[\/et_pb_text][\/et_pb_column][\/et_pb_row][\/et_pb_section][et_pb_section fb_built=&#8221;1&#8243; _builder_version=&#8221;4.27.0&#8243; _module_preset=&#8221;default&#8221; hover_enabled=&#8221;0&#8243; global_colors_info=&#8221;{}&#8221; module_class=&#8221;servicios&#8221; sticky_enabled=&#8221;0&#8243;][et_pb_row _builder_version=&#8221;4.16&#8243; _module_preset=&#8221;default&#8221; global_colors_info=&#8221;{}&#8221;][et_pb_column type=&#8221;4_4&#8243; _builder_version=&#8221;4.16&#8243; _module_preset=&#8221;default&#8221; global_colors_info=&#8221;{}&#8221;][et_pb_text _builder_version=&#8221;4.16&#8243; _module_preset=&#8221;default&#8221; global_colors_info=&#8221;{}&#8221;]<\/p>\n<h2 style=\"text-align: center;\"><strong>SERVIZI<\/strong><\/h2>\n<p>[\/et_pb_text][\/et_pb_column][\/et_pb_row][et_pb_row column_structure=&#8221;1_4,1_4,1_4,1_4&#8243; _builder_version=&#8221;4.27.0&#8243; _module_preset=&#8221;default&#8221; width=&#8221;50%&#8221; hover_enabled=&#8221;0&#8243; locked=&#8221;off&#8221; global_colors_info=&#8221;{}&#8221; width_last_edited=&#8221;on|phone&#8221; sticky_enabled=&#8221;0&#8243; width_phone=&#8221;95%&#8221; width_tablet=&#8221;50%&#8221;][et_pb_column type=&#8221;1_4&#8243; _builder_version=&#8221;4.16&#8243; _module_preset=&#8221;default&#8221; global_colors_info=&#8221;{}&#8221;][et_pb_image src=&#8221;https:\/\/calasenmenorca.com\/wp-content\/uploads\/2021\/08\/sin-servicios.jpg&#8221; title_text=&#8221;no-servizi&#8221; _builder_version=&#8221;4.16&#8243; _module_preset=&#8221;default&#8221; global_colors_info=&#8221;{}&#8221;][\/et_pb_image][et_pb_text _builder_version=&#8221;4.16&#8243; _module_preset=&#8221;default&#8221; global_colors_info=&#8221;{}&#8221;]<\/p>\n<p style=\"text-align: center;\">NESSUN SERVIZIO<\/p>\n<p>[\/et_pb_text][\/et_pb_column][et_pb_column type=&#8221;1_4&#8243; _builder_version=&#8221;4.16&#8243; _module_preset=&#8221;default&#8221; global_colors_info=&#8221;{}&#8221;][et_pb_image src=&#8221;https:\/\/calasenmenorca.com\/wp-content\/uploads\/2021\/08\/parking.jpg&#8221; title_text=&#8221;parcheggio&#8221; _builder_version=&#8221;4.16&#8243; _module_preset=&#8221;default&#8221; global_colors_info=&#8221;{}&#8221;][\/et_pb_image][et_pb_text _builder_version=&#8221;4.16&#8243; _module_preset=&#8221;default&#8221; global_colors_info=&#8221;{}&#8221;]<\/p>\n<p style=\"text-align: center;\">PARCHEGGIO<\/p>\n<p>[\/et_pb_text][\/et_pb_column][et_pb_column type=&#8221;1_4&#8243; _builder_version=&#8221;4.16&#8243; _module_preset=&#8221;default&#8221; global_colors_info=&#8221;{}&#8221;][et_pb_image src=&#8221;https:\/\/calasenmenorca.com\/wp-content\/uploads\/2021\/08\/bus.jpg&#8221; title_text=&#8221;autobus&#8221; _builder_version=&#8221;4.16&#8243; _module_preset=&#8221;default&#8221; global_colors_info=&#8221;{}&#8221;][\/et_pb_image][et_pb_text _builder_version=&#8221;4.16&#8243; _module_preset=&#8221;default&#8221; global_colors_info=&#8221;{}&#8221;]<\/p>\n<p style=\"text-align: center;\">FERMATA DELL&#8217;AUTOBUS<\/p>\n<p>[\/et_pb_text][\/et_pb_column][et_pb_column type=&#8221;1_4&#8243; _builder_version=&#8221;4.16&#8243; _module_preset=&#8221;default&#8221; global_colors_info=&#8221;{}&#8221;][et_pb_image src=&#8221;https:\/\/calasenmenorca.com\/wp-content\/uploads\/2021\/08\/peaton.jpg&#8221; title_text=&#8221;pedonale&#8221; _builder_version=&#8221;4.16&#8243; _module_preset=&#8221;default&#8221; global_colors_info=&#8221;{}&#8221;][\/et_pb_image][et_pb_text _builder_version=&#8221;4.16&#8243; _module_preset=&#8221;default&#8221; global_colors_info=&#8221;{}&#8221;]<\/p>\n<p style=\"text-align: center;\">CAMMINARE 4 Km<\/p>\n<p>[\/et_pb_text][\/et_pb_column][\/et_pb_row][\/et_pb_section][et_pb_section fb_built=&#8221;1&#8243; _builder_version=&#8221;4.16&#8243; _module_preset=&#8221;default&#8221; global_colors_info=&#8221;{}&#8221;][et_pb_row _builder_version=&#8221;4.16&#8243; _module_preset=&#8221;default&#8221; global_colors_info=&#8221;{}&#8221;][et_pb_column type=&#8221;4_4&#8243; _builder_version=&#8221;4.16&#8243; _module_preset=&#8221;default&#8221; global_colors_info=&#8221;{}&#8221;][et_pb_text _builder_version=&#8221;4.27.0&#8243; _module_preset=&#8221;default&#8221; global_colors_info=&#8221;{}&#8221;]<\/p>\n<h2 style=\"text-align: center;\"><strong>Servizi vicino a Cala en Cavaller<\/strong><\/h2>\n<p>[\/et_pb_text][et_pb_text _builder_version=&#8221;4.16&#8243; _module_preset=&#8221;default&#8221; global_colors_info=&#8221;{}&#8221;]<\/p>\n<p style=\"text-align: center;\"><strong>NESSUN SERVIZIO NELLE VICINANZE* NESSUN SERVIZIO NELLE VICINANZE* NESSUN SERVIZIO NELLE VICINANZE* NESSUN SERVIZIO NELLE VICINANZE* NESSUN SERVIZIO NELLE VICINANZE<\/strong><\/p>\n<p style=\"text-align: center;\"><span style=\"font-size: x-small;\">*Sono considerati &#8220;vicini&#8221; se si trovano in un raggio di circa 250-300 metri.<\/span><\/p>\n<p>[\/et_pb_text][\/et_pb_column][\/et_pb_row][\/et_pb_section][et_pb_section fb_built=&#8221;1&#8243; admin_label=&#8221;CTA&#8221; _builder_version=&#8221;4.16&#8243; z_index=&#8221;10&#8243; custom_margin=&#8221;0px||||false|false&#8221; custom_padding=&#8221;0px||||false|false&#8221; locked=&#8221;off&#8221; global_colors_info=&#8221;{}&#8221;][et_pb_row _builder_version=&#8221;4.16&#8243; background_color=&#8221;#ffffff&#8221; custom_margin=&#8221;|auto||auto|false|false&#8221; custom_padding=&#8221;80px|20px|80px|20px|true|true&#8221; box_shadow_style=&#8221;preset3&#8243; box_shadow_horizontal=&#8221;5px&#8221; box_shadow_vertical=&#8221;25px&#8221; box_shadow_blur=&#8221;105px&#8221; box_shadow_spread=&#8221;-30px&#8221; box_shadow_color=&#8221;rgba(0,0,0,0.25)&#8221; locked=&#8221;off&#8221; global_colors_info=&#8221;{}&#8221;][et_pb_column type=&#8221;4_4&#8243; _builder_version=&#8221;4.16&#8243; custom_padding=&#8221;|||&#8221; global_colors_info=&#8221;{}&#8221; custom_padding__hover=&#8221;|||&#8221;][et_pb_text _builder_version=&#8221;4.27.0&#8243; text_font=&#8221;Lato||||||||&#8221; text_font_size=&#8221;15px&#8221; text_line_height=&#8221;1.8em&#8221; header_font=&#8221;||||||||&#8221; header_2_font=&#8221;PT Serif|700|||||||&#8221; header_2_font_size=&#8221;64px&#8221; header_2_line_height=&#8221;1.2em&#8221; text_orientation=&#8221;center&#8221; width_tablet=&#8221;600px&#8221; width_phone=&#8221;400px&#8221; width_last_edited=&#8221;off|phone&#8221; max_width=&#8221;850px&#8221; max_width_tablet=&#8221;&#8221; max_width_phone=&#8221;&#8221; max_width_last_edited=&#8221;on|desktop&#8221; module_alignment=&#8221;center&#8221; custom_margin=&#8221;||15px&#8221; text_font_size_tablet=&#8221;&#8221; text_font_size_phone=&#8221;15px&#8221; text_font_size_last_edited=&#8221;on|desktop&#8221; header_2_font_size_tablet=&#8221;44px&#8221; header_2_font_size_phone=&#8221;28px&#8221; header_2_font_size_last_edited=&#8221;on|phone&#8221; locked=&#8221;off&#8221; global_colors_info=&#8221;{}&#8221;]<\/p>\n<h2 class=\"Cuerpo\"><span lang=\"ES-TRAD\">Cala en Cavaller a Minorca, come arrivare?<o:p><\/o:p><\/span><\/h2>\n<p class=\"Cuerpo\" style=\"text-align: justify;\">Come abbiamo gi\u00e0 detto, raggiungere questa spiaggia non \u00e8 un compito facile.<\/p>\n<p class=\"Cuerpo\" style=\"text-align: justify;\">L&#8217;accesso diretto su <strong>strada<\/strong> non \u00e8 fattibile, anche se ci permetter\u00e0 di raggiungere Es Grau o il faro di Fav\u00e0ritx (per continuare l&#8217;itinerario da l\u00ec, seguendo il Cam\u00ed de Cavalls).<\/p>\n<p class=\"Cuerpo\" style=\"text-align: justify;\">Per raggiungere entrambi i luoghi possiamo andare in auto (a Es Grau \u00e8 disponibile un parcheggio e a Fav\u00e0ritx \u00e8 stato allestito un parcheggio temporaneo nel 2020) o arrivare in <strong>autobus<\/strong>. La linea 43 parte da Mah\u00f3n e ferma a Fav\u00e0ritx, mentre la linea 23* ha la stessa origine, ma vi porter\u00e0 a Es Grau.<\/p>\n<p class=\"Cuerpo\" style=\"text-align: justify;\">Una volta raggiunto uno di questi due luoghi, possiamo continuare il percorso seguendo il <strong>Cam\u00ed de Cavalls<\/strong>. Entrambi i punti si trovano nella stessa tappa del percorso (la 02 che va da Es Grau al capo di Fav\u00e0ritx), e Cala en Cavaller \u00e8 pi\u00f9 o meno a met\u00e0 strada tra i due.<\/p>\n<p class=\"Cuerpo\" style=\"text-align: justify;\">Se decidiamo di partire da Es Grau, faremo la tappa in direzione nord e passeremo dalla spiaggia di Es Grau, potremo fermarci a osservare gli uccelli della regione fermandoci in due punti panoramici del Parco Naturale di s&#8217;Albufera che troveremo sul percorso, e passeremo per la cala Fondejador des Llanes, Mamaes Primes, Cala Tamarells e Sa Torreta (dove possiamo vedere la sua torre di difesa), fino ad arrivare a Cala en Cavaller.<\/p>\n<p class=\"Cuerpo\" style=\"text-align: justify;\">Se invece partiamo da Fav\u00e0ritx, il Cam\u00ed de Cavalls ci porter\u00e0 in direzione sud e, lungo il percorso, potremo visitare il faro di Fav\u00e0ritx e le famose Cala Tortuga e Cala Presilli, prima di raggiungere Cala en Cavaller.<\/p>\n<p class=\"Cuerpo\" style=\"text-align: justify;\">Entrambi i percorsi offrono paesaggi spettacolari, ma sono escursioni lunghe (circa 4 km per tratto e circa 90 minuti di cammino) in cui non bisogna dimenticare di essere ben equipaggiati e, se possibile, \u00e8 preferibile non fare questi percorsi in piena estate, poich\u00e9 il caldo, la mancanza di ombra e l&#8217;assenza di acqua potabile lungo il percorso (a meno che non la si porti con s\u00e9 fin dall&#8217;inizio), possono giocare un brutto scherzo.<\/p>\n<p class=\"Cuerpo\" style=\"text-align: justify;\"><span style=\"font-size: x-small;\">*Questa linea offre il servizio solo durante l&#8217;estate.<\/span><\/p>\n<p>[\/et_pb_text][\/et_pb_column][\/et_pb_row][\/et_pb_section][et_pb_section fb_built=&#8221;1&#8243; admin_label=&#8221;Video&#8221; _builder_version=&#8221;4.16&#8243; background_color_gradient_direction=&#8221;90deg&#8221; custom_padding=&#8221;100px|||||&#8221; global_colors_info=&#8221;{}&#8221;][et_pb_row padding_top_bottom_link_1=&#8221;false&#8221; padding_left_right_link_1=&#8221;false&#8221; _builder_version=&#8221;4.16&#8243; background_color=&#8221;#fe533a&#8221; width_tablet=&#8221;&#8221; width_phone=&#8221;90%&#8221; width_last_edited=&#8221;on|desktop&#8221; max_width=&#8221;none&#8221; module_alignment=&#8221;right&#8221; custom_padding=&#8221;||0px|||&#8221; global_colors_info=&#8221;{}&#8221;][et_pb_column type=&#8221;4_4&#8243; _builder_version=&#8221;4.16&#8243; custom_padding=&#8221;|10vw||&#8221; global_colors_info=&#8221;{}&#8221; custom_padding__hover=&#8221;|||&#8221;][et_pb_image src=&#8221;https:\/\/calasenmenorca.com\/wp-content\/uploads\/2021\/08\/gaviota-norte.jpg&#8221; title_text=&#8221;gabbiano-nord&#8221; _builder_version=&#8221;4.16&#8243; _module_preset=&#8221;default&#8221; width=&#8221;123%&#8221; width_tablet=&#8221;&#8221; width_phone=&#8221;122%&#8221; width_last_edited=&#8221;on|phone&#8221; custom_margin=&#8221;-142px|||-8vw|false|false&#8221; border_width_all=&#8221;9px&#8221; border_color_all=&#8221;#FFFFFF&#8221; box_shadow_style=&#8221;preset3&#8243; box_shadow_horizontal=&#8221;20px&#8221; box_shadow_vertical=&#8221;60px&#8221; box_shadow_blur=&#8221;180px&#8221; box_shadow_spread=&#8221;-20px&#8221; box_shadow_color=&#8221;rgba(0,0,0,0.64)&#8221; global_colors_info=&#8221;{}&#8221;][\/et_pb_image][\/et_pb_column][\/et_pb_row][et_pb_row padding_top_bottom_link_1=&#8221;false&#8221; padding_left_right_link_1=&#8221;false&#8221; _builder_version=&#8221;4.16&#8243; background_color=&#8221;#fe533a&#8221; width_tablet=&#8221;&#8221; width_phone=&#8221;100%&#8221; width_last_edited=&#8221;on|desktop&#8221; max_width=&#8221;none&#8221; module_alignment=&#8221;right&#8221; custom_padding=&#8221;60px||||false|false&#8221; global_colors_info=&#8221;{}&#8221;][et_pb_column type=&#8221;4_4&#8243; _builder_version=&#8221;4.16&#8243; custom_padding=&#8221;|10vw|80px|100px&#8221; custom_padding_tablet=&#8221;||40px|40px&#8221; custom_padding_phone=&#8221;&#8221; custom_padding_last_edited=&#8221;on|phone&#8221; global_colors_info=&#8221;{}&#8221; custom_padding__hover=&#8221;|||&#8221;][et_pb_text _builder_version=&#8221;4.16&#8243; text_font=&#8221;||||||||&#8221; text_font_size=&#8221;16px&#8221; text_line_height=&#8221;1.9em&#8221; header_3_font=&#8221;Lato|700|||||||&#8221; header_3_font_size=&#8221;20px&#8221; header_3_line_height=&#8221;1.4em&#8221; background_layout=&#8221;dark&#8221; width=&#8221;100%&#8221; max_width=&#8221;800px&#8221; max_width_tablet=&#8221;100%&#8221; max_width_phone=&#8221;&#8221; max_width_last_edited=&#8221;on|tablet&#8221; custom_margin_tablet=&#8221;||30px&#8221; custom_margin_last_edited=&#8221;off|desktop&#8221; text_font_size_tablet=&#8221;&#8221; text_font_size_phone=&#8221;15px&#8221; text_font_size_last_edited=&#8221;on|phone&#8221; locked=&#8221;off&#8221; global_colors_info=&#8221;{}&#8221;]<\/p>\n<h3>Cosa vedere vicino a Cala en Cavaller a Minorca?<\/h3>\n<p>Come molte delle localit\u00e0 che si trovano in questa regione dell&#8217;isola di Minorca, Cala en Cavaller offre, fondamentalmente, due piani da realizzare per godere appieno del suo ambiente privilegiato.<\/p>\n<p>Da un lato, essendo inclusa nel Parco Naturale di s&#8217;Albufera d&#8217;es Grau, la posidonia presente nelle sue acque ospita un&#8217;esuberante vita marina che vale la pena conoscere. Lo <strong>snorkeling<\/strong> o le immersioni subacquee sono opzioni fantastiche per chi ama i paesaggi sottomarini.<\/p>\n<p>D&#8217;altra parte, la sua posizione (al centro di una delle tappe del Cam\u00ed de Cavalls), d\u00e0 luogo a numerose <strong>escursioni<\/strong> per ispezionare i dintorni e godere degli angoli nascosti della costa nord dell&#8217;isola: dalle sue cale (Cala Rambles, Mamaes Primes, il Fondejador des Llanes), ai luoghi di interesse storico e paesaggistico (come Sa Torreta, il faro di Fav\u00e0ritx o i punti panoramici di s&#8217;Albufera).<\/p>\n<p>Un&#8217;infinit\u00e0 di possibilit\u00e0 per scoprire, solo in parte, tutto ci\u00f2 che Minorca ha da offrire.<\/p>\n<p>[\/et_pb_text][\/et_pb_column][\/et_pb_row][\/et_pb_section][et_pb_section fb_built=&#8221;1&#8243; admin_label=&#8221;Details&#8221; _builder_version=&#8221;4.16&#8243; locked=&#8221;off&#8221; global_colors_info=&#8221;{}&#8221;][et_pb_row column_structure=&#8221;1_2,1_2&#8243; _builder_version=&#8221;4.16&#8243; global_colors_info=&#8221;{}&#8221;][et_pb_column type=&#8221;1_2&#8243; _builder_version=&#8221;4.16&#8243; custom_padding=&#8221;|||&#8221; global_colors_info=&#8221;{}&#8221; custom_padding__hover=&#8221;|||&#8221;][et_pb_text _builder_version=&#8221;4.16&#8243; text_font=&#8221;||||||||&#8221; header_font=&#8221;||||||||&#8221; header_2_font=&#8221;PT Serif|700|||||||&#8221; header_2_font_size=&#8221;60px&#8221; header_2_line_height=&#8221;1.2em&#8221; text_orientation=&#8221;justified&#8221; max_width=&#8221;600px&#8221; custom_margin=&#8221;||15px&#8221; header_2_font_size_tablet=&#8221;42px&#8221; header_2_font_size_phone=&#8221;30px&#8221; header_2_font_size_last_edited=&#8221;on|tablet&#8221; locked=&#8221;off&#8221; global_colors_info=&#8221;{}&#8221;]<\/p>\n<h2 style=\"text-align: justify;\">Come raggiungere Cala en Cavaller in barca?<\/h2>\n<p style=\"text-align: justify;\">L&#8217;altra opzione per raggiungere Cala en Cavaller \u00e8 via mare, ma dobbiamo ricordare che, se ci avviciniamo in barca, non \u00e8 consigliabile ancorare vicino alla cala a causa delle caratteristiche sfavorevoli del terreno e delle restrizioni della posidonia.<\/p>\n<p style=\"text-align: justify;\">In ogni caso, se vogliamo fare questo avvicinamento, dovremo lasciare il porto di Mah\u00f3n con la nostra barca in direzione SE, lasciando la banchina a dritta. Proseguiremo lungo il porto fino a raggiungere il mare aperto (fino a Punta de Sant Carles).<\/p>\n<p style=\"text-align: justify;\">A questo punto, lasciamo il faro di San Carlos a dritta e proseguiamo a sinistra lungo la costa (in direzione nord). Passeremo La Mola e Punta de S&#8217;Espero, per poi dirigerci verso NW (sempre navigando con la costa a babordo).<\/p>\n<p style=\"text-align: justify;\">Passeremo per Cap Negre, Punta de Sa Galera e, infine, Punta de sa Cudia. Sul lato sinistro vedremo un&#8217;insenatura che conduce a Es Grau, e di fronte avremo Illa d&#8217;en Colom. Dobbiamo costeggiarlo a N, fino a superare la sua estremit\u00e0 settentrionale (Cap des Mestral).<\/p>\n<p style=\"text-align: justify;\">Ci posizioneremo in direzione NW, prendendo come punto di riferimento Cap de Mossen Vives e, alla sua estremit\u00e0 meridionale, troveremo Cala en Cavaller.<\/p>\n<p>[\/et_pb_text][\/et_pb_column][et_pb_column type=&#8221;1_2&#8243; _builder_version=&#8221;4.16&#8243; custom_padding=&#8221;|||&#8221; global_colors_info=&#8221;{}&#8221; custom_padding__hover=&#8221;|||&#8221;][\/et_pb_column][\/et_pb_row][\/et_pb_section][et_pb_section fb_built=&#8221;1&#8243; admin_label=&#8221;Footer&#8221; _builder_version=&#8221;4.16&#8243; use_background_color_gradient=&#8221;on&#8221; background_color_gradient_stops=&#8221;#ffffff 0%|rgba(36,46,66,0) 75%&#8221; background_color_gradient_overlays_image=&#8221;on&#8221; background_color_gradient_start=&#8221;#ffffff&#8221; background_color_gradient_end=&#8221;rgba(36,46,66,0)&#8221; background_color_gradient_end_position=&#8221;75%&#8221; background_image=&#8221;https:\/\/calasenmenorca.com\/wp-content\/uploads\/2021\/08\/background-dawn.jpg&#8221; custom_padding=&#8221;||20vw&#8221; top_divider_style=&#8221;waves2&#8243; top_divider_color=&#8221;#f5f5f5&#8243; locked=&#8221;off&#8221; global_colors_info=&#8221;{}&#8221;][et_pb_row _builder_version=&#8221;4.16&#8243; locked=&#8221;off&#8221; global_colors_info=&#8221;{}&#8221;][et_pb_column type=&#8221;4_4&#8243; _builder_version=&#8221;4.16&#8243; custom_padding=&#8221;|||&#8221; global_colors_info=&#8221;{}&#8221; custom_padding__hover=&#8221;|||&#8221;][et_pb_text _builder_version=&#8221;4.16&#8243; text_font=&#8221;||||||||&#8221; header_font=&#8221;||||||||&#8221; header_2_font=&#8221;PT Serif|700|||||||&#8221; header_2_font_size=&#8221;60px&#8221; header_2_line_height=&#8221;1.2em&#8221; text_orientation=&#8221;center&#8221; max_width=&#8221;600px&#8221; module_alignment=&#8221;center&#8221; custom_margin=&#8221;||15px&#8221; header_2_font_size_tablet=&#8221;42px&#8221; header_2_font_size_phone=&#8221;30px&#8221; header_2_font_size_last_edited=&#8221;on|tablet&#8221; locked=&#8221;off&#8221; global_colors_info=&#8221;{}&#8221;]<\/p>\n<h2>Volete andare a Cala en Cavaller in barca?<\/h2>\n<p>[\/et_pb_text][et_pb_button button_url=&#8221;https:\/\/barcosenmenorca.com\/es\/&#8221; url_new_window=&#8221;on&#8221; button_text=&#8221;OFFERTE PER ANDARE IN BARCA&#8221; button_alignment=&#8221;center&#8221; _builder_version=&#8221;4.16&#8243; _module_preset=&#8221;default&#8221; custom_css_main_element=&#8221;font-size: 14px !important;||    border-width: 10px !important;||    border-color: rgba(0,0,0,0);||    border-radius: 0px;||    font-family: &#8216;Lato&#8217;,Helvetica, Arial, Lucida, sans-serif !important;||    font-weight: undefined;||color:white;||    font-weight: 700 !important;||    text-transform: uppercase !important;||    letter-spacing: 4px;||    background-image: initial;||    background-color: #ff3314;&#8221; global_colors_info=&#8221;{}&#8221;][\/et_pb_button][\/et_pb_column][\/et_pb_row][et_pb_row _builder_version=&#8221;4.16&#8243; width=&#8221;100%&#8221; max_width=&#8221;none&#8221; locked=&#8221;off&#8221; global_colors_info=&#8221;{}&#8221;][et_pb_column type=&#8221;4_4&#8243; _builder_version=&#8221;4.16&#8243; custom_padding=&#8221;|||&#8221; global_colors_info=&#8221;{}&#8221; custom_padding__hover=&#8221;|||&#8221;][et_pb_image src=&#8221;https:\/\/calasenmenorca.com\/wp-content\/uploads\/2021\/04\/sight-seeing-49.png&#8221; show_bottom_space=&#8221;off&#8221; force_fullwidth=&#8221;on&#8221; _builder_version=&#8221;4.16&#8243; custom_margin=&#8221;||&#8221; global_colors_info=&#8221;{}&#8221;][\/et_pb_image][\/et_pb_column][\/et_pb_row][\/et_pb_section]<\/p>\n","protected":false},"excerpt":{"rendered":"<p>Cala Cavaller Un luogo difficile da raggiungere Cala en Cavaller \u00e8 una piccola spiaggia di roccia nera, larga circa 50 metri, molto solitaria e totalmente incontaminata. Si trova sulla costa [&hellip;]<\/p>\n","protected":false},"author":1,"featured_media":0,"parent":0,"menu_order":0,"comment_status":"closed","ping_status":"closed","template":"","meta":{"_et_pb_use_builder":"on","_et_pb_old_content":"","_et_gb_content_width":"","_price":"","_stock":"","_tribe_ticket_header":"","_tribe_default_ticket_provider":"","_tribe_ticket_capacity":"0","_ticket_start_date":"","_ticket_end_date":"","_tribe_ticket_show_description":"","_tribe_ticket_show_not_going":false,"_tribe_ticket_use_global_stock":"","_tribe_ticket_global_stock_level":"","_global_stock_mode":"","_global_stock_cap":"","_tribe_rsvp_for_event":"","_tribe_ticket_going_count":"","_tribe_ticket_not_going_count":"","_tribe_tickets_list":"[]","_tribe_ticket_has_attendee_info_fields":false,"footnotes":"","_tec_slr_enabled":"","_tec_slr_layout":""},"class_list":["post-4663","page","type-page","status-publish","hentry"],"yoast_head":"<!-- This site is optimized with the Yoast SEO plugin v25.6 - https:\/\/yoast.com\/wordpress\/plugins\/seo\/ -->\n<title>Cala Cavaller - Calas en Menorca<\/title>\n<meta name=\"robots\" content=\"index, follow, max-snippet:-1, max-image-preview:large, max-video-preview:-1\" \/>\n<link rel=\"canonical\" href=\"https:\/\/calasenmenorca.com\/it\/cala-cavaller\" \/>\n<meta property=\"og:locale\" content=\"it_IT\" \/>\n<meta property=\"og:type\" content=\"article\" \/>\n<meta property=\"og:title\" content=\"Cala Cavaller - Calas en Menorca\" \/>\n<meta property=\"og:description\" content=\"Cala Cavaller Un luogo difficile da raggiungere Cala en Cavaller \u00e8 una piccola spiaggia di roccia nera, larga circa 50 metri, molto solitaria e totalmente incontaminata. Si trova sulla costa [&hellip;]\" \/>\n<meta property=\"og:url\" content=\"https:\/\/calasenmenorca.com\/it\/cala-cavaller\" \/>\n<meta property=\"og:site_name\" content=\"Calas en Menorca\" \/>\n<meta property=\"article:modified_time\" content=\"2026-04-23T12:05:24+00:00\" \/>\n<meta name=\"twitter:card\" content=\"summary_large_image\" \/>\n<meta name=\"twitter:label1\" content=\"Tempo di lettura stimato\" \/>\n\t<meta name=\"twitter:data1\" content=\"14 minuti\" \/>\n<script type=\"application\/ld+json\" class=\"yoast-schema-graph\">{\"@context\":\"https:\/\/schema.org\",\"@graph\":[{\"@type\":\"WebPage\",\"@id\":\"https:\/\/calasenmenorca.com\/it\/cala-cavaller\",\"url\":\"https:\/\/calasenmenorca.com\/it\/cala-cavaller\",\"name\":\"Cala Cavaller - Calas en Menorca\",\"isPartOf\":{\"@id\":\"https:\/\/calasenmenorca.com\/#website\"},\"datePublished\":\"2021-04-29T09:42:05+00:00\",\"dateModified\":\"2026-04-23T12:05:24+00:00\",\"breadcrumb\":{\"@id\":\"https:\/\/calasenmenorca.com\/it\/cala-cavaller#breadcrumb\"},\"inLanguage\":\"it-IT\",\"potentialAction\":[{\"@type\":\"ReadAction\",\"target\":[\"https:\/\/calasenmenorca.com\/it\/cala-cavaller\"]}]},{\"@type\":\"BreadcrumbList\",\"@id\":\"https:\/\/calasenmenorca.com\/it\/cala-cavaller#breadcrumb\",\"itemListElement\":[{\"@type\":\"ListItem\",\"position\":1,\"name\":\"Portada\",\"item\":\"https:\/\/calasenmenorca.com\/it\/benvenuti-su-https-calasenmenorca-com\"},{\"@type\":\"ListItem\",\"position\":2,\"name\":\"Cala Cavaller\"}]},{\"@type\":\"WebSite\",\"@id\":\"https:\/\/calasenmenorca.com\/#website\",\"url\":\"https:\/\/calasenmenorca.com\/\",\"name\":\"Calas en Menorca\",\"description\":\"Las mejores calas de menorca\",\"potentialAction\":[{\"@type\":\"SearchAction\",\"target\":{\"@type\":\"EntryPoint\",\"urlTemplate\":\"https:\/\/calasenmenorca.com\/?s={search_term_string}\"},\"query-input\":{\"@type\":\"PropertyValueSpecification\",\"valueRequired\":true,\"valueName\":\"search_term_string\"}}],\"inLanguage\":\"it-IT\"}]}<\/script>\n<!-- \/ Yoast SEO plugin. -->","yoast_head_json":{"title":"Cala Cavaller - Calas en Menorca","robots":{"index":"index","follow":"follow","max-snippet":"max-snippet:-1","max-image-preview":"max-image-preview:large","max-video-preview":"max-video-preview:-1"},"canonical":"https:\/\/calasenmenorca.com\/it\/cala-cavaller","og_locale":"it_IT","og_type":"article","og_title":"Cala Cavaller - Calas en Menorca","og_description":"Cala Cavaller Un luogo difficile da raggiungere Cala en Cavaller \u00e8 una piccola spiaggia di roccia nera, larga circa 50 metri, molto solitaria e totalmente incontaminata. Si trova sulla costa [&hellip;]","og_url":"https:\/\/calasenmenorca.com\/it\/cala-cavaller","og_site_name":"Calas en Menorca","article_modified_time":"2026-04-23T12:05:24+00:00","twitter_card":"summary_large_image","twitter_misc":{"Tempo di lettura stimato":"14 minuti"},"schema":{"@context":"https:\/\/schema.org","@graph":[{"@type":"WebPage","@id":"https:\/\/calasenmenorca.com\/it\/cala-cavaller","url":"https:\/\/calasenmenorca.com\/it\/cala-cavaller","name":"Cala Cavaller - Calas en Menorca","isPartOf":{"@id":"https:\/\/calasenmenorca.com\/#website"},"datePublished":"2021-04-29T09:42:05+00:00","dateModified":"2026-04-23T12:05:24+00:00","breadcrumb":{"@id":"https:\/\/calasenmenorca.com\/it\/cala-cavaller#breadcrumb"},"inLanguage":"it-IT","potentialAction":[{"@type":"ReadAction","target":["https:\/\/calasenmenorca.com\/it\/cala-cavaller"]}]},{"@type":"BreadcrumbList","@id":"https:\/\/calasenmenorca.com\/it\/cala-cavaller#breadcrumb","itemListElement":[{"@type":"ListItem","position":1,"name":"Portada","item":"https:\/\/calasenmenorca.com\/it\/benvenuti-su-https-calasenmenorca-com"},{"@type":"ListItem","position":2,"name":"Cala Cavaller"}]},{"@type":"WebSite","@id":"https:\/\/calasenmenorca.com\/#website","url":"https:\/\/calasenmenorca.com\/","name":"Calas en Menorca","description":"Las mejores calas de menorca","potentialAction":[{"@type":"SearchAction","target":{"@type":"EntryPoint","urlTemplate":"https:\/\/calasenmenorca.com\/?s={search_term_string}"},"query-input":{"@type":"PropertyValueSpecification","valueRequired":true,"valueName":"search_term_string"}}],"inLanguage":"it-IT"}]}},"ticketed":false,"_links":{"self":[{"href":"https:\/\/calasenmenorca.com\/it\/wp-json\/wp\/v2\/pages\/4663"}],"collection":[{"href":"https:\/\/calasenmenorca.com\/it\/wp-json\/wp\/v2\/pages"}],"about":[{"href":"https:\/\/calasenmenorca.com\/it\/wp-json\/wp\/v2\/types\/page"}],"author":[{"embeddable":true,"href":"https:\/\/calasenmenorca.com\/it\/wp-json\/wp\/v2\/users\/1"}],"replies":[{"embeddable":true,"href":"https:\/\/calasenmenorca.com\/it\/wp-json\/wp\/v2\/comments?post=4663"}],"version-history":[{"count":15,"href":"https:\/\/calasenmenorca.com\/it\/wp-json\/wp\/v2\/pages\/4663\/revisions"}],"predecessor-version":[{"id":10355,"href":"https:\/\/calasenmenorca.com\/it\/wp-json\/wp\/v2\/pages\/4663\/revisions\/10355"}],"wp:attachment":[{"href":"https:\/\/calasenmenorca.com\/it\/wp-json\/wp\/v2\/media?parent=4663"}],"curies":[{"name":"wp","href":"https:\/\/api.w.org\/{rel}","templated":true}]}}