{"id":4695,"date":"2021-04-29T10:34:19","date_gmt":"2021-04-29T10:34:19","guid":{"rendered":"https:\/\/calasenmenorca.com\/spiaggia-di-son-xoriguer"},"modified":"2026-04-23T12:06:41","modified_gmt":"2026-04-23T12:06:41","slug":"spiaggia-di-son-xoriguer","status":"publish","type":"page","link":"https:\/\/calasenmenorca.com\/it\/spiaggia-di-son-xoriguer","title":{"rendered":"Spiaggia di Son Xoriguer"},"content":{"rendered":"<p>[et_pb_section fb_built=&#8221;1&#8243; admin_label=&#8221;Header&#8221; _builder_version=&#8221;4.16&#8243; use_background_color_gradient=&#8221;on&#8221; background_color_gradient_direction=&#8221;90deg&#8221; background_color_gradient_stops=&#8221;rgba(36,46,66,0.5) 0%|rgba(36,46,66,0.8) 61%&#8221; background_color_gradient_overlays_image=&#8221;on&#8221; background_color_gradient_start=&#8221;rgba(36,46,66,0.5)&#8221; background_color_gradient_end=&#8221;rgba(36,46,66,0.8)&#8221; background_color_gradient_end_position=&#8221;61%&#8221; background_image=&#8221;https:\/\/calasenmenorca.com\/wp-content\/uploads\/2021\/08\/background-upp.jpg&#8221; background_position=&#8221;bottom_center&#8221; custom_padding=&#8221;||0px|||&#8221; locked=&#8221;off&#8221; global_colors_info=&#8221;{}&#8221;][et_pb_row _builder_version=&#8221;4.16&#8243; width=&#8221;90%&#8221; max_width=&#8221;1215px&#8221; global_colors_info=&#8221;{}&#8221;][et_pb_column type=&#8221;4_4&#8243; _builder_version=&#8221;4.16&#8243; custom_padding=&#8221;|||&#8221; global_colors_info=&#8221;{}&#8221; custom_padding__hover=&#8221;|||&#8221;][et_pb_text _builder_version=&#8221;4.16&#8243; text_font=&#8221;Lato||||||||&#8221; text_font_size=&#8221;16px&#8221; text_line_height=&#8221;1.8em&#8221; header_font=&#8221;PT Serif|700|||||||&#8221; header_font_size=&#8221;80px&#8221; header_line_height=&#8221;1.2em&#8221; text_orientation=&#8221;justified&#8221; background_layout=&#8221;dark&#8221; min_height=&#8221;550px&#8221; min_height_tablet=&#8221;&#8221; min_height_phone=&#8221;&#8221; min_height_last_edited=&#8221;on|desktop&#8221; custom_margin=&#8221;|||||false&#8221; custom_padding=&#8221;40px|40px|40px|40px|true|true&#8221; text_font_size_tablet=&#8221;&#8221; text_font_size_phone=&#8221;14px&#8221; text_font_size_last_edited=&#8221;on|phone&#8221; header_font_size_tablet=&#8221;60px&#8221; header_font_size_phone=&#8221;36px&#8221; header_font_size_last_edited=&#8221;on|phone&#8221; border_width_all=&#8221;40px&#8221; border_color_all=&#8221;#ffd400&#8243; border_width_all_tablet=&#8221;&#8221; border_width_all_phone=&#8221;3px&#8221; border_width_all_last_edited=&#8221;on|desktop&#8221; global_colors_info=&#8221;{}&#8221;]<\/p>\n<h1>Spiaggia di Son Xoriguer<\/h1>\n<h2>Un luogo che ha molto da offrire<\/h2>\n<p>Vicino al porto turistico di Cala en Bosch si trova l&#8217;urbanizzazione Son Xoriguer e l&#8217;omonima spiaggia.<\/p>\n<p>La spiaggia di Son Xoriguer \u00e8 una delle pi\u00f9 frequentate dell&#8217;isola e si trova accanto a Cala en Bosch, separata da una strada asfaltata di circa 10 metri lungo la quale si pu\u00f2 passare da una all&#8217;altra. \u00c8 costituito da sabbia, rocce e abbondante vegetazione, con un fondale di sabbia, alghe e qualche roccia che interrompe un mare turchese quasi perfetto. Lunga circa 180 metri e larga 45, \u00e8 la cornice ideale per una delle confortanti passeggiate in riva al mare.<\/p>\n<p>Si tratta di uno spazio che pu\u00f2 essere dedicato al divertimento e al relax, ma dove si trovano anche alternative per chi desidera un po&#8217; pi\u00f9 di attivit\u00e0, poich\u00e9 dietro l&#8217;area sabbiosa si trova l&#8217;omonima urbanizzazione, insieme a numerosi stabilimenti ricreativi e gastronomici che vi permetteranno di godervi un&#8217;intera giornata in spiaggia senza dovervi allontanare troppo dalla zona.<\/p>\n<p>La spiaggia ha la forma di una conchiglia e solo un quarto di essa \u00e8 sabbiosa, il resto \u00e8 costituito da rocce che formano piccole insenature dove si pu\u00f2 trovare un po&#8217; pi\u00f9 di privacy e intimit\u00e0 se si vuole allontanarsi dalla folla, o se si cerca un&#8217;atmosfera pi\u00f9 esclusiva per la famiglia o gli amici.<\/p>\n<p>[\/et_pb_text][\/et_pb_column][\/et_pb_row][et_pb_row _builder_version=&#8221;4.16&#8243; width=&#8221;100%&#8221; max_width=&#8221;none&#8221; custom_padding=&#8221;0px||1px|||&#8221; global_colors_info=&#8221;{}&#8221;][et_pb_column type=&#8221;4_4&#8243; _builder_version=&#8221;4.16&#8243; custom_padding=&#8221;|||&#8221; global_colors_info=&#8221;{}&#8221; custom_padding__hover=&#8221;|||&#8221;][et_pb_image src=&#8221;https:\/\/calasenmenorca.com\/wp-content\/uploads\/2021\/04\/sight-seeing-52.png&#8221; force_fullwidth=&#8221;on&#8221; _builder_version=&#8221;4.16&#8243; custom_margin=&#8221;-9vw||-1px||false|&#8221; custom_margin_tablet=&#8221;0vw|||&#8221; custom_margin_phone=&#8221;&#8221; custom_margin_last_edited=&#8221;on|desktop&#8221; global_colors_info=&#8221;{}&#8221;][\/et_pb_image][\/et_pb_column][\/et_pb_row][\/et_pb_section][et_pb_section fb_built=&#8221;1&#8243; admin_label=&#8221;CTA&#8221; _builder_version=&#8221;4.16&#8243; z_index=&#8221;10&#8243; custom_padding=&#8221;130px||3px||false|false&#8221; locked=&#8221;off&#8221; global_colors_info=&#8221;{}&#8221;][et_pb_row column_structure=&#8221;3_5,2_5&#8243; _builder_version=&#8221;4.16&#8243; _module_preset=&#8221;default&#8221; max_width=&#8221;1600px&#8221; custom_margin=&#8221;-100px||||false|false&#8221; global_colors_info=&#8221;{}&#8221;][et_pb_column type=&#8221;3_5&#8243; _builder_version=&#8221;4.16&#8243; _module_preset=&#8221;default&#8221; global_colors_info=&#8221;{}&#8221;][et_pb_code _builder_version=&#8221;4.27.0&#8243; _module_preset=&#8221;default&#8221; global_colors_info=&#8221;{}&#8221;]<iframe src=\"https:\/\/www.google.com\/maps\/embed?pb=!1m18!1m12!1m3!1d3764.818746851427!2d3.8349692764890233!3d39.926574685325214!2m3!1f0!2f0!3f0!3m2!1i1024!2i768!4f13.1!3m3!1m2!1s0x12be020c1f935139%3A0x40d8171a5c00d508!2sPlatja%20de%20Son%20Xoriguer!5e1!3m2!1ses!2ses!4v1724239577255!5m2!1ses!2ses\" width=\"640\" height=\"440\" style=\"border:0;\" allowfullscreen=\"\" loading=\"lazy\" referrerpolicy=\"no-referrer-when-downgrade\"><\/iframe>[\/et_pb_code][et_pb_code _builder_version=&#8221;4.27.0&#8243; _module_preset=&#8221;default&#8221; global_colors_info=&#8221;{}&#8221;]<iframe src=\"https:\/\/www.google.com\/maps\/embed?pb=!4v1730908825885!6m8!1m7!1sCAoSLEFGMVFpcFBycmQ4Q3c1OVhuR3ZWX1pmVUNVSm1FWXpEaWRhVTVxU3lmb252!2m2!1d39.92568240428008!2d3.844313302126749!3f206.28585784622481!4f-8.301088809492057!5f0.4000000000000002\" width=\"640\" height=\"450\" style=\"border:0;\" allowfullscreen=\"\" loading=\"lazy\" referrerpolicy=\"no-referrer-when-downgrade\"><\/iframe>[\/et_pb_code][\/et_pb_column][et_pb_column type=&#8221;2_5&#8243; _builder_version=&#8221;4.16&#8243; _module_preset=&#8221;default&#8221; global_colors_info=&#8221;{}&#8221;][et_pb_text _builder_version=&#8221;4.16&#8243; _module_preset=&#8221;default&#8221; global_colors_info=&#8221;{}&#8221;]<\/p>\n<p>Nome: <strong>Spiaggia di Son Xoriguer<\/strong><\/p>\n<p>Posizione<span>: <strong>Zona Sud III (39\u00b055&#8217;29.7 &#8220;N 3\u00b050&#8217;33.7 &#8220;E)<\/strong><\/span><\/p>\n<p>Distanza da Mah\u00f3n<span>: <strong>28&#8217;2 MN ; 50&#8217;3 km<\/strong><\/span><\/p>\n<p>Tempo di percorrenza da Mah\u00f3n<span>: <strong>2h 10 min. <\/strong><strong>in barca (velocit\u00e0 media: 15 nodi); 55 min. in auto<\/strong><\/span><\/p>\n<p>Tipo di spiaggia: <strong>Sabbia<\/strong><\/p>\n<p>Ancoraggio con la barca<span>: <strong>Sabbia <\/strong><\/span> <\/p>\n<p>Pericolo di accesso in barca: <strong>Basso<\/strong><\/p>\n<p>Accesso a riva in barca<span>: <strong>Area di balneazione<\/strong><strong>con boe<\/strong><\/span><\/p>\n<p>Posidonia<span>: <strong>S\u00ec<\/strong><\/span><\/p>\n<p>Distributore di carburante per barche pi\u00f9 vicino: <strong>1 MN; Cala&#8217;n Bosch<\/strong><\/p>\n<p>&nbsp;<\/p>\n<p>[\/et_pb_text][\/et_pb_column][\/et_pb_row][\/et_pb_section][et_pb_section fb_built=&#8221;1&#8243; _builder_version=&#8221;4.27.0&#8243; _module_preset=&#8221;default&#8221; hover_enabled=&#8221;0&#8243; global_colors_info=&#8221;{}&#8221; module_class=&#8221;servicios&#8221; sticky_enabled=&#8221;0&#8243;][et_pb_row _builder_version=&#8221;4.16&#8243; _module_preset=&#8221;default&#8221; global_colors_info=&#8221;{}&#8221;][et_pb_column type=&#8221;4_4&#8243; _builder_version=&#8221;4.16&#8243; _module_preset=&#8221;default&#8221; global_colors_info=&#8221;{}&#8221;][et_pb_text _builder_version=&#8221;4.16&#8243; _module_preset=&#8221;default&#8221; global_colors_info=&#8221;{}&#8221;]<\/p>\n<h2 style=\"text-align: center;\"><strong>SERVIZI<\/strong><\/h2>\n<p>[\/et_pb_text][\/et_pb_column][\/et_pb_row][et_pb_row column_structure=&#8221;1_6,1_6,1_6,1_6,1_6,1_6&#8243; _builder_version=&#8221;4.27.0&#8243; _module_preset=&#8221;default&#8221; hover_enabled=&#8221;0&#8243; global_colors_info=&#8221;{}&#8221; width_last_edited=&#8221;on|phone&#8221; sticky_enabled=&#8221;0&#8243; width_phone=&#8221;95%&#8221;][et_pb_column type=&#8221;1_6&#8243; _builder_version=&#8221;4.16&#8243; _module_preset=&#8221;default&#8221; global_colors_info=&#8221;{}&#8221;][et_pb_image src=&#8221;https:\/\/calasenmenorca.com\/wp-content\/uploads\/2021\/08\/parking.jpg&#8221; title_text=&#8221;parcheggio&#8221; _builder_version=&#8221;4.16&#8243; _module_preset=&#8221;default&#8221; global_colors_info=&#8221;{}&#8221;][\/et_pb_image][et_pb_text _builder_version=&#8221;4.16&#8243; _module_preset=&#8221;default&#8221; global_colors_info=&#8221;{}&#8221;]<\/p>\n<p style=\"text-align: center;\">PARCHEGGIO<\/p>\n<p>[\/et_pb_text][\/et_pb_column][et_pb_column type=&#8221;1_6&#8243; _builder_version=&#8221;4.16&#8243; _module_preset=&#8221;default&#8221; global_colors_info=&#8221;{}&#8221;][et_pb_image src=&#8221;https:\/\/calasenmenorca.com\/wp-content\/uploads\/2021\/08\/bus.jpg&#8221; title_text=&#8221;autobus&#8221; _builder_version=&#8221;4.16&#8243; _module_preset=&#8221;default&#8221; global_colors_info=&#8221;{}&#8221;][\/et_pb_image][et_pb_text _builder_version=&#8221;4.16&#8243; _module_preset=&#8221;default&#8221; global_colors_info=&#8221;{}&#8221;]<\/p>\n<p style=\"text-align: center;\">FERMATA DELL&#8217;AUTOBUS<\/p>\n<p>[\/et_pb_text][\/et_pb_column][et_pb_column type=&#8221;1_6&#8243; _builder_version=&#8221;4.16&#8243; _module_preset=&#8221;default&#8221; global_colors_info=&#8221;{}&#8221;][et_pb_image src=&#8221;https:\/\/calasenmenorca.com\/wp-content\/uploads\/2021\/08\/ancla.jpg&#8221; title_text=&#8221;ancora&#8221; _builder_version=&#8221;4.16&#8243; _module_preset=&#8221;default&#8221; global_colors_info=&#8221;{}&#8221;][\/et_pb_image][et_pb_text _builder_version=&#8221;4.16&#8243; _module_preset=&#8221;default&#8221; global_colors_info=&#8221;{}&#8221;]<\/p>\n<p style=\"text-align: center;\">FONDEADERO<\/p>\n<p>[\/et_pb_text][\/et_pb_column][et_pb_column type=&#8221;1_6&#8243; _builder_version=&#8221;4.16&#8243; _module_preset=&#8221;default&#8221; global_colors_info=&#8221;{}&#8221;][et_pb_image src=&#8221;https:\/\/calasenmenorca.com\/wp-content\/uploads\/2021\/08\/servicio-socorro.jpg&#8221; title_text=&#8221;servizio di soccorso&#8221; _builder_version=&#8221;4.16&#8243; _module_preset=&#8221;default&#8221; global_colors_info=&#8221;{}&#8221;][\/et_pb_image][et_pb_text _builder_version=&#8221;4.16&#8243; _module_preset=&#8221;default&#8221; global_colors_info=&#8221;{}&#8221;]<\/p>\n<p style=\"text-align: center;\">SERVIZIO DI SALVATAGGIO<\/p>\n<p>[\/et_pb_text][\/et_pb_column][et_pb_column type=&#8221;1_6&#8243; _builder_version=&#8221;4.16&#8243; _module_preset=&#8221;default&#8221; global_colors_info=&#8221;{}&#8221;][et_pb_image src=&#8221;https:\/\/calasenmenorca.com\/wp-content\/uploads\/2021\/08\/ducha.jpg&#8221; title_text=&#8221;doccia&#8221; _builder_version=&#8221;4.16&#8243; _module_preset=&#8221;default&#8221; global_colors_info=&#8221;{}&#8221;][\/et_pb_image][et_pb_text _builder_version=&#8221;4.16&#8243; _module_preset=&#8221;default&#8221; global_colors_info=&#8221;{}&#8221;]<\/p>\n<p style=\"text-align: center;\">DOCCE<\/p>\n<p>[\/et_pb_text][\/et_pb_column][et_pb_column type=&#8221;1_6&#8243; _builder_version=&#8221;4.16&#8243; _module_preset=&#8221;default&#8221; global_colors_info=&#8221;{}&#8221;][et_pb_image src=&#8221;https:\/\/calasenmenorca.com\/wp-content\/uploads\/2021\/08\/ban\u0303os.jpg&#8221; title_text=&#8221;servizi igienici&#8221; _builder_version=&#8221;4.16&#8243; _module_preset=&#8221;default&#8221; global_colors_info=&#8221;{}&#8221;][\/et_pb_image][et_pb_text _builder_version=&#8221;4.16&#8243; _module_preset=&#8221;default&#8221; global_colors_info=&#8221;{}&#8221;]<\/p>\n<p style=\"text-align: center;\">BAGNI<\/p>\n<p>[\/et_pb_text][\/et_pb_column][\/et_pb_row][et_pb_row column_structure=&#8221;1_6,1_6,1_6,1_6,1_6,1_6&#8243; _builder_version=&#8221;4.27.0&#8243; _module_preset=&#8221;default&#8221; hover_enabled=&#8221;0&#8243; locked=&#8221;off&#8221; global_colors_info=&#8221;{}&#8221; width_last_edited=&#8221;on|phone&#8221; sticky_enabled=&#8221;0&#8243; width_phone=&#8221;95%&#8221;][et_pb_column type=&#8221;1_6&#8243; _builder_version=&#8221;4.16&#8243; _module_preset=&#8221;default&#8221; global_colors_info=&#8221;{}&#8221;][et_pb_image src=&#8221;https:\/\/calasenmenorca.com\/wp-content\/uploads\/2021\/08\/restaurante.jpg&#8221; title_text=&#8221;ristorante&#8221; _builder_version=&#8221;4.16&#8243; _module_preset=&#8221;default&#8221; global_colors_info=&#8221;{}&#8221;][\/et_pb_image][et_pb_text _builder_version=&#8221;4.16&#8243; _module_preset=&#8221;default&#8221; global_colors_info=&#8221;{}&#8221;]<\/p>\n<p style=\"text-align: center;\">RISTORANTE<\/p>\n<p>[\/et_pb_text][\/et_pb_column][et_pb_column type=&#8221;1_6&#8243; _builder_version=&#8221;4.16&#8243; _module_preset=&#8221;default&#8221; global_colors_info=&#8221;{}&#8221;][et_pb_image src=&#8221;https:\/\/calasenmenorca.com\/wp-content\/uploads\/2021\/08\/hotel.jpg&#8221; title_text=&#8221;albergo&#8221; _builder_version=&#8221;4.16&#8243; _module_preset=&#8221;default&#8221; global_colors_info=&#8221;{}&#8221;][\/et_pb_image][et_pb_text _builder_version=&#8221;4.16&#8243; _module_preset=&#8221;default&#8221; global_colors_info=&#8221;{}&#8221;]<\/p>\n<p style=\"text-align: center;\">HOTEL<\/p>\n<p>[\/et_pb_text][\/et_pb_column][et_pb_column type=&#8221;1_6&#8243; _builder_version=&#8221;4.16&#8243; _module_preset=&#8221;default&#8221; global_colors_info=&#8221;{}&#8221;][et_pb_image src=&#8221;https:\/\/calasenmenorca.com\/wp-content\/uploads\/2021\/08\/kayak.jpg&#8221; title_text=&#8221;kayak&#8221; _builder_version=&#8221;4.16&#8243; _module_preset=&#8221;default&#8221; global_colors_info=&#8221;{}&#8221;][\/et_pb_image][et_pb_text _builder_version=&#8221;4.16&#8243; _module_preset=&#8221;default&#8221; global_colors_info=&#8221;{}&#8221;]<\/p>\n<p style=\"text-align: center;\">KAYAK\/PIRAGUA<\/p>\n<p>[\/et_pb_text][\/et_pb_column][et_pb_column type=&#8221;1_6&#8243; _builder_version=&#8221;4.16&#8243; _module_preset=&#8221;default&#8221; global_colors_info=&#8221;{}&#8221;][et_pb_image src=&#8221;https:\/\/calasenmenorca.com\/wp-content\/uploads\/2021\/08\/velero.jpg&#8221; title_text=&#8221;nave a vela&#8221; _builder_version=&#8221;4.16&#8243; _module_preset=&#8221;default&#8221; global_colors_info=&#8221;{}&#8221;][\/et_pb_image][et_pb_text _builder_version=&#8221;4.16&#8243; _module_preset=&#8221;default&#8221; global_colors_info=&#8221;{}&#8221;]<\/p>\n<p style=\"text-align: center;\">VELA<\/p>\n<p>[\/et_pb_text][\/et_pb_column][et_pb_column type=&#8221;1_6&#8243; _builder_version=&#8221;4.16&#8243; _module_preset=&#8221;default&#8221; global_colors_info=&#8221;{}&#8221;][et_pb_image src=&#8221;https:\/\/calasenmenorca.com\/wp-content\/uploads\/2021\/08\/windsurf.jpg&#8221; title_text=&#8221;windsurf&#8221; _builder_version=&#8221;4.16&#8243; _module_preset=&#8221;default&#8221; global_colors_info=&#8221;{}&#8221;][\/et_pb_image][et_pb_text _builder_version=&#8221;4.16&#8243; _module_preset=&#8221;default&#8221; global_colors_info=&#8221;{}&#8221;]<\/p>\n<p style=\"text-align: center;\">VENTO<\/p>\n<p>[\/et_pb_text][\/et_pb_column][et_pb_column type=&#8221;1_6&#8243; _builder_version=&#8221;4.16&#8243; _module_preset=&#8221;default&#8221; global_colors_info=&#8221;{}&#8221;][et_pb_image src=&#8221;https:\/\/calasenmenorca.com\/wp-content\/uploads\/2021\/08\/barco.jpg&#8221; title_text=&#8221;nave&#8221; _builder_version=&#8221;4.16&#8243; _module_preset=&#8221;default&#8221; global_colors_info=&#8221;{}&#8221;][\/et_pb_image][et_pb_text _builder_version=&#8221;4.16&#8243; _module_preset=&#8221;default&#8221; global_colors_info=&#8221;{}&#8221;]<\/p>\n<p style=\"text-align: center;\">BARCA A MOTORE<\/p>\n<p>[\/et_pb_text][\/et_pb_column][\/et_pb_row][\/et_pb_section][et_pb_section fb_built=&#8221;1&#8243; _builder_version=&#8221;4.16&#8243; _module_preset=&#8221;default&#8221; global_colors_info=&#8221;{}&#8221;][et_pb_row _builder_version=&#8221;4.16&#8243; _module_preset=&#8221;default&#8221; global_colors_info=&#8221;{}&#8221;][et_pb_column type=&#8221;4_4&#8243; _builder_version=&#8221;4.16&#8243; _module_preset=&#8221;default&#8221; global_colors_info=&#8221;{}&#8221;][et_pb_text _builder_version=&#8221;4.16&#8243; _module_preset=&#8221;default&#8221; global_colors_info=&#8221;{}&#8221;]<\/p>\n<h2 style=\"text-align: center;\"><strong>Servizi vicino alla spiaggia di Son Xoriguer<\/strong><\/h2>\n<p>[\/et_pb_text][et_pb_text _builder_version=&#8221;4.16&#8243; _module_preset=&#8221;default&#8221; global_colors_info=&#8221;{}&#8221;]<\/p>\n<p style=\"text-align: left;\">I ristoranti vicino a Playa de Son Xoriguer sono gli stessi di Cala en Bosch, poich\u00e9 sono molto vicini tra loro. A seconda di ci\u00f2 che state cercando, possiamo formulare raccomandazioni sia informali che formali.<\/p>\n<p style=\"text-align: left;\">Per le tapas in famiglia o con gli amici, Las Tapas, un locale per panini, tapas e altri piatti, situato di fronte al porto con una terrazza che vi piacer\u00e0, soprattutto al tramonto per il calore dell&#8217;atmosfera. Un&#8217;altra opzione per una cena o un pranzo informale \u00e8 2Rock, con un&#8217;ampia variet\u00e0 di deliziosi pinchos.<\/p>\n<p style=\"text-align: left;\">Se volete qualcosa di pi\u00f9 serio, un vero e proprio ristorante dove gustare un delizioso piatto di riso ai frutti di mare, uno stufato di aragosta o carne alla griglia, avete diverse opzioni. L&#8217;acquario \u00e8 un classico per il pesce, i frutti di mare e i piatti tradizionali a base di pesce. El Pato, un locale dall&#8217;ottimo rapporto qualit\u00e0-prezzo, con un menu ricco di piatti tipici minorchini. Es Tast de na Silvia, un ristorante con prodotti biologici e ricette sane con materie prime di squisita qualit\u00e0. A Egin, questo posto \u00e8 una tradizione se siete alla ricerca di carne alla griglia, carni deliziose e dolci fatti in casa da leccarsi le dita.<\/p>\n<p style=\"text-align: left;\">In ogni caso, si tratta di offerte gastronomiche che vi convinceranno al 100% per vari motivi, ma il principale \u00e8 la qualit\u00e0 dei prodotti locali, le materie prime, gli squisiti prodotti trasformati (come la sobrasada minorchina, il formaggio di Mah\u00f3n, i vari insaccati artigianali e le specialit\u00e0 dolciarie) e, soprattutto, i protagonisti indiscussi dei piatti tipici minorchini: il pesce e i frutti di mare.<\/p>\n<p style=\"text-align: left;\">Naturalmente, oltre ai ristoranti, proprio come nella vicina Cala en Bosc, sono disponibili molti altri servizi: diverse opzioni di alloggio (come il Grupotel Playa Group, l&#8217;hotel Apartamentos Princesa Playa, l&#8217;aparthotel Entreplayas&#8230;), societ\u00e0 di noleggio auto, parcheggi e supermercati, tra gli altri.<\/p>\n<p>[\/et_pb_text][\/et_pb_column][\/et_pb_row][et_pb_row _builder_version=&#8221;4.16&#8243; _module_preset=&#8221;default&#8221; global_colors_info=&#8221;{}&#8221;][et_pb_column type=&#8221;4_4&#8243; _builder_version=&#8221;4.16&#8243; _module_preset=&#8221;default&#8221; global_colors_info=&#8221;{}&#8221;][et_pb_code _builder_version=&#8221;4.16&#8243; _module_preset=&#8221;default&#8221; global_colors_info=&#8221;{}&#8221;]<\/p>\n<table class=\"default\"><!-- [et_pb_line_break_holder] -->  <\/p>\n<tr><!-- [et_pb_line_break_holder] -->    <\/p>\n<th>SERVIZIO<\/th>\n<p><!-- [et_pb_line_break_holder] -->    <\/p>\n<th>TELEFONO<\/th>\n<p><!-- [et_pb_line_break_holder] -->    <\/p>\n<th>WEB<\/th>\n<p><!-- [et_pb_line_break_holder] -->  <\/tr>\n<p><!-- [et_pb_line_break_holder] -->  <\/p>\n<tr><!-- [et_pb_line_break_holder] -->    <\/p>\n<td>AFFITTO. I Cavalli di Minorca<\/td>\n<p><!-- [et_pb_line_break_holder] -->    <\/p>\n<td>971 38 71 05<\/td>\n<p><!-- [et_pb_line_break_holder] -->    <\/p>\n<td>www.surfsailmenorca.com<\/td>\n<p><!-- [et_pb_line_break_holder] -->  <\/tr>\n<p><!-- [et_pb_line_break_holder] -->  <\/p>\n<tr><!-- [et_pb_line_break_holder] -->    <\/p>\n<td>RISTORANTE. L&#8217;anatra<\/td>\n<p><!-- [et_pb_line_break_holder] -->    <\/p>\n<td>971 38 70 44<\/td>\n<p><!-- [et_pb_line_break_holder] -->    <\/p>\n<td>www.elpato-restaurant.com<\/td>\n<p><!-- [et_pb_line_break_holder] -->  <\/tr>\n<p><!-- [et_pb_line_break_holder] -->  <\/p>\n<tr><!-- [et_pb_line_break_holder] -->    <\/p>\n<td>ALLOGGIO. Grupotel Playa Club<\/td>\n<p><!-- [et_pb_line_break_holder] -->    <\/p>\n<td>971 38 78 31<\/td>\n<p><!-- [et_pb_line_break_holder] -->    <\/p>\n<td>www.grupotel.com<\/td>\n<p><!-- [et_pb_line_break_holder] -->  <\/tr>\n<p><!-- [et_pb_line_break_holder] --><\/table>\n<p>[\/et_pb_code][\/et_pb_column][\/et_pb_row][et_pb_row column_structure=&#8221;1_3,2_3&#8243; _builder_version=&#8221;4.16&#8243; _module_preset=&#8221;default&#8221; global_colors_info=&#8221;{}&#8221;][et_pb_column type=&#8221;1_3&#8243; _builder_version=&#8221;4.16&#8243; _module_preset=&#8221;default&#8221; global_colors_info=&#8221;{}&#8221;][et_pb_image src=&#8221;https:\/\/calasenmenorca.com\/wp-content\/uploads\/2021\/08\/alquiler-kayak-01.jpg&#8221; title_text=&#8221;kayak-noleggio-01&#8243; _builder_version=&#8221;4.16&#8243; _module_preset=&#8221;default&#8221; global_colors_info=&#8221;{}&#8221;][\/et_pb_image][\/et_pb_column][et_pb_column type=&#8221;2_3&#8243; _builder_version=&#8221;4.16&#8243; _module_preset=&#8221;default&#8221; global_colors_info=&#8221;{}&#8221;][et_pb_text _builder_version=&#8221;4.16&#8243; _module_preset=&#8221;default&#8221; global_colors_info=&#8221;{}&#8221;]<\/p>\n<p style=\"text-align: center;\"><strong>I FARI DI MINORCA<\/strong><\/p>\n<p>Oltre a tutto ci\u00f2, ci sono anche numerose aziende che offrono il noleggio di attrezzature per una vasta gamma di sport acquatici.<\/p>\n<p>Paddle surf, windsurf, kayak e catamarano sono solo alcune delle attivit\u00e0 che si possono praticare a Surf &amp; Sail Menorca.<\/p>\n<p>[\/et_pb_text][\/et_pb_column][\/et_pb_row][\/et_pb_section][et_pb_section fb_built=&#8221;1&#8243; admin_label=&#8221;CTA&#8221; _builder_version=&#8221;4.16&#8243; z_index=&#8221;10&#8243; custom_margin=&#8221;0px||||false|false&#8221; custom_padding=&#8221;0px||||false|false&#8221; locked=&#8221;off&#8221; global_colors_info=&#8221;{}&#8221;][et_pb_row _builder_version=&#8221;4.16&#8243; background_color=&#8221;#ffffff&#8221; custom_margin=&#8221;|auto||auto|false|false&#8221; custom_padding=&#8221;80px|20px|80px|20px|true|true&#8221; box_shadow_style=&#8221;preset3&#8243; box_shadow_horizontal=&#8221;5px&#8221; box_shadow_vertical=&#8221;25px&#8221; box_shadow_blur=&#8221;105px&#8221; box_shadow_spread=&#8221;-30px&#8221; box_shadow_color=&#8221;rgba(0,0,0,0.25)&#8221; locked=&#8221;off&#8221; global_colors_info=&#8221;{}&#8221;][et_pb_column type=&#8221;4_4&#8243; _builder_version=&#8221;4.16&#8243; custom_padding=&#8221;|||&#8221; global_colors_info=&#8221;{}&#8221; custom_padding__hover=&#8221;|||&#8221;][et_pb_text _builder_version=&#8221;4.16&#8243; text_font=&#8221;Lato||||||||&#8221; text_font_size=&#8221;15px&#8221; text_line_height=&#8221;1.8em&#8221; header_font=&#8221;||||||||&#8221; header_2_font=&#8221;PT Serif|700|||||||&#8221; header_2_font_size=&#8221;64px&#8221; header_2_line_height=&#8221;1.2em&#8221; text_orientation=&#8221;center&#8221; width_tablet=&#8221;600px&#8221; width_phone=&#8221;400px&#8221; width_last_edited=&#8221;off|phone&#8221; max_width=&#8221;850px&#8221; max_width_tablet=&#8221;&#8221; max_width_phone=&#8221;&#8221; max_width_last_edited=&#8221;on|desktop&#8221; module_alignment=&#8221;center&#8221; custom_margin=&#8221;||15px&#8221; text_font_size_tablet=&#8221;&#8221; text_font_size_phone=&#8221;15px&#8221; text_font_size_last_edited=&#8221;on|desktop&#8221; header_2_font_size_tablet=&#8221;44px&#8221; header_2_font_size_phone=&#8221;28px&#8221; header_2_font_size_last_edited=&#8221;on|phone&#8221; locked=&#8221;off&#8221; global_colors_info=&#8221;{}&#8221;]<\/p>\n<h2 class=\"Cuerpo\"><span lang=\"ES-TRAD\">La spiaggia di Son Xoriguer a Minorca, come arrivare?<o:p><\/o:p><\/span><\/h2>\n<p class=\"Cuerpo\" style=\"text-align: justify;\">\u00c8 possibile raggiungere questa spiaggia con diversi mezzi di trasporto, con tutti i quali l&#8217;accesso \u00e8 molto semplice e il percorso \u00e8 facile da seguire senza perdersi.<\/p>\n<p class=\"Cuerpo\" style=\"text-align: justify;\">Se partite da Ciudadela, dirigetevi verso la circonvallazione sud e seguite la strada che porta al Faro del Cap Artrutx, saprete qual \u00e8 perch\u00e9 c&#8217;\u00e8 un&#8217;indicazione per Cala en Bosch. Proseguite lungo questa strada e vedrete le indicazioni per Playa de Son Xoriguer o Cala en Bosch, seguitele e vi indirizzeranno al parcheggio gratuito della zona; in particolare, ci sono 3 diversi parcheggi dove potete lasciare la vostra auto, motivo per cui \u00e8 una delle spiagge pi\u00f9 affollate di tutta Minorca.<\/p>\n<p class=\"Cuerpo\" style=\"text-align: justify;\">Se volete arrivare in <strong>autobus*<\/strong>, utilizzate l&#8217;autobus numero 65. Questa linea \u00e8 attiva solo in estate, controllate gli orari e le fermate, perch\u00e9 possono variare da una stagione all&#8217;altra.<\/p>\n<p class=\"Cuerpo\" style=\"text-align: justify;\">Per gli amanti delle escursioni, questa spiaggia si trova sul <strong>Cam\u00ed de Cavalls<\/strong>, potete seguire il percorso dalla costa e arriverete senza problemi. Ricordate che alcuni tratti di questo percorso sono un po&#8217; complicati, quindi dovrete indossare calzature adeguate per non farvi male.<\/p>\n<p class=\"Cuerpo\" style=\"text-align: justify;\">\u00c8 anche possibile arrivare in <strong>barca<\/strong> e, non a caso, il noleggio di barche a Minorca \u00e8 un successo in alta stagione. Spiagge come Cala en Bosch e Playa de Son Xoriguer sono due paradisi dove \u00e8 possibile ancorare e godersi un&#8217;ottima giornata in spiaggia. Potete noleggiare una barca nel porto turistico di Cala en Bosch e fare il giro di tutta la zona delle Calas de Ciutadella, visitare Cap d&#8217;Artrutx e il suo faro al tramonto, o forse preferite le Calas del Sur di Minorca: sono tutte uno spettacolo e vi permetteranno di trascorrere una bella giornata, se il tempo e il vento lo permettono.<\/p>\n<p class=\"Cuerpo\" style=\"text-align: justify;\">Due punti da conoscere e tenere in considerazione se intendete noleggiare una barca a Playa de Son Xoriguer. Il primo \u00e8 che si tratta di un&#8217;area per il windsurf, dato che il vento soffia spesso. In secondo luogo, nella parte esterna dell&#8217;imboccatura di questa spiaggia si trovano gli scogli conosciuti come Cap de Porc.<\/p>\n<p class=\"Cuerpo\" style=\"text-align: justify;\">\n<div class=\"et-module-5912dcff-0653-40de-a3b8-cdfbd3de56c0 et_pb_column ui-sortable et-animated--vb et_pb_column_4_4 et_pb_column_11 et-first-child et-last-child et_pb_with_border et_pb_hovered_child\" data-address=\"3.0.0\" style=\"z-index: 10 !important;\">\n<div class=\"et_pb_hovered et_fb_editing_enabled et_fb_element_controls_visible et-module-0bdae277-863e-47e7-8f93-364fee99527d et_pb_text et_pb_module ui-sortable et_pb_text_9 et-animated--vb et_pb_text_align_center et_pb_bg_layout_light et-first-child et-last-child\" data-address=\"3.0.0.0\" dynamic=\"[object Object]\" matching=\"[object Object]\" parent_slug=\"et_pb_column\" theme_builder_suffix=\"\" wrapper_settings=\"[object Object]\" _key=\"0bdae277-863e-47e7-8f93-364fee99527d\">\n<div class=\"et_pb_text_inner\">\n<div data-shortcode-id=\"3.0.0.0-1628273500176\" data-quickaccess-editable=\"yes\" class=\"et-fb-popover-tinymce\">\n<div class=\"mce-content-body\" contenteditable=\"true\" style=\"position: relative;\">\n<p class=\"Cuerpo\" style=\"text-align: justify;\"><span style=\"font-size: x-small; font-family: inherit; font-weight: normal;\">*Gli orari, le linee e\/o i percorsi qui indicati possono variare nel corso dell&#8217;anno. Validit\u00e0 della consultazione.<\/span><\/p>\n<p class=\"Cuerpo\" style=\"text-align: justify;\">\n<\/div>\n<\/div>\n<\/div>\n<div class=\"et-fb-mousetrap et-fb-mousetrap--module et-fb-mousetrap-move\" style=\"background: 0px center; pointer-events: auto;\"><\/div>\n<\/div>\n<\/div>\n<p>[\/et_pb_text][\/et_pb_column][\/et_pb_row][\/et_pb_section][et_pb_section fb_built=&#8221;1&#8243; admin_label=&#8221;Video&#8221; _builder_version=&#8221;4.16&#8243; background_color_gradient_direction=&#8221;90deg&#8221; custom_padding=&#8221;100px|||||&#8221; global_colors_info=&#8221;{}&#8221;][et_pb_row padding_top_bottom_link_1=&#8221;false&#8221; padding_left_right_link_1=&#8221;false&#8221; _builder_version=&#8221;4.16&#8243; background_color=&#8221;#fe533a&#8221; width_tablet=&#8221;&#8221; width_phone=&#8221;90%&#8221; width_last_edited=&#8221;on|desktop&#8221; max_width=&#8221;none&#8221; module_alignment=&#8221;right&#8221; custom_padding=&#8221;||0px|||&#8221; global_colors_info=&#8221;{}&#8221;][et_pb_column type=&#8221;4_4&#8243; _builder_version=&#8221;4.16&#8243; custom_padding=&#8221;|10vw||&#8221; global_colors_info=&#8221;{}&#8221; custom_padding__hover=&#8221;|||&#8221;][et_pb_image src=&#8221;https:\/\/calasenmenorca.com\/wp-content\/uploads\/2021\/08\/camino-sur.jpg&#8221; title_text=&#8221;camino-sur&#8221; _builder_version=&#8221;4.16&#8243; _module_preset=&#8221;default&#8221; width=&#8221;123%&#8221; width_tablet=&#8221;&#8221; width_phone=&#8221;122%&#8221; width_last_edited=&#8221;on|phone&#8221; custom_margin=&#8221;-142px|||-8vw|false|false&#8221; border_width_all=&#8221;9px&#8221; border_color_all=&#8221;#FFFFFF&#8221; box_shadow_style=&#8221;preset3&#8243; box_shadow_horizontal=&#8221;20px&#8221; box_shadow_vertical=&#8221;60px&#8221; box_shadow_blur=&#8221;180px&#8221; box_shadow_spread=&#8221;-20px&#8221; box_shadow_color=&#8221;rgba(0,0,0,0.64)&#8221; global_colors_info=&#8221;{}&#8221;][\/et_pb_image][\/et_pb_column][\/et_pb_row][et_pb_row padding_top_bottom_link_1=&#8221;false&#8221; padding_left_right_link_1=&#8221;false&#8221; _builder_version=&#8221;4.16&#8243; background_color=&#8221;#fe533a&#8221; width_tablet=&#8221;&#8221; width_phone=&#8221;100%&#8221; width_last_edited=&#8221;on|desktop&#8221; max_width=&#8221;none&#8221; module_alignment=&#8221;right&#8221; custom_padding=&#8221;60px||||false|false&#8221; global_colors_info=&#8221;{}&#8221;][et_pb_column type=&#8221;4_4&#8243; _builder_version=&#8221;4.16&#8243; custom_padding=&#8221;|10vw|80px|100px&#8221; custom_padding_tablet=&#8221;||40px|40px&#8221; custom_padding_phone=&#8221;&#8221; custom_padding_last_edited=&#8221;on|phone&#8221; global_colors_info=&#8221;{}&#8221; custom_padding__hover=&#8221;|||&#8221;][et_pb_text _builder_version=&#8221;4.16&#8243; text_font=&#8221;||||||||&#8221; text_font_size=&#8221;16px&#8221; text_line_height=&#8221;1.9em&#8221; header_3_font=&#8221;Lato|700|||||||&#8221; header_3_font_size=&#8221;20px&#8221; header_3_line_height=&#8221;1.4em&#8221; background_layout=&#8221;dark&#8221; width=&#8221;100%&#8221; max_width=&#8221;800px&#8221; max_width_tablet=&#8221;100%&#8221; max_width_phone=&#8221;&#8221; max_width_last_edited=&#8221;on|tablet&#8221; custom_margin_tablet=&#8221;||30px&#8221; custom_margin_last_edited=&#8221;off|desktop&#8221; text_font_size_tablet=&#8221;&#8221; text_font_size_phone=&#8221;15px&#8221; text_font_size_last_edited=&#8221;on|phone&#8221; locked=&#8221;off&#8221; global_colors_info=&#8221;{}&#8221;]<\/p>\n<h3>Cosa vedere vicino alla spiaggia di Son Xoriguer<\/h3>\n<p>Sono disponibili numerose <strong>attivit\u00e0 acquatiche<\/strong> per divertirsi mentre si trascorre la giornata a Playa de Son Xoriguer. Per esempio, si pu\u00f2 fare FlyBoard, librarsi sul mare e fare le piroette pi\u00f9 ardite, chi ha detto paura? \u00c8 possibile noleggiarlo nelle aree vicine al porto di Cala Bosch. Se soggiornate nella zona, chiedete all&#8217;hotel questo tipo di piani, saranno sicuramente in grado di offrirvi un buon prezzo e di informarvi su tutte le opzioni che potete avere a Playa de Son Xoriguer.<\/p>\n<p>Lo <strong>snorkeling<\/strong> \u00e8 sempre una buona opzione a Minorca. La trasparenza delle sue acque e la presenza di posidonia oceanica assicurano un&#8217;esperienza di immersione molto divertente grazie all&#8217;ampia gamma di vita marina da scoprire. A Playa de Son Xoriguer potete fare snorkeling con i pi\u00f9 piccoli ai lati della spiaggia, lasciare che indaghino e vedano da soli, potete essere vicini osservandoli o accompagnandoli nell&#8217;avventura della scoperta del mondo marino.<\/p>\n<p>Se percorrete il <strong>Cam\u00ed de Cavalls<\/strong> fino a Playa de Son Xoriguer, passerete probabilmente per Cala Parejals e Copa des Pardals, due tappe obbligate.<\/p>\n<p>[\/et_pb_text][et_pb_text _builder_version=&#8221;4.16&#8243; text_font=&#8221;||||||||&#8221; text_font_size=&#8221;16px&#8221; text_line_height=&#8221;1.9em&#8221; header_3_font=&#8221;Lato|700|||||||&#8221; header_3_font_size=&#8221;20px&#8221; header_3_line_height=&#8221;1.4em&#8221; background_layout=&#8221;dark&#8221; width=&#8221;100%&#8221; max_width=&#8221;800px&#8221; max_width_tablet=&#8221;100%&#8221; max_width_phone=&#8221;&#8221; max_width_last_edited=&#8221;on|tablet&#8221; custom_margin_tablet=&#8221;||30px&#8221; custom_margin_last_edited=&#8221;off|desktop&#8221; text_font_size_tablet=&#8221;&#8221; text_font_size_phone=&#8221;15px&#8221; text_font_size_last_edited=&#8221;on|phone&#8221; locked=&#8221;off&#8221; global_colors_info=&#8221;{}&#8221;]<\/p>\n<p>Tra Cala Mitjana e Cala Mitjaneta si trova una <strong>cava di arenaria<\/strong> in disuso. Un esempio di sfruttamento dell&#8217;arenaria sotto forma di blocchi utilizzati per l&#8217;edilizia.<\/p>\n<p>[\/et_pb_text][et_pb_text _builder_version=&#8221;4.16&#8243; text_font=&#8221;||||||||&#8221; text_font_size=&#8221;16px&#8221; text_line_height=&#8221;1.9em&#8221; header_3_font=&#8221;Lato|700|||||||&#8221; header_3_font_size=&#8221;20px&#8221; header_3_line_height=&#8221;1.4em&#8221; background_layout=&#8221;dark&#8221; width=&#8221;100%&#8221; max_width=&#8221;800px&#8221; max_width_tablet=&#8221;100%&#8221; max_width_phone=&#8221;&#8221; max_width_last_edited=&#8221;on|tablet&#8221; custom_margin_tablet=&#8221;||30px&#8221; custom_margin_last_edited=&#8221;off|desktop&#8221; text_font_size_tablet=&#8221;&#8221; text_font_size_phone=&#8221;15px&#8221; text_font_size_last_edited=&#8221;on|phone&#8221; locked=&#8221;off&#8221; global_colors_info=&#8221;{}&#8221;]<\/p>\n<p>Uno degli accessi a Cala Mitjana \u00e8 il Cam\u00ed de Cavalls. Ne abbiamo gi\u00e0 parlato in precedenza, poich\u00e9 si tratta di un accesso da Cala Gaona, che si collega anche alla spiaggia di Santo Tom\u00e1s. La maggior parte di questo percorso \u00e8 un sentiero interno che attraversa un&#8217;area boschiva, quindi \u00e8 un percorso molto piacevole da fare in estate, poich\u00e9 c&#8217;\u00e8 ombra lungo gran parte del percorso.<\/p>\n<p>[\/et_pb_text][\/et_pb_column][\/et_pb_row][\/et_pb_section][et_pb_section fb_built=&#8221;1&#8243; admin_label=&#8221;Details&#8221; _builder_version=&#8221;4.16&#8243; locked=&#8221;off&#8221; global_colors_info=&#8221;{}&#8221;][et_pb_row column_structure=&#8221;1_2,1_2&#8243; _builder_version=&#8221;4.16&#8243; global_colors_info=&#8221;{}&#8221;][et_pb_column type=&#8221;1_2&#8243; _builder_version=&#8221;4.16&#8243; custom_padding=&#8221;|||&#8221; global_colors_info=&#8221;{}&#8221; custom_padding__hover=&#8221;|||&#8221;][et_pb_text _builder_version=&#8221;4.16&#8243; text_font=&#8221;||||||||&#8221; header_font=&#8221;||||||||&#8221; header_2_font=&#8221;PT Serif|700|||||||&#8221; header_2_font_size=&#8221;60px&#8221; header_2_line_height=&#8221;1.2em&#8221; text_orientation=&#8221;justified&#8221; max_width=&#8221;600px&#8221; custom_margin=&#8221;||15px&#8221; header_2_font_size_tablet=&#8221;42px&#8221; header_2_font_size_phone=&#8221;30px&#8221; header_2_font_size_last_edited=&#8221;on|tablet&#8221; locked=&#8221;off&#8221; global_colors_info=&#8221;{}&#8221;]<\/p>\n<h2 style=\"text-align: justify;\">Come raggiungere Playa de Son Xoriguer in barca?<\/h2>\n<p style=\"text-align: justify;\">Per raggiungere Son Xoriguer in barca, dobbiamo lasciare il porto di Mah\u00f3n in direzione SE. Navigheremo lungo la costa, lasciando Illa del Rei in porto.<\/p>\n<p style=\"text-align: justify;\">Proseguiamo verso il mare aperto, lasciando a dritta il faro di Punta de Sant Carles.<\/p>\n<p style=\"text-align: justify;\">Seguendo la costa in direzione sud, si superano le cenge di Na Girada e Punta Rafalet. Proseguiamo lungo il bordo dell&#8217;isola, che ci porter\u00e0 in direzione SW e lasceremo Punta Prima e Punta dels Marbres a dritta. A questo punto avremo la Illa de l&#8217;Aire a babordo.<\/p>\n<p style=\"text-align: justify;\">Seguendo la costa, ci dirigeremo in direzione NW e saliremo oltre Capo Binibeca, Illot d&#8217;en Mar\u00e7al, Cap d&#8217;en Font, Cap de ses Penyes, Illot de Binicodrell, Punta de Macarella, Punta des Tambors&#8230; verso Cap d&#8217;Artrutx (che si trova all&#8217;estremit\u00e0 SW dell&#8217;isola e che distingueremo per il suo inconfondibile faro).<\/p>\n<p style=\"text-align: justify;\">Prima di raggiungerla, vedremo il promontorio di Punta de Sa Guarda e, tra questo e il precedente (Punta Titina), vedremo la spiaggia di Son Xoriguer.<\/p>\n<p>[\/et_pb_text][\/et_pb_column][et_pb_column type=&#8221;1_2&#8243; _builder_version=&#8221;4.16&#8243; custom_padding=&#8221;|||&#8221; global_colors_info=&#8221;{}&#8221; custom_padding__hover=&#8221;|||&#8221;][\/et_pb_column][\/et_pb_row][\/et_pb_section][et_pb_section fb_built=&#8221;1&#8243; admin_label=&#8221;Footer&#8221; _builder_version=&#8221;4.16&#8243; use_background_color_gradient=&#8221;on&#8221; background_color_gradient_stops=&#8221;#ffffff 0%|rgba(36,46,66,0) 75%&#8221; background_color_gradient_overlays_image=&#8221;on&#8221; background_color_gradient_start=&#8221;#ffffff&#8221; background_color_gradient_end=&#8221;rgba(36,46,66,0)&#8221; background_color_gradient_end_position=&#8221;75%&#8221; background_image=&#8221;https:\/\/calasenmenorca.com\/wp-content\/uploads\/2021\/08\/background-dawn.jpg&#8221; custom_padding=&#8221;||20vw&#8221; top_divider_style=&#8221;waves2&#8243; top_divider_color=&#8221;#f5f5f5&#8243; locked=&#8221;off&#8221; global_colors_info=&#8221;{}&#8221;][et_pb_row _builder_version=&#8221;4.16&#8243; locked=&#8221;off&#8221; global_colors_info=&#8221;{}&#8221;][et_pb_column type=&#8221;4_4&#8243; _builder_version=&#8221;4.16&#8243; custom_padding=&#8221;|||&#8221; global_colors_info=&#8221;{}&#8221; custom_padding__hover=&#8221;|||&#8221;][et_pb_text _builder_version=&#8221;4.16&#8243; text_font=&#8221;||||||||&#8221; header_font=&#8221;||||||||&#8221; header_2_font=&#8221;PT Serif|700|||||||&#8221; header_2_font_size=&#8221;60px&#8221; header_2_line_height=&#8221;1.2em&#8221; text_orientation=&#8221;center&#8221; max_width=&#8221;687px&#8221; module_alignment=&#8221;center&#8221; custom_margin=&#8221;|161px|15px|||&#8221; custom_padding=&#8221;|0px||||&#8221; header_2_font_size_tablet=&#8221;42px&#8221; header_2_font_size_phone=&#8221;30px&#8221; header_2_font_size_last_edited=&#8221;on|tablet&#8221; locked=&#8221;off&#8221; global_colors_info=&#8221;{}&#8221;]<\/p>\n<h2>Volete andare a Playa de Son Xoriguer in barca?<\/h2>\n<p>[\/et_pb_text][et_pb_button button_url=&#8221;https:\/\/barcosenmenorca.com\/es\/&#8221; url_new_window=&#8221;on&#8221; button_text=&#8221;OFFERTE PER ANDARE IN BARCA&#8221; button_alignment=&#8221;center&#8221; _builder_version=&#8221;4.16&#8243; _module_preset=&#8221;default&#8221; custom_css_main_element=&#8221;font-size: 14px !important;||    border-width: 10px !important;||    border-color: rgba(0,0,0,0);||    border-radius: 0px;||    font-family: &#8216;Lato&#8217;,Helvetica, Arial, Lucida, sans-serif !important;||    font-weight: undefined;||color:white;||    font-weight: 700 !important;||    text-transform: uppercase !important;||    letter-spacing: 4px;||    background-image: initial;||    background-color: #ff3314;&#8221; global_colors_info=&#8221;{}&#8221;][\/et_pb_button][\/et_pb_column][\/et_pb_row][et_pb_row _builder_version=&#8221;4.16&#8243; width=&#8221;100%&#8221; max_width=&#8221;none&#8221; locked=&#8221;off&#8221; global_colors_info=&#8221;{}&#8221;][et_pb_column type=&#8221;4_4&#8243; _builder_version=&#8221;4.16&#8243; custom_padding=&#8221;|||&#8221; global_colors_info=&#8221;{}&#8221; custom_padding__hover=&#8221;|||&#8221;][et_pb_image src=&#8221;https:\/\/calasenmenorca.com\/wp-content\/uploads\/2021\/04\/sight-seeing-49.png&#8221; show_bottom_space=&#8221;off&#8221; force_fullwidth=&#8221;on&#8221; _builder_version=&#8221;4.16&#8243; custom_margin=&#8221;||&#8221; global_colors_info=&#8221;{}&#8221;][\/et_pb_image][\/et_pb_column][\/et_pb_row][\/et_pb_section]<\/p>\n","protected":false},"excerpt":{"rendered":"<p>Spiaggia di Son Xoriguer Un luogo che ha molto da offrire Vicino al porto turistico di Cala en Bosch si trova l&#8217;urbanizzazione Son Xoriguer e l&#8217;omonima spiaggia. La spiaggia di [&hellip;]<\/p>\n","protected":false},"author":1,"featured_media":0,"parent":0,"menu_order":0,"comment_status":"closed","ping_status":"closed","template":"","meta":{"_et_pb_use_builder":"on","_et_pb_old_content":"","_et_gb_content_width":"","_price":"","_stock":"","_tribe_ticket_header":"","_tribe_default_ticket_provider":"","_tribe_ticket_capacity":"0","_ticket_start_date":"","_ticket_end_date":"","_tribe_ticket_show_description":"","_tribe_ticket_show_not_going":false,"_tribe_ticket_use_global_stock":"","_tribe_ticket_global_stock_level":"","_global_stock_mode":"","_global_stock_cap":"","_tribe_rsvp_for_event":"","_tribe_ticket_going_count":"","_tribe_ticket_not_going_count":"","_tribe_tickets_list":"[]","_tribe_ticket_has_attendee_info_fields":false,"footnotes":"","_tec_slr_enabled":"","_tec_slr_layout":""},"class_list":["post-4695","page","type-page","status-publish","hentry"],"yoast_head":"<!-- This site is optimized with the Yoast SEO plugin v25.6 - https:\/\/yoast.com\/wordpress\/plugins\/seo\/ -->\n<title>Spiaggia di Son Xoriguer - Calas en Menorca<\/title>\n<meta name=\"robots\" content=\"index, follow, max-snippet:-1, max-image-preview:large, max-video-preview:-1\" \/>\n<link rel=\"canonical\" href=\"https:\/\/calasenmenorca.com\/it\/spiaggia-di-son-xoriguer\" \/>\n<meta property=\"og:locale\" content=\"it_IT\" \/>\n<meta property=\"og:type\" content=\"article\" \/>\n<meta property=\"og:title\" content=\"Spiaggia di Son Xoriguer - Calas en Menorca\" \/>\n<meta property=\"og:description\" content=\"Spiaggia di Son Xoriguer Un luogo che ha molto da offrire Vicino al porto turistico di Cala en Bosch si trova l&#039;urbanizzazione Son Xoriguer e l&#039;omonima spiaggia. La spiaggia di [&hellip;]\" \/>\n<meta property=\"og:url\" content=\"https:\/\/calasenmenorca.com\/it\/spiaggia-di-son-xoriguer\" \/>\n<meta property=\"og:site_name\" content=\"Calas en Menorca\" \/>\n<meta property=\"article:modified_time\" content=\"2026-04-23T12:06:41+00:00\" \/>\n<meta name=\"twitter:card\" content=\"summary_large_image\" \/>\n<meta name=\"twitter:label1\" content=\"Tempo di lettura stimato\" \/>\n\t<meta name=\"twitter:data1\" content=\"20 minuti\" \/>\n<script type=\"application\/ld+json\" class=\"yoast-schema-graph\">{\"@context\":\"https:\/\/schema.org\",\"@graph\":[{\"@type\":\"WebPage\",\"@id\":\"https:\/\/calasenmenorca.com\/it\/spiaggia-di-son-xoriguer\",\"url\":\"https:\/\/calasenmenorca.com\/it\/spiaggia-di-son-xoriguer\",\"name\":\"Spiaggia di Son Xoriguer - Calas en Menorca\",\"isPartOf\":{\"@id\":\"https:\/\/calasenmenorca.com\/#website\"},\"datePublished\":\"2021-04-29T10:34:19+00:00\",\"dateModified\":\"2026-04-23T12:06:41+00:00\",\"breadcrumb\":{\"@id\":\"https:\/\/calasenmenorca.com\/it\/spiaggia-di-son-xoriguer#breadcrumb\"},\"inLanguage\":\"it-IT\",\"potentialAction\":[{\"@type\":\"ReadAction\",\"target\":[\"https:\/\/calasenmenorca.com\/it\/spiaggia-di-son-xoriguer\"]}]},{\"@type\":\"BreadcrumbList\",\"@id\":\"https:\/\/calasenmenorca.com\/it\/spiaggia-di-son-xoriguer#breadcrumb\",\"itemListElement\":[{\"@type\":\"ListItem\",\"position\":1,\"name\":\"Portada\",\"item\":\"https:\/\/calasenmenorca.com\/it\/benvenuti-su-https-calasenmenorca-com\"},{\"@type\":\"ListItem\",\"position\":2,\"name\":\"Spiaggia di Son Xoriguer\"}]},{\"@type\":\"WebSite\",\"@id\":\"https:\/\/calasenmenorca.com\/#website\",\"url\":\"https:\/\/calasenmenorca.com\/\",\"name\":\"Calas en Menorca\",\"description\":\"Las mejores calas de menorca\",\"potentialAction\":[{\"@type\":\"SearchAction\",\"target\":{\"@type\":\"EntryPoint\",\"urlTemplate\":\"https:\/\/calasenmenorca.com\/?s={search_term_string}\"},\"query-input\":{\"@type\":\"PropertyValueSpecification\",\"valueRequired\":true,\"valueName\":\"search_term_string\"}}],\"inLanguage\":\"it-IT\"}]}<\/script>\n<!-- \/ Yoast SEO plugin. -->","yoast_head_json":{"title":"Spiaggia di Son Xoriguer - Calas en Menorca","robots":{"index":"index","follow":"follow","max-snippet":"max-snippet:-1","max-image-preview":"max-image-preview:large","max-video-preview":"max-video-preview:-1"},"canonical":"https:\/\/calasenmenorca.com\/it\/spiaggia-di-son-xoriguer","og_locale":"it_IT","og_type":"article","og_title":"Spiaggia di Son Xoriguer - Calas en Menorca","og_description":"Spiaggia di Son Xoriguer Un luogo che ha molto da offrire Vicino al porto turistico di Cala en Bosch si trova l'urbanizzazione Son Xoriguer e l'omonima spiaggia. La spiaggia di [&hellip;]","og_url":"https:\/\/calasenmenorca.com\/it\/spiaggia-di-son-xoriguer","og_site_name":"Calas en Menorca","article_modified_time":"2026-04-23T12:06:41+00:00","twitter_card":"summary_large_image","twitter_misc":{"Tempo di lettura stimato":"20 minuti"},"schema":{"@context":"https:\/\/schema.org","@graph":[{"@type":"WebPage","@id":"https:\/\/calasenmenorca.com\/it\/spiaggia-di-son-xoriguer","url":"https:\/\/calasenmenorca.com\/it\/spiaggia-di-son-xoriguer","name":"Spiaggia di Son Xoriguer - Calas en Menorca","isPartOf":{"@id":"https:\/\/calasenmenorca.com\/#website"},"datePublished":"2021-04-29T10:34:19+00:00","dateModified":"2026-04-23T12:06:41+00:00","breadcrumb":{"@id":"https:\/\/calasenmenorca.com\/it\/spiaggia-di-son-xoriguer#breadcrumb"},"inLanguage":"it-IT","potentialAction":[{"@type":"ReadAction","target":["https:\/\/calasenmenorca.com\/it\/spiaggia-di-son-xoriguer"]}]},{"@type":"BreadcrumbList","@id":"https:\/\/calasenmenorca.com\/it\/spiaggia-di-son-xoriguer#breadcrumb","itemListElement":[{"@type":"ListItem","position":1,"name":"Portada","item":"https:\/\/calasenmenorca.com\/it\/benvenuti-su-https-calasenmenorca-com"},{"@type":"ListItem","position":2,"name":"Spiaggia di Son Xoriguer"}]},{"@type":"WebSite","@id":"https:\/\/calasenmenorca.com\/#website","url":"https:\/\/calasenmenorca.com\/","name":"Calas en Menorca","description":"Las mejores calas de menorca","potentialAction":[{"@type":"SearchAction","target":{"@type":"EntryPoint","urlTemplate":"https:\/\/calasenmenorca.com\/?s={search_term_string}"},"query-input":{"@type":"PropertyValueSpecification","valueRequired":true,"valueName":"search_term_string"}}],"inLanguage":"it-IT"}]}},"ticketed":false,"_links":{"self":[{"href":"https:\/\/calasenmenorca.com\/it\/wp-json\/wp\/v2\/pages\/4695"}],"collection":[{"href":"https:\/\/calasenmenorca.com\/it\/wp-json\/wp\/v2\/pages"}],"about":[{"href":"https:\/\/calasenmenorca.com\/it\/wp-json\/wp\/v2\/types\/page"}],"author":[{"embeddable":true,"href":"https:\/\/calasenmenorca.com\/it\/wp-json\/wp\/v2\/users\/1"}],"replies":[{"embeddable":true,"href":"https:\/\/calasenmenorca.com\/it\/wp-json\/wp\/v2\/comments?post=4695"}],"version-history":[{"count":12,"href":"https:\/\/calasenmenorca.com\/it\/wp-json\/wp\/v2\/pages\/4695\/revisions"}],"predecessor-version":[{"id":10427,"href":"https:\/\/calasenmenorca.com\/it\/wp-json\/wp\/v2\/pages\/4695\/revisions\/10427"}],"wp:attachment":[{"href":"https:\/\/calasenmenorca.com\/it\/wp-json\/wp\/v2\/media?parent=4695"}],"curies":[{"name":"wp","href":"https:\/\/api.w.org\/{rel}","templated":true}]}}