{"id":4761,"date":"2021-04-29T10:31:32","date_gmt":"2021-04-29T10:31:32","guid":{"rendered":"https:\/\/calasenmenorca.com\/cala-bianca"},"modified":"2025-09-15T16:18:09","modified_gmt":"2025-09-15T16:18:09","slug":"cala-bianca","status":"publish","type":"page","link":"https:\/\/calasenmenorca.com\/it\/cala-bianca","title":{"rendered":"Cala Bianca"},"content":{"rendered":"<p>[et_pb_section fb_built=&#8221;1&#8243; admin_label=&#8221;Header&#8221; _builder_version=&#8221;4.16&#8243; use_background_color_gradient=&#8221;on&#8221; background_color_gradient_direction=&#8221;90deg&#8221; background_color_gradient_stops=&#8221;rgba(36,46,66,0.5) 0%|rgba(36,46,66,0.8) 61%&#8221; background_color_gradient_overlays_image=&#8221;on&#8221; background_color_gradient_start=&#8221;rgba(36,46,66,0.5)&#8221; background_color_gradient_end=&#8221;rgba(36,46,66,0.8)&#8221; background_color_gradient_end_position=&#8221;61%&#8221; background_image=&#8221;https:\/\/calasenmenorca.com\/wp-content\/uploads\/2021\/08\/background-upp.jpg&#8221; background_position=&#8221;bottom_center&#8221; custom_padding=&#8221;||0px|||&#8221; locked=&#8221;off&#8221; global_colors_info=&#8221;{}&#8221;][et_pb_row _builder_version=&#8221;4.16&#8243; width=&#8221;90%&#8221; max_width=&#8221;1215px&#8221; global_colors_info=&#8221;{}&#8221;][et_pb_column type=&#8221;4_4&#8243; _builder_version=&#8221;4.16&#8243; custom_padding=&#8221;|||&#8221; global_colors_info=&#8221;{}&#8221; custom_padding__hover=&#8221;|||&#8221;][et_pb_text _builder_version=&#8221;4.16&#8243; text_font=&#8221;Lato||||||||&#8221; text_font_size=&#8221;16px&#8221; text_line_height=&#8221;1.8em&#8221; header_font=&#8221;PT Serif|700|||||||&#8221; header_font_size=&#8221;80px&#8221; header_line_height=&#8221;1.2em&#8221; text_orientation=&#8221;justified&#8221; background_layout=&#8221;dark&#8221; min_height=&#8221;550px&#8221; min_height_tablet=&#8221;&#8221; min_height_phone=&#8221;&#8221; min_height_last_edited=&#8221;on|desktop&#8221; custom_margin=&#8221;|||||false&#8221; custom_padding=&#8221;40px|40px|40px|40px|true|true&#8221; text_font_size_tablet=&#8221;&#8221; text_font_size_phone=&#8221;14px&#8221; text_font_size_last_edited=&#8221;on|phone&#8221; header_font_size_tablet=&#8221;60px&#8221; header_font_size_phone=&#8221;36px&#8221; header_font_size_last_edited=&#8221;on|phone&#8221; border_width_all=&#8221;40px&#8221; border_color_all=&#8221;#ffd400&#8243; border_width_all_tablet=&#8221;&#8221; border_width_all_phone=&#8221;3px&#8221; border_width_all_last_edited=&#8221;on|desktop&#8221; global_colors_info=&#8221;{}&#8221;]<\/p>\n<h1>Cala Bianca<\/h1>\n<h2>Il preferito di Posidonia<\/h2>\n<p>A Minorca ci sono calette per ogni tipo di attivit\u00e0. In questo caso, Cala Blanca \u00e8 una delle migliori opzioni per una vacanza in famiglia. Troverete un&#8217;area ricca di servizi e attivit\u00e0 per tutte le et\u00e0.<\/p>\n<p>Una curiosit\u00e0 di questa cala \u00e8 la quantit\u00e0 di posidonia oceanica che vive nell&#8217;area. Di solito ogni anno puliscono le coste all&#8217;inizio dell&#8217;estate, poich\u00e9 durante la stagione fredda il mare lascia sulla riva le piante che, seguendo il loro naturale ciclo di vita, muoiono, o quelle che sono cadute, accumulando grandi cumuli.<\/p>\n<p>Nonostante ci\u00f2 che si pensa di solito, la Posidonia non \u00e8 un&#8217;alga, ma una pianta acquatica e nelle sue praterie c&#8217;\u00e8 molta vita. Autentici ecosistemi marini responsabili del filtraggio dell&#8217;acqua marina e del colore turchese che tanto ci piace, nonch\u00e9 della trasparenza del mare.<\/p>\n<p>\u00c8 una pianta di importanza vitale per la costa mediterranea, soprattutto nelle Isole Baleari, dove si concentrano grandi prati. Le cattive pratiche di ancoraggio e le cattive abitudini umane lo hanno messo in pericolo. Le spiagge delle Isole Baleari sono oggi a rischio, quindi \u00e8 importante sensibilizzare i bambini e dare il buon esempio rispettando e proteggendo le nostre spiagge e le nostre coste da pratiche irresponsabili.<\/p>\n<p>&nbsp;<\/p>\n<p>[\/et_pb_text][\/et_pb_column][\/et_pb_row][et_pb_row _builder_version=&#8221;4.16&#8243; width=&#8221;100%&#8221; max_width=&#8221;none&#8221; custom_padding=&#8221;0px||1px|||&#8221; global_colors_info=&#8221;{}&#8221;][et_pb_column type=&#8221;4_4&#8243; _builder_version=&#8221;4.16&#8243; custom_padding=&#8221;|||&#8221; global_colors_info=&#8221;{}&#8221; custom_padding__hover=&#8221;|||&#8221;][et_pb_image src=&#8221;https:\/\/calasenmenorca.com\/wp-content\/uploads\/2021\/04\/sight-seeing-52.png&#8221; force_fullwidth=&#8221;on&#8221; _builder_version=&#8221;4.16&#8243; custom_margin=&#8221;-9vw||-1px||false|&#8221; custom_margin_tablet=&#8221;0vw|||&#8221; custom_margin_phone=&#8221;&#8221; custom_margin_last_edited=&#8221;on|desktop&#8221; global_colors_info=&#8221;{}&#8221;][\/et_pb_image][\/et_pb_column][\/et_pb_row][\/et_pb_section][et_pb_section fb_built=&#8221;1&#8243; admin_label=&#8221;CTA&#8221; _builder_version=&#8221;4.16&#8243; z_index=&#8221;10&#8243; custom_padding=&#8221;130px||3px||false|false&#8221; locked=&#8221;off&#8221; global_colors_info=&#8221;{}&#8221;][et_pb_row column_structure=&#8221;3_5,2_5&#8243; _builder_version=&#8221;4.16&#8243; _module_preset=&#8221;default&#8221; max_width=&#8221;1600px&#8221; custom_margin=&#8221;-100px||||false|false&#8221; global_colors_info=&#8221;{}&#8221;][et_pb_column type=&#8221;3_5&#8243; _builder_version=&#8221;4.16&#8243; _module_preset=&#8221;default&#8221; global_colors_info=&#8221;{}&#8221;][et_pb_code _builder_version=&#8221;4.27.0&#8243; _module_preset=&#8221;default&#8221; global_colors_info=&#8221;{}&#8221;]<iframe src=\"https:\/\/www.google.com\/maps\/embed?pb=!1m18!1m12!1m3!1d7524.642199580065!2d3.8282705972721858!3d39.97197105821455!2m3!1f0!2f0!3f0!3m2!1i1024!2i768!4f13.1!3m3!1m2!1s0x12be03cfc14fe291%3A0x23b888707ed0e793!2sCala%20Blanca%2C%20Illes%20Balears!5e1!3m2!1ses!2ses!4v1724073497671!5m2!1ses!2ses\" width=\"640\" height=\"480\" style=\"border:0;\" allowfullscreen=\"\" loading=\"lazy\" referrerpolicy=\"no-referrer-when-downgrade\"><\/iframe>[\/et_pb_code][et_pb_code _builder_version=&#8221;4.27.0&#8243; _module_preset=&#8221;default&#8221; global_colors_info=&#8221;{}&#8221;]<iframe src=\"https:\/\/www.google.com\/maps\/embed?pb=!4v1730391731715!6m8!1m7!1sCAoSLEFGMVFpcFBsMkJ6X3I4LVBHLV9KSklfM2ZMbGhWWjJfQS1LbzBLNVlVVG5r!2m2!1d39.96708954005868!2d3.83533794591197!3f321.7959619998392!4f2.0421616719237647!5f0.7820865974627469\" width=\"640\" height=\"450\" style=\"border:0;\" allowfullscreen=\"\" loading=\"lazy\" referrerpolicy=\"no-referrer-when-downgrade\"><\/iframe>[\/et_pb_code][\/et_pb_column][et_pb_column type=&#8221;2_5&#8243; _builder_version=&#8221;4.16&#8243; _module_preset=&#8221;default&#8221; global_colors_info=&#8221;{}&#8221;][et_pb_text _builder_version=&#8221;4.16&#8243; _module_preset=&#8221;default&#8221; global_colors_info=&#8221;{}&#8221;]<\/p>\n<p>Nome<strong>:<\/strong> <strong>Cala Blanca<\/strong><\/p>\n<p>Localit\u00e0<span>: <strong>Zona di<\/strong> <strong>Ciutadella (40\u00b002&#8217;33.4 &#8220;N 4\u00b009&#8217;39.4 &#8220;E)<\/strong><\/span><\/p>\n<p>Distanza da Mah\u00f3n<span>: <strong>32 MN ; 44&#8217;2 km<\/strong><\/span><\/p>\n<p>Tempo da Mah\u00f3n<span>: <strong>2h 40 min. in barca (velocit\u00e0 media: 15 nodi); 48 min. in auto<\/strong><\/span><\/p>\n<p>Tipo di spiaggia: <strong>Sabbia<\/strong><\/p>\n<p>Ancoraggio con barca<span>:  <strong>Arena. Aperto a S-SW<\/strong><\/span><\/p>\n<p>Pericolo di accesso in barca: <strong>Medio<\/strong><\/p>\n<p>Accesso a terra in barca<span>: <strong>Sulla riva della cala sono presenti alcuni scogli, quindi \u00e8 necessario tenersi a distanza di sicurezza e navigare lungo la lingua d&#8217;acqua centrale<\/strong><\/span>.<\/p>\n<p>Posidonia<span>: <strong>S\u00ec<\/strong><\/span><\/p>\n<p>Stazione di servizio pi\u00f9 vicina per le imbarcazioni: <strong>2&#8217;5 MN; Porto di Ciutadella<\/strong><\/p>\n<p>&nbsp;<\/p>\n<p>[\/et_pb_text][\/et_pb_column][\/et_pb_row][\/et_pb_section][et_pb_section fb_built=&#8221;1&#8243; _builder_version=&#8221;4.27.0&#8243; _module_preset=&#8221;default&#8221; hover_enabled=&#8221;0&#8243; global_colors_info=&#8221;{}&#8221; module_class=&#8221;servicios&#8221; sticky_enabled=&#8221;0&#8243;][et_pb_row _builder_version=&#8221;4.16&#8243; _module_preset=&#8221;default&#8221; global_colors_info=&#8221;{}&#8221;][et_pb_column type=&#8221;4_4&#8243; _builder_version=&#8221;4.16&#8243; _module_preset=&#8221;default&#8221; global_colors_info=&#8221;{}&#8221;][et_pb_text _builder_version=&#8221;4.16&#8243; _module_preset=&#8221;default&#8221; global_colors_info=&#8221;{}&#8221;]<\/p>\n<h2 style=\"text-align: center;\"><strong>SERVIZI<\/strong><\/h2>\n<p>[\/et_pb_text][\/et_pb_column][\/et_pb_row][et_pb_row column_structure=&#8221;1_6,1_6,1_6,1_6,1_6,1_6&#8243; _builder_version=&#8221;4.27.0&#8243; _module_preset=&#8221;default&#8221; hover_enabled=&#8221;0&#8243; global_colors_info=&#8221;{}&#8221; width_last_edited=&#8221;on|phone&#8221; sticky_enabled=&#8221;0&#8243; width_phone=&#8221;95%&#8221;][et_pb_column type=&#8221;1_6&#8243; _builder_version=&#8221;4.16&#8243; _module_preset=&#8221;default&#8221; global_colors_info=&#8221;{}&#8221;][et_pb_image src=&#8221;https:\/\/calasenmenorca.com\/wp-content\/uploads\/2021\/08\/bus.jpg&#8221; title_text=&#8221;autobus&#8221; _builder_version=&#8221;4.16&#8243; _module_preset=&#8221;default&#8221; global_colors_info=&#8221;{}&#8221;][\/et_pb_image][et_pb_text _builder_version=&#8221;4.16&#8243; _module_preset=&#8221;default&#8221; global_colors_info=&#8221;{}&#8221;]<\/p>\n<p style=\"text-align: center;\">FERMATA DELL&#8217;AUTOBUS<\/p>\n<p>[\/et_pb_text][\/et_pb_column][et_pb_column type=&#8221;1_6&#8243; _builder_version=&#8221;4.16&#8243; _module_preset=&#8221;default&#8221; global_colors_info=&#8221;{}&#8221;][et_pb_image src=&#8221;https:\/\/calasenmenorca.com\/wp-content\/uploads\/2021\/08\/ancla.jpg&#8221; title_text=&#8221;ancora&#8221; _builder_version=&#8221;4.16&#8243; _module_preset=&#8221;default&#8221; global_colors_info=&#8221;{}&#8221;][\/et_pb_image][et_pb_text _builder_version=&#8221;4.16&#8243; _module_preset=&#8221;default&#8221; global_colors_info=&#8221;{}&#8221;]<\/p>\n<p style=\"text-align: center;\">FONDEADERO<\/p>\n<p>[\/et_pb_text][\/et_pb_column][et_pb_column type=&#8221;1_6&#8243; _builder_version=&#8221;4.16&#8243; _module_preset=&#8221;default&#8221; global_colors_info=&#8221;{}&#8221;][et_pb_image src=&#8221;https:\/\/calasenmenorca.com\/wp-content\/uploads\/2021\/08\/servicio-socorro.jpg&#8221; title_text=&#8221;servizio di soccorso&#8221; _builder_version=&#8221;4.16&#8243; _module_preset=&#8221;default&#8221; global_colors_info=&#8221;{}&#8221;][\/et_pb_image][et_pb_text _builder_version=&#8221;4.16&#8243; _module_preset=&#8221;default&#8221; global_colors_info=&#8221;{}&#8221;]<\/p>\n<p style=\"text-align: center;\">SERVIZIO DI SALVATAGGIO<\/p>\n<p>[\/et_pb_text][\/et_pb_column][et_pb_column type=&#8221;1_6&#8243; _builder_version=&#8221;4.16&#8243; _module_preset=&#8221;default&#8221; global_colors_info=&#8221;{}&#8221;][et_pb_image src=&#8221;https:\/\/calasenmenorca.com\/wp-content\/uploads\/2021\/08\/ducha.jpg&#8221; title_text=&#8221;doccia&#8221; _builder_version=&#8221;4.16&#8243; _module_preset=&#8221;default&#8221; global_colors_info=&#8221;{}&#8221;][\/et_pb_image][et_pb_text _builder_version=&#8221;4.16&#8243; _module_preset=&#8221;default&#8221; global_colors_info=&#8221;{}&#8221;]<\/p>\n<p style=\"text-align: center;\">DOCCIA<\/p>\n<p>[\/et_pb_text][\/et_pb_column][et_pb_column type=&#8221;1_6&#8243; _builder_version=&#8221;4.16&#8243; _module_preset=&#8221;default&#8221; global_colors_info=&#8221;{}&#8221;][et_pb_image src=&#8221;https:\/\/calasenmenorca.com\/wp-content\/uploads\/2021\/08\/ban\u0303os.jpg&#8221; title_text=&#8221;servizi igienici&#8221; _builder_version=&#8221;4.16&#8243; _module_preset=&#8221;default&#8221; global_colors_info=&#8221;{}&#8221;][\/et_pb_image][et_pb_text _builder_version=&#8221;4.16&#8243; _module_preset=&#8221;default&#8221; global_colors_info=&#8221;{}&#8221;]<\/p>\n<p style=\"text-align: center;\">BAGNI<\/p>\n<p>[\/et_pb_text][\/et_pb_column][et_pb_column type=&#8221;1_6&#8243; _builder_version=&#8221;4.16&#8243; _module_preset=&#8221;default&#8221; global_colors_info=&#8221;{}&#8221;][et_pb_image src=&#8221;https:\/\/calasenmenorca.com\/wp-content\/uploads\/2021\/08\/restaurante.jpg&#8221; title_text=&#8221;ristorante&#8221; _builder_version=&#8221;4.16&#8243; _module_preset=&#8221;default&#8221; global_colors_info=&#8221;{}&#8221;][\/et_pb_image][et_pb_text _builder_version=&#8221;4.16&#8243; _module_preset=&#8221;default&#8221; global_colors_info=&#8221;{}&#8221;]<\/p>\n<p style=\"text-align: center;\">RISTORANTE<\/p>\n<p>[\/et_pb_text][\/et_pb_column][\/et_pb_row][et_pb_row _builder_version=&#8221;4.27.0&#8243; _module_preset=&#8221;default&#8221; width=&#8221;11%&#8221; hover_enabled=&#8221;0&#8243; locked=&#8221;off&#8221; global_colors_info=&#8221;{}&#8221; width_last_edited=&#8221;on|phone&#8221; width_phone=&#8221;95%&#8221; sticky_enabled=&#8221;0&#8243; width_tablet=&#8221;11%&#8221;][et_pb_column type=&#8221;4_4&#8243; _builder_version=&#8221;4.16&#8243; _module_preset=&#8221;default&#8221; global_colors_info=&#8221;{}&#8221;][et_pb_image src=&#8221;https:\/\/calasenmenorca.com\/wp-content\/uploads\/2021\/08\/hotel.jpg&#8221; title_text=&#8221;albergo&#8221; _builder_version=&#8221;4.16&#8243; _module_preset=&#8221;default&#8221; global_colors_info=&#8221;{}&#8221;][\/et_pb_image][et_pb_text _builder_version=&#8221;4.16&#8243; _module_preset=&#8221;default&#8221; global_colors_info=&#8221;{}&#8221;]<\/p>\n<p style=\"text-align: center;\">HOTEL<\/p>\n<p>[\/et_pb_text][\/et_pb_column][\/et_pb_row][\/et_pb_section][et_pb_section fb_built=&#8221;1&#8243; _builder_version=&#8221;4.16&#8243; _module_preset=&#8221;default&#8221; global_colors_info=&#8221;{}&#8221;][et_pb_row _builder_version=&#8221;4.16&#8243; _module_preset=&#8221;default&#8221; global_colors_info=&#8221;{}&#8221;][et_pb_column type=&#8221;4_4&#8243; _builder_version=&#8221;4.16&#8243; _module_preset=&#8221;default&#8221; global_colors_info=&#8221;{}&#8221;][et_pb_text _builder_version=&#8221;4.16&#8243; _module_preset=&#8221;default&#8221; global_colors_info=&#8221;{}&#8221;]<\/p>\n<h2 style=\"text-align: center;\"><strong>Servizi vicino a Cala Blanca<\/strong><\/h2>\n<p>[\/et_pb_text][et_pb_text _builder_version=&#8221;4.16&#8243; _module_preset=&#8221;default&#8221; global_colors_info=&#8221;{}&#8221;]<\/p>\n<p style=\"text-align: left;\">Le terrazze dell&#8217;urbanizzazione Cala Blanca sono molto frequentate durante l&#8217;alta stagione. Chiringuitos, bar, ristoranti&#8230; tutti vogliamo il tavolo migliore e mangiare vicino al mare, ma non c&#8217;\u00e8 abbastanza spazio per tutti, quindi prenotate in anticipo e prendete il vostro tavolo a Cala Blanca, vicino alla spiaggia. Avete diverse opzioni e sono sicuro che sarete soddisfatti di tutte.<\/p>\n<p style=\"text-align: left;\">Se volete provare e assaggiare del buon pesce, Sa Cova \u00e8 il posto che fa per voi. Un luogo emblematico con un&#8217;ampia terrazza con accesso diretto all&#8217;acqua, in modo che possiate fare un tuffo dopo pranzo o, se andate con i bambini, possano nuotare sotto il vostro sguardo.<\/p>\n<p style=\"text-align: left;\">Sulla spiaggia si trova anche il ristorante Miramar. Un menu che comprende diversi cocktail come specialit\u00e0, l&#8217;abbinamento perfetto per una serata al chiaro di luna.<\/p>\n<p style=\"text-align: left;\">E se volete qualcosa di pi\u00f9 internazionale, Blarney Stone \u00e8 un ristorante irlandese un po&#8217; pi\u00f9 lontano dalla spiaggia, con una cucina meno elaborata, ma con i migliori ingredienti locali di Minorca.<\/p>\n<p>[\/et_pb_text][\/et_pb_column][\/et_pb_row][et_pb_row _builder_version=&#8221;4.16&#8243; _module_preset=&#8221;default&#8221; global_colors_info=&#8221;{}&#8221;][et_pb_column type=&#8221;4_4&#8243; _builder_version=&#8221;4.16&#8243; _module_preset=&#8221;default&#8221; global_colors_info=&#8221;{}&#8221;][et_pb_code _builder_version=&#8221;4.16&#8243; _module_preset=&#8221;default&#8221; global_colors_info=&#8221;{}&#8221;]<\/p>\n<table class=\"default\"><!-- [et_pb_line_break_holder] -->  <\/p>\n<tr><!-- [et_pb_line_break_holder] -->    <\/p>\n<th>SERVIZIO<\/th>\n<p><!-- [et_pb_line_break_holder] -->    <\/p>\n<th>TELEFONO<\/th>\n<p><!-- [et_pb_line_break_holder] -->    <\/p>\n<th>WEB<\/th>\n<p><!-- [et_pb_line_break_holder] -->  <\/tr>\n<p><!-- [et_pb_line_break_holder] -->  <\/p>\n<tr><!-- [et_pb_line_break_holder] -->    <\/p>\n<td>PUB RISTORANTE. Pietra di Blarney<\/td>\n<p><!-- [et_pb_line_break_holder] -->    <\/p>\n<td>971 48 17 34<\/td>\n<p><!-- [et_pb_line_break_holder] -->    <\/p>\n<td>www.theblarneystonemenorca.com<\/td>\n<p><!-- [et_pb_line_break_holder] -->  <\/tr>\n<p><!-- [et_pb_line_break_holder] -->  <\/p>\n<tr><!-- [et_pb_line_break_holder] -->    <\/p>\n<td>RISTORANTE. Sa Cova de Cala Blanca<\/td>\n<p><!-- [et_pb_line_break_holder] -->    <\/p>\n<td>669 54 69 53<\/td>\n<p><!-- [et_pb_line_break_holder] -->    <\/p>\n<td>www.restaurantesacova.com<\/td>\n<p><!-- [et_pb_line_break_holder] -->  <\/tr>\n<p><!-- [et_pb_line_break_holder] -->  <\/p>\n<tr><!-- [et_pb_line_break_holder] -->    <\/p>\n<td>RISTORANTE. Miramar<\/td>\n<p><!-- [et_pb_line_break_holder] -->    <\/p>\n<td>656 33 15 17<\/td>\n<p><!-- [et_pb_line_break_holder] -->    <\/p>\n<td><\/td>\n<p><!-- [et_pb_line_break_holder] -->  <\/tr>\n<p><!-- [et_pb_line_break_holder] --><\/table>\n<p>[\/et_pb_code][\/et_pb_column][\/et_pb_row][\/et_pb_section][et_pb_section fb_built=&#8221;1&#8243; admin_label=&#8221;CTA&#8221; _builder_version=&#8221;4.16&#8243; z_index=&#8221;10&#8243; custom_margin=&#8221;0px||||false|false&#8221; custom_padding=&#8221;0px||||false|false&#8221; locked=&#8221;off&#8221; global_colors_info=&#8221;{}&#8221;][et_pb_row _builder_version=&#8221;4.16&#8243; background_color=&#8221;#ffffff&#8221; custom_margin=&#8221;|auto||auto|false|false&#8221; custom_padding=&#8221;80px|20px|80px|20px|true|true&#8221; box_shadow_style=&#8221;preset3&#8243; box_shadow_horizontal=&#8221;5px&#8221; box_shadow_vertical=&#8221;25px&#8221; box_shadow_blur=&#8221;105px&#8221; box_shadow_spread=&#8221;-30px&#8221; box_shadow_color=&#8221;rgba(0,0,0,0.25)&#8221; locked=&#8221;off&#8221; global_colors_info=&#8221;{}&#8221;][et_pb_column type=&#8221;4_4&#8243; _builder_version=&#8221;4.16&#8243; custom_padding=&#8221;|||&#8221; global_colors_info=&#8221;{}&#8221; custom_padding__hover=&#8221;|||&#8221;][et_pb_text _builder_version=&#8221;4.16&#8243; text_font=&#8221;Lato||||||||&#8221; text_font_size=&#8221;15px&#8221; text_line_height=&#8221;1.8em&#8221; header_font=&#8221;||||||||&#8221; header_2_font=&#8221;PT Serif|700|||||||&#8221; header_2_font_size=&#8221;64px&#8221; header_2_line_height=&#8221;1.2em&#8221; text_orientation=&#8221;center&#8221; width_tablet=&#8221;600px&#8221; width_phone=&#8221;400px&#8221; width_last_edited=&#8221;off|phone&#8221; max_width=&#8221;850px&#8221; max_width_tablet=&#8221;&#8221; max_width_phone=&#8221;&#8221; max_width_last_edited=&#8221;on|desktop&#8221; module_alignment=&#8221;center&#8221; custom_margin=&#8221;||15px&#8221; text_font_size_tablet=&#8221;&#8221; text_font_size_phone=&#8221;15px&#8221; text_font_size_last_edited=&#8221;on|desktop&#8221; header_2_font_size_tablet=&#8221;44px&#8221; header_2_font_size_phone=&#8221;28px&#8221; header_2_font_size_last_edited=&#8221;on|phone&#8221; locked=&#8221;off&#8221; global_colors_info=&#8221;{}&#8221;]<\/p>\n<h2 class=\"Cuerpo\"><span lang=\"ES-TRAD\">Cala Blanca a Minorca, come arrivare?<o:p><\/o:p><\/span><\/h2>\n<p class=\"Cuerpo\" style=\"text-align: justify;\">Esistono diverse opzioni per raggiungere Cala Blanca, nessuna delle quali \u00e8 eccessivamente complicata.<\/p>\n<p class=\"Cuerpo\" style=\"text-align: justify;\">Se si lascia Ciutadella in auto o in moto, Cala Blanca \u00e8 collegata dalla strada Cala&#8217;n Bosch, che si dirige verso sud; a met\u00e0 strada, seguendo le indicazioni per l&#8217;urbanizzazione Cala Blanca, si deve girare a destra. Dopo 4 km sarete arrivati a destinazione.<\/p>\n<p class=\"Cuerpo\" style=\"text-align: justify;\">Se partite da Mah\u00f3n, dovete attraversare l&#8217;isola sulla strada Me-1, che vi porter\u00e0 a Ciudadela e, una volta arrivati in citt\u00e0, seguite le stesse indicazioni per il complesso residenziale Cala Blanca, che dista circa 5 minuti.<\/p>\n<p class=\"Cuerpo\" style=\"text-align: justify;\">Per raggiungere Cala Blanca in autobus \u00e8 necessario prendere l&#8217;autobus numero 64, che vi lascer\u00e0 nell&#8217;urbanizzazione accanto alla cala, dal centro della citt\u00e0, anche se ha pi\u00f9 fermate come il porto passeggeri di Ciudadela, un&#8217;opzione molto valida se arrivate in citt\u00e0 in barca. Se partite da Mah\u00f3n, potrebbe non valere la pena di arrivare a Cala Blanca, dovete cambiare linea tra la 1, che vi porta da un capo all&#8217;altro dell&#8217;isola, e la 64, ma ci sono spiagge con caratteristiche simili o migliori nella zona di Mah\u00f3n. Considerate il tempo, il denaro e le opzioni vicino a Mah\u00f3n, e saprete sicuramente come decidere cosa \u00e8 meglio.<\/p>\n<p class=\"Cuerpo\" style=\"text-align: justify;\">Se siete appena arrivati a Minorca in aereo, potete noleggiare un&#8217;auto a Minorca per spostarvi sull&#8217;isola in totale libert\u00e0, soprattutto se non viaggiate da soli e siete in compagnia della vostra famiglia, del vostro partner o di amici. Un&#8217;altra opzione \u00e8 quella di noleggiare una moto, se andate da soli o in coppia: vi offre alternative di viaggio pi\u00f9 fresche e meno difficolt\u00e0 di parcheggio, soprattutto in alta stagione, quando Minorca raddoppia la sua occupazione.<\/p>\n<p class=\"Cuerpo\" style=\"text-align: justify;\">D&#8217;altra parte, c&#8217;\u00e8 anche la possibilit\u00e0 di noleggiare una barca e fare un&#8217;escursione nelle diverse cale nascoste lungo la costa minorchina, raggiungendo Cala Blanca per godersi le sue acque. \u00c8 un&#8217;ottima soluzione per feste di ogni tipo, dall&#8217;addio al celibato o al nubilato al pensionamento o al compleanno. E se non avete un evento, il fatto di essere in vacanza a Minorca \u00e8 un motivo di festa sufficiente per incoraggiarvi a noleggiare una barca.<\/p>\n<p class=\"Cuerpo\" style=\"text-align: justify;\">Quando si naviga, bisogna tenere conto delle condizioni meteorologiche, soprattutto se c&#8217;\u00e8 vento. Se il vento soffia da est, di solito \u00e8 impossibile navigare in tutta l&#8217;isola, tranne che nella parte occidentale, proprio nella zona di Cala Blanca. Fortunatamente, nella zona di Ciudadela, la navigazione \u00e8 impossibile solo quando soffiano venti occidentali, cosa molto insolita nelle giornate estive.<\/p>\n<p>[\/et_pb_text][\/et_pb_column][\/et_pb_row][\/et_pb_section][et_pb_section fb_built=&#8221;1&#8243; admin_label=&#8221;Video&#8221; _builder_version=&#8221;4.16&#8243; background_color_gradient_direction=&#8221;90deg&#8221; custom_padding=&#8221;100px|||||&#8221; global_colors_info=&#8221;{}&#8221;][et_pb_row padding_top_bottom_link_1=&#8221;false&#8221; padding_left_right_link_1=&#8221;false&#8221; _builder_version=&#8221;4.16&#8243; background_color=&#8221;#fe533a&#8221; width_tablet=&#8221;&#8221; width_phone=&#8221;90%&#8221; width_last_edited=&#8221;on|desktop&#8221; max_width=&#8221;none&#8221; module_alignment=&#8221;right&#8221; custom_padding=&#8221;||0px|||&#8221; global_colors_info=&#8221;{}&#8221;][et_pb_column type=&#8221;4_4&#8243; _builder_version=&#8221;4.16&#8243; custom_padding=&#8221;|10vw||&#8221; global_colors_info=&#8221;{}&#8221; custom_padding__hover=&#8221;|||&#8221;][et_pb_image src=&#8221;https:\/\/calasenmenorca.com\/wp-content\/uploads\/2021\/08\/camino-sur.jpg&#8221; title_text=&#8221;camino-sur&#8221; _builder_version=&#8221;4.16&#8243; _module_preset=&#8221;default&#8221; width=&#8221;123%&#8221; width_tablet=&#8221;&#8221; width_phone=&#8221;122%&#8221; width_last_edited=&#8221;on|phone&#8221; custom_margin=&#8221;-142px|||-8vw|false|false&#8221; border_width_all=&#8221;9px&#8221; border_color_all=&#8221;#FFFFFF&#8221; box_shadow_style=&#8221;preset3&#8243; box_shadow_horizontal=&#8221;20px&#8221; box_shadow_vertical=&#8221;60px&#8221; box_shadow_blur=&#8221;180px&#8221; box_shadow_spread=&#8221;-20px&#8221; box_shadow_color=&#8221;rgba(0,0,0,0.64)&#8221; global_colors_info=&#8221;{}&#8221;][\/et_pb_image][\/et_pb_column][\/et_pb_row][et_pb_row padding_top_bottom_link_1=&#8221;false&#8221; padding_left_right_link_1=&#8221;false&#8221; _builder_version=&#8221;4.16&#8243; background_color=&#8221;#fe533a&#8221; width_tablet=&#8221;&#8221; width_phone=&#8221;100%&#8221; width_last_edited=&#8221;on|desktop&#8221; max_width=&#8221;none&#8221; module_alignment=&#8221;right&#8221; custom_padding=&#8221;60px||||false|false&#8221; global_colors_info=&#8221;{}&#8221;][et_pb_column type=&#8221;4_4&#8243; _builder_version=&#8221;4.16&#8243; custom_padding=&#8221;|10vw|80px|100px&#8221; custom_padding_tablet=&#8221;||40px|40px&#8221; custom_padding_phone=&#8221;&#8221; custom_padding_last_edited=&#8221;on|phone&#8221; global_colors_info=&#8221;{}&#8221; custom_padding__hover=&#8221;|||&#8221;][et_pb_text _builder_version=&#8221;4.16&#8243; text_font=&#8221;||||||||&#8221; text_font_size=&#8221;16px&#8221; text_line_height=&#8221;1.9em&#8221; header_3_font=&#8221;Lato|700|||||||&#8221; header_3_font_size=&#8221;20px&#8221; header_3_line_height=&#8221;1.4em&#8221; background_layout=&#8221;dark&#8221; width=&#8221;100%&#8221; max_width=&#8221;800px&#8221; max_width_tablet=&#8221;100%&#8221; max_width_phone=&#8221;&#8221; max_width_last_edited=&#8221;on|tablet&#8221; custom_margin_tablet=&#8221;||30px&#8221; custom_margin_last_edited=&#8221;off|desktop&#8221; text_font_size_tablet=&#8221;&#8221; text_font_size_phone=&#8221;15px&#8221; text_font_size_last_edited=&#8221;on|phone&#8221; locked=&#8221;off&#8221; global_colors_info=&#8221;{}&#8221;]<\/p>\n<h3>Cosa vedere vicino a Cala Blanca<\/h3>\n<p>L&#8217;urbanizzazione Cala Blanca \u00e8 molto vicina alla spiaggia, in un ampio viale dove si trova un&#8217;area di alloggio, facilmente raggiungibile a piedi. Vi invitiamo a godervi i suoi spettacolari tramonti facendo piacevoli passeggiate sul lungomare di Cala Blanca, bevendo un drink in una delle terrazze dei suoi bar o facendo shopping nei suoi negozi di souvenir.<\/p>\n<p>Per le caratteristiche delle sue acque, potrebbe essere perfettamente simile alle calette del sud di Minorca, con acqua turchese cristallina e sabbia bianca, da cui il nome, ma si trova nella parte occidentale dell&#8217;isola. Se viaggiate con bambini e cercate una spiaggia che si adatti a loro, Cala Blanca \u00e8 senza dubbio la spiaggia giusta per la tranquillit\u00e0 delle sue acque. Il parcheggio \u00e8 disponibile accanto alla struttura e nel raggio di 100 metri troverete diversi negozi e bar sulla spiaggia.<\/p>\n<p>Oltre alla spiaggia, a Cala Blanca si possono fare altri tipi di programmi, ad esempio si pu\u00f2 andare al Cam\u00ed de Cavalls, che passa nelle vicinanze, e fare alcune tappe di questo percorso che si snoda lungo parte delle coste dell&#8217;isola e offre viste spettacolari e inedite sulle diverse spiagge. Se optate per l&#8217;escursionismo, siate prudenti e indossate calzature adatte, perch\u00e9 le pietre possono uccidere i vostri piedi.<\/p>\n<p>Se siete interessati alla storia e alla scoperta degli antenati di Minorca, a Cala Blanca potrete visitare i vari punti di interesse culturale come i siti geologici e archeologici: Cova de s&#8217;Aigo, Coves de Parella, una grotta con un lago all&#8217;interno, ricca di stalattiti e stalagmiti, o i resti di un&#8217;abitazione naveta del periodo pre-talayotico, datata tra il 2000 e il 1200 a.C..<\/p>\n<p>Per quanto riguarda il tempo libero, nell&#8217;urbanizzazione si trovano numerosi bar e ristoranti dove provare la squisita gastronomia minorchina, e anche alcuni locali notturni dove ballare e gustare ottimi cocktail, come la &#8220;pomada&#8221;. Un piano che non manca mai tra i pi\u00f9 giovani, una cena in terrazza con vista sul tramonto in spiaggia, qualche ballo e una nuotata guardando l&#8217;alba a Cala Blanca. Vorrai ripetere ogni giorno dell&#8217;estate!<\/p>\n<p>[\/et_pb_text][\/et_pb_column][\/et_pb_row][\/et_pb_section][et_pb_section fb_built=&#8221;1&#8243; admin_label=&#8221;Details&#8221; _builder_version=&#8221;4.16&#8243; locked=&#8221;off&#8221; global_colors_info=&#8221;{}&#8221;][et_pb_row column_structure=&#8221;1_2,1_2&#8243; _builder_version=&#8221;4.16&#8243; global_colors_info=&#8221;{}&#8221;][et_pb_column type=&#8221;1_2&#8243; _builder_version=&#8221;4.16&#8243; custom_padding=&#8221;|||&#8221; global_colors_info=&#8221;{}&#8221; custom_padding__hover=&#8221;|||&#8221;][et_pb_text _builder_version=&#8221;4.16&#8243; text_font=&#8221;||||||||&#8221; header_font=&#8221;||||||||&#8221; header_2_font=&#8221;PT Serif|700|||||||&#8221; header_2_font_size=&#8221;60px&#8221; header_2_line_height=&#8221;1.2em&#8221; text_orientation=&#8221;justified&#8221; max_width=&#8221;600px&#8221; custom_margin=&#8221;||15px&#8221; header_2_font_size_tablet=&#8221;42px&#8221; header_2_font_size_phone=&#8221;30px&#8221; header_2_font_size_last_edited=&#8221;on|tablet&#8221; locked=&#8221;off&#8221; global_colors_info=&#8221;{}&#8221;]<\/p>\n<h2 style=\"text-align: justify;\">Come raggiungere Cala Blanca in barca?<\/h2>\n<p style=\"text-align: justify;\">Per raggiungere Cala Blanca in barca, dobbiamo lasciare il porto di Mah\u00f3n in direzione SE. Navigheremo lungo la costa, lasciando Illa del Rei in porto.<\/p>\n<p style=\"text-align: justify;\">Proseguiamo verso il mare aperto, lasciando a dritta il faro di Punta de Sant Carles.<\/p>\n<p style=\"text-align: justify;\">Seguendo la costa in direzione sud, si superano le cenge di Na Girada e Punta Rafalet. Proseguiamo lungo il bordo dell&#8217;isola, che ci porter\u00e0 in direzione SW e lasceremo Punta Prima e Punta dels Marbres a dritta. A questo punto avremo la Illa de l&#8217;Aire a babordo.<\/p>\n<p style=\"text-align: justify;\">Seguendo la costa, ci dirigeremo in direzione NW e saliremo oltre Capo Binibeca, Illot d&#8217;en Mar\u00e7al, Cap d&#8217;en Font, Cap de ses Penyes, Illot de Binicodrell, Punta de Macarella, Punta des Tambors&#8230; fino a raggiungere Cap d&#8217;Artrutx (all&#8217;estremit\u00e0 SW dell&#8217;isola).<\/p>\n<p style=\"text-align: justify;\">Da qui saliamo in direzione nord-est verso Cap Negre e, una volta superato, iniziamo l&#8217;avvicinamento alla cala che troveremo a dritta in un&#8217;insenatura dietro Punta de s&#8217;Aigua Dol\u00e7a. Qui si trova Cala Blanca.<\/p>\n<p>[\/et_pb_text][\/et_pb_column][et_pb_column type=&#8221;1_2&#8243; _builder_version=&#8221;4.16&#8243; custom_padding=&#8221;|||&#8221; global_colors_info=&#8221;{}&#8221; custom_padding__hover=&#8221;|||&#8221;][\/et_pb_column][\/et_pb_row][\/et_pb_section][et_pb_section fb_built=&#8221;1&#8243; admin_label=&#8221;Footer&#8221; _builder_version=&#8221;4.16&#8243; use_background_color_gradient=&#8221;on&#8221; background_color_gradient_stops=&#8221;#ffffff 0%|rgba(36,46,66,0) 75%&#8221; background_color_gradient_overlays_image=&#8221;on&#8221; background_color_gradient_start=&#8221;#ffffff&#8221; background_color_gradient_end=&#8221;rgba(36,46,66,0)&#8221; background_color_gradient_end_position=&#8221;75%&#8221; background_image=&#8221;https:\/\/calasenmenorca.com\/wp-content\/uploads\/2021\/08\/background-dawn.jpg&#8221; custom_padding=&#8221;||20vw&#8221; top_divider_style=&#8221;waves2&#8243; top_divider_color=&#8221;#f5f5f5&#8243; locked=&#8221;off&#8221; global_colors_info=&#8221;{}&#8221;][et_pb_row _builder_version=&#8221;4.16&#8243; locked=&#8221;off&#8221; global_colors_info=&#8221;{}&#8221;][et_pb_column type=&#8221;4_4&#8243; _builder_version=&#8221;4.16&#8243; custom_padding=&#8221;|||&#8221; global_colors_info=&#8221;{}&#8221; custom_padding__hover=&#8221;|||&#8221;][et_pb_text _builder_version=&#8221;4.16&#8243; text_font=&#8221;||||||||&#8221; header_font=&#8221;||||||||&#8221; header_2_font=&#8221;PT Serif|700|||||||&#8221; header_2_font_size=&#8221;60px&#8221; header_2_line_height=&#8221;1.2em&#8221; text_orientation=&#8221;center&#8221; max_width=&#8221;600px&#8221; module_alignment=&#8221;center&#8221; custom_margin=&#8221;||15px&#8221; header_2_font_size_tablet=&#8221;42px&#8221; header_2_font_size_phone=&#8221;30px&#8221; header_2_font_size_last_edited=&#8221;on|tablet&#8221; locked=&#8221;off&#8221; global_colors_info=&#8221;{}&#8221;]<\/p>\n<h2>Volete andare a Cala Blanca in barca?<\/h2>\n<p>[\/et_pb_text][et_pb_button button_url=&#8221;https:\/\/barcosenmenorca.com\/es\/&#8221; url_new_window=&#8221;on&#8221; button_text=&#8221;OFFERTE PER ANDARE IN BARCA&#8221; button_alignment=&#8221;center&#8221; _builder_version=&#8221;4.16&#8243; _module_preset=&#8221;default&#8221; custom_css_main_element=&#8221;font-size: 14px !important;||    border-width: 10px !important;||    border-color: rgba(0,0,0,0);||    border-radius: 0px;||    font-family: &#8216;Lato&#8217;,Helvetica, Arial, Lucida, sans-serif !important;||    font-weight: undefined;||color:white;||    font-weight: 700 !important;||    text-transform: uppercase !important;||    letter-spacing: 4px;||    background-image: initial;||    background-color: #ff3314;&#8221; global_colors_info=&#8221;{}&#8221;][\/et_pb_button][\/et_pb_column][\/et_pb_row][et_pb_row _builder_version=&#8221;4.16&#8243; width=&#8221;100%&#8221; max_width=&#8221;none&#8221; locked=&#8221;off&#8221; global_colors_info=&#8221;{}&#8221;][et_pb_column type=&#8221;4_4&#8243; _builder_version=&#8221;4.16&#8243; custom_padding=&#8221;|||&#8221; global_colors_info=&#8221;{}&#8221; custom_padding__hover=&#8221;|||&#8221;][et_pb_image src=&#8221;https:\/\/calasenmenorca.com\/wp-content\/uploads\/2021\/04\/sight-seeing-49.png&#8221; show_bottom_space=&#8221;off&#8221; force_fullwidth=&#8221;on&#8221; _builder_version=&#8221;4.16&#8243; custom_margin=&#8221;||&#8221; global_colors_info=&#8221;{}&#8221;][\/et_pb_image][\/et_pb_column][\/et_pb_row][\/et_pb_section]<\/p>\n","protected":false},"excerpt":{"rendered":"<p>Cala Bianca Il preferito di Posidonia A Minorca ci sono calette per ogni tipo di attivit\u00e0. In questo caso, Cala Blanca \u00e8 una delle migliori opzioni per una vacanza in [&hellip;]<\/p>\n","protected":false},"author":1,"featured_media":0,"parent":0,"menu_order":0,"comment_status":"closed","ping_status":"closed","template":"","meta":{"_et_pb_use_builder":"on","_et_pb_old_content":"","_et_gb_content_width":"","_price":"","_stock":"","_tribe_ticket_header":"","_tribe_default_ticket_provider":"","_tribe_ticket_capacity":"0","_ticket_start_date":"","_ticket_end_date":"","_tribe_ticket_show_description":"","_tribe_ticket_show_not_going":false,"_tribe_ticket_use_global_stock":"","_tribe_ticket_global_stock_level":"","_global_stock_mode":"","_global_stock_cap":"","_tribe_rsvp_for_event":"","_tribe_ticket_going_count":"","_tribe_ticket_not_going_count":"","_tribe_tickets_list":"[]","_tribe_ticket_has_attendee_info_fields":false,"footnotes":"","_tec_slr_enabled":"","_tec_slr_layout":""},"class_list":["post-4761","page","type-page","status-publish","hentry"],"yoast_head":"<!-- This site is optimized with the Yoast SEO plugin v25.6 - https:\/\/yoast.com\/wordpress\/plugins\/seo\/ -->\n<title>- Calas Ciudadela<\/title>\n<meta name=\"description\" content=\"Cala Blanca \u00e8 una delle migliori opzioni per una vacanza in famiglia. Troverete un&#039;area ricca di servizi e attivit\u00e0 per tutte le et\u00e0.\" \/>\n<meta name=\"robots\" content=\"index, follow, max-snippet:-1, max-image-preview:large, max-video-preview:-1\" \/>\n<link rel=\"canonical\" href=\"https:\/\/calasenmenorca.com\/cala-blanca\" \/>\n<meta property=\"og:locale\" content=\"it_IT\" \/>\n<meta property=\"og:type\" content=\"article\" \/>\n<meta property=\"og:title\" content=\"- Calas Ciudadela\" \/>\n<meta property=\"og:description\" content=\"Cala Blanca \u00e8 una delle migliori opzioni per una vacanza in famiglia. Troverete un&#039;area ricca di servizi e attivit\u00e0 per tutte le et\u00e0.\" \/>\n<meta property=\"og:url\" content=\"https:\/\/calasenmenorca.com\/cala-blanca\" \/>\n<meta property=\"og:site_name\" content=\"Calas en Menorca\" \/>\n<meta property=\"article:modified_time\" content=\"2025-09-15T16:18:09+00:00\" \/>\n<meta name=\"twitter:card\" content=\"summary_large_image\" \/>\n<meta name=\"twitter:label1\" content=\"Tempo di lettura stimato\" \/>\n\t<meta name=\"twitter:data1\" content=\"17 minuti\" \/>\n<script type=\"application\/ld+json\" class=\"yoast-schema-graph\">{\"@context\":\"https:\/\/schema.org\",\"@graph\":[{\"@type\":\"WebPage\",\"@id\":\"https:\/\/calasenmenorca.com\/cala-blanca\",\"url\":\"https:\/\/calasenmenorca.com\/cala-blanca\",\"name\":\"- Calas Ciudadela\",\"isPartOf\":{\"@id\":\"https:\/\/calasenmenorca.com\/#website\"},\"datePublished\":\"2021-04-29T10:31:32+00:00\",\"dateModified\":\"2025-09-15T16:18:09+00:00\",\"description\":\"Cala Blanca \u00e8 una delle migliori opzioni per una vacanza in famiglia. Troverete un'area ricca di servizi e attivit\u00e0 per tutte le et\u00e0.\",\"breadcrumb\":{\"@id\":\"https:\/\/calasenmenorca.com\/cala-blanca#breadcrumb\"},\"inLanguage\":\"it-IT\",\"potentialAction\":[{\"@type\":\"ReadAction\",\"target\":[\"https:\/\/calasenmenorca.com\/cala-blanca\"]}]},{\"@type\":\"BreadcrumbList\",\"@id\":\"https:\/\/calasenmenorca.com\/cala-blanca#breadcrumb\",\"itemListElement\":[{\"@type\":\"ListItem\",\"position\":1,\"name\":\"Portada\",\"item\":\"https:\/\/calasenmenorca.com\/it\/benvenuti-su-https-calasenmenorca-com\"},{\"@type\":\"ListItem\",\"position\":2,\"name\":\"Cala Bianca\"}]},{\"@type\":\"WebSite\",\"@id\":\"https:\/\/calasenmenorca.com\/#website\",\"url\":\"https:\/\/calasenmenorca.com\/\",\"name\":\"Calas en Menorca\",\"description\":\"Las mejores calas de menorca\",\"potentialAction\":[{\"@type\":\"SearchAction\",\"target\":{\"@type\":\"EntryPoint\",\"urlTemplate\":\"https:\/\/calasenmenorca.com\/?s={search_term_string}\"},\"query-input\":{\"@type\":\"PropertyValueSpecification\",\"valueRequired\":true,\"valueName\":\"search_term_string\"}}],\"inLanguage\":\"it-IT\"}]}<\/script>\n<!-- \/ Yoast SEO plugin. -->","yoast_head_json":{"title":"- Calas Ciudadela","description":"Cala Blanca \u00e8 una delle migliori opzioni per una vacanza in famiglia. Troverete un'area ricca di servizi e attivit\u00e0 per tutte le et\u00e0.","robots":{"index":"index","follow":"follow","max-snippet":"max-snippet:-1","max-image-preview":"max-image-preview:large","max-video-preview":"max-video-preview:-1"},"canonical":"https:\/\/calasenmenorca.com\/cala-blanca","og_locale":"it_IT","og_type":"article","og_title":"- Calas Ciudadela","og_description":"Cala Blanca \u00e8 una delle migliori opzioni per una vacanza in famiglia. Troverete un'area ricca di servizi e attivit\u00e0 per tutte le et\u00e0.","og_url":"https:\/\/calasenmenorca.com\/cala-blanca","og_site_name":"Calas en Menorca","article_modified_time":"2025-09-15T16:18:09+00:00","twitter_card":"summary_large_image","twitter_misc":{"Tempo di lettura stimato":"17 minuti"},"schema":{"@context":"https:\/\/schema.org","@graph":[{"@type":"WebPage","@id":"https:\/\/calasenmenorca.com\/cala-blanca","url":"https:\/\/calasenmenorca.com\/cala-blanca","name":"- Calas Ciudadela","isPartOf":{"@id":"https:\/\/calasenmenorca.com\/#website"},"datePublished":"2021-04-29T10:31:32+00:00","dateModified":"2025-09-15T16:18:09+00:00","description":"Cala Blanca \u00e8 una delle migliori opzioni per una vacanza in famiglia. Troverete un'area ricca di servizi e attivit\u00e0 per tutte le et\u00e0.","breadcrumb":{"@id":"https:\/\/calasenmenorca.com\/cala-blanca#breadcrumb"},"inLanguage":"it-IT","potentialAction":[{"@type":"ReadAction","target":["https:\/\/calasenmenorca.com\/cala-blanca"]}]},{"@type":"BreadcrumbList","@id":"https:\/\/calasenmenorca.com\/cala-blanca#breadcrumb","itemListElement":[{"@type":"ListItem","position":1,"name":"Portada","item":"https:\/\/calasenmenorca.com\/it\/benvenuti-su-https-calasenmenorca-com"},{"@type":"ListItem","position":2,"name":"Cala Bianca"}]},{"@type":"WebSite","@id":"https:\/\/calasenmenorca.com\/#website","url":"https:\/\/calasenmenorca.com\/","name":"Calas en Menorca","description":"Las mejores calas de menorca","potentialAction":[{"@type":"SearchAction","target":{"@type":"EntryPoint","urlTemplate":"https:\/\/calasenmenorca.com\/?s={search_term_string}"},"query-input":{"@type":"PropertyValueSpecification","valueRequired":true,"valueName":"search_term_string"}}],"inLanguage":"it-IT"}]}},"ticketed":false,"_links":{"self":[{"href":"https:\/\/calasenmenorca.com\/it\/wp-json\/wp\/v2\/pages\/4761"}],"collection":[{"href":"https:\/\/calasenmenorca.com\/it\/wp-json\/wp\/v2\/pages"}],"about":[{"href":"https:\/\/calasenmenorca.com\/it\/wp-json\/wp\/v2\/types\/page"}],"author":[{"embeddable":true,"href":"https:\/\/calasenmenorca.com\/it\/wp-json\/wp\/v2\/users\/1"}],"replies":[{"embeddable":true,"href":"https:\/\/calasenmenorca.com\/it\/wp-json\/wp\/v2\/comments?post=4761"}],"version-history":[{"count":17,"href":"https:\/\/calasenmenorca.com\/it\/wp-json\/wp\/v2\/pages\/4761\/revisions"}],"predecessor-version":[{"id":9957,"href":"https:\/\/calasenmenorca.com\/it\/wp-json\/wp\/v2\/pages\/4761\/revisions\/9957"}],"wp:attachment":[{"href":"https:\/\/calasenmenorca.com\/it\/wp-json\/wp\/v2\/media?parent=4761"}],"curies":[{"name":"wp","href":"https:\/\/api.w.org\/{rel}","templated":true}]}}