{"id":5234,"date":"2021-04-29T10:53:08","date_gmt":"2021-04-29T10:53:08","guid":{"rendered":"https:\/\/calasenmenorca.com\/cala-biniparratx"},"modified":"2026-04-23T12:10:49","modified_gmt":"2026-04-23T12:10:49","slug":"cala-biniparratx","status":"publish","type":"page","link":"https:\/\/calasenmenorca.com\/it\/cala-biniparratx","title":{"rendered":"Cala Biniparratx"},"content":{"rendered":"<p>[et_pb_section fb_built=&#8221;1&#8243; admin_label=&#8221;Header&#8221; _builder_version=&#8221;4.16&#8243; use_background_color_gradient=&#8221;on&#8221; background_color_gradient_direction=&#8221;90deg&#8221; background_color_gradient_stops=&#8221;rgba(36,46,66,0.5) 0%|rgba(36,46,66,0.8) 61%&#8221; background_color_gradient_overlays_image=&#8221;on&#8221; background_color_gradient_start=&#8221;rgba(36,46,66,0.5)&#8221; background_color_gradient_end=&#8221;rgba(36,46,66,0.8)&#8221; background_color_gradient_end_position=&#8221;61%&#8221; background_image=&#8221;https:\/\/calasenmenorca.com\/wp-content\/uploads\/2021\/08\/background-upp.jpg&#8221; background_position=&#8221;bottom_center&#8221; custom_padding=&#8221;||0px|||&#8221; locked=&#8221;off&#8221; global_colors_info=&#8221;{}&#8221;][et_pb_row _builder_version=&#8221;4.16&#8243; width=&#8221;90%&#8221; max_width=&#8221;1215px&#8221; global_colors_info=&#8221;{}&#8221;][et_pb_column type=&#8221;4_4&#8243; _builder_version=&#8221;4.16&#8243; custom_padding=&#8221;|||&#8221; global_colors_info=&#8221;{}&#8221; custom_padding__hover=&#8221;|||&#8221;][et_pb_text _builder_version=&#8221;4.16&#8243; text_font=&#8221;Lato||||||||&#8221; text_font_size=&#8221;16px&#8221; text_line_height=&#8221;1.8em&#8221; header_font=&#8221;PT Serif|700|||||||&#8221; header_font_size=&#8221;80px&#8221; header_line_height=&#8221;1.2em&#8221; text_orientation=&#8221;justified&#8221; background_layout=&#8221;dark&#8221; min_height=&#8221;550px&#8221; min_height_tablet=&#8221;&#8221; min_height_phone=&#8221;&#8221; min_height_last_edited=&#8221;on|desktop&#8221; custom_margin=&#8221;|||||false&#8221; custom_padding=&#8221;40px|40px|40px|40px|true|true&#8221; text_font_size_tablet=&#8221;&#8221; text_font_size_phone=&#8221;14px&#8221; text_font_size_last_edited=&#8221;on|phone&#8221; header_font_size_tablet=&#8221;60px&#8221; header_font_size_phone=&#8221;36px&#8221; header_font_size_last_edited=&#8221;on|phone&#8221; border_width_all=&#8221;40px&#8221; border_color_all=&#8221;#ffd400&#8243; border_width_all_tablet=&#8221;&#8221; border_width_all_phone=&#8221;3px&#8221; border_width_all_last_edited=&#8221;on|desktop&#8221; global_colors_info=&#8221;{}&#8221;]<\/p>\n<h1>Cala Biniparratx<\/h1>\n<h2>Una baia con un pubblico molto eterogeneo<\/h2>\n<p>Di tutte le spiagge con il prefisso &#8220;bini&#8221; (Binisaf\u00faller, Biniancolla, Binibeca&#8230;), Biniparratx \u00e8 la pi\u00f9 appartata e, per questo, anche la pi\u00f9 incontaminata.<\/p>\n<p>Un paradiso per nudisti, marinai&#8230; e anche per i morti, visto che molti hanno scelto questa baia per il loro riposo eterno.<\/p>\n<p>Questa cala appare alla fine di un&#8217;insenatura stretta e profonda, con una spiaggia di sabbia bianca e fine, un fondale ricco di posidonia e un ambiente fiancheggiato da scogliere. L&#8217;erosione delle aree rocciose che lo circondano fa s\u00ec che sulle sue sponde abbondino i massi.<\/p>\n<p>Sebbene sia piccolo, la sua larghezza e profondit\u00e0 consentono l&#8217;ingresso di piccole imbarcazioni, che spesso si vedono ancorate al suo ingresso.<\/p>\n<p>&nbsp;<\/p>\n<h2>Una scogliera da urlo<\/h2>\n<p>Se andiamo a Biniparratx, vedremo che \u00e8 circondata da scogliere. Se osserviamo quelle sulla destra, possiamo notare la presenza di grotte scavate alla fine del I secolo a.C..<\/p>\n<p>In origine, vi venivano sepolti i corpi di personaggi importanti dell&#8217;epoca. Tuttavia, secoli dopo, queste grotte vennero profanate e cominciarono a essere adibite a usi diversi, dalla conversione in abitazioni all&#8217;utilizzo come nascondiglio per il contrabbando.<\/p>\n<p>[\/et_pb_text][\/et_pb_column][\/et_pb_row][et_pb_row _builder_version=&#8221;4.16&#8243; width=&#8221;100%&#8221; max_width=&#8221;none&#8221; custom_padding=&#8221;0px||1px|||&#8221; global_colors_info=&#8221;{}&#8221;][et_pb_column type=&#8221;4_4&#8243; _builder_version=&#8221;4.16&#8243; custom_padding=&#8221;|||&#8221; global_colors_info=&#8221;{}&#8221; custom_padding__hover=&#8221;|||&#8221;][et_pb_image src=&#8221;https:\/\/calasenmenorca.com\/wp-content\/uploads\/2021\/04\/sight-seeing-52.png&#8221; force_fullwidth=&#8221;on&#8221; _builder_version=&#8221;4.16&#8243; custom_margin=&#8221;-9vw||-1px||false|&#8221; custom_margin_tablet=&#8221;0vw|||&#8221; custom_margin_phone=&#8221;&#8221; custom_margin_last_edited=&#8221;on|desktop&#8221; global_colors_info=&#8221;{}&#8221;][\/et_pb_image][\/et_pb_column][\/et_pb_row][\/et_pb_section][et_pb_section fb_built=&#8221;1&#8243; admin_label=&#8221;CTA&#8221; _builder_version=&#8221;4.16&#8243; z_index=&#8221;10&#8243; custom_padding=&#8221;130px||3px||false|false&#8221; locked=&#8221;off&#8221; global_colors_info=&#8221;{}&#8221;][et_pb_row column_structure=&#8221;3_5,2_5&#8243; _builder_version=&#8221;4.16&#8243; _module_preset=&#8221;default&#8221; max_width=&#8221;1600px&#8221; custom_margin=&#8221;-100px||||false|false&#8221; global_colors_info=&#8221;{}&#8221;][et_pb_column type=&#8221;3_5&#8243; _builder_version=&#8221;4.16&#8243; _module_preset=&#8221;default&#8221; global_colors_info=&#8221;{}&#8221;][et_pb_code _builder_version=&#8221;4.27.0&#8243; _module_preset=&#8221;default&#8221; global_colors_info=&#8221;{}&#8221;]<iframe src=\"https:\/\/www.google.com\/maps\/embed?pb=!1m18!1m12!1m3!1d15080.703910391432!2d4.186203869796332!3d39.829058219971266!2m3!1f0!2f0!3f0!3m2!1i1024!2i768!4f13.1!3m3!1m2!1s0x129588c554e1635b%3A0x1c03915cb5797673!2sCala%20de%20Biniparratx!5e1!3m2!1ses!2ses!4v1724169431112!5m2!1ses!2ses\" width=\"640\" height=\"480\" style=\"border:0;\" allowfullscreen=\"\" loading=\"lazy\" referrerpolicy=\"no-referrer-when-downgrade\"><\/iframe>[\/et_pb_code][et_pb_code _builder_version=&#8221;4.27.0&#8243; _module_preset=&#8221;default&#8221; global_colors_info=&#8221;{}&#8221;]<iframe src=\"https:\/\/www.google.com\/maps\/embed?pb=!4v1730907533511!6m8!1m7!1sCAoSLEFGMVFpcE5YcDJqb1ZnUExmUENDNDc4U21ITmNEMXBYdE5rVVVPVjA3UThF!2m2!1d39.83359628467927!2d4.202684793326778!3f137.08841764676188!4f-20.96907785186133!5f0.7820865974627469\" width=\"640\" height=\"450\" style=\"border:0;\" allowfullscreen=\"\" loading=\"lazy\" referrerpolicy=\"no-referrer-when-downgrade\"><\/iframe>[\/et_pb_code][\/et_pb_column][et_pb_column type=&#8221;2_5&#8243; _builder_version=&#8221;4.16&#8243; _module_preset=&#8221;default&#8221; global_colors_info=&#8221;{}&#8221;][et_pb_text _builder_version=&#8221;4.16&#8243; _module_preset=&#8221;default&#8221; global_colors_info=&#8221;{}&#8221;]<\/p>\n<p>Nome: <strong>Cala de Biniparratx (Cala di Biniparratx<\/strong>)<\/p>\n<p>Posizione<span>: <strong>Zona Sud II (39\u00b049&#8217;50.9 &#8220;N 4\u00b012&#8217;08.5 &#8220;E)<\/strong><\/span><\/p>\n<p>Distanza da Mah\u00f3n<span>: <strong>10&#8217;8 MN ; 11 km<\/strong><\/span><\/p>\n<p>Tempo di percorrenza da Mah\u00f3n<span>: <strong>58 min. in barca (velocit\u00e0 media: 15 nodi); 13 min. in auto<\/strong><\/span><\/p>\n<p>Tipo di spiaggia: <strong>Sabbia<\/strong><\/p>\n<p>Ancoraggio della barca<span>: <strong>sabbia e alghe. Boa a terra. Ancoraggio stretto. Deve trovarsi nella zona sabbiosa al centro dell&#8217;insenatura. Buona protezione, tranne che da S<\/strong><\/span><\/p>\n<p>Pericolo di accesso in barca: <strong>Medio. Attenzione alla ristrettezza dell&#8217;insenatura.<\/strong><\/p>\n<p>Accesso alla terraferma in barca:<span> <strong>La profondit\u00e0 consente di entrare nell&#8217;insenatura, ma occorre prestare attenzione a causa della sua ristrettezza.<\/strong><\/span><\/p>\n<p><span>Posidonia: <strong>No<\/strong><\/span><\/p>\n<p>Stazione di servizio pi\u00f9 vicina per le imbarcazioni: <strong>9&#8217;8 MN; Porto di Mahon<\/strong><\/p>\n<p>&nbsp;<\/p>\n<p>[\/et_pb_text][\/et_pb_column][\/et_pb_row][\/et_pb_section][et_pb_section fb_built=&#8221;1&#8243; _builder_version=&#8221;4.27.0&#8243; _module_preset=&#8221;default&#8221; hover_enabled=&#8221;0&#8243; global_colors_info=&#8221;{}&#8221; module_class=&#8221;servicios&#8221; sticky_enabled=&#8221;0&#8243;][et_pb_row _builder_version=&#8221;4.16&#8243; _module_preset=&#8221;default&#8221; global_colors_info=&#8221;{}&#8221;][et_pb_column type=&#8221;4_4&#8243; _builder_version=&#8221;4.16&#8243; _module_preset=&#8221;default&#8221; global_colors_info=&#8221;{}&#8221;][et_pb_text _builder_version=&#8221;4.16&#8243; _module_preset=&#8221;default&#8221; global_colors_info=&#8221;{}&#8221;]<\/p>\n<h2 style=\"text-align: center;\"><strong>SERVIZI<\/strong><\/h2>\n<p>[\/et_pb_text][\/et_pb_column][\/et_pb_row][et_pb_row column_structure=&#8221;1_4,1_4,1_4,1_4&#8243; _builder_version=&#8221;4.27.0&#8243; _module_preset=&#8221;default&#8221; width=&#8221;50%&#8221; hover_enabled=&#8221;0&#8243; locked=&#8221;off&#8221; global_colors_info=&#8221;{}&#8221; width_last_edited=&#8221;on|phone&#8221; sticky_enabled=&#8221;0&#8243; width_phone=&#8221;95%&#8221; width_tablet=&#8221;50%&#8221;][et_pb_column type=&#8221;1_4&#8243; _builder_version=&#8221;4.16&#8243; _module_preset=&#8221;default&#8221; global_colors_info=&#8221;{}&#8221;][et_pb_image src=&#8221;https:\/\/calasenmenorca.com\/wp-content\/uploads\/2021\/08\/sin-servicios.jpg&#8221; title_text=&#8221;no-servizi&#8221; _builder_version=&#8221;4.16&#8243; _module_preset=&#8221;default&#8221; global_colors_info=&#8221;{}&#8221;][\/et_pb_image][et_pb_text _builder_version=&#8221;4.16&#8243; _module_preset=&#8221;default&#8221; global_colors_info=&#8221;{}&#8221;]<\/p>\n<p style=\"text-align: center;\">NESSUN SERVIZIO<\/p>\n<p>[\/et_pb_text][\/et_pb_column][et_pb_column type=&#8221;1_4&#8243; _builder_version=&#8221;4.16&#8243; _module_preset=&#8221;default&#8221; global_colors_info=&#8221;{}&#8221;][et_pb_image src=&#8221;https:\/\/calasenmenorca.com\/wp-content\/uploads\/2021\/08\/peaton.jpg&#8221; title_text=&#8221;pedonale&#8221; _builder_version=&#8221;4.16&#8243; _module_preset=&#8221;default&#8221; global_colors_info=&#8221;{}&#8221;][\/et_pb_image][et_pb_text _builder_version=&#8221;4.16&#8243; _module_preset=&#8221;default&#8221; global_colors_info=&#8221;{}&#8221;]<\/p>\n<p style=\"text-align: center;\">CAMMINARE 300 m<\/p>\n<p>[\/et_pb_text][\/et_pb_column][et_pb_column type=&#8221;1_4&#8243; _builder_version=&#8221;4.16&#8243; _module_preset=&#8221;default&#8221; global_colors_info=&#8221;{}&#8221;][et_pb_image src=&#8221;https:\/\/calasenmenorca.com\/wp-content\/uploads\/2021\/08\/ancla.jpg&#8221; title_text=&#8221;ancora&#8221; _builder_version=&#8221;4.16&#8243; _module_preset=&#8221;default&#8221; global_colors_info=&#8221;{}&#8221;][\/et_pb_image][et_pb_text _builder_version=&#8221;4.16&#8243; _module_preset=&#8221;default&#8221; global_colors_info=&#8221;{}&#8221;]<\/p>\n<p style=\"text-align: center;\">FONDEADERO<\/p>\n<p>[\/et_pb_text][\/et_pb_column][et_pb_column type=&#8221;1_4&#8243; _builder_version=&#8221;4.16&#8243; _module_preset=&#8221;default&#8221; global_colors_info=&#8221;{}&#8221;][et_pb_image src=&#8221;https:\/\/calasenmenorca.com\/wp-content\/uploads\/2021\/08\/nudista.jpg&#8221; title_text=&#8221;nudista&#8221; _builder_version=&#8221;4.16&#8243; _module_preset=&#8221;default&#8221; global_colors_info=&#8221;{}&#8221;][\/et_pb_image][et_pb_text _builder_version=&#8221;4.16&#8243; _module_preset=&#8221;default&#8221; global_colors_info=&#8221;{}&#8221;]<\/p>\n<p style=\"text-align: center;\">NUDISTA<\/p>\n<p>[\/et_pb_text][\/et_pb_column][\/et_pb_row][\/et_pb_section][et_pb_section fb_built=&#8221;1&#8243; _builder_version=&#8221;4.16&#8243; _module_preset=&#8221;default&#8221; global_colors_info=&#8221;{}&#8221;][et_pb_row _builder_version=&#8221;4.16&#8243; _module_preset=&#8221;default&#8221; global_colors_info=&#8221;{}&#8221;][et_pb_column type=&#8221;4_4&#8243; _builder_version=&#8221;4.16&#8243; _module_preset=&#8221;default&#8221; global_colors_info=&#8221;{}&#8221;][et_pb_text _builder_version=&#8221;4.16&#8243; _module_preset=&#8221;default&#8221; global_colors_info=&#8221;{}&#8221;]<\/p>\n<h2 style=\"text-align: center;\"><strong>Servizi vicino alla cala di Biniparratx<\/strong><\/h2>\n<p>[\/et_pb_text][et_pb_text _builder_version=&#8221;4.16&#8243; _module_preset=&#8221;default&#8221; global_colors_info=&#8221;{}&#8221;]<\/p>\n<p style=\"text-align: center;\"><strong>NESSUN SERVIZIO NELLE VICINANZE* NESSUN SERVIZIO NELLE VICINANZE* NESSUN SERVIZIO NELLE VICINANZE* NESSUN SERVIZIO NELLE VICINANZE* NESSUN SERVIZIO NELLE VICINANZE<\/strong><\/p>\n<p style=\"text-align: center;\"><span style=\"font-size: x-small;\">*Sono considerati &#8220;vicini&#8221; se si trovano in un raggio di circa 250-300 metri.<\/span><\/p>\n<p>[\/et_pb_text][\/et_pb_column][\/et_pb_row][\/et_pb_section][et_pb_section fb_built=&#8221;1&#8243; admin_label=&#8221;CTA&#8221; _builder_version=&#8221;4.16&#8243; z_index=&#8221;10&#8243; custom_margin=&#8221;0px||||false|false&#8221; custom_padding=&#8221;0px||||false|false&#8221; locked=&#8221;off&#8221; global_colors_info=&#8221;{}&#8221;][et_pb_row _builder_version=&#8221;4.16&#8243; background_color=&#8221;#ffffff&#8221; custom_margin=&#8221;|auto||auto|false|false&#8221; custom_padding=&#8221;80px|20px|80px|20px|true|true&#8221; box_shadow_style=&#8221;preset3&#8243; box_shadow_horizontal=&#8221;5px&#8221; box_shadow_vertical=&#8221;25px&#8221; box_shadow_blur=&#8221;105px&#8221; box_shadow_spread=&#8221;-30px&#8221; box_shadow_color=&#8221;rgba(0,0,0,0.25)&#8221; locked=&#8221;off&#8221; global_colors_info=&#8221;{}&#8221;][et_pb_column type=&#8221;4_4&#8243; _builder_version=&#8221;4.16&#8243; custom_padding=&#8221;|||&#8221; global_colors_info=&#8221;{}&#8221; custom_padding__hover=&#8221;|||&#8221;][et_pb_text _builder_version=&#8221;4.16&#8243; text_font=&#8221;Lato||||||||&#8221; text_font_size=&#8221;15px&#8221; text_line_height=&#8221;1.8em&#8221; header_font=&#8221;||||||||&#8221; header_2_font=&#8221;PT Serif|700|||||||&#8221; header_2_font_size=&#8221;64px&#8221; header_2_line_height=&#8221;1.2em&#8221; text_orientation=&#8221;center&#8221; width_tablet=&#8221;600px&#8221; width_phone=&#8221;400px&#8221; width_last_edited=&#8221;off|phone&#8221; max_width=&#8221;850px&#8221; max_width_tablet=&#8221;&#8221; max_width_phone=&#8221;&#8221; max_width_last_edited=&#8221;on|desktop&#8221; module_alignment=&#8221;center&#8221; custom_margin=&#8221;||15px&#8221; text_font_size_tablet=&#8221;&#8221; text_font_size_phone=&#8221;15px&#8221; text_font_size_last_edited=&#8221;on|desktop&#8221; header_2_font_size_tablet=&#8221;44px&#8221; header_2_font_size_phone=&#8221;28px&#8221; header_2_font_size_last_edited=&#8221;on|phone&#8221; locked=&#8221;off&#8221; global_colors_info=&#8221;{}&#8221;]<\/p>\n<h2 class=\"Cuerpo\"><span lang=\"ES-TRAD\">Cala de Biniparratx a Minorca, come arrivare?<o:p><\/o:p><\/span><\/h2>\n<p class=\"Cuerpo\" style=\"text-align: justify;\">L&#8217;avvicinamento via terra deve avvenire seguendo le indicazioni per Binissaf\u00faller.<\/p>\n<p class=\"Cuerpo\" style=\"text-align: justify;\">Per farlo, percorrendo la <strong>strada<\/strong> dalla Me-5, dobbiamo raggiungere l&#8217;incrocio dove si trova l&#8217;insediamento di Talayotic. Poi girate a sinistra e seguite le indicazioni per la spiaggia.<\/p>\n<p class=\"Cuerpo\" style=\"text-align: justify;\">Una volta arrivati, proseguite lungo la strada in direzione W, fermatevi a Cal\u00f3 Blanc e, all&#8217;incrocio sulla strada, girate a destra verso Sant Climent e Binidal\u00ed. Supereremo due spianate, nella seconda che vediamo alla nostra sinistra possiamo parcheggiare e proseguire a piedi per circa 300 metri per raggiungere la spiaggia.<\/p>\n<p>[\/et_pb_text][\/et_pb_column][\/et_pb_row][\/et_pb_section][et_pb_section fb_built=&#8221;1&#8243; admin_label=&#8221;Video&#8221; _builder_version=&#8221;4.16&#8243; background_color_gradient_direction=&#8221;90deg&#8221; custom_padding=&#8221;100px|||||&#8221; global_colors_info=&#8221;{}&#8221;][et_pb_row padding_top_bottom_link_1=&#8221;false&#8221; padding_left_right_link_1=&#8221;false&#8221; _builder_version=&#8221;4.16&#8243; background_color=&#8221;#fe533a&#8221; width_tablet=&#8221;&#8221; width_phone=&#8221;90%&#8221; width_last_edited=&#8221;on|desktop&#8221; max_width=&#8221;none&#8221; module_alignment=&#8221;right&#8221; custom_padding=&#8221;||0px|||&#8221; global_colors_info=&#8221;{}&#8221;][et_pb_column type=&#8221;4_4&#8243; _builder_version=&#8221;4.16&#8243; custom_padding=&#8221;|10vw||&#8221; global_colors_info=&#8221;{}&#8221; custom_padding__hover=&#8221;|||&#8221;][et_pb_image src=&#8221;https:\/\/calasenmenorca.com\/wp-content\/uploads\/2021\/08\/camino-sur.jpg&#8221; title_text=&#8221;camino-sur&#8221; _builder_version=&#8221;4.16&#8243; _module_preset=&#8221;default&#8221; width=&#8221;123%&#8221; width_tablet=&#8221;&#8221; width_phone=&#8221;122%&#8221; width_last_edited=&#8221;on|phone&#8221; custom_margin=&#8221;-142px|||-8vw|false|false&#8221; border_width_all=&#8221;9px&#8221; border_color_all=&#8221;#FFFFFF&#8221; box_shadow_style=&#8221;preset3&#8243; box_shadow_horizontal=&#8221;20px&#8221; box_shadow_vertical=&#8221;60px&#8221; box_shadow_blur=&#8221;180px&#8221; box_shadow_spread=&#8221;-20px&#8221; box_shadow_color=&#8221;rgba(0,0,0,0.64)&#8221; global_colors_info=&#8221;{}&#8221;][\/et_pb_image][\/et_pb_column][\/et_pb_row][et_pb_row padding_top_bottom_link_1=&#8221;false&#8221; padding_left_right_link_1=&#8221;false&#8221; _builder_version=&#8221;4.16&#8243; background_color=&#8221;#fe533a&#8221; width_tablet=&#8221;&#8221; width_phone=&#8221;100%&#8221; width_last_edited=&#8221;on|desktop&#8221; max_width=&#8221;none&#8221; module_alignment=&#8221;right&#8221; custom_padding=&#8221;60px||||false|false&#8221; global_colors_info=&#8221;{}&#8221;][et_pb_column type=&#8221;4_4&#8243; _builder_version=&#8221;4.16&#8243; custom_padding=&#8221;|10vw|80px|100px&#8221; custom_padding_tablet=&#8221;||40px|40px&#8221; custom_padding_phone=&#8221;&#8221; custom_padding_last_edited=&#8221;on|phone&#8221; global_colors_info=&#8221;{}&#8221; custom_padding__hover=&#8221;|||&#8221;][et_pb_text _builder_version=&#8221;4.16&#8243; text_font=&#8221;||||||||&#8221; text_font_size=&#8221;16px&#8221; text_line_height=&#8221;1.9em&#8221; header_3_font=&#8221;Lato|700|||||||&#8221; header_3_font_size=&#8221;20px&#8221; header_3_line_height=&#8221;1.4em&#8221; background_layout=&#8221;dark&#8221; width=&#8221;100%&#8221; max_width=&#8221;800px&#8221; max_width_tablet=&#8221;100%&#8221; max_width_phone=&#8221;&#8221; max_width_last_edited=&#8221;on|tablet&#8221; custom_margin_tablet=&#8221;||30px&#8221; custom_margin_last_edited=&#8221;off|desktop&#8221; text_font_size_tablet=&#8221;&#8221; text_font_size_phone=&#8221;15px&#8221; text_font_size_last_edited=&#8221;on|phone&#8221; locked=&#8221;off&#8221; global_colors_info=&#8221;{}&#8221;]<\/p>\n<h3>Cosa fare vicino a Biniparratx<\/h3>\n<p>Se hai voglia di fare un po&#8217; di <strong>trekking<\/strong>, la tappa 17 del Cam\u00ed de Cavalls passa per Biniparratx e ti permetter\u00e0 di scoprire luoghi meravigliosi dalla sua origine, a Cala en Porter, fino alla sua destinazione a Binisaf\u00faller (come le gole di Calescoves e Es Canutells o i campi vicino a S&#8217;Argossam).<\/p>\n<p>In questa cala non ci sono servizi, ma la possibilit\u00e0 di raggiungere la sua sabbia praticamente in auto faciliter\u00e0 gli spostamenti verso altri punti vicini dell&#8217;isola che offrono una pi\u00f9 ampia gamma di attivit\u00e0 per il tempo libero.<\/p>\n<p>[\/et_pb_text][\/et_pb_column][\/et_pb_row][\/et_pb_section][et_pb_section fb_built=&#8221;1&#8243; admin_label=&#8221;Details&#8221; _builder_version=&#8221;4.16&#8243; locked=&#8221;off&#8221; global_colors_info=&#8221;{}&#8221;][et_pb_row column_structure=&#8221;1_2,1_2&#8243; _builder_version=&#8221;4.16&#8243; global_colors_info=&#8221;{}&#8221;][et_pb_column type=&#8221;1_2&#8243; _builder_version=&#8221;4.16&#8243; custom_padding=&#8221;|||&#8221; global_colors_info=&#8221;{}&#8221; custom_padding__hover=&#8221;|||&#8221;][et_pb_text _builder_version=&#8221;4.16&#8243; text_font=&#8221;||||||||&#8221; header_font=&#8221;||||||||&#8221; header_2_font=&#8221;PT Serif|700|||||||&#8221; header_2_font_size=&#8221;60px&#8221; header_2_line_height=&#8221;1.2em&#8221; text_orientation=&#8221;justified&#8221; max_width=&#8221;600px&#8221; custom_margin=&#8221;||15px&#8221; header_2_font_size_tablet=&#8221;42px&#8221; header_2_font_size_phone=&#8221;30px&#8221; header_2_font_size_last_edited=&#8221;on|tablet&#8221; locked=&#8221;off&#8221; global_colors_info=&#8221;{}&#8221;]<\/p>\n<h2 style=\"text-align: justify;\">Come raggiungere Cala de Biniparratx in barca?<\/h2>\n<p style=\"text-align: justify;\">Per raggiungere la cala di Biniparratx con la nostra barca, dobbiamo lasciare il porto di Mah\u00f3n in direzione SE. Navigheremo lungo la costa, lasciando Illa del Rei in porto.<\/p>\n<p style=\"text-align: justify;\">Proseguiamo verso il mare aperto, lasciando a dritta il faro di Punta de Sant Carles.<\/p>\n<p style=\"text-align: justify;\">Seguendo la costa in direzione sud, si superano le cenge di Na Girada e Punta Rafalet. Proseguiamo lungo il bordo dell&#8217;isola, che ci porter\u00e0 in direzione SW e lasceremo Punta Prima e Punta dels Marbres a dritta. A questo punto avremo la Illa de l&#8217;Aire a babordo.<\/p>\n<p style=\"text-align: justify;\">Seguendo la costa, ci dirigeremo in direzione NW e saliremo oltre Capo Binibeca e Cap d&#8217;en Font.<\/p>\n<p style=\"text-align: justify;\">Superata questa, troviamo due insenature: una a forma di boomerang che entra nella costa in direzione nord-est, e un&#8217;altra che sale verso nord-ovest.<\/p>\n<p style=\"text-align: justify;\">\u00c8 nel primo, che si trova nel cosiddetto Morro de Llevant, che dobbiamo recarci per raggiungere Cala de Biniparratx.<\/p>\n<p>[\/et_pb_text][\/et_pb_column][et_pb_column type=&#8221;1_2&#8243; _builder_version=&#8221;4.16&#8243; custom_padding=&#8221;|||&#8221; global_colors_info=&#8221;{}&#8221; custom_padding__hover=&#8221;|||&#8221;][\/et_pb_column][\/et_pb_row][\/et_pb_section][et_pb_section fb_built=&#8221;1&#8243; admin_label=&#8221;Footer&#8221; _builder_version=&#8221;4.16&#8243; use_background_color_gradient=&#8221;on&#8221; background_color_gradient_stops=&#8221;#ffffff 0%|rgba(36,46,66,0) 75%&#8221; background_color_gradient_overlays_image=&#8221;on&#8221; background_color_gradient_start=&#8221;#ffffff&#8221; background_color_gradient_end=&#8221;rgba(36,46,66,0)&#8221; background_color_gradient_end_position=&#8221;75%&#8221; background_image=&#8221;https:\/\/calasenmenorca.com\/wp-content\/uploads\/2021\/08\/background-dawn.jpg&#8221; custom_padding=&#8221;||20vw&#8221; top_divider_style=&#8221;waves2&#8243; top_divider_color=&#8221;#f5f5f5&#8243; locked=&#8221;off&#8221; global_colors_info=&#8221;{}&#8221;][et_pb_row _builder_version=&#8221;4.16&#8243; locked=&#8221;off&#8221; global_colors_info=&#8221;{}&#8221;][et_pb_column type=&#8221;4_4&#8243; _builder_version=&#8221;4.16&#8243; custom_padding=&#8221;|||&#8221; global_colors_info=&#8221;{}&#8221; custom_padding__hover=&#8221;|||&#8221;][et_pb_text _builder_version=&#8221;4.16&#8243; text_font=&#8221;||||||||&#8221; header_font=&#8221;||||||||&#8221; header_2_font=&#8221;PT Serif|700|||||||&#8221; header_2_font_size=&#8221;60px&#8221; header_2_line_height=&#8221;1.2em&#8221; text_orientation=&#8221;center&#8221; max_width=&#8221;724px&#8221; module_alignment=&#8221;center&#8221; custom_margin=&#8221;||15px&#8221; header_2_font_size_tablet=&#8221;42px&#8221; header_2_font_size_phone=&#8221;30px&#8221; header_2_font_size_last_edited=&#8221;on|tablet&#8221; locked=&#8221;off&#8221; global_colors_info=&#8221;{}&#8221;]<\/p>\n<h2>Volete andare a Cala de Biniparratx in barca?<\/h2>\n<p>[\/et_pb_text][et_pb_button button_url=&#8221;https:\/\/barcosenmenorca.com\/es\/&#8221; url_new_window=&#8221;on&#8221; button_text=&#8221;OFFERTE PER ANDARE IN BARCA&#8221; button_alignment=&#8221;center&#8221; _builder_version=&#8221;4.16&#8243; _module_preset=&#8221;default&#8221; custom_css_main_element=&#8221;font-size: 14px !important;||    border-width: 10px !important;||    border-color: rgba(0,0,0,0);||    border-radius: 0px;||    font-family: &#8216;Lato&#8217;,Helvetica, Arial, Lucida, sans-serif !important;||    font-weight: undefined;||color:white;||    font-weight: 700 !important;||    text-transform: uppercase !important;||    letter-spacing: 4px;||    background-image: initial;||    background-color: #ff3314;&#8221; global_colors_info=&#8221;{}&#8221;][\/et_pb_button][\/et_pb_column][\/et_pb_row][et_pb_row _builder_version=&#8221;4.16&#8243; width=&#8221;100%&#8221; max_width=&#8221;none&#8221; locked=&#8221;off&#8221; global_colors_info=&#8221;{}&#8221;][et_pb_column type=&#8221;4_4&#8243; _builder_version=&#8221;4.16&#8243; custom_padding=&#8221;|||&#8221; global_colors_info=&#8221;{}&#8221; custom_padding__hover=&#8221;|||&#8221;][et_pb_image src=&#8221;https:\/\/calasenmenorca.com\/wp-content\/uploads\/2021\/04\/sight-seeing-49.png&#8221; show_bottom_space=&#8221;off&#8221; force_fullwidth=&#8221;on&#8221; _builder_version=&#8221;4.16&#8243; custom_margin=&#8221;||&#8221; global_colors_info=&#8221;{}&#8221;][\/et_pb_image][\/et_pb_column][\/et_pb_row][\/et_pb_section]<\/p>\n","protected":false},"excerpt":{"rendered":"<p>Cala Biniparratx Una baia con un pubblico molto eterogeneo Di tutte le spiagge con il prefisso &#8220;bini&#8221; (Binisaf\u00faller, Biniancolla, Binibeca&#8230;), Biniparratx \u00e8 la pi\u00f9 appartata e, per questo, anche la [&hellip;]<\/p>\n","protected":false},"author":1,"featured_media":0,"parent":0,"menu_order":0,"comment_status":"closed","ping_status":"closed","template":"","meta":{"_et_pb_use_builder":"on","_et_pb_old_content":"","_et_gb_content_width":"","_price":"","_stock":"","_tribe_ticket_header":"","_tribe_default_ticket_provider":"","_tribe_ticket_capacity":"0","_ticket_start_date":"","_ticket_end_date":"","_tribe_ticket_show_description":"","_tribe_ticket_show_not_going":false,"_tribe_ticket_use_global_stock":"","_tribe_ticket_global_stock_level":"","_global_stock_mode":"","_global_stock_cap":"","_tribe_rsvp_for_event":"","_tribe_ticket_going_count":"","_tribe_ticket_not_going_count":"","_tribe_tickets_list":"[]","_tribe_ticket_has_attendee_info_fields":false,"footnotes":"","_tec_slr_enabled":"","_tec_slr_layout":""},"class_list":["post-5234","page","type-page","status-publish","hentry"],"yoast_head":"<!-- This site is optimized with the Yoast SEO plugin v25.6 - https:\/\/yoast.com\/wordpress\/plugins\/seo\/ -->\n<title>Cala Biniparratx - Calas en Menorca<\/title>\n<meta name=\"robots\" content=\"index, follow, max-snippet:-1, max-image-preview:large, max-video-preview:-1\" \/>\n<link rel=\"canonical\" href=\"https:\/\/calasenmenorca.com\/it\/cala-biniparratx\" \/>\n<meta property=\"og:locale\" content=\"it_IT\" \/>\n<meta property=\"og:type\" content=\"article\" \/>\n<meta property=\"og:title\" content=\"Cala Biniparratx - Calas en Menorca\" \/>\n<meta property=\"og:description\" content=\"Cala Biniparratx Una baia con un pubblico molto eterogeneo Di tutte le spiagge con il prefisso &quot;bini&quot; (Binisaf\u00faller, Biniancolla, Binibeca...), Biniparratx \u00e8 la pi\u00f9 appartata e, per questo, anche la [&hellip;]\" \/>\n<meta property=\"og:url\" content=\"https:\/\/calasenmenorca.com\/it\/cala-biniparratx\" \/>\n<meta property=\"og:site_name\" content=\"Calas en Menorca\" \/>\n<meta property=\"article:modified_time\" content=\"2026-04-23T12:10:49+00:00\" \/>\n<meta name=\"twitter:card\" content=\"summary_large_image\" \/>\n<meta name=\"twitter:label1\" content=\"Tempo di lettura stimato\" \/>\n\t<meta name=\"twitter:data1\" content=\"12 minuti\" \/>\n<script type=\"application\/ld+json\" class=\"yoast-schema-graph\">{\"@context\":\"https:\/\/schema.org\",\"@graph\":[{\"@type\":\"WebPage\",\"@id\":\"https:\/\/calasenmenorca.com\/it\/cala-biniparratx\",\"url\":\"https:\/\/calasenmenorca.com\/it\/cala-biniparratx\",\"name\":\"Cala Biniparratx - Calas en Menorca\",\"isPartOf\":{\"@id\":\"https:\/\/calasenmenorca.com\/#website\"},\"datePublished\":\"2021-04-29T10:53:08+00:00\",\"dateModified\":\"2026-04-23T12:10:49+00:00\",\"breadcrumb\":{\"@id\":\"https:\/\/calasenmenorca.com\/it\/cala-biniparratx#breadcrumb\"},\"inLanguage\":\"it-IT\",\"potentialAction\":[{\"@type\":\"ReadAction\",\"target\":[\"https:\/\/calasenmenorca.com\/it\/cala-biniparratx\"]}]},{\"@type\":\"BreadcrumbList\",\"@id\":\"https:\/\/calasenmenorca.com\/it\/cala-biniparratx#breadcrumb\",\"itemListElement\":[{\"@type\":\"ListItem\",\"position\":1,\"name\":\"Portada\",\"item\":\"https:\/\/calasenmenorca.com\/it\/benvenuti-su-https-calasenmenorca-com\"},{\"@type\":\"ListItem\",\"position\":2,\"name\":\"Cala Biniparratx\"}]},{\"@type\":\"WebSite\",\"@id\":\"https:\/\/calasenmenorca.com\/#website\",\"url\":\"https:\/\/calasenmenorca.com\/\",\"name\":\"Calas en Menorca\",\"description\":\"Las mejores calas de menorca\",\"potentialAction\":[{\"@type\":\"SearchAction\",\"target\":{\"@type\":\"EntryPoint\",\"urlTemplate\":\"https:\/\/calasenmenorca.com\/?s={search_term_string}\"},\"query-input\":{\"@type\":\"PropertyValueSpecification\",\"valueRequired\":true,\"valueName\":\"search_term_string\"}}],\"inLanguage\":\"it-IT\"}]}<\/script>\n<!-- \/ Yoast SEO plugin. -->","yoast_head_json":{"title":"Cala Biniparratx - Calas en Menorca","robots":{"index":"index","follow":"follow","max-snippet":"max-snippet:-1","max-image-preview":"max-image-preview:large","max-video-preview":"max-video-preview:-1"},"canonical":"https:\/\/calasenmenorca.com\/it\/cala-biniparratx","og_locale":"it_IT","og_type":"article","og_title":"Cala Biniparratx - Calas en Menorca","og_description":"Cala Biniparratx Una baia con un pubblico molto eterogeneo Di tutte le spiagge con il prefisso \"bini\" (Binisaf\u00faller, Biniancolla, Binibeca...), Biniparratx \u00e8 la pi\u00f9 appartata e, per questo, anche la [&hellip;]","og_url":"https:\/\/calasenmenorca.com\/it\/cala-biniparratx","og_site_name":"Calas en Menorca","article_modified_time":"2026-04-23T12:10:49+00:00","twitter_card":"summary_large_image","twitter_misc":{"Tempo di lettura stimato":"12 minuti"},"schema":{"@context":"https:\/\/schema.org","@graph":[{"@type":"WebPage","@id":"https:\/\/calasenmenorca.com\/it\/cala-biniparratx","url":"https:\/\/calasenmenorca.com\/it\/cala-biniparratx","name":"Cala Biniparratx - Calas en Menorca","isPartOf":{"@id":"https:\/\/calasenmenorca.com\/#website"},"datePublished":"2021-04-29T10:53:08+00:00","dateModified":"2026-04-23T12:10:49+00:00","breadcrumb":{"@id":"https:\/\/calasenmenorca.com\/it\/cala-biniparratx#breadcrumb"},"inLanguage":"it-IT","potentialAction":[{"@type":"ReadAction","target":["https:\/\/calasenmenorca.com\/it\/cala-biniparratx"]}]},{"@type":"BreadcrumbList","@id":"https:\/\/calasenmenorca.com\/it\/cala-biniparratx#breadcrumb","itemListElement":[{"@type":"ListItem","position":1,"name":"Portada","item":"https:\/\/calasenmenorca.com\/it\/benvenuti-su-https-calasenmenorca-com"},{"@type":"ListItem","position":2,"name":"Cala Biniparratx"}]},{"@type":"WebSite","@id":"https:\/\/calasenmenorca.com\/#website","url":"https:\/\/calasenmenorca.com\/","name":"Calas en Menorca","description":"Las mejores calas de menorca","potentialAction":[{"@type":"SearchAction","target":{"@type":"EntryPoint","urlTemplate":"https:\/\/calasenmenorca.com\/?s={search_term_string}"},"query-input":{"@type":"PropertyValueSpecification","valueRequired":true,"valueName":"search_term_string"}}],"inLanguage":"it-IT"}]}},"ticketed":false,"_links":{"self":[{"href":"https:\/\/calasenmenorca.com\/it\/wp-json\/wp\/v2\/pages\/5234"}],"collection":[{"href":"https:\/\/calasenmenorca.com\/it\/wp-json\/wp\/v2\/pages"}],"about":[{"href":"https:\/\/calasenmenorca.com\/it\/wp-json\/wp\/v2\/types\/page"}],"author":[{"embeddable":true,"href":"https:\/\/calasenmenorca.com\/it\/wp-json\/wp\/v2\/users\/1"}],"replies":[{"embeddable":true,"href":"https:\/\/calasenmenorca.com\/it\/wp-json\/wp\/v2\/comments?post=5234"}],"version-history":[{"count":17,"href":"https:\/\/calasenmenorca.com\/it\/wp-json\/wp\/v2\/pages\/5234\/revisions"}],"predecessor-version":[{"id":10676,"href":"https:\/\/calasenmenorca.com\/it\/wp-json\/wp\/v2\/pages\/5234\/revisions\/10676"}],"wp:attachment":[{"href":"https:\/\/calasenmenorca.com\/it\/wp-json\/wp\/v2\/media?parent=5234"}],"curies":[{"name":"wp","href":"https:\/\/api.w.org\/{rel}","templated":true}]}}