{"id":5285,"date":"2021-04-29T11:00:08","date_gmt":"2021-04-29T11:00:08","guid":{"rendered":"https:\/\/calasenmenorca.com\/spiaggia-di-punta-prima"},"modified":"2026-04-23T12:07:54","modified_gmt":"2026-04-23T12:07:54","slug":"spiaggia-di-punta-prima","status":"publish","type":"page","link":"https:\/\/calasenmenorca.com\/it\/spiaggia-di-punta-prima","title":{"rendered":"Spiaggia di Punta Prima"},"content":{"rendered":"<p>[et_pb_section fb_built=&#8221;1&#8243; admin_label=&#8221;Header&#8221; _builder_version=&#8221;4.16&#8243; use_background_color_gradient=&#8221;on&#8221; background_color_gradient_direction=&#8221;90deg&#8221; background_color_gradient_stops=&#8221;rgba(36,46,66,0.5) 0%|rgba(36,46,66,0.8) 61%&#8221; background_color_gradient_overlays_image=&#8221;on&#8221; background_color_gradient_start=&#8221;rgba(36,46,66,0.5)&#8221; background_color_gradient_end=&#8221;rgba(36,46,66,0.8)&#8221; background_color_gradient_end_position=&#8221;61%&#8221; background_image=&#8221;https:\/\/calasenmenorca.com\/wp-content\/uploads\/2021\/08\/punta-prima-upp-down.jpg&#8221; background_position=&#8221;bottom_center&#8221; custom_padding=&#8221;||0px|||&#8221; locked=&#8221;off&#8221; global_colors_info=&#8221;{}&#8221;][et_pb_row _builder_version=&#8221;4.16&#8243; width=&#8221;90%&#8221; max_width=&#8221;1215px&#8221; global_colors_info=&#8221;{}&#8221;][et_pb_column type=&#8221;4_4&#8243; _builder_version=&#8221;4.16&#8243; custom_padding=&#8221;|||&#8221; global_colors_info=&#8221;{}&#8221; custom_padding__hover=&#8221;|||&#8221;][et_pb_text _builder_version=&#8221;4.16&#8243; text_font=&#8221;Lato||||||||&#8221; text_font_size=&#8221;16px&#8221; text_line_height=&#8221;1.8em&#8221; header_font=&#8221;PT Serif|700|||||||&#8221; header_font_size=&#8221;80px&#8221; header_line_height=&#8221;1.2em&#8221; text_orientation=&#8221;justified&#8221; background_layout=&#8221;dark&#8221; min_height=&#8221;550px&#8221; min_height_tablet=&#8221;&#8221; min_height_phone=&#8221;&#8221; min_height_last_edited=&#8221;on|desktop&#8221; custom_margin=&#8221;|||||false&#8221; custom_padding=&#8221;40px|40px|40px|40px|true|true&#8221; text_font_size_tablet=&#8221;&#8221; text_font_size_phone=&#8221;14px&#8221; text_font_size_last_edited=&#8221;on|phone&#8221; header_font_size_tablet=&#8221;60px&#8221; header_font_size_phone=&#8221;36px&#8221; header_font_size_last_edited=&#8221;on|phone&#8221; border_width_all=&#8221;40px&#8221; border_color_all=&#8221;#ffd400&#8243; border_width_all_tablet=&#8221;&#8221; border_width_all_phone=&#8221;3px&#8221; border_width_all_last_edited=&#8221;on|desktop&#8221; global_colors_info=&#8221;{}&#8221;]<\/p>\n<h1>Spiaggia di Punta Prima<\/h1>\n<h2>La spiaggia dell&#8217;aria<\/h2>\n<p>La spiaggia di Punta Prima \u00e8 conosciuta anche come spiaggia di Playa del Aire. L&#8217;origine del suo primo nome \u00e8 chiara, si riferisce alla sua vicinanza all&#8217;omonimo affioramento roccioso, ma qual \u00e8 l&#8217;origine del nome &#8220;playa del aire&#8221;?<\/p>\n<p>Perch\u00e9 questo \u00e8 il paradiso in terra. Intorno ad essa si trovano servizi di ogni tipo e, di fronte ad essa, emerge l&#8217;imponente Illa de l&#8217;Aire. Un luogo tranquillo, con fondali bassi e onde dolci (ideale per andare con i pi\u00f9 piccoli della famiglia).<\/p>\n<p>Purtroppo gli edifici che occupano l&#8217;intero lato della spiaggia sono impressionanti. Costruzioni troppo grandi avrebbero potuto portare via questo piccolo angolo di paradiso, ma per fortuna non \u00e8 mai successo. Questo \u00e8 ancora un paradiso di sabbia bianca con un&#8217;acqua cristallina ineguagliabile&#8230; Nuotare in questa spiaggia \u00e8 come nuotare nella polvere d&#8217;oro e nel turchese scintillante.<\/p>\n<p>[\/et_pb_text][\/et_pb_column][\/et_pb_row][et_pb_row _builder_version=&#8221;4.16&#8243; width=&#8221;100%&#8221; max_width=&#8221;none&#8221; custom_padding=&#8221;0px||1px|||&#8221; global_colors_info=&#8221;{}&#8221;][et_pb_column type=&#8221;4_4&#8243; _builder_version=&#8221;4.16&#8243; custom_padding=&#8221;|||&#8221; global_colors_info=&#8221;{}&#8221; custom_padding__hover=&#8221;|||&#8221;][et_pb_image src=&#8221;https:\/\/calasenmenorca.com\/wp-content\/uploads\/2021\/04\/sight-seeing-52.png&#8221; force_fullwidth=&#8221;on&#8221; _builder_version=&#8221;4.16&#8243; custom_margin=&#8221;-9vw||-1px||false|&#8221; custom_margin_tablet=&#8221;0vw|||&#8221; custom_margin_phone=&#8221;&#8221; custom_margin_last_edited=&#8221;on|desktop&#8221; global_colors_info=&#8221;{}&#8221;][\/et_pb_image][\/et_pb_column][\/et_pb_row][\/et_pb_section][et_pb_section fb_built=&#8221;1&#8243; admin_label=&#8221;CTA&#8221; _builder_version=&#8221;4.16&#8243; z_index=&#8221;10&#8243; custom_padding=&#8221;130px||3px||false|false&#8221; locked=&#8221;off&#8221; global_colors_info=&#8221;{}&#8221;][et_pb_row column_structure=&#8221;3_5,2_5&#8243; _builder_version=&#8221;4.16&#8243; _module_preset=&#8221;default&#8221; max_width=&#8221;1600px&#8221; custom_margin=&#8221;-100px||||false|false&#8221; global_colors_info=&#8221;{}&#8221;][et_pb_column type=&#8221;3_5&#8243; _builder_version=&#8221;4.16&#8243; _module_preset=&#8221;default&#8221; global_colors_info=&#8221;{}&#8221;][et_pb_code _builder_version=&#8221;4.27.0&#8243; _module_preset=&#8221;default&#8221; global_colors_info=&#8221;{}&#8221;]<iframe src=\"https:\/\/www.google.com\/maps\/embed?pb=!1m18!1m12!1m3!1d15083.825179810074!2d4.277211371620745!3d39.81483767677243!2m3!1f0!2f0!3f0!3m2!1i1024!2i768!4f13.1!3m3!1m2!1s0x1295842e8e2d2267%3A0x2441abdb029aa044!2sPlatja%20de%20Punta%20Prima!5e1!3m2!1ses!2ses!4v1724227296296!5m2!1ses!2ses\" width=\"640\" height=\"380\"\" style=\"border:0;\" allowfullscreen=\"\" loading=\"lazy\" referrerpolicy=\"no-referrer-when-downgrade\"><\/iframe>[\/et_pb_code][et_pb_code _builder_version=&#8221;4.27.0&#8243; _module_preset=&#8221;default&#8221; global_colors_info=&#8221;{}&#8221;]<iframe src=\"https:\/\/www.google.com\/maps\/embed?pb=!4v1730908099364!6m8!1m7!1sCAoSLEFGMVFpcFBBMVdKWVBoTm9MeEV4cXN5aGx4MzUxVmc1dGw4cWQ1V0hReDQ3!2m2!1d39.81356810746448!2d4.280539969809675!3f146.6901157418293!4f-15.964542666471061!5f0.7820865974627469\" width=\"640\" height=\"450\" style=\"border:0;\" allowfullscreen=\"\" loading=\"lazy\" referrerpolicy=\"no-referrer-when-downgrade\"><\/iframe>[\/et_pb_code][\/et_pb_column][et_pb_column type=&#8221;2_5&#8243; _builder_version=&#8221;4.16&#8243; _module_preset=&#8221;default&#8221; global_colors_info=&#8221;{}&#8221;][et_pb_text _builder_version=&#8221;4.16&#8243; _module_preset=&#8221;default&#8221; global_colors_info=&#8221;{}&#8221;]<\/p>\n<p>Nome: <strong>Punta Prima<\/strong><\/p>\n<p>Posizione<span>: <strong>Zona Sud I (39\u00b048&#8217;47.8 &#8220;N 4\u00b016&#8217;53.2 &#8220;E)<\/strong><\/span><\/p>\n<p>Distanza da Mah\u00f3n<span>: <strong>6&#8217;5 MN ; 11 km<\/strong><\/span><\/p>\n<p>Tempo di percorrenza da Mah\u00f3n<span>: <strong>40 min. in barca (velocit\u00e0 media: 15 nodi); 15 min. in auto<\/strong><\/span><\/p>\n<p>Tipo di spiaggia: <strong>Sabbia e ciottoli<\/strong><\/p>\n<p>Ancoraggio con la barca<span>: <strong>Sabbia. Aperto a E<\/strong><\/span><\/p>\n<p>Pericolo di accesso in barca: <strong>Basso<\/strong><\/p>\n<p>Posidonia<span>: <strong>No<\/strong><\/span><\/p>\n<p>Stazione di servizio pi\u00f9 vicina per le imbarcazioni: <strong>5&#8217;5 MN; Porto di Mahon<\/strong><\/p>\n<p>&nbsp;<\/p>\n<p>[\/et_pb_text][\/et_pb_column][\/et_pb_row][\/et_pb_section][et_pb_section fb_built=&#8221;1&#8243; _builder_version=&#8221;4.27.0&#8243; _module_preset=&#8221;default&#8221; hover_enabled=&#8221;0&#8243; global_colors_info=&#8221;{}&#8221; module_class=&#8221;servicios&#8221; sticky_enabled=&#8221;0&#8243;][et_pb_row _builder_version=&#8221;4.16&#8243; _module_preset=&#8221;default&#8221; global_colors_info=&#8221;{}&#8221;][et_pb_column type=&#8221;4_4&#8243; _builder_version=&#8221;4.16&#8243; _module_preset=&#8221;default&#8221; global_colors_info=&#8221;{}&#8221;][et_pb_text _builder_version=&#8221;4.16&#8243; _module_preset=&#8221;default&#8221; global_colors_info=&#8221;{}&#8221;]<\/p>\n<h2 style=\"text-align: center;\"><strong>SERVIZI<\/strong><\/h2>\n<p>[\/et_pb_text][\/et_pb_column][\/et_pb_row][et_pb_row column_structure=&#8221;1_5,1_5,1_5,1_5,1_5&#8243; _builder_version=&#8221;4.27.0&#8243; _module_preset=&#8221;default&#8221; width=&#8221;50%&#8221; hover_enabled=&#8221;0&#8243; locked=&#8221;off&#8221; global_colors_info=&#8221;{}&#8221; width_last_edited=&#8221;on|phone&#8221; sticky_enabled=&#8221;0&#8243; width_phone=&#8221;95%&#8221; width_tablet=&#8221;50%&#8221;][et_pb_column type=&#8221;1_5&#8243; _builder_version=&#8221;4.16&#8243; _module_preset=&#8221;default&#8221; global_colors_info=&#8221;{}&#8221;][et_pb_image src=&#8221;https:\/\/calasenmenorca.com\/wp-content\/uploads\/2021\/08\/parking.jpg&#8221; title_text=&#8221;parcheggio&#8221; _builder_version=&#8221;4.16&#8243; _module_preset=&#8221;default&#8221; global_colors_info=&#8221;{}&#8221;][\/et_pb_image][et_pb_text _builder_version=&#8221;4.16&#8243; _module_preset=&#8221;default&#8221; global_colors_info=&#8221;{}&#8221;]<\/p>\n<p style=\"text-align: center;\">PARCHEGGIO<\/p>\n<p>[\/et_pb_text][\/et_pb_column][et_pb_column type=&#8221;1_5&#8243; _builder_version=&#8221;4.16&#8243; _module_preset=&#8221;default&#8221; global_colors_info=&#8221;{}&#8221;][et_pb_image src=&#8221;https:\/\/calasenmenorca.com\/wp-content\/uploads\/2021\/08\/servicio-socorro.jpg&#8221; title_text=&#8221;servizio di soccorso&#8221; _builder_version=&#8221;4.16&#8243; _module_preset=&#8221;default&#8221; global_colors_info=&#8221;{}&#8221;][\/et_pb_image][et_pb_text _builder_version=&#8221;4.16&#8243; _module_preset=&#8221;default&#8221; global_colors_info=&#8221;{}&#8221;]<\/p>\n<p style=\"text-align: center;\">SERVIZIO DI SALVATAGGIO<\/p>\n<p>[\/et_pb_text][\/et_pb_column][et_pb_column type=&#8221;1_5&#8243; _builder_version=&#8221;4.16&#8243; _module_preset=&#8221;default&#8221; global_colors_info=&#8221;{}&#8221;][et_pb_image src=&#8221;https:\/\/calasenmenorca.com\/wp-content\/uploads\/2021\/08\/restaurante.jpg&#8221; title_text=&#8221;ristorante&#8221; _builder_version=&#8221;4.16&#8243; _module_preset=&#8221;default&#8221; global_colors_info=&#8221;{}&#8221;][\/et_pb_image][et_pb_text _builder_version=&#8221;4.16&#8243; _module_preset=&#8221;default&#8221; global_colors_info=&#8221;{}&#8221;]<\/p>\n<p style=\"text-align: center;\">RISTORANTE<\/p>\n<p>[\/et_pb_text][\/et_pb_column][et_pb_column type=&#8221;1_5&#8243; _builder_version=&#8221;4.16&#8243; _module_preset=&#8221;default&#8221; global_colors_info=&#8221;{}&#8221;][et_pb_image src=&#8221;https:\/\/calasenmenorca.com\/wp-content\/uploads\/2021\/08\/chiringuito.jpg&#8221; title_text=&#8221;bar sulla spiaggia&#8221; _builder_version=&#8221;4.16&#8243; _module_preset=&#8221;default&#8221; global_colors_info=&#8221;{}&#8221;][\/et_pb_image][et_pb_text _builder_version=&#8221;4.16&#8243; _module_preset=&#8221;default&#8221; global_colors_info=&#8221;{}&#8221;]<\/p>\n<p style=\"text-align: center;\">CHIRINGUITO<\/p>\n<p>[\/et_pb_text][\/et_pb_column][et_pb_column type=&#8221;1_5&#8243; _builder_version=&#8221;4.16&#8243; _module_preset=&#8221;default&#8221; global_colors_info=&#8221;{}&#8221;][et_pb_image src=&#8221;https:\/\/calasenmenorca.com\/wp-content\/uploads\/2021\/08\/hotel.jpg&#8221; title_text=&#8221;albergo&#8221; _builder_version=&#8221;4.16&#8243; _module_preset=&#8221;default&#8221; global_colors_info=&#8221;{}&#8221;][\/et_pb_image][et_pb_text _builder_version=&#8221;4.16&#8243; _module_preset=&#8221;default&#8221; global_colors_info=&#8221;{}&#8221;]<\/p>\n<p style=\"text-align: center;\">HOTEL<\/p>\n<p>[\/et_pb_text][\/et_pb_column][\/et_pb_row][\/et_pb_section][et_pb_section fb_built=&#8221;1&#8243; _builder_version=&#8221;4.16&#8243; _module_preset=&#8221;default&#8221; global_colors_info=&#8221;{}&#8221;][et_pb_row _builder_version=&#8221;4.16&#8243; _module_preset=&#8221;default&#8221; global_colors_info=&#8221;{}&#8221;][et_pb_column type=&#8221;4_4&#8243; _builder_version=&#8221;4.16&#8243; _module_preset=&#8221;default&#8221; global_colors_info=&#8221;{}&#8221;][et_pb_text _builder_version=&#8221;4.16&#8243; _module_preset=&#8221;default&#8221; global_colors_info=&#8221;{}&#8221;]<\/p>\n<h2 style=\"text-align: center;\"><strong>Servizi vicino a Punta Prima<\/strong><\/h2>\n<p>[\/et_pb_text][et_pb_text _builder_version=&#8221;4.16&#8243; _module_preset=&#8221;default&#8221; global_colors_info=&#8221;{}&#8221;]<\/p>\n<p style=\"text-align: left;\">Nelle immediate vicinanze della spiaggia si trovano diversi parcheggi, supermercati, bancomat e numerosi ristoranti e strutture ricettive.<\/p>\n<p style=\"text-align: left;\">Tra i servizi pi\u00f9 vicini vi sono il ristorante di pesce El Faro de Punta Prima e il ristorante mediterraneo Chiringuito Aire. Se ci concentriamo sugli hotel, l&#8217;Hotel Xaloc Playa sarebbe il pi\u00f9 vicino alla spiaggia.<\/p>\n<p style=\"text-align: left;\">Nei dintorni ci sono anche parcheggi gratuiti, bancomat e parchi giochi.<\/p>\n<p>[\/et_pb_text][\/et_pb_column][\/et_pb_row][et_pb_row _builder_version=&#8221;4.16&#8243; _module_preset=&#8221;default&#8221; global_colors_info=&#8221;{}&#8221;][et_pb_column type=&#8221;4_4&#8243; _builder_version=&#8221;4.16&#8243; _module_preset=&#8221;default&#8221; global_colors_info=&#8221;{}&#8221;][et_pb_code _builder_version=&#8221;4.16&#8243; _module_preset=&#8221;default&#8221; global_colors_info=&#8221;{}&#8221;]<\/p>\n<table class=\"default\"><!-- [et_pb_line_break_holder] -->  <\/p>\n<tr><!-- [et_pb_line_break_holder] -->    <\/p>\n<th>SERVIZIO<\/th>\n<p><!-- [et_pb_line_break_holder] -->    <\/p>\n<th>TELEFONO<\/th>\n<p><!-- [et_pb_line_break_holder] -->    <\/p>\n<th>WEB<\/th>\n<p><!-- [et_pb_line_break_holder] -->  <\/tr>\n<p><!-- [et_pb_line_break_holder] -->  <\/p>\n<tr><!-- [et_pb_line_break_holder] -->    <\/p>\n<td>HOTEL. Xaloc Playa<\/td>\n<p><!-- [et_pb_line_break_holder] -->    <\/p>\n<td>971 15 91 20<\/td>\n<p><!-- [et_pb_line_break_holder] --><\/p>\n<td>www.xaloc.com<\/td>\n<p><!-- [et_pb_line_break_holder] -->  <\/tr>\n<p><!-- [et_pb_line_break_holder] -->  <\/p>\n<tr><!-- [et_pb_line_break_holder] -->    <\/p>\n<td>RISTORANTE. Il faro di Punta Prima<\/td>\n<p><!-- [et_pb_line_break_holder] -->    <\/p>\n<td>971 15 37 89<\/td>\n<p><!-- [et_pb_line_break_holder] -->    <\/p>\n<td>www.restauranteelfaropuntaprima.com<\/td>\n<p><!-- [et_pb_line_break_holder] -->  <\/tr>\n<p><!-- [et_pb_line_break_holder] -->  <\/p>\n<tr><!-- [et_pb_line_break_holder] -->    <\/p>\n<td>RISTORANTE. Chiringuito Aire<\/td>\n<p><!-- [et_pb_line_break_holder] -->    <\/p>\n<td>971 20 04 67<\/td>\n<p><!-- [et_pb_line_break_holder] -->    <\/p>\n<td><\/td>\n<p><!-- [et_pb_line_break_holder] -->  <\/tr>\n<p><!-- [et_pb_line_break_holder] --><\/table>\n<p>[\/et_pb_code][\/et_pb_column][\/et_pb_row][et_pb_row column_structure=&#8221;1_3,2_3&#8243; _builder_version=&#8221;4.16&#8243; _module_preset=&#8221;default&#8221; global_colors_info=&#8221;{}&#8221;][et_pb_column type=&#8221;1_3&#8243; _builder_version=&#8221;4.16&#8243; _module_preset=&#8221;default&#8221; global_colors_info=&#8221;{}&#8221;][et_pb_image src=&#8221;https:\/\/calasenmenorca.com\/wp-content\/uploads\/2021\/07\/mejoresrestauranesmenorca-730&#215;438-1.jpg&#8221; title_text=&#8221;bestrestauranesmenorca-730&#215;438&#8243; _builder_version=&#8221;4.16&#8243; _module_preset=&#8221;default&#8221; global_colors_info=&#8221;{}&#8221;][\/et_pb_image][\/et_pb_column][et_pb_column type=&#8221;2_3&#8243; _builder_version=&#8221;4.16&#8243; _module_preset=&#8221;default&#8221; global_colors_info=&#8221;{}&#8221;][et_pb_text _builder_version=&#8221;4.16&#8243; _module_preset=&#8221;default&#8221; global_colors_info=&#8221;{}&#8221;]<\/p>\n<p style=\"text-align: center;\"><strong>CHIRINGUITO AIRE<\/strong><\/p>\n<p>Questo ristorante ha ottime valutazioni da parte degli utenti. Il suo variegato menu comprende tutto, dalle pizze alle tapas e alle raciones.<\/p>\n<p>La buona cucina, la cordialit\u00e0 del personale e la vista sulla spiaggia, talvolta accompagnata da musica dal vivo, permettono al cliente di lasciare il locale dopo aver trascorso una tipica serata estiva, di quelle che si ricordano con nostalgia quando ci si guarda indietro.<\/p>\n<p>[\/et_pb_text][\/et_pb_column][\/et_pb_row][\/et_pb_section][et_pb_section fb_built=&#8221;1&#8243; admin_label=&#8221;CTA&#8221; _builder_version=&#8221;4.16&#8243; z_index=&#8221;10&#8243; custom_margin=&#8221;0px||||false|false&#8221; custom_padding=&#8221;0px||||false|false&#8221; locked=&#8221;off&#8221; global_colors_info=&#8221;{}&#8221;][et_pb_row _builder_version=&#8221;4.16&#8243; background_color=&#8221;#ffffff&#8221; custom_margin=&#8221;|auto||auto|false|false&#8221; custom_padding=&#8221;80px|20px|80px|20px|true|true&#8221; box_shadow_style=&#8221;preset3&#8243; box_shadow_horizontal=&#8221;5px&#8221; box_shadow_vertical=&#8221;25px&#8221; box_shadow_blur=&#8221;105px&#8221; box_shadow_spread=&#8221;-30px&#8221; box_shadow_color=&#8221;rgba(0,0,0,0.25)&#8221; locked=&#8221;off&#8221; global_colors_info=&#8221;{}&#8221;][et_pb_column type=&#8221;4_4&#8243; _builder_version=&#8221;4.16&#8243; custom_padding=&#8221;|||&#8221; global_colors_info=&#8221;{}&#8221; custom_padding__hover=&#8221;|||&#8221;][et_pb_text _builder_version=&#8221;4.16&#8243; text_font=&#8221;Lato||||||||&#8221; text_font_size=&#8221;15px&#8221; text_line_height=&#8221;1.8em&#8221; header_font=&#8221;||||||||&#8221; header_2_font=&#8221;PT Serif|700|||||||&#8221; header_2_font_size=&#8221;64px&#8221; header_2_line_height=&#8221;1.2em&#8221; text_orientation=&#8221;center&#8221; width_tablet=&#8221;600px&#8221; width_phone=&#8221;400px&#8221; width_last_edited=&#8221;off|phone&#8221; max_width=&#8221;850px&#8221; max_width_tablet=&#8221;&#8221; max_width_phone=&#8221;&#8221; max_width_last_edited=&#8221;on|desktop&#8221; module_alignment=&#8221;center&#8221; custom_margin=&#8221;||15px&#8221; text_font_size_tablet=&#8221;&#8221; text_font_size_phone=&#8221;15px&#8221; text_font_size_last_edited=&#8221;on|desktop&#8221; header_2_font_size_tablet=&#8221;44px&#8221; header_2_font_size_phone=&#8221;28px&#8221; header_2_font_size_last_edited=&#8221;on|phone&#8221; locked=&#8221;off&#8221; global_colors_info=&#8221;{}&#8221;]<\/p>\n<h2 class=\"Cuerpo\"><span lang=\"ES-TRAD\">Minorca, come arrivare a Punta Prima?<o:p><\/o:p><\/span><\/h2>\n<p class=\"Cuerpo\" style=\"text-align: justify;\"><span lang=\"ES-TRAD\">Per arrivarci in <strong>auto<\/strong>, prendete la Me-8 in direzione di Sant Lluis e, una volta sulla strada, seguite le indicazioni per entrare nella Carretera de Punta Prima, che vi porter\u00e0 alla spiaggia stessa.<\/span><\/p>\n<p class=\"Cuerpo\" style=\"text-align: justify;\"><span lang=\"ES-TRAD\">Dietro c&#8217;\u00e8 un grande parcheggio dove possiamo parcheggiare.  <br \/><\/span><\/p>\n<p>[\/et_pb_text][\/et_pb_column][\/et_pb_row][\/et_pb_section][et_pb_section fb_built=&#8221;1&#8243; admin_label=&#8221;Video&#8221; _builder_version=&#8221;4.16&#8243; background_color_gradient_direction=&#8221;90deg&#8221; custom_padding=&#8221;100px|||||&#8221; global_colors_info=&#8221;{}&#8221;][et_pb_row padding_top_bottom_link_1=&#8221;false&#8221; padding_left_right_link_1=&#8221;false&#8221; _builder_version=&#8221;4.16&#8243; background_color=&#8221;#fe533a&#8221; width_tablet=&#8221;&#8221; width_phone=&#8221;90%&#8221; width_last_edited=&#8221;on|desktop&#8221; max_width=&#8221;none&#8221; module_alignment=&#8221;right&#8221; custom_padding=&#8221;||0px|||&#8221; global_colors_info=&#8221;{}&#8221;][et_pb_column type=&#8221;4_4&#8243; _builder_version=&#8221;4.16&#8243; custom_padding=&#8221;|10vw||&#8221; global_colors_info=&#8221;{}&#8221; custom_padding__hover=&#8221;|||&#8221;][et_pb_image src=&#8221;https:\/\/calasenmenorca.com\/wp-content\/uploads\/2021\/08\/punta-prima.jpg&#8221; title_text=&#8221;punta-prima&#8221; _builder_version=&#8221;4.16&#8243; _module_preset=&#8221;default&#8221; width=&#8221;123%&#8221; width_tablet=&#8221;&#8221; width_phone=&#8221;122%&#8221; width_last_edited=&#8221;on|phone&#8221; custom_margin=&#8221;-142px|||-8vw|false|false&#8221; border_width_all=&#8221;9px&#8221; border_color_all=&#8221;#FFFFFF&#8221; box_shadow_style=&#8221;preset3&#8243; box_shadow_horizontal=&#8221;20px&#8221; box_shadow_vertical=&#8221;60px&#8221; box_shadow_blur=&#8221;180px&#8221; box_shadow_spread=&#8221;-20px&#8221; box_shadow_color=&#8221;rgba(0,0,0,0.64)&#8221; global_colors_info=&#8221;{}&#8221;][\/et_pb_image][\/et_pb_column][\/et_pb_row][et_pb_row padding_top_bottom_link_1=&#8221;false&#8221; padding_left_right_link_1=&#8221;false&#8221; _builder_version=&#8221;4.16&#8243; background_color=&#8221;#fe533a&#8221; width_tablet=&#8221;&#8221; width_phone=&#8221;100%&#8221; width_last_edited=&#8221;on|desktop&#8221; max_width=&#8221;none&#8221; module_alignment=&#8221;right&#8221; custom_padding=&#8221;60px||||false|false&#8221; global_colors_info=&#8221;{}&#8221;][et_pb_column type=&#8221;4_4&#8243; _builder_version=&#8221;4.16&#8243; custom_padding=&#8221;|10vw|80px|100px&#8221; custom_padding_tablet=&#8221;||40px|40px&#8221; custom_padding_phone=&#8221;&#8221; custom_padding_last_edited=&#8221;on|phone&#8221; global_colors_info=&#8221;{}&#8221; custom_padding__hover=&#8221;|||&#8221;][et_pb_text _builder_version=&#8221;4.16&#8243; text_font=&#8221;||||||||&#8221; text_font_size=&#8221;16px&#8221; text_line_height=&#8221;1.9em&#8221; header_3_font=&#8221;Lato|700|||||||&#8221; header_3_font_size=&#8221;20px&#8221; header_3_line_height=&#8221;1.4em&#8221; background_layout=&#8221;dark&#8221; width=&#8221;100%&#8221; max_width=&#8221;800px&#8221; max_width_tablet=&#8221;100%&#8221; max_width_phone=&#8221;&#8221; max_width_last_edited=&#8221;on|tablet&#8221; custom_margin_tablet=&#8221;||30px&#8221; custom_margin_last_edited=&#8221;off|desktop&#8221; text_font_size_tablet=&#8221;&#8221; text_font_size_phone=&#8221;15px&#8221; text_font_size_last_edited=&#8221;on|phone&#8221; locked=&#8221;off&#8221; global_colors_info=&#8221;{}&#8221;]<\/p>\n<h3>Cosa fare vicino alla spiaggia di Punta Prima?<\/h3>\n<p>La sua vicinanza ai centri urbani fa s\u00ec che ci sia una moltitudine di <strong>servizi<\/strong> a disposizione degli utenti e anche sulla spiaggia stessa, dove potrai rilassarti al sole noleggiando una comoda amaca o uno dei pedal\u00f2 disponibili sulla sabbia, per andare in mare e trascorrere una divertente giornata in spiaggia che far\u00e0 divertire come &#8220;nani&#8221; grandi e piccini.<\/p>\n<p>Se vogliamo anche conoscere i dintorni, nella tappa 19 del <strong>Cam\u00ed de Cavalls<\/strong> troveremo il percorso che va da Punta Prima a Cala Sant Esteve, dove avremo l&#8217;opportunit\u00e0 di visitare luoghi come la Torre di Alcaufar, il burrone di Rafalet, il forte di Marborought, l&#8217;isola dell&#8217;aria o il castello di San Felipe, tra i tanti. Per non parlare delle innumerevoli spiagge e insenature lungo il percorso.<\/p>\n<p>Un percorso che unisce natura e storia, lungo circa 7,3 km e completabile in poco meno di 3 ore.<\/p>\n<p>[\/et_pb_text][\/et_pb_column][\/et_pb_row][\/et_pb_section][et_pb_section fb_built=&#8221;1&#8243; admin_label=&#8221;Details&#8221; _builder_version=&#8221;4.16&#8243; locked=&#8221;off&#8221; global_colors_info=&#8221;{}&#8221;][et_pb_row column_structure=&#8221;1_2,1_2&#8243; _builder_version=&#8221;4.16&#8243; global_colors_info=&#8221;{}&#8221;][et_pb_column type=&#8221;1_2&#8243; _builder_version=&#8221;4.16&#8243; custom_padding=&#8221;|||&#8221; global_colors_info=&#8221;{}&#8221; custom_padding__hover=&#8221;|||&#8221;][et_pb_text _builder_version=&#8221;4.16&#8243; text_font=&#8221;||||||||&#8221; header_font=&#8221;||||||||&#8221; header_2_font=&#8221;PT Serif|700|||||||&#8221; header_2_font_size=&#8221;60px&#8221; header_2_line_height=&#8221;1.2em&#8221; text_orientation=&#8221;justified&#8221; max_width=&#8221;600px&#8221; custom_margin=&#8221;||15px&#8221; header_2_font_size_tablet=&#8221;42px&#8221; header_2_font_size_phone=&#8221;30px&#8221; header_2_font_size_last_edited=&#8221;on|tablet&#8221; locked=&#8221;off&#8221; global_colors_info=&#8221;{}&#8221;]<\/p>\n<h2 style=\"text-align: justify;\">Come raggiungere Punta Prima in barca?<\/h2>\n<p style=\"text-align: justify;\">Per raggiungere Punta Prima in barca, dobbiamo lasciare il porto di Mah\u00f3n in direzione SE. Navigheremo lungo la costa, lasciando Illa del Rei in porto.<\/p>\n<p style=\"text-align: justify;\">Proseguiamo verso il mare aperto, lasciando a dritta il faro di Punta de Sant Carles.<\/p>\n<p style=\"text-align: justify;\">Seguendo la costa in direzione sud, si superano le cenge di Na Girada e Punta Rafalet. Proseguiamo lungo il bordo dell&#8217;isola, che ci porter\u00e0 in direzione SW e lasceremo Morro d&#8217;Alcaufar a dritta, dopo di che troveremo Punta Prima a dritta.<\/p>\n<p>[\/et_pb_text][\/et_pb_column][et_pb_column type=&#8221;1_2&#8243; _builder_version=&#8221;4.16&#8243; custom_padding=&#8221;|||&#8221; global_colors_info=&#8221;{}&#8221; custom_padding__hover=&#8221;|||&#8221;][\/et_pb_column][\/et_pb_row][\/et_pb_section][et_pb_section fb_built=&#8221;1&#8243; admin_label=&#8221;Footer&#8221; _builder_version=&#8221;4.16&#8243; use_background_color_gradient=&#8221;on&#8221; background_color_gradient_stops=&#8221;#ffffff 0%|rgba(36,46,66,0) 75%&#8221; background_color_gradient_overlays_image=&#8221;on&#8221; background_color_gradient_start=&#8221;#ffffff&#8221; background_color_gradient_end=&#8221;rgba(36,46,66,0)&#8221; background_color_gradient_end_position=&#8221;75%&#8221; background_image=&#8221;https:\/\/calasenmenorca.com\/wp-content\/uploads\/2021\/08\/punta-prima-upp-down.jpg&#8221; custom_padding=&#8221;||20vw&#8221; locked=&#8221;off&#8221; global_colors_info=&#8221;{}&#8221;][et_pb_row _builder_version=&#8221;4.16&#8243; locked=&#8221;off&#8221; global_colors_info=&#8221;{}&#8221;][et_pb_column type=&#8221;4_4&#8243; _builder_version=&#8221;4.16&#8243; custom_padding=&#8221;|||&#8221; global_colors_info=&#8221;{}&#8221; custom_padding__hover=&#8221;|||&#8221;][et_pb_text _builder_version=&#8221;4.16&#8243; text_font=&#8221;||||||||&#8221; header_font=&#8221;||||||||&#8221; header_2_font=&#8221;PT Serif|700|||||||&#8221; header_2_font_size=&#8221;60px&#8221; header_2_line_height=&#8221;1.2em&#8221; text_orientation=&#8221;center&#8221; max_width=&#8221;721px&#8221; module_alignment=&#8221;center&#8221; custom_margin=&#8221;||15px&#8221; header_2_font_size_tablet=&#8221;42px&#8221; header_2_font_size_phone=&#8221;30px&#8221; header_2_font_size_last_edited=&#8221;on|tablet&#8221; locked=&#8221;off&#8221; global_colors_info=&#8221;{}&#8221;]<\/p>\n<h2>Volete raggiungere la spiaggia di Punta Prima in barca?<\/h2>\n<p>[\/et_pb_text][et_pb_button button_url=&#8221;https:\/\/barcosenmenorca.com\/es\/&#8221; url_new_window=&#8221;on&#8221; button_text=&#8221;OFFERTE PER ANDARE IN BARCA&#8221; button_alignment=&#8221;center&#8221; _builder_version=&#8221;4.16&#8243; _module_preset=&#8221;default&#8221; custom_css_main_element=&#8221;font-size: 14px !important;||    border-width: 10px !important;||    border-color: rgba(0,0,0,0);||    border-radius: 0px;||    font-family: &#8216;Lato&#8217;,Helvetica, Arial, Lucida, sans-serif !important;||    font-weight: undefined;||color:white;||    font-weight: 700 !important;||    text-transform: uppercase !important;||    letter-spacing: 4px;||    background-image: initial;||    background-color: #ff3314;&#8221; global_colors_info=&#8221;{}&#8221;][\/et_pb_button][\/et_pb_column][\/et_pb_row][et_pb_row _builder_version=&#8221;4.16&#8243; width=&#8221;100%&#8221; max_width=&#8221;none&#8221; locked=&#8221;off&#8221; global_colors_info=&#8221;{}&#8221;][et_pb_column type=&#8221;4_4&#8243; _builder_version=&#8221;4.16&#8243; custom_padding=&#8221;|||&#8221; global_colors_info=&#8221;{}&#8221; custom_padding__hover=&#8221;|||&#8221;][et_pb_image src=&#8221;https:\/\/calasenmenorca.com\/wp-content\/uploads\/2021\/04\/sight-seeing-49.png&#8221; show_bottom_space=&#8221;off&#8221; force_fullwidth=&#8221;on&#8221; _builder_version=&#8221;4.16&#8243; custom_margin=&#8221;||&#8221; global_colors_info=&#8221;{}&#8221;][\/et_pb_image][\/et_pb_column][\/et_pb_row][\/et_pb_section]<\/p>\n","protected":false},"excerpt":{"rendered":"<p>Spiaggia di Punta Prima La spiaggia dell&#8217;aria La spiaggia di Punta Prima \u00e8 conosciuta anche come spiaggia di Playa del Aire. L&#8217;origine del suo primo nome \u00e8 chiara, si riferisce [&hellip;]<\/p>\n","protected":false},"author":1,"featured_media":0,"parent":0,"menu_order":0,"comment_status":"closed","ping_status":"closed","template":"","meta":{"_et_pb_use_builder":"on","_et_pb_old_content":"","_et_gb_content_width":"","_price":"","_stock":"","_tribe_ticket_header":"","_tribe_default_ticket_provider":"","_tribe_ticket_capacity":"0","_ticket_start_date":"","_ticket_end_date":"","_tribe_ticket_show_description":"","_tribe_ticket_show_not_going":false,"_tribe_ticket_use_global_stock":"","_tribe_ticket_global_stock_level":"","_global_stock_mode":"","_global_stock_cap":"","_tribe_rsvp_for_event":"","_tribe_ticket_going_count":"","_tribe_ticket_not_going_count":"","_tribe_tickets_list":"[]","_tribe_ticket_has_attendee_info_fields":false,"footnotes":"","_tec_slr_enabled":"","_tec_slr_layout":""},"class_list":["post-5285","page","type-page","status-publish","hentry"],"yoast_head":"<!-- This site is optimized with the Yoast SEO plugin v25.6 - https:\/\/yoast.com\/wordpress\/plugins\/seo\/ -->\n<title>Spiaggia di Punta Prima - Calas en Menorca<\/title>\n<meta name=\"robots\" content=\"index, follow, max-snippet:-1, max-image-preview:large, max-video-preview:-1\" \/>\n<link rel=\"canonical\" href=\"https:\/\/calasenmenorca.com\/it\/spiaggia-di-punta-prima\" \/>\n<meta property=\"og:locale\" content=\"it_IT\" \/>\n<meta property=\"og:type\" content=\"article\" \/>\n<meta property=\"og:title\" content=\"Spiaggia di Punta Prima - Calas en Menorca\" \/>\n<meta property=\"og:description\" content=\"Spiaggia di Punta Prima La spiaggia dell&#039;aria La spiaggia di Punta Prima \u00e8 conosciuta anche come spiaggia di Playa del Aire. L&#039;origine del suo primo nome \u00e8 chiara, si riferisce [&hellip;]\" \/>\n<meta property=\"og:url\" content=\"https:\/\/calasenmenorca.com\/it\/spiaggia-di-punta-prima\" \/>\n<meta property=\"og:site_name\" content=\"Calas en Menorca\" \/>\n<meta property=\"article:modified_time\" content=\"2026-04-23T12:07:54+00:00\" \/>\n<meta name=\"twitter:card\" content=\"summary_large_image\" \/>\n<meta name=\"twitter:label1\" content=\"Tempo di lettura stimato\" \/>\n\t<meta name=\"twitter:data1\" content=\"3 minuti\" \/>\n<script type=\"application\/ld+json\" class=\"yoast-schema-graph\">{\"@context\":\"https:\/\/schema.org\",\"@graph\":[{\"@type\":\"WebPage\",\"@id\":\"https:\/\/calasenmenorca.com\/it\/spiaggia-di-punta-prima\",\"url\":\"https:\/\/calasenmenorca.com\/it\/spiaggia-di-punta-prima\",\"name\":\"Spiaggia di Punta Prima - Calas en Menorca\",\"isPartOf\":{\"@id\":\"https:\/\/calasenmenorca.com\/#website\"},\"datePublished\":\"2021-04-29T11:00:08+00:00\",\"dateModified\":\"2026-04-23T12:07:54+00:00\",\"breadcrumb\":{\"@id\":\"https:\/\/calasenmenorca.com\/it\/spiaggia-di-punta-prima#breadcrumb\"},\"inLanguage\":\"it-IT\",\"potentialAction\":[{\"@type\":\"ReadAction\",\"target\":[\"https:\/\/calasenmenorca.com\/it\/spiaggia-di-punta-prima\"]}]},{\"@type\":\"BreadcrumbList\",\"@id\":\"https:\/\/calasenmenorca.com\/it\/spiaggia-di-punta-prima#breadcrumb\",\"itemListElement\":[{\"@type\":\"ListItem\",\"position\":1,\"name\":\"Portada\",\"item\":\"https:\/\/calasenmenorca.com\/it\/benvenuti-su-https-calasenmenorca-com\"},{\"@type\":\"ListItem\",\"position\":2,\"name\":\"Spiaggia di Punta Prima\"}]},{\"@type\":\"WebSite\",\"@id\":\"https:\/\/calasenmenorca.com\/#website\",\"url\":\"https:\/\/calasenmenorca.com\/\",\"name\":\"Calas en Menorca\",\"description\":\"Las mejores calas de menorca\",\"potentialAction\":[{\"@type\":\"SearchAction\",\"target\":{\"@type\":\"EntryPoint\",\"urlTemplate\":\"https:\/\/calasenmenorca.com\/?s={search_term_string}\"},\"query-input\":{\"@type\":\"PropertyValueSpecification\",\"valueRequired\":true,\"valueName\":\"search_term_string\"}}],\"inLanguage\":\"it-IT\"}]}<\/script>\n<!-- \/ Yoast SEO plugin. -->","yoast_head_json":{"title":"Spiaggia di Punta Prima - Calas en Menorca","robots":{"index":"index","follow":"follow","max-snippet":"max-snippet:-1","max-image-preview":"max-image-preview:large","max-video-preview":"max-video-preview:-1"},"canonical":"https:\/\/calasenmenorca.com\/it\/spiaggia-di-punta-prima","og_locale":"it_IT","og_type":"article","og_title":"Spiaggia di Punta Prima - Calas en Menorca","og_description":"Spiaggia di Punta Prima La spiaggia dell'aria La spiaggia di Punta Prima \u00e8 conosciuta anche come spiaggia di Playa del Aire. L'origine del suo primo nome \u00e8 chiara, si riferisce [&hellip;]","og_url":"https:\/\/calasenmenorca.com\/it\/spiaggia-di-punta-prima","og_site_name":"Calas en Menorca","article_modified_time":"2026-04-23T12:07:54+00:00","twitter_card":"summary_large_image","twitter_misc":{"Tempo di lettura stimato":"3 minuti"},"schema":{"@context":"https:\/\/schema.org","@graph":[{"@type":"WebPage","@id":"https:\/\/calasenmenorca.com\/it\/spiaggia-di-punta-prima","url":"https:\/\/calasenmenorca.com\/it\/spiaggia-di-punta-prima","name":"Spiaggia di Punta Prima - Calas en Menorca","isPartOf":{"@id":"https:\/\/calasenmenorca.com\/#website"},"datePublished":"2021-04-29T11:00:08+00:00","dateModified":"2026-04-23T12:07:54+00:00","breadcrumb":{"@id":"https:\/\/calasenmenorca.com\/it\/spiaggia-di-punta-prima#breadcrumb"},"inLanguage":"it-IT","potentialAction":[{"@type":"ReadAction","target":["https:\/\/calasenmenorca.com\/it\/spiaggia-di-punta-prima"]}]},{"@type":"BreadcrumbList","@id":"https:\/\/calasenmenorca.com\/it\/spiaggia-di-punta-prima#breadcrumb","itemListElement":[{"@type":"ListItem","position":1,"name":"Portada","item":"https:\/\/calasenmenorca.com\/it\/benvenuti-su-https-calasenmenorca-com"},{"@type":"ListItem","position":2,"name":"Spiaggia di Punta Prima"}]},{"@type":"WebSite","@id":"https:\/\/calasenmenorca.com\/#website","url":"https:\/\/calasenmenorca.com\/","name":"Calas en Menorca","description":"Las mejores calas de menorca","potentialAction":[{"@type":"SearchAction","target":{"@type":"EntryPoint","urlTemplate":"https:\/\/calasenmenorca.com\/?s={search_term_string}"},"query-input":{"@type":"PropertyValueSpecification","valueRequired":true,"valueName":"search_term_string"}}],"inLanguage":"it-IT"}]}},"ticketed":false,"_links":{"self":[{"href":"https:\/\/calasenmenorca.com\/it\/wp-json\/wp\/v2\/pages\/5285"}],"collection":[{"href":"https:\/\/calasenmenorca.com\/it\/wp-json\/wp\/v2\/pages"}],"about":[{"href":"https:\/\/calasenmenorca.com\/it\/wp-json\/wp\/v2\/types\/page"}],"author":[{"embeddable":true,"href":"https:\/\/calasenmenorca.com\/it\/wp-json\/wp\/v2\/users\/1"}],"replies":[{"embeddable":true,"href":"https:\/\/calasenmenorca.com\/it\/wp-json\/wp\/v2\/comments?post=5285"}],"version-history":[{"count":15,"href":"https:\/\/calasenmenorca.com\/it\/wp-json\/wp\/v2\/pages\/5285\/revisions"}],"predecessor-version":[{"id":10510,"href":"https:\/\/calasenmenorca.com\/it\/wp-json\/wp\/v2\/pages\/5285\/revisions\/10510"}],"wp:attachment":[{"href":"https:\/\/calasenmenorca.com\/it\/wp-json\/wp\/v2\/media?parent=5285"}],"curies":[{"name":"wp","href":"https:\/\/api.w.org\/{rel}","templated":true}]}}